{"id":6674,"date":"2024-12-29T21:24:35","date_gmt":"2024-12-29T20:24:35","guid":{"rendered":"https:\/\/wlkskrakus.pl\/kolarstwo\/?page_id=6674"},"modified":"2024-12-30T10:37:43","modified_gmt":"2024-12-30T09:37:43","slug":"dobczyce-rok-2017","status":"publish","type":"page","link":"https:\/\/wlkskrakus.pl\/kolarstwo\/galeria\/dobczyce-rok-2017\/","title":{"rendered":"Dobczyce Rok 2017"},"content":{"rendered":"\t\t<div data-elementor-type=\"wp-post\" data-elementor-id=\"6674\" class=\"elementor elementor-6674\">\n\t\t\t\t\t\t\t\t\t<section class=\"elementor-section elementor-top-section elementor-element elementor-element-74ba2fac elementor-section-boxed elementor-section-height-default elementor-section-height-default\" data-id=\"74ba2fac\" data-element_type=\"section\" data-settings=\"{&quot;background_background&quot;:&quot;classic&quot;,&quot;shape_divider_bottom&quot;:&quot;triangle&quot;,&quot;shape_divider_bottom_negative&quot;:&quot;yes&quot;}\">\n\t\t\t\t\t\t\t<div class=\"elementor-background-overlay\"><\/div>\n\t\t\t\t\t\t<div class=\"elementor-shape elementor-shape-bottom\" data-negative=\"true\">\n\t\t\t<svg xmlns=\"http:\/\/www.w3.org\/2000\/svg\" viewBox=\"0 0 1000 100\" preserveAspectRatio=\"none\">\n\t<path class=\"elementor-shape-fill\" d=\"M500.2,94.7L0,0v100h1000V0L500.2,94.7z\"\/>\n<\/svg>\t\t<\/div>\n\t\t\t\t\t<div class=\"elementor-container elementor-column-gap-default\">\n\t\t\t\t\t<div class=\"elementor-column elementor-col-100 elementor-top-column elementor-element elementor-element-23262dea\" data-id=\"23262dea\" data-element_type=\"column\">\n\t\t\t<div class=\"elementor-widget-wrap elementor-element-populated\">\n\t\t\t\t\t\t\t\t<div class=\"elementor-element elementor-element-27af6558 elementor-widget elementor-widget-heading\" data-id=\"27af6558\" data-element_type=\"widget\" data-settings=\"{&quot;_animation&quot;:&quot;none&quot;}\" data-widget_type=\"heading.default\">\n\t\t\t\t<div class=\"elementor-widget-container\">\n\t\t\t<style>\/*! elementor - v3.15.0 - 20-08-2023 *\/\n.elementor-heading-title{padding:0;margin:0;line-height:1}.elementor-widget-heading .elementor-heading-title[class*=elementor-size-]>a{color:inherit;font-size:inherit;line-height:inherit}.elementor-widget-heading .elementor-heading-title.elementor-size-small{font-size:15px}.elementor-widget-heading .elementor-heading-title.elementor-size-medium{font-size:19px}.elementor-widget-heading .elementor-heading-title.elementor-size-large{font-size:29px}.elementor-widget-heading .elementor-heading-title.elementor-size-xl{font-size:39px}.elementor-widget-heading .elementor-heading-title.elementor-size-xxl{font-size:59px}<\/style><h1 class=\"elementor-heading-title elementor-size-default\">Galeria - rok 2017<\/h1>\t\t<\/div>\n\t\t\t\t<\/div>\n\t\t\t\t\t<\/div>\n\t\t<\/div>\n\t\t\t\t\t\t\t<\/div>\n\t\t<\/section>\n\t\t\t\t<section class=\"elementor-section elementor-top-section elementor-element elementor-element-183004e elementor-section-boxed elementor-section-height-default elementor-section-height-default\" data-id=\"183004e\" data-element_type=\"section\">\n\t\t\t\t\t\t<div class=\"elementor-container elementor-column-gap-default\">\n\t\t\t\t\t<div class=\"elementor-column elementor-col-100 elementor-top-column elementor-element elementor-element-b76881b\" data-id=\"b76881b\" data-element_type=\"column\">\n\t\t\t<div class=\"elementor-widget-wrap elementor-element-populated\">\n\t\t\t\t\t\t\t\t<div class=\"elementor-element elementor-element-978428c elementor-widget elementor-widget-heading\" data-id=\"978428c\" data-element_type=\"widget\" data-widget_type=\"heading.default\">\n\t\t\t\t<div class=\"elementor-widget-container\">\n\t\t\t<h2 class=\"elementor-heading-title elementor-size-default\">Etap I Szczyrzyc-Szczyrzyc<\/h2>\t\t<\/div>\n\t\t\t\t<\/div>\n\t\t\t\t\t<\/div>\n\t\t<\/div>\n\t\t\t\t\t\t\t<\/div>\n\t\t<\/section>\n\t\t\t\t<section class=\"elementor-section elementor-top-section elementor-element elementor-element-5ef6185 elementor-section-boxed elementor-section-height-default elementor-section-height-default\" data-id=\"5ef6185\" data-element_type=\"section\">\n\t\t\t\t\t\t<div class=\"elementor-container elementor-column-gap-default\">\n\t\t\t\t\t<div class=\"elementor-column elementor-col-100 elementor-top-column elementor-element elementor-element-1f6188c\" data-id=\"1f6188c\" data-element_type=\"column\">\n\t\t\t<div class=\"elementor-widget-wrap elementor-element-populated\">\n\t\t\t\t\t\t\t\t<div class=\"elementor-element elementor-element-1815be3 elementor-widget elementor-widget-gallery\" data-id=\"1815be3\" data-element_type=\"widget\" data-settings=\"{&quot;lazyload&quot;:&quot;yes&quot;,&quot;gallery_layout&quot;:&quot;grid&quot;,&quot;columns&quot;:4,&quot;columns_tablet&quot;:2,&quot;columns_mobile&quot;:1,&quot;gap&quot;:{&quot;unit&quot;:&quot;px&quot;,&quot;size&quot;:10,&quot;sizes&quot;:[]},&quot;gap_tablet&quot;:{&quot;unit&quot;:&quot;px&quot;,&quot;size&quot;:10,&quot;sizes&quot;:[]},&quot;gap_mobile&quot;:{&quot;unit&quot;:&quot;px&quot;,&quot;size&quot;:10,&quot;sizes&quot;:[]},&quot;link_to&quot;:&quot;file&quot;,&quot;aspect_ratio&quot;:&quot;3:2&quot;,&quot;overlay_background&quot;:&quot;yes&quot;,&quot;content_hover_animation&quot;:&quot;fade-in&quot;}\" data-widget_type=\"gallery.default\">\n\t\t\t\t<div class=\"elementor-widget-container\">\n\t\t\t<style>\/*! elementor-pro - v3.9.0 - 06-12-2022 *\/\n.elementor-gallery__container{min-height:1px}.elementor-gallery-item{position:relative;overflow:hidden;display:block;text-decoration:none;border:solid var(--image-border-width) var(--image-border-color);border-radius:var(--image-border-radius)}.elementor-gallery-item__content,.elementor-gallery-item__overlay{height:100%;width:100%;position:absolute;top:0;left:0}.elementor-gallery-item__overlay{mix-blend-mode:var(--overlay-mix-blend-mode);transition-duration:var(--overlay-transition-duration);transition-property:mix-blend-mode,transform,opacity,background-color}.elementor-gallery-item__image.e-gallery-image{transition-duration:var(--image-transition-duration);transition-property:filter,transform}.elementor-gallery-item__content{display:flex;flex-direction:column;justify-content:var(--content-justify-content,center);align-items:center;text-align:var(--content-text-align);padding:var(--content-padding)}.elementor-gallery-item__content>div{transition-duration:var(--content-transition-duration)}.elementor-gallery-item__content.elementor-gallery--sequenced-animation>div:nth-child(2){transition-delay:calc(var(--content-transition-delay) \/ 3)}.elementor-gallery-item__content.elementor-gallery--sequenced-animation>div:nth-child(3){transition-delay:calc(var(--content-transition-delay) \/ 3 * 2)}.elementor-gallery-item__content.elementor-gallery--sequenced-animation>div:nth-child(4){transition-delay:calc(var(--content-transition-delay) \/ 3 * 3)}.elementor-gallery-item__description{color:var(--description-text-color,#fff);width:100%}.elementor-gallery-item__title{color:var(--title-text-color,#fff);font-weight:700;width:100%}.elementor-gallery__titles-container{display:flex;flex-wrap:wrap;justify-content:var(--titles-container-justify-content,center);margin-bottom:20px}.elementor-gallery__titles-container:not(.e--pointer-framed) .elementor-item:after,.elementor-gallery__titles-container:not(.e--pointer-framed) .elementor-item:before{background-color:var(--galleries-pointer-bg-color-hover)}.elementor-gallery__titles-container:not(.e--pointer-framed) .elementor-item.elementor-item-active:after,.elementor-gallery__titles-container:not(.e--pointer-framed) .elementor-item.elementor-item-active:before{background-color:var(--galleries-pointer-bg-color-active)}.elementor-gallery__titles-container.e--pointer-framed .elementor-item:before{border-color:var(--galleries-pointer-bg-color-hover);border-width:var(--galleries-pointer-border-width)}.elementor-gallery__titles-container.e--pointer-framed .elementor-item:after{border-color:var(--galleries-pointer-bg-color-hover)}.elementor-gallery__titles-container.e--pointer-framed .elementor-item.elementor-item-active:after,.elementor-gallery__titles-container.e--pointer-framed .elementor-item.elementor-item-active:before{border-color:var(--galleries-pointer-bg-color-active)}.elementor-gallery__titles-container.e--pointer-framed.e--animation-draw .elementor-item:before{border-left-width:var(--galleries-pointer-border-width);border-bottom-width:var(--galleries-pointer-border-width);border-right-width:0;border-top-width:0}.elementor-gallery__titles-container.e--pointer-framed.e--animation-draw .elementor-item:after{border-left-width:0;border-bottom-width:0;border-right-width:var(--galleries-pointer-border-width);border-top-width:var(--galleries-pointer-border-width)}.elementor-gallery__titles-container.e--pointer-framed.e--animation-corners .elementor-item:before{border-left-width:var(--galleries-pointer-border-width);border-bottom-width:0;border-right-width:0;border-top-width:var(--galleries-pointer-border-width)}.elementor-gallery__titles-container.e--pointer-framed.e--animation-corners .elementor-item:after{border-left-width:0;border-bottom-width:var(--galleries-pointer-border-width);border-right-width:var(--galleries-pointer-border-width);border-top-width:0}.elementor-gallery__titles-container .e--pointer-double-line .elementor-item:after,.elementor-gallery__titles-container .e--pointer-double-line .elementor-item:before,.elementor-gallery__titles-container .e--pointer-overline .elementor-item:before,.elementor-gallery__titles-container .e--pointer-underline .elementor-item:after{height:var(--galleries-pointer-border-width)}.elementor-gallery-title{--space-between:10px;cursor:pointer;color:#6d7882;font-weight:500;position:relative;padding:7px 14px;transition:all .3s}.elementor-gallery-title--active{color:#495157}.elementor-gallery-title:not(:last-child){margin-right:var(--space-between)}.elementor-gallery-item__title+.elementor-gallery-item__description{margin-top:var(--description-margin-top)}.e-gallery-item.elementor-gallery-item{transition-property:all}.e-gallery-item.elementor-animated-content .elementor-animated-item--enter-from-bottom,.e-gallery-item.elementor-animated-content .elementor-animated-item--enter-from-left,.e-gallery-item.elementor-animated-content .elementor-animated-item--enter-from-right,.e-gallery-item.elementor-animated-content .elementor-animated-item--enter-from-top,.e-gallery-item:hover .elementor-gallery__item-overlay-bg,.e-gallery-item:hover .elementor-gallery__item-overlay-content,.e-gallery-item:hover .elementor-gallery__item-overlay-content__description,.e-gallery-item:hover .elementor-gallery__item-overlay-content__title{opacity:1}a.elementor-item.elementor-gallery-title{color:var(--galleries-title-color-normal)}a.elementor-item.elementor-gallery-title.elementor-item-active,a.elementor-item.elementor-gallery-title.highlighted,a.elementor-item.elementor-gallery-title:focus,a.elementor-item.elementor-gallery-title:hover{color:var(--galleries-title-color-hover)}a.elementor-item.elementor-gallery-title.elementor-item-active{color:var(--gallery-title-color-active)}.e-con-inner>.elementor-widget-gallery,.e-con>.elementor-widget-gallery{width:var(--container-widget-width);--flex-grow:var(--container-widget-flex-grow)}<\/style>\t\t<div class=\"elementor-gallery__container\">\n\t\t\t\t\t\t\t<a class=\"e-gallery-item elementor-gallery-item elementor-animated-content\" href=\"https:\/\/wlkskrakus.pl\/kolarstwo\/wp-content\/uploads\/2024\/12\/Dobczyce-2017_01_I-etap_0009.jpg\" data-elementor-open-lightbox=\"yes\" data-elementor-lightbox-slideshow=\"all-1815be3\" data-elementor-lightbox-title=\"Dobczyce 2017 01 I etap 0009\" data-e-action-hash=\"#elementor-action%3Aaction%3Dlightbox%26settings%3DeyJpZCI6NjcyMCwidXJsIjoiaHR0cHM6XC9cL3dsa3NrcmFrdXMucGxcL2tvbGFyc3R3b1wvd3AtY29udGVudFwvdXBsb2Fkc1wvMjAyNFwvMTJcL0RvYmN6eWNlLTIwMTdfMDFfSS1ldGFwXzAwMDkuanBnIiwic2xpZGVzaG93IjoiYWxsLTE4MTViZTMifQ%3D%3D\">\n\t\t\t\t\t<div class=\"e-gallery-image elementor-gallery-item__image\" data-thumbnail=\"https:\/\/wlkskrakus.pl\/kolarstwo\/wp-content\/uploads\/2024\/12\/Dobczyce-2017_01_I-etap_0009-300x200.jpg\" data-width=\"300\" data-height=\"200\" alt=\"Dobczyce 2017 01 I etap 0009\" ><\/div>\n\t\t\t\t\t\t\t\t\t\t\t<div class=\"elementor-gallery-item__overlay\"><\/div>\n\t\t\t\t\t\t\t\t\t\t\t\t\t\t<\/a>\n\t\t\t\t\t\t\t<a class=\"e-gallery-item elementor-gallery-item elementor-animated-content\" href=\"https:\/\/wlkskrakus.pl\/kolarstwo\/wp-content\/uploads\/2024\/12\/Dobczyce-2017_01_I-etap_0013.jpg\" data-elementor-open-lightbox=\"yes\" data-elementor-lightbox-slideshow=\"all-1815be3\" data-elementor-lightbox-title=\"Dobczyce 2017 01 I etap 0013\" data-e-action-hash=\"#elementor-action%3Aaction%3Dlightbox%26settings%3DeyJpZCI6NjcyMSwidXJsIjoiaHR0cHM6XC9cL3dsa3NrcmFrdXMucGxcL2tvbGFyc3R3b1wvd3AtY29udGVudFwvdXBsb2Fkc1wvMjAyNFwvMTJcL0RvYmN6eWNlLTIwMTdfMDFfSS1ldGFwXzAwMTMuanBnIiwic2xpZGVzaG93IjoiYWxsLTE4MTViZTMifQ%3D%3D\">\n\t\t\t\t\t<div class=\"e-gallery-image elementor-gallery-item__image\" data-thumbnail=\"https:\/\/wlkskrakus.pl\/kolarstwo\/wp-content\/uploads\/2024\/12\/Dobczyce-2017_01_I-etap_0013-300x200.jpg\" data-width=\"300\" data-height=\"200\" alt=\"Dobczyce 2017 01 I etap 0013\" ><\/div>\n\t\t\t\t\t\t\t\t\t\t\t<div class=\"elementor-gallery-item__overlay\"><\/div>\n\t\t\t\t\t\t\t\t\t\t\t\t\t\t<\/a>\n\t\t\t\t\t\t\t<a class=\"e-gallery-item elementor-gallery-item elementor-animated-content\" href=\"https:\/\/wlkskrakus.pl\/kolarstwo\/wp-content\/uploads\/2024\/12\/Dobczyce-2017_01_I-etap_0019.jpg\" data-elementor-open-lightbox=\"yes\" data-elementor-lightbox-slideshow=\"all-1815be3\" data-elementor-lightbox-title=\"Dobczyce 2017 01 I etap 0019\" data-e-action-hash=\"#elementor-action%3Aaction%3Dlightbox%26settings%3DeyJpZCI6NjcyMywidXJsIjoiaHR0cHM6XC9cL3dsa3NrcmFrdXMucGxcL2tvbGFyc3R3b1wvd3AtY29udGVudFwvdXBsb2Fkc1wvMjAyNFwvMTJcL0RvYmN6eWNlLTIwMTdfMDFfSS1ldGFwXzAwMTkuanBnIiwic2xpZGVzaG93IjoiYWxsLTE4MTViZTMifQ%3D%3D\">\n\t\t\t\t\t<div class=\"e-gallery-image elementor-gallery-item__image\" data-thumbnail=\"https:\/\/wlkskrakus.pl\/kolarstwo\/wp-content\/uploads\/2024\/12\/Dobczyce-2017_01_I-etap_0019-300x200.jpg\" data-width=\"300\" data-height=\"200\" alt=\"Dobczyce 2017 01 I etap 0019\" ><\/div>\n\t\t\t\t\t\t\t\t\t\t\t<div class=\"elementor-gallery-item__overlay\"><\/div>\n\t\t\t\t\t\t\t\t\t\t\t\t\t\t<\/a>\n\t\t\t\t\t\t\t<a class=\"e-gallery-item elementor-gallery-item elementor-animated-content\" href=\"https:\/\/wlkskrakus.pl\/kolarstwo\/wp-content\/uploads\/2024\/12\/Dobczyce-2017_01_I-etap_0038.jpg\" data-elementor-open-lightbox=\"yes\" data-elementor-lightbox-slideshow=\"all-1815be3\" data-elementor-lightbox-title=\"Dobczyce 2017 01 I etap 0038\" data-e-action-hash=\"#elementor-action%3Aaction%3Dlightbox%26settings%3DeyJpZCI6NjcyNSwidXJsIjoiaHR0cHM6XC9cL3dsa3NrcmFrdXMucGxcL2tvbGFyc3R3b1wvd3AtY29udGVudFwvdXBsb2Fkc1wvMjAyNFwvMTJcL0RvYmN6eWNlLTIwMTdfMDFfSS1ldGFwXzAwMzguanBnIiwic2xpZGVzaG93IjoiYWxsLTE4MTViZTMifQ%3D%3D\">\n\t\t\t\t\t<div class=\"e-gallery-image elementor-gallery-item__image\" data-thumbnail=\"https:\/\/wlkskrakus.pl\/kolarstwo\/wp-content\/uploads\/2024\/12\/Dobczyce-2017_01_I-etap_0038-300x200.jpg\" data-width=\"300\" data-height=\"200\" alt=\"Dobczyce 2017 01 I etap 0038\" ><\/div>\n\t\t\t\t\t\t\t\t\t\t\t<div class=\"elementor-gallery-item__overlay\"><\/div>\n\t\t\t\t\t\t\t\t\t\t\t\t\t\t<\/a>\n\t\t\t\t\t\t\t<a class=\"e-gallery-item elementor-gallery-item elementor-animated-content\" href=\"https:\/\/wlkskrakus.pl\/kolarstwo\/wp-content\/uploads\/2024\/12\/Dobczyce-2017_01_I-etap_0046.jpg\" data-elementor-open-lightbox=\"yes\" data-elementor-lightbox-slideshow=\"all-1815be3\" data-elementor-lightbox-title=\"Dobczyce 2017 01 I etap 0046\" data-e-action-hash=\"#elementor-action%3Aaction%3Dlightbox%26settings%3DeyJpZCI6NjcyNiwidXJsIjoiaHR0cHM6XC9cL3dsa3NrcmFrdXMucGxcL2tvbGFyc3R3b1wvd3AtY29udGVudFwvdXBsb2Fkc1wvMjAyNFwvMTJcL0RvYmN6eWNlLTIwMTdfMDFfSS1ldGFwXzAwNDYuanBnIiwic2xpZGVzaG93IjoiYWxsLTE4MTViZTMifQ%3D%3D\">\n\t\t\t\t\t<div class=\"e-gallery-image elementor-gallery-item__image\" data-thumbnail=\"https:\/\/wlkskrakus.pl\/kolarstwo\/wp-content\/uploads\/2024\/12\/Dobczyce-2017_01_I-etap_0046-300x200.jpg\" data-width=\"300\" data-height=\"200\" alt=\"Dobczyce 2017 01 I etap 0046\" ><\/div>\n\t\t\t\t\t\t\t\t\t\t\t<div class=\"elementor-gallery-item__overlay\"><\/div>\n\t\t\t\t\t\t\t\t\t\t\t\t\t\t<\/a>\n\t\t\t\t\t\t\t<a class=\"e-gallery-item elementor-gallery-item elementor-animated-content\" href=\"https:\/\/wlkskrakus.pl\/kolarstwo\/wp-content\/uploads\/2024\/12\/Dobczyce-2017_01_I-etap_0057.jpg\" data-elementor-open-lightbox=\"yes\" data-elementor-lightbox-slideshow=\"all-1815be3\" data-elementor-lightbox-title=\"Dobczyce 2017 01 I etap 0057\" data-e-action-hash=\"#elementor-action%3Aaction%3Dlightbox%26settings%3DeyJpZCI6NjcyNywidXJsIjoiaHR0cHM6XC9cL3dsa3NrcmFrdXMucGxcL2tvbGFyc3R3b1wvd3AtY29udGVudFwvdXBsb2Fkc1wvMjAyNFwvMTJcL0RvYmN6eWNlLTIwMTdfMDFfSS1ldGFwXzAwNTcuanBnIiwic2xpZGVzaG93IjoiYWxsLTE4MTViZTMifQ%3D%3D\">\n\t\t\t\t\t<div class=\"e-gallery-image elementor-gallery-item__image\" data-thumbnail=\"https:\/\/wlkskrakus.pl\/kolarstwo\/wp-content\/uploads\/2024\/12\/Dobczyce-2017_01_I-etap_0057-300x169.jpg\" data-width=\"300\" data-height=\"169\" alt=\"Dobczyce 2017 01 I etap 0057\" ><\/div>\n\t\t\t\t\t\t\t\t\t\t\t<div class=\"elementor-gallery-item__overlay\"><\/div>\n\t\t\t\t\t\t\t\t\t\t\t\t\t\t<\/a>\n\t\t\t\t\t\t\t<a class=\"e-gallery-item elementor-gallery-item elementor-animated-content\" href=\"https:\/\/wlkskrakus.pl\/kolarstwo\/wp-content\/uploads\/2024\/12\/Dobczyce-2017_01_I-etap_0062.jpg\" data-elementor-open-lightbox=\"yes\" data-elementor-lightbox-slideshow=\"all-1815be3\" data-elementor-lightbox-title=\"Dobczyce 2017 01 I etap 0062\" data-e-action-hash=\"#elementor-action%3Aaction%3Dlightbox%26settings%3DeyJpZCI6NjcyOSwidXJsIjoiaHR0cHM6XC9cL3dsa3NrcmFrdXMucGxcL2tvbGFyc3R3b1wvd3AtY29udGVudFwvdXBsb2Fkc1wvMjAyNFwvMTJcL0RvYmN6eWNlLTIwMTdfMDFfSS1ldGFwXzAwNjIuanBnIiwic2xpZGVzaG93IjoiYWxsLTE4MTViZTMifQ%3D%3D\">\n\t\t\t\t\t<div class=\"e-gallery-image elementor-gallery-item__image\" data-thumbnail=\"https:\/\/wlkskrakus.pl\/kolarstwo\/wp-content\/uploads\/2024\/12\/Dobczyce-2017_01_I-etap_0062-300x200.jpg\" data-width=\"300\" data-height=\"200\" alt=\"Dobczyce 2017 01 I etap 0062\" ><\/div>\n\t\t\t\t\t\t\t\t\t\t\t<div class=\"elementor-gallery-item__overlay\"><\/div>\n\t\t\t\t\t\t\t\t\t\t\t\t\t\t<\/a>\n\t\t\t\t\t\t\t<a class=\"e-gallery-item elementor-gallery-item elementor-animated-content\" href=\"https:\/\/wlkskrakus.pl\/kolarstwo\/wp-content\/uploads\/2024\/12\/Dobczyce-2017_01_I-etap_0068.jpg\" data-elementor-open-lightbox=\"yes\" data-elementor-lightbox-slideshow=\"all-1815be3\" data-elementor-lightbox-title=\"Dobczyce 2017 01 I etap 0068\" data-e-action-hash=\"#elementor-action%3Aaction%3Dlightbox%26settings%3DeyJpZCI6NjczMCwidXJsIjoiaHR0cHM6XC9cL3dsa3NrcmFrdXMucGxcL2tvbGFyc3R3b1wvd3AtY29udGVudFwvdXBsb2Fkc1wvMjAyNFwvMTJcL0RvYmN6eWNlLTIwMTdfMDFfSS1ldGFwXzAwNjguanBnIiwic2xpZGVzaG93IjoiYWxsLTE4MTViZTMifQ%3D%3D\">\n\t\t\t\t\t<div class=\"e-gallery-image elementor-gallery-item__image\" data-thumbnail=\"https:\/\/wlkskrakus.pl\/kolarstwo\/wp-content\/uploads\/2024\/12\/Dobczyce-2017_01_I-etap_0068-300x200.jpg\" data-width=\"300\" data-height=\"200\" alt=\"Dobczyce 2017 01 I etap 0068\" ><\/div>\n\t\t\t\t\t\t\t\t\t\t\t<div class=\"elementor-gallery-item__overlay\"><\/div>\n\t\t\t\t\t\t\t\t\t\t\t\t\t\t<\/a>\n\t\t\t\t\t\t\t<a class=\"e-gallery-item elementor-gallery-item elementor-animated-content\" href=\"https:\/\/wlkskrakus.pl\/kolarstwo\/wp-content\/uploads\/2024\/12\/Dobczyce-2017_01_I-etap_0074.jpg\" data-elementor-open-lightbox=\"yes\" data-elementor-lightbox-slideshow=\"all-1815be3\" data-elementor-lightbox-title=\"Dobczyce 2017 01 I etap 0074\" data-e-action-hash=\"#elementor-action%3Aaction%3Dlightbox%26settings%3DeyJpZCI6NjczMSwidXJsIjoiaHR0cHM6XC9cL3dsa3NrcmFrdXMucGxcL2tvbGFyc3R3b1wvd3AtY29udGVudFwvdXBsb2Fkc1wvMjAyNFwvMTJcL0RvYmN6eWNlLTIwMTdfMDFfSS1ldGFwXzAwNzQuanBnIiwic2xpZGVzaG93IjoiYWxsLTE4MTViZTMifQ%3D%3D\">\n\t\t\t\t\t<div class=\"e-gallery-image elementor-gallery-item__image\" data-thumbnail=\"https:\/\/wlkskrakus.pl\/kolarstwo\/wp-content\/uploads\/2024\/12\/Dobczyce-2017_01_I-etap_0074-300x200.jpg\" data-width=\"300\" data-height=\"200\" alt=\"Dobczyce 2017 01 I etap 0074\" ><\/div>\n\t\t\t\t\t\t\t\t\t\t\t<div class=\"elementor-gallery-item__overlay\"><\/div>\n\t\t\t\t\t\t\t\t\t\t\t\t\t\t<\/a>\n\t\t\t\t\t\t\t<a class=\"e-gallery-item elementor-gallery-item elementor-animated-content\" href=\"https:\/\/wlkskrakus.pl\/kolarstwo\/wp-content\/uploads\/2024\/12\/Dobczyce-2017_01_I-etap_0092.jpg\" data-elementor-open-lightbox=\"yes\" data-elementor-lightbox-slideshow=\"all-1815be3\" data-elementor-lightbox-title=\"Dobczyce 2017 01 I etap 0092\" data-e-action-hash=\"#elementor-action%3Aaction%3Dlightbox%26settings%3DeyJpZCI6NjczMiwidXJsIjoiaHR0cHM6XC9cL3dsa3NrcmFrdXMucGxcL2tvbGFyc3R3b1wvd3AtY29udGVudFwvdXBsb2Fkc1wvMjAyNFwvMTJcL0RvYmN6eWNlLTIwMTdfMDFfSS1ldGFwXzAwOTIuanBnIiwic2xpZGVzaG93IjoiYWxsLTE4MTViZTMifQ%3D%3D\">\n\t\t\t\t\t<div class=\"e-gallery-image elementor-gallery-item__image\" data-thumbnail=\"https:\/\/wlkskrakus.pl\/kolarstwo\/wp-content\/uploads\/2024\/12\/Dobczyce-2017_01_I-etap_0092-300x169.jpg\" data-width=\"300\" data-height=\"169\" alt=\"Dobczyce 2017 01 I etap 0092\" ><\/div>\n\t\t\t\t\t\t\t\t\t\t\t<div class=\"elementor-gallery-item__overlay\"><\/div>\n\t\t\t\t\t\t\t\t\t\t\t\t\t\t<\/a>\n\t\t\t\t\t\t\t<a class=\"e-gallery-item elementor-gallery-item elementor-animated-content\" href=\"https:\/\/wlkskrakus.pl\/kolarstwo\/wp-content\/uploads\/2024\/12\/Dobczyce-2017_01_I-etap_0103.jpg\" data-elementor-open-lightbox=\"yes\" data-elementor-lightbox-slideshow=\"all-1815be3\" data-elementor-lightbox-title=\"Dobczyce 2017 01 I etap 0103\" data-e-action-hash=\"#elementor-action%3Aaction%3Dlightbox%26settings%3DeyJpZCI6NjczNCwidXJsIjoiaHR0cHM6XC9cL3dsa3NrcmFrdXMucGxcL2tvbGFyc3R3b1wvd3AtY29udGVudFwvdXBsb2Fkc1wvMjAyNFwvMTJcL0RvYmN6eWNlLTIwMTdfMDFfSS1ldGFwXzAxMDMuanBnIiwic2xpZGVzaG93IjoiYWxsLTE4MTViZTMifQ%3D%3D\">\n\t\t\t\t\t<div class=\"e-gallery-image elementor-gallery-item__image\" data-thumbnail=\"https:\/\/wlkskrakus.pl\/kolarstwo\/wp-content\/uploads\/2024\/12\/Dobczyce-2017_01_I-etap_0103-300x200.jpg\" data-width=\"300\" data-height=\"200\" alt=\"Dobczyce 2017 01 I etap 0103\" ><\/div>\n\t\t\t\t\t\t\t\t\t\t\t<div class=\"elementor-gallery-item__overlay\"><\/div>\n\t\t\t\t\t\t\t\t\t\t\t\t\t\t<\/a>\n\t\t\t\t\t\t\t<a class=\"e-gallery-item elementor-gallery-item elementor-animated-content\" href=\"https:\/\/wlkskrakus.pl\/kolarstwo\/wp-content\/uploads\/2024\/12\/Dobczyce-2017_01_I-etap_0109.jpg\" data-elementor-open-lightbox=\"yes\" data-elementor-lightbox-slideshow=\"all-1815be3\" data-elementor-lightbox-title=\"Dobczyce 2017 01 I etap 0109\" data-e-action-hash=\"#elementor-action%3Aaction%3Dlightbox%26settings%3DeyJpZCI6NjczNSwidXJsIjoiaHR0cHM6XC9cL3dsa3NrcmFrdXMucGxcL2tvbGFyc3R3b1wvd3AtY29udGVudFwvdXBsb2Fkc1wvMjAyNFwvMTJcL0RvYmN6eWNlLTIwMTdfMDFfSS1ldGFwXzAxMDkuanBnIiwic2xpZGVzaG93IjoiYWxsLTE4MTViZTMifQ%3D%3D\">\n\t\t\t\t\t<div class=\"e-gallery-image elementor-gallery-item__image\" data-thumbnail=\"https:\/\/wlkskrakus.pl\/kolarstwo\/wp-content\/uploads\/2024\/12\/Dobczyce-2017_01_I-etap_0109-300x169.jpg\" data-width=\"300\" data-height=\"169\" alt=\"Dobczyce 2017 01 I etap 0109\" ><\/div>\n\t\t\t\t\t\t\t\t\t\t\t<div class=\"elementor-gallery-item__overlay\"><\/div>\n\t\t\t\t\t\t\t\t\t\t\t\t\t\t<\/a>\n\t\t\t\t\t\t\t<a class=\"e-gallery-item elementor-gallery-item elementor-animated-content\" href=\"https:\/\/wlkskrakus.pl\/kolarstwo\/wp-content\/uploads\/2024\/12\/Dobczyce-2017_01_I-etap_0116.jpg\" data-elementor-open-lightbox=\"yes\" data-elementor-lightbox-slideshow=\"all-1815be3\" data-elementor-lightbox-title=\"Dobczyce 2017 01 I etap 0116\" data-e-action-hash=\"#elementor-action%3Aaction%3Dlightbox%26settings%3DeyJpZCI6NjczNiwidXJsIjoiaHR0cHM6XC9cL3dsa3NrcmFrdXMucGxcL2tvbGFyc3R3b1wvd3AtY29udGVudFwvdXBsb2Fkc1wvMjAyNFwvMTJcL0RvYmN6eWNlLTIwMTdfMDFfSS1ldGFwXzAxMTYuanBnIiwic2xpZGVzaG93IjoiYWxsLTE4MTViZTMifQ%3D%3D\">\n\t\t\t\t\t<div class=\"e-gallery-image elementor-gallery-item__image\" data-thumbnail=\"https:\/\/wlkskrakus.pl\/kolarstwo\/wp-content\/uploads\/2024\/12\/Dobczyce-2017_01_I-etap_0116-300x200.jpg\" data-width=\"300\" data-height=\"200\" alt=\"Dobczyce 2017 01 I etap 0116\" ><\/div>\n\t\t\t\t\t\t\t\t\t\t\t<div class=\"elementor-gallery-item__overlay\"><\/div>\n\t\t\t\t\t\t\t\t\t\t\t\t\t\t<\/a>\n\t\t\t\t\t\t\t<a class=\"e-gallery-item elementor-gallery-item elementor-animated-content\" href=\"https:\/\/wlkskrakus.pl\/kolarstwo\/wp-content\/uploads\/2024\/12\/Dobczyce-2017_01_I-etap_0120.jpg\" data-elementor-open-lightbox=\"yes\" data-elementor-lightbox-slideshow=\"all-1815be3\" data-elementor-lightbox-title=\"Dobczyce 2017 01 I etap 0120\" data-e-action-hash=\"#elementor-action%3Aaction%3Dlightbox%26settings%3DeyJpZCI6NjczOCwidXJsIjoiaHR0cHM6XC9cL3dsa3NrcmFrdXMucGxcL2tvbGFyc3R3b1wvd3AtY29udGVudFwvdXBsb2Fkc1wvMjAyNFwvMTJcL0RvYmN6eWNlLTIwMTdfMDFfSS1ldGFwXzAxMjAuanBnIiwic2xpZGVzaG93IjoiYWxsLTE4MTViZTMifQ%3D%3D\">\n\t\t\t\t\t<div class=\"e-gallery-image elementor-gallery-item__image\" data-thumbnail=\"https:\/\/wlkskrakus.pl\/kolarstwo\/wp-content\/uploads\/2024\/12\/Dobczyce-2017_01_I-etap_0120-300x200.jpg\" data-width=\"300\" data-height=\"200\" alt=\"Dobczyce 2017 01 I etap 0120\" ><\/div>\n\t\t\t\t\t\t\t\t\t\t\t<div class=\"elementor-gallery-item__overlay\"><\/div>\n\t\t\t\t\t\t\t\t\t\t\t\t\t\t<\/a>\n\t\t\t\t\t\t\t<a class=\"e-gallery-item elementor-gallery-item elementor-animated-content\" href=\"https:\/\/wlkskrakus.pl\/kolarstwo\/wp-content\/uploads\/2024\/12\/Dobczyce-2017_01_I-etap_0131.jpg\" data-elementor-open-lightbox=\"yes\" data-elementor-lightbox-slideshow=\"all-1815be3\" data-elementor-lightbox-title=\"Dobczyce 2017 01 I etap 0131\" data-e-action-hash=\"#elementor-action%3Aaction%3Dlightbox%26settings%3DeyJpZCI6NjczOSwidXJsIjoiaHR0cHM6XC9cL3dsa3NrcmFrdXMucGxcL2tvbGFyc3R3b1wvd3AtY29udGVudFwvdXBsb2Fkc1wvMjAyNFwvMTJcL0RvYmN6eWNlLTIwMTdfMDFfSS1ldGFwXzAxMzEuanBnIiwic2xpZGVzaG93IjoiYWxsLTE4MTViZTMifQ%3D%3D\">\n\t\t\t\t\t<div class=\"e-gallery-image elementor-gallery-item__image\" data-thumbnail=\"https:\/\/wlkskrakus.pl\/kolarstwo\/wp-content\/uploads\/2024\/12\/Dobczyce-2017_01_I-etap_0131-300x200.jpg\" data-width=\"300\" data-height=\"200\" alt=\"Dobczyce 2017 01 I etap 0131\" ><\/div>\n\t\t\t\t\t\t\t\t\t\t\t<div class=\"elementor-gallery-item__overlay\"><\/div>\n\t\t\t\t\t\t\t\t\t\t\t\t\t\t<\/a>\n\t\t\t\t\t\t\t<a class=\"e-gallery-item elementor-gallery-item elementor-animated-content\" href=\"https:\/\/wlkskrakus.pl\/kolarstwo\/wp-content\/uploads\/2024\/12\/Dobczyce-2017_01_I-etap_0157.jpg\" data-elementor-open-lightbox=\"yes\" data-elementor-lightbox-slideshow=\"all-1815be3\" data-elementor-lightbox-title=\"Dobczyce 2017 01 I etap 0157\" data-e-action-hash=\"#elementor-action%3Aaction%3Dlightbox%26settings%3DeyJpZCI6Njc0MCwidXJsIjoiaHR0cHM6XC9cL3dsa3NrcmFrdXMucGxcL2tvbGFyc3R3b1wvd3AtY29udGVudFwvdXBsb2Fkc1wvMjAyNFwvMTJcL0RvYmN6eWNlLTIwMTdfMDFfSS1ldGFwXzAxNTcuanBnIiwic2xpZGVzaG93IjoiYWxsLTE4MTViZTMifQ%3D%3D\">\n\t\t\t\t\t<div class=\"e-gallery-image elementor-gallery-item__image\" data-thumbnail=\"https:\/\/wlkskrakus.pl\/kolarstwo\/wp-content\/uploads\/2024\/12\/Dobczyce-2017_01_I-etap_0157-300x200.jpg\" data-width=\"300\" data-height=\"200\" alt=\"Dobczyce 2017 01 I etap 0157\" ><\/div>\n\t\t\t\t\t\t\t\t\t\t\t<div class=\"elementor-gallery-item__overlay\"><\/div>\n\t\t\t\t\t\t\t\t\t\t\t\t\t\t<\/a>\n\t\t\t\t\t\t\t<a class=\"e-gallery-item elementor-gallery-item elementor-animated-content\" href=\"https:\/\/wlkskrakus.pl\/kolarstwo\/wp-content\/uploads\/2024\/12\/Dobczyce-2017_01_I-etap_0176.jpg\" data-elementor-open-lightbox=\"yes\" data-elementor-lightbox-slideshow=\"all-1815be3\" data-elementor-lightbox-title=\"Dobczyce 2017 01 I etap 0176\" data-e-action-hash=\"#elementor-action%3Aaction%3Dlightbox%26settings%3DeyJpZCI6Njc0MiwidXJsIjoiaHR0cHM6XC9cL3dsa3NrcmFrdXMucGxcL2tvbGFyc3R3b1wvd3AtY29udGVudFwvdXBsb2Fkc1wvMjAyNFwvMTJcL0RvYmN6eWNlLTIwMTdfMDFfSS1ldGFwXzAxNzYuanBnIiwic2xpZGVzaG93IjoiYWxsLTE4MTViZTMifQ%3D%3D\">\n\t\t\t\t\t<div class=\"e-gallery-image elementor-gallery-item__image\" data-thumbnail=\"https:\/\/wlkskrakus.pl\/kolarstwo\/wp-content\/uploads\/2024\/12\/Dobczyce-2017_01_I-etap_0176-300x188.jpg\" data-width=\"300\" data-height=\"188\" alt=\"Dobczyce 2017 01 I etap 0176\" ><\/div>\n\t\t\t\t\t\t\t\t\t\t\t<div class=\"elementor-gallery-item__overlay\"><\/div>\n\t\t\t\t\t\t\t\t\t\t\t\t\t\t<\/a>\n\t\t\t\t\t\t\t<a class=\"e-gallery-item elementor-gallery-item elementor-animated-content\" href=\"https:\/\/wlkskrakus.pl\/kolarstwo\/wp-content\/uploads\/2024\/12\/Dobczyce-2017_01_I-etap_0185.jpg\" data-elementor-open-lightbox=\"yes\" data-elementor-lightbox-slideshow=\"all-1815be3\" data-elementor-lightbox-title=\"Dobczyce 2017 01 I etap 0185\" data-e-action-hash=\"#elementor-action%3Aaction%3Dlightbox%26settings%3DeyJpZCI6Njc0MywidXJsIjoiaHR0cHM6XC9cL3dsa3NrcmFrdXMucGxcL2tvbGFyc3R3b1wvd3AtY29udGVudFwvdXBsb2Fkc1wvMjAyNFwvMTJcL0RvYmN6eWNlLTIwMTdfMDFfSS1ldGFwXzAxODUuanBnIiwic2xpZGVzaG93IjoiYWxsLTE4MTViZTMifQ%3D%3D\">\n\t\t\t\t\t<div class=\"e-gallery-image elementor-gallery-item__image\" data-thumbnail=\"https:\/\/wlkskrakus.pl\/kolarstwo\/wp-content\/uploads\/2024\/12\/Dobczyce-2017_01_I-etap_0185-300x169.jpg\" data-width=\"300\" data-height=\"169\" alt=\"Dobczyce 2017 01 I etap 0185\" ><\/div>\n\t\t\t\t\t\t\t\t\t\t\t<div class=\"elementor-gallery-item__overlay\"><\/div>\n\t\t\t\t\t\t\t\t\t\t\t\t\t\t<\/a>\n\t\t\t\t\t\t\t<a class=\"e-gallery-item elementor-gallery-item elementor-animated-content\" href=\"https:\/\/wlkskrakus.pl\/kolarstwo\/wp-content\/uploads\/2024\/12\/Dobczyce-2017_01_I-etap_0230.jpg\" data-elementor-open-lightbox=\"yes\" data-elementor-lightbox-slideshow=\"all-1815be3\" data-elementor-lightbox-title=\"Dobczyce 2017 01 I etap 0230\" data-e-action-hash=\"#elementor-action%3Aaction%3Dlightbox%26settings%3DeyJpZCI6Njc0NCwidXJsIjoiaHR0cHM6XC9cL3dsa3NrcmFrdXMucGxcL2tvbGFyc3R3b1wvd3AtY29udGVudFwvdXBsb2Fkc1wvMjAyNFwvMTJcL0RvYmN6eWNlLTIwMTdfMDFfSS1ldGFwXzAyMzAuanBnIiwic2xpZGVzaG93IjoiYWxsLTE4MTViZTMifQ%3D%3D\">\n\t\t\t\t\t<div class=\"e-gallery-image elementor-gallery-item__image\" data-thumbnail=\"https:\/\/wlkskrakus.pl\/kolarstwo\/wp-content\/uploads\/2024\/12\/Dobczyce-2017_01_I-etap_0230-300x200.jpg\" data-width=\"300\" data-height=\"200\" alt=\"Dobczyce 2017 01 I etap 0230\" ><\/div>\n\t\t\t\t\t\t\t\t\t\t\t<div class=\"elementor-gallery-item__overlay\"><\/div>\n\t\t\t\t\t\t\t\t\t\t\t\t\t\t<\/a>\n\t\t\t\t\t\t\t<a class=\"e-gallery-item elementor-gallery-item elementor-animated-content\" href=\"https:\/\/wlkskrakus.pl\/kolarstwo\/wp-content\/uploads\/2024\/12\/Dobczyce-2017_01_I-etap_0259.jpg\" data-elementor-open-lightbox=\"yes\" data-elementor-lightbox-slideshow=\"all-1815be3\" data-elementor-lightbox-title=\"Dobczyce 2017 01 I etap 0259\" data-e-action-hash=\"#elementor-action%3Aaction%3Dlightbox%26settings%3DeyJpZCI6Njc0NSwidXJsIjoiaHR0cHM6XC9cL3dsa3NrcmFrdXMucGxcL2tvbGFyc3R3b1wvd3AtY29udGVudFwvdXBsb2Fkc1wvMjAyNFwvMTJcL0RvYmN6eWNlLTIwMTdfMDFfSS1ldGFwXzAyNTkuanBnIiwic2xpZGVzaG93IjoiYWxsLTE4MTViZTMifQ%3D%3D\">\n\t\t\t\t\t<div class=\"e-gallery-image elementor-gallery-item__image\" data-thumbnail=\"https:\/\/wlkskrakus.pl\/kolarstwo\/wp-content\/uploads\/2024\/12\/Dobczyce-2017_01_I-etap_0259-300x200.jpg\" data-width=\"300\" data-height=\"200\" alt=\"Dobczyce 2017 01 I etap 0259\" ><\/div>\n\t\t\t\t\t\t\t\t\t\t\t<div class=\"elementor-gallery-item__overlay\"><\/div>\n\t\t\t\t\t\t\t\t\t\t\t\t\t\t<\/a>\n\t\t\t\t\t\t\t<a class=\"e-gallery-item elementor-gallery-item elementor-animated-content\" href=\"https:\/\/wlkskrakus.pl\/kolarstwo\/wp-content\/uploads\/2024\/12\/Dobczyce-2017_01_I-etap_0267.jpg\" data-elementor-open-lightbox=\"yes\" data-elementor-lightbox-slideshow=\"all-1815be3\" data-elementor-lightbox-title=\"Dobczyce 2017 01 I etap 0267\" data-e-action-hash=\"#elementor-action%3Aaction%3Dlightbox%26settings%3DeyJpZCI6Njc0NywidXJsIjoiaHR0cHM6XC9cL3dsa3NrcmFrdXMucGxcL2tvbGFyc3R3b1wvd3AtY29udGVudFwvdXBsb2Fkc1wvMjAyNFwvMTJcL0RvYmN6eWNlLTIwMTdfMDFfSS1ldGFwXzAyNjcuanBnIiwic2xpZGVzaG93IjoiYWxsLTE4MTViZTMifQ%3D%3D\">\n\t\t\t\t\t<div class=\"e-gallery-image elementor-gallery-item__image\" data-thumbnail=\"https:\/\/wlkskrakus.pl\/kolarstwo\/wp-content\/uploads\/2024\/12\/Dobczyce-2017_01_I-etap_0267-300x200.jpg\" data-width=\"300\" data-height=\"200\" alt=\"Dobczyce 2017 01 I etap 0267\" ><\/div>\n\t\t\t\t\t\t\t\t\t\t\t<div class=\"elementor-gallery-item__overlay\"><\/div>\n\t\t\t\t\t\t\t\t\t\t\t\t\t\t<\/a>\n\t\t\t\t\t\t\t<a class=\"e-gallery-item elementor-gallery-item elementor-animated-content\" href=\"https:\/\/wlkskrakus.pl\/kolarstwo\/wp-content\/uploads\/2024\/12\/Dobczyce-2017_01_I-etap_0335.jpg\" data-elementor-open-lightbox=\"yes\" data-elementor-lightbox-slideshow=\"all-1815be3\" data-elementor-lightbox-title=\"Dobczyce 2017 01 I etap 0335\" data-e-action-hash=\"#elementor-action%3Aaction%3Dlightbox%26settings%3DeyJpZCI6Njc0OCwidXJsIjoiaHR0cHM6XC9cL3dsa3NrcmFrdXMucGxcL2tvbGFyc3R3b1wvd3AtY29udGVudFwvdXBsb2Fkc1wvMjAyNFwvMTJcL0RvYmN6eWNlLTIwMTdfMDFfSS1ldGFwXzAzMzUuanBnIiwic2xpZGVzaG93IjoiYWxsLTE4MTViZTMifQ%3D%3D\">\n\t\t\t\t\t<div class=\"e-gallery-image elementor-gallery-item__image\" data-thumbnail=\"https:\/\/wlkskrakus.pl\/kolarstwo\/wp-content\/uploads\/2024\/12\/Dobczyce-2017_01_I-etap_0335-300x200.jpg\" data-width=\"300\" data-height=\"200\" alt=\"Dobczyce 2017 01 I etap 0335\" ><\/div>\n\t\t\t\t\t\t\t\t\t\t\t<div class=\"elementor-gallery-item__overlay\"><\/div>\n\t\t\t\t\t\t\t\t\t\t\t\t\t\t<\/a>\n\t\t\t\t\t\t\t<a class=\"e-gallery-item elementor-gallery-item elementor-animated-content\" href=\"https:\/\/wlkskrakus.pl\/kolarstwo\/wp-content\/uploads\/2024\/12\/Dobczyce-2017_01_I-etap_0356.jpg\" data-elementor-open-lightbox=\"yes\" data-elementor-lightbox-slideshow=\"all-1815be3\" data-elementor-lightbox-title=\"Dobczyce 2017 01 I etap 0356\" data-e-action-hash=\"#elementor-action%3Aaction%3Dlightbox%26settings%3DeyJpZCI6Njc0OSwidXJsIjoiaHR0cHM6XC9cL3dsa3NrcmFrdXMucGxcL2tvbGFyc3R3b1wvd3AtY29udGVudFwvdXBsb2Fkc1wvMjAyNFwvMTJcL0RvYmN6eWNlLTIwMTdfMDFfSS1ldGFwXzAzNTYuanBnIiwic2xpZGVzaG93IjoiYWxsLTE4MTViZTMifQ%3D%3D\">\n\t\t\t\t\t<div class=\"e-gallery-image elementor-gallery-item__image\" data-thumbnail=\"https:\/\/wlkskrakus.pl\/kolarstwo\/wp-content\/uploads\/2024\/12\/Dobczyce-2017_01_I-etap_0356-300x200.jpg\" data-width=\"300\" data-height=\"200\" alt=\"Dobczyce 2017 01 I etap 0356\" ><\/div>\n\t\t\t\t\t\t\t\t\t\t\t<div class=\"elementor-gallery-item__overlay\"><\/div>\n\t\t\t\t\t\t\t\t\t\t\t\t\t\t<\/a>\n\t\t\t\t\t\t\t<a class=\"e-gallery-item elementor-gallery-item elementor-animated-content\" href=\"https:\/\/wlkskrakus.pl\/kolarstwo\/wp-content\/uploads\/2024\/12\/Dobczyce-2017_01_I-etap_0364.jpg\" data-elementor-open-lightbox=\"yes\" data-elementor-lightbox-slideshow=\"all-1815be3\" data-elementor-lightbox-title=\"Dobczyce 2017 01 I etap 0364\" data-e-action-hash=\"#elementor-action%3Aaction%3Dlightbox%26settings%3DeyJpZCI6Njc1MSwidXJsIjoiaHR0cHM6XC9cL3dsa3NrcmFrdXMucGxcL2tvbGFyc3R3b1wvd3AtY29udGVudFwvdXBsb2Fkc1wvMjAyNFwvMTJcL0RvYmN6eWNlLTIwMTdfMDFfSS1ldGFwXzAzNjQuanBnIiwic2xpZGVzaG93IjoiYWxsLTE4MTViZTMifQ%3D%3D\">\n\t\t\t\t\t<div class=\"e-gallery-image elementor-gallery-item__image\" data-thumbnail=\"https:\/\/wlkskrakus.pl\/kolarstwo\/wp-content\/uploads\/2024\/12\/Dobczyce-2017_01_I-etap_0364-300x188.jpg\" data-width=\"300\" data-height=\"188\" alt=\"Dobczyce 2017 01 I etap 0364\" ><\/div>\n\t\t\t\t\t\t\t\t\t\t\t<div class=\"elementor-gallery-item__overlay\"><\/div>\n\t\t\t\t\t\t\t\t\t\t\t\t\t\t<\/a>\n\t\t\t\t\t\t\t<a class=\"e-gallery-item elementor-gallery-item elementor-animated-content\" href=\"https:\/\/wlkskrakus.pl\/kolarstwo\/wp-content\/uploads\/2024\/12\/Dobczyce-2017_01_I-etap_0383.jpg\" data-elementor-open-lightbox=\"yes\" data-elementor-lightbox-slideshow=\"all-1815be3\" data-elementor-lightbox-title=\"Dobczyce 2017 01 I etap 0383\" data-e-action-hash=\"#elementor-action%3Aaction%3Dlightbox%26settings%3DeyJpZCI6Njc1MiwidXJsIjoiaHR0cHM6XC9cL3dsa3NrcmFrdXMucGxcL2tvbGFyc3R3b1wvd3AtY29udGVudFwvdXBsb2Fkc1wvMjAyNFwvMTJcL0RvYmN6eWNlLTIwMTdfMDFfSS1ldGFwXzAzODMuanBnIiwic2xpZGVzaG93IjoiYWxsLTE4MTViZTMifQ%3D%3D\">\n\t\t\t\t\t<div class=\"e-gallery-image elementor-gallery-item__image\" data-thumbnail=\"https:\/\/wlkskrakus.pl\/kolarstwo\/wp-content\/uploads\/2024\/12\/Dobczyce-2017_01_I-etap_0383-300x200.jpg\" data-width=\"300\" data-height=\"200\" alt=\"Dobczyce 2017 01 I etap 0383\" ><\/div>\n\t\t\t\t\t\t\t\t\t\t\t<div class=\"elementor-gallery-item__overlay\"><\/div>\n\t\t\t\t\t\t\t\t\t\t\t\t\t\t<\/a>\n\t\t\t\t\t\t\t<a class=\"e-gallery-item elementor-gallery-item elementor-animated-content\" href=\"https:\/\/wlkskrakus.pl\/kolarstwo\/wp-content\/uploads\/2024\/12\/Dobczyce-2017_01_I-etap_0390.jpg\" data-elementor-open-lightbox=\"yes\" data-elementor-lightbox-slideshow=\"all-1815be3\" data-elementor-lightbox-title=\"Dobczyce 2017 01 I etap 0390\" data-e-action-hash=\"#elementor-action%3Aaction%3Dlightbox%26settings%3DeyJpZCI6Njc1MywidXJsIjoiaHR0cHM6XC9cL3dsa3NrcmFrdXMucGxcL2tvbGFyc3R3b1wvd3AtY29udGVudFwvdXBsb2Fkc1wvMjAyNFwvMTJcL0RvYmN6eWNlLTIwMTdfMDFfSS1ldGFwXzAzOTAuanBnIiwic2xpZGVzaG93IjoiYWxsLTE4MTViZTMifQ%3D%3D\">\n\t\t\t\t\t<div class=\"e-gallery-image elementor-gallery-item__image\" data-thumbnail=\"https:\/\/wlkskrakus.pl\/kolarstwo\/wp-content\/uploads\/2024\/12\/Dobczyce-2017_01_I-etap_0390-300x200.jpg\" data-width=\"300\" data-height=\"200\" alt=\"Dobczyce 2017 01 I etap 0390\" ><\/div>\n\t\t\t\t\t\t\t\t\t\t\t<div class=\"elementor-gallery-item__overlay\"><\/div>\n\t\t\t\t\t\t\t\t\t\t\t\t\t\t<\/a>\n\t\t\t\t\t\t\t<a class=\"e-gallery-item elementor-gallery-item elementor-animated-content\" href=\"https:\/\/wlkskrakus.pl\/kolarstwo\/wp-content\/uploads\/2024\/12\/Dobczyce-2017_01_I-etap_0407.jpg\" data-elementor-open-lightbox=\"yes\" data-elementor-lightbox-slideshow=\"all-1815be3\" data-elementor-lightbox-title=\"Dobczyce 2017 01 I etap 0407\" data-e-action-hash=\"#elementor-action%3Aaction%3Dlightbox%26settings%3DeyJpZCI6Njc1NSwidXJsIjoiaHR0cHM6XC9cL3dsa3NrcmFrdXMucGxcL2tvbGFyc3R3b1wvd3AtY29udGVudFwvdXBsb2Fkc1wvMjAyNFwvMTJcL0RvYmN6eWNlLTIwMTdfMDFfSS1ldGFwXzA0MDcuanBnIiwic2xpZGVzaG93IjoiYWxsLTE4MTViZTMifQ%3D%3D\">\n\t\t\t\t\t<div class=\"e-gallery-image elementor-gallery-item__image\" data-thumbnail=\"https:\/\/wlkskrakus.pl\/kolarstwo\/wp-content\/uploads\/2024\/12\/Dobczyce-2017_01_I-etap_0407-300x169.jpg\" data-width=\"300\" data-height=\"169\" alt=\"Dobczyce 2017 01 I etap 0407\" ><\/div>\n\t\t\t\t\t\t\t\t\t\t\t<div class=\"elementor-gallery-item__overlay\"><\/div>\n\t\t\t\t\t\t\t\t\t\t\t\t\t\t<\/a>\n\t\t\t\t\t\t\t<a class=\"e-gallery-item elementor-gallery-item elementor-animated-content\" href=\"https:\/\/wlkskrakus.pl\/kolarstwo\/wp-content\/uploads\/2024\/12\/Dobczyce-2017_01_I-etap_0429.jpg\" data-elementor-open-lightbox=\"yes\" data-elementor-lightbox-slideshow=\"all-1815be3\" data-elementor-lightbox-title=\"Dobczyce 2017 01 I etap 0429\" data-e-action-hash=\"#elementor-action%3Aaction%3Dlightbox%26settings%3DeyJpZCI6Njc1NiwidXJsIjoiaHR0cHM6XC9cL3dsa3NrcmFrdXMucGxcL2tvbGFyc3R3b1wvd3AtY29udGVudFwvdXBsb2Fkc1wvMjAyNFwvMTJcL0RvYmN6eWNlLTIwMTdfMDFfSS1ldGFwXzA0MjkuanBnIiwic2xpZGVzaG93IjoiYWxsLTE4MTViZTMifQ%3D%3D\">\n\t\t\t\t\t<div class=\"e-gallery-image elementor-gallery-item__image\" data-thumbnail=\"https:\/\/wlkskrakus.pl\/kolarstwo\/wp-content\/uploads\/2024\/12\/Dobczyce-2017_01_I-etap_0429-300x200.jpg\" data-width=\"300\" data-height=\"200\" alt=\"Dobczyce 2017 01 I etap 0429\" ><\/div>\n\t\t\t\t\t\t\t\t\t\t\t<div class=\"elementor-gallery-item__overlay\"><\/div>\n\t\t\t\t\t\t\t\t\t\t\t\t\t\t<\/a>\n\t\t\t\t\t\t\t<a class=\"e-gallery-item elementor-gallery-item elementor-animated-content\" href=\"https:\/\/wlkskrakus.pl\/kolarstwo\/wp-content\/uploads\/2024\/12\/Dobczyce-2017_01_I-etap_0446.jpg\" data-elementor-open-lightbox=\"yes\" data-elementor-lightbox-slideshow=\"all-1815be3\" data-elementor-lightbox-title=\"Dobczyce 2017 01 I etap 0446\" data-e-action-hash=\"#elementor-action%3Aaction%3Dlightbox%26settings%3DeyJpZCI6Njc1NywidXJsIjoiaHR0cHM6XC9cL3dsa3NrcmFrdXMucGxcL2tvbGFyc3R3b1wvd3AtY29udGVudFwvdXBsb2Fkc1wvMjAyNFwvMTJcL0RvYmN6eWNlLTIwMTdfMDFfSS1ldGFwXzA0NDYuanBnIiwic2xpZGVzaG93IjoiYWxsLTE4MTViZTMifQ%3D%3D\">\n\t\t\t\t\t<div class=\"e-gallery-image elementor-gallery-item__image\" data-thumbnail=\"https:\/\/wlkskrakus.pl\/kolarstwo\/wp-content\/uploads\/2024\/12\/Dobczyce-2017_01_I-etap_0446-300x200.jpg\" data-width=\"300\" data-height=\"200\" alt=\"Dobczyce 2017 01 I etap 0446\" ><\/div>\n\t\t\t\t\t\t\t\t\t\t\t<div class=\"elementor-gallery-item__overlay\"><\/div>\n\t\t\t\t\t\t\t\t\t\t\t\t\t\t<\/a>\n\t\t\t\t\t\t\t<a class=\"e-gallery-item elementor-gallery-item elementor-animated-content\" href=\"https:\/\/wlkskrakus.pl\/kolarstwo\/wp-content\/uploads\/2024\/12\/Dobczyce-2017_01_I-etap_0451.jpg\" data-elementor-open-lightbox=\"yes\" data-elementor-lightbox-slideshow=\"all-1815be3\" data-elementor-lightbox-title=\"Dobczyce 2017 01 I etap 0451\" data-e-action-hash=\"#elementor-action%3Aaction%3Dlightbox%26settings%3DeyJpZCI6Njc1OSwidXJsIjoiaHR0cHM6XC9cL3dsa3NrcmFrdXMucGxcL2tvbGFyc3R3b1wvd3AtY29udGVudFwvdXBsb2Fkc1wvMjAyNFwvMTJcL0RvYmN6eWNlLTIwMTdfMDFfSS1ldGFwXzA0NTEuanBnIiwic2xpZGVzaG93IjoiYWxsLTE4MTViZTMifQ%3D%3D\">\n\t\t\t\t\t<div class=\"e-gallery-image elementor-gallery-item__image\" data-thumbnail=\"https:\/\/wlkskrakus.pl\/kolarstwo\/wp-content\/uploads\/2024\/12\/Dobczyce-2017_01_I-etap_0451-300x200.jpg\" data-width=\"300\" data-height=\"200\" alt=\"Dobczyce 2017 01 I etap 0451\" ><\/div>\n\t\t\t\t\t\t\t\t\t\t\t<div class=\"elementor-gallery-item__overlay\"><\/div>\n\t\t\t\t\t\t\t\t\t\t\t\t\t\t<\/a>\n\t\t\t\t\t\t\t<a class=\"e-gallery-item elementor-gallery-item elementor-animated-content\" href=\"https:\/\/wlkskrakus.pl\/kolarstwo\/wp-content\/uploads\/2024\/12\/Dobczyce-2017_01_I-etap_0468.jpg\" data-elementor-open-lightbox=\"yes\" data-elementor-lightbox-slideshow=\"all-1815be3\" data-elementor-lightbox-title=\"Dobczyce 2017 01 I etap 0468\" data-e-action-hash=\"#elementor-action%3Aaction%3Dlightbox%26settings%3DeyJpZCI6Njc2MCwidXJsIjoiaHR0cHM6XC9cL3dsa3NrcmFrdXMucGxcL2tvbGFyc3R3b1wvd3AtY29udGVudFwvdXBsb2Fkc1wvMjAyNFwvMTJcL0RvYmN6eWNlLTIwMTdfMDFfSS1ldGFwXzA0NjguanBnIiwic2xpZGVzaG93IjoiYWxsLTE4MTViZTMifQ%3D%3D\">\n\t\t\t\t\t<div class=\"e-gallery-image elementor-gallery-item__image\" data-thumbnail=\"https:\/\/wlkskrakus.pl\/kolarstwo\/wp-content\/uploads\/2024\/12\/Dobczyce-2017_01_I-etap_0468-300x200.jpg\" data-width=\"300\" data-height=\"200\" alt=\"Dobczyce 2017 01 I etap 0468\" ><\/div>\n\t\t\t\t\t\t\t\t\t\t\t<div class=\"elementor-gallery-item__overlay\"><\/div>\n\t\t\t\t\t\t\t\t\t\t\t\t\t\t<\/a>\n\t\t\t\t\t\t\t<a class=\"e-gallery-item elementor-gallery-item elementor-animated-content\" href=\"https:\/\/wlkskrakus.pl\/kolarstwo\/wp-content\/uploads\/2024\/12\/Dobczyce-2017_01_I-etap_0482.jpg\" data-elementor-open-lightbox=\"yes\" data-elementor-lightbox-slideshow=\"all-1815be3\" data-elementor-lightbox-title=\"Dobczyce 2017 01 I etap 0482\" data-e-action-hash=\"#elementor-action%3Aaction%3Dlightbox%26settings%3DeyJpZCI6Njc2MSwidXJsIjoiaHR0cHM6XC9cL3dsa3NrcmFrdXMucGxcL2tvbGFyc3R3b1wvd3AtY29udGVudFwvdXBsb2Fkc1wvMjAyNFwvMTJcL0RvYmN6eWNlLTIwMTdfMDFfSS1ldGFwXzA0ODIuanBnIiwic2xpZGVzaG93IjoiYWxsLTE4MTViZTMifQ%3D%3D\">\n\t\t\t\t\t<div class=\"e-gallery-image elementor-gallery-item__image\" data-thumbnail=\"https:\/\/wlkskrakus.pl\/kolarstwo\/wp-content\/uploads\/2024\/12\/Dobczyce-2017_01_I-etap_0482-300x200.jpg\" data-width=\"300\" data-height=\"200\" alt=\"Dobczyce 2017 01 I etap 0482\" ><\/div>\n\t\t\t\t\t\t\t\t\t\t\t<div class=\"elementor-gallery-item__overlay\"><\/div>\n\t\t\t\t\t\t\t\t\t\t\t\t\t\t<\/a>\n\t\t\t\t\t\t\t<a class=\"e-gallery-item elementor-gallery-item elementor-animated-content\" href=\"https:\/\/wlkskrakus.pl\/kolarstwo\/wp-content\/uploads\/2024\/12\/Dobczyce-2017_01_I-etap_0502.jpg\" data-elementor-open-lightbox=\"yes\" data-elementor-lightbox-slideshow=\"all-1815be3\" data-elementor-lightbox-title=\"Dobczyce 2017 01 I etap 0502\" data-e-action-hash=\"#elementor-action%3Aaction%3Dlightbox%26settings%3DeyJpZCI6Njc2MiwidXJsIjoiaHR0cHM6XC9cL3dsa3NrcmFrdXMucGxcL2tvbGFyc3R3b1wvd3AtY29udGVudFwvdXBsb2Fkc1wvMjAyNFwvMTJcL0RvYmN6eWNlLTIwMTdfMDFfSS1ldGFwXzA1MDIuanBnIiwic2xpZGVzaG93IjoiYWxsLTE4MTViZTMifQ%3D%3D\">\n\t\t\t\t\t<div class=\"e-gallery-image elementor-gallery-item__image\" data-thumbnail=\"https:\/\/wlkskrakus.pl\/kolarstwo\/wp-content\/uploads\/2024\/12\/Dobczyce-2017_01_I-etap_0502-300x169.jpg\" data-width=\"300\" data-height=\"169\" alt=\"Dobczyce 2017 01 I etap 0502\" ><\/div>\n\t\t\t\t\t\t\t\t\t\t\t<div class=\"elementor-gallery-item__overlay\"><\/div>\n\t\t\t\t\t\t\t\t\t\t\t\t\t\t<\/a>\n\t\t\t\t\t\t\t<a class=\"e-gallery-item elementor-gallery-item elementor-animated-content\" href=\"https:\/\/wlkskrakus.pl\/kolarstwo\/wp-content\/uploads\/2024\/12\/Dobczyce-2017_01_I-etap_0541.jpg\" data-elementor-open-lightbox=\"yes\" data-elementor-lightbox-slideshow=\"all-1815be3\" data-elementor-lightbox-title=\"Dobczyce 2017 01 I etap 0541\" data-e-action-hash=\"#elementor-action%3Aaction%3Dlightbox%26settings%3DeyJpZCI6Njc2NCwidXJsIjoiaHR0cHM6XC9cL3dsa3NrcmFrdXMucGxcL2tvbGFyc3R3b1wvd3AtY29udGVudFwvdXBsb2Fkc1wvMjAyNFwvMTJcL0RvYmN6eWNlLTIwMTdfMDFfSS1ldGFwXzA1NDEuanBnIiwic2xpZGVzaG93IjoiYWxsLTE4MTViZTMifQ%3D%3D\">\n\t\t\t\t\t<div class=\"e-gallery-image elementor-gallery-item__image\" data-thumbnail=\"https:\/\/wlkskrakus.pl\/kolarstwo\/wp-content\/uploads\/2024\/12\/Dobczyce-2017_01_I-etap_0541-300x169.jpg\" data-width=\"300\" data-height=\"169\" alt=\"Dobczyce 2017 01 I etap 0541\" ><\/div>\n\t\t\t\t\t\t\t\t\t\t\t<div class=\"elementor-gallery-item__overlay\"><\/div>\n\t\t\t\t\t\t\t\t\t\t\t\t\t\t<\/a>\n\t\t\t\t\t\t\t<a class=\"e-gallery-item elementor-gallery-item elementor-animated-content\" href=\"https:\/\/wlkskrakus.pl\/kolarstwo\/wp-content\/uploads\/2024\/12\/Dobczyce-2017_01_I-etap_0594.jpg\" data-elementor-open-lightbox=\"yes\" data-elementor-lightbox-slideshow=\"all-1815be3\" data-elementor-lightbox-title=\"Dobczyce 2017 01 I etap 0594\" data-e-action-hash=\"#elementor-action%3Aaction%3Dlightbox%26settings%3DeyJpZCI6Njc2NSwidXJsIjoiaHR0cHM6XC9cL3dsa3NrcmFrdXMucGxcL2tvbGFyc3R3b1wvd3AtY29udGVudFwvdXBsb2Fkc1wvMjAyNFwvMTJcL0RvYmN6eWNlLTIwMTdfMDFfSS1ldGFwXzA1OTQuanBnIiwic2xpZGVzaG93IjoiYWxsLTE4MTViZTMifQ%3D%3D\">\n\t\t\t\t\t<div class=\"e-gallery-image elementor-gallery-item__image\" data-thumbnail=\"https:\/\/wlkskrakus.pl\/kolarstwo\/wp-content\/uploads\/2024\/12\/Dobczyce-2017_01_I-etap_0594-300x200.jpg\" data-width=\"300\" data-height=\"200\" alt=\"Dobczyce 2017 01 I etap 0594\" ><\/div>\n\t\t\t\t\t\t\t\t\t\t\t<div class=\"elementor-gallery-item__overlay\"><\/div>\n\t\t\t\t\t\t\t\t\t\t\t\t\t\t<\/a>\n\t\t\t\t\t\t\t<a class=\"e-gallery-item elementor-gallery-item elementor-animated-content\" href=\"https:\/\/wlkskrakus.pl\/kolarstwo\/wp-content\/uploads\/2024\/12\/Dobczyce-2017_01_I-etap_0603.jpg\" data-elementor-open-lightbox=\"yes\" data-elementor-lightbox-slideshow=\"all-1815be3\" data-elementor-lightbox-title=\"Dobczyce 2017 01 I etap 0603\" data-e-action-hash=\"#elementor-action%3Aaction%3Dlightbox%26settings%3DeyJpZCI6Njc2NiwidXJsIjoiaHR0cHM6XC9cL3dsa3NrcmFrdXMucGxcL2tvbGFyc3R3b1wvd3AtY29udGVudFwvdXBsb2Fkc1wvMjAyNFwvMTJcL0RvYmN6eWNlLTIwMTdfMDFfSS1ldGFwXzA2MDMuanBnIiwic2xpZGVzaG93IjoiYWxsLTE4MTViZTMifQ%3D%3D\">\n\t\t\t\t\t<div class=\"e-gallery-image elementor-gallery-item__image\" data-thumbnail=\"https:\/\/wlkskrakus.pl\/kolarstwo\/wp-content\/uploads\/2024\/12\/Dobczyce-2017_01_I-etap_0603-300x169.jpg\" data-width=\"300\" data-height=\"169\" alt=\"Dobczyce 2017 01 I etap 0603\" ><\/div>\n\t\t\t\t\t\t\t\t\t\t\t<div class=\"elementor-gallery-item__overlay\"><\/div>\n\t\t\t\t\t\t\t\t\t\t\t\t\t\t<\/a>\n\t\t\t\t\t\t\t<a class=\"e-gallery-item elementor-gallery-item elementor-animated-content\" href=\"https:\/\/wlkskrakus.pl\/kolarstwo\/wp-content\/uploads\/2024\/12\/Dobczyce-2017_01_I-etap_0611.jpg\" data-elementor-open-lightbox=\"yes\" data-elementor-lightbox-slideshow=\"all-1815be3\" data-elementor-lightbox-title=\"Dobczyce 2017 01 I etap 0611\" data-e-action-hash=\"#elementor-action%3Aaction%3Dlightbox%26settings%3DeyJpZCI6Njc2NywidXJsIjoiaHR0cHM6XC9cL3dsa3NrcmFrdXMucGxcL2tvbGFyc3R3b1wvd3AtY29udGVudFwvdXBsb2Fkc1wvMjAyNFwvMTJcL0RvYmN6eWNlLTIwMTdfMDFfSS1ldGFwXzA2MTEuanBnIiwic2xpZGVzaG93IjoiYWxsLTE4MTViZTMifQ%3D%3D\">\n\t\t\t\t\t<div class=\"e-gallery-image elementor-gallery-item__image\" data-thumbnail=\"https:\/\/wlkskrakus.pl\/kolarstwo\/wp-content\/uploads\/2024\/12\/Dobczyce-2017_01_I-etap_0611-300x200.jpg\" data-width=\"300\" data-height=\"200\" alt=\"Dobczyce 2017 01 I etap 0611\" ><\/div>\n\t\t\t\t\t\t\t\t\t\t\t<div class=\"elementor-gallery-item__overlay\"><\/div>\n\t\t\t\t\t\t\t\t\t\t\t\t\t\t<\/a>\n\t\t\t\t\t\t\t<a class=\"e-gallery-item elementor-gallery-item elementor-animated-content\" href=\"https:\/\/wlkskrakus.pl\/kolarstwo\/wp-content\/uploads\/2024\/12\/Dobczyce-2017_01_I-etap_0658.jpg\" data-elementor-open-lightbox=\"yes\" data-elementor-lightbox-slideshow=\"all-1815be3\" data-elementor-lightbox-title=\"Dobczyce 2017 01 I etap 0658\" data-e-action-hash=\"#elementor-action%3Aaction%3Dlightbox%26settings%3DeyJpZCI6Njc2OCwidXJsIjoiaHR0cHM6XC9cL3dsa3NrcmFrdXMucGxcL2tvbGFyc3R3b1wvd3AtY29udGVudFwvdXBsb2Fkc1wvMjAyNFwvMTJcL0RvYmN6eWNlLTIwMTdfMDFfSS1ldGFwXzA2NTguanBnIiwic2xpZGVzaG93IjoiYWxsLTE4MTViZTMifQ%3D%3D\">\n\t\t\t\t\t<div class=\"e-gallery-image elementor-gallery-item__image\" data-thumbnail=\"https:\/\/wlkskrakus.pl\/kolarstwo\/wp-content\/uploads\/2024\/12\/Dobczyce-2017_01_I-etap_0658-300x131.jpg\" data-width=\"300\" data-height=\"131\" alt=\"Dobczyce 2017 01 I etap 0658\" ><\/div>\n\t\t\t\t\t\t\t\t\t\t\t<div class=\"elementor-gallery-item__overlay\"><\/div>\n\t\t\t\t\t\t\t\t\t\t\t\t\t\t<\/a>\n\t\t\t\t\t\t\t<a class=\"e-gallery-item elementor-gallery-item elementor-animated-content\" href=\"https:\/\/wlkskrakus.pl\/kolarstwo\/wp-content\/uploads\/2024\/12\/Dobczyce-2017_01_I-etap_0664.jpg\" data-elementor-open-lightbox=\"yes\" data-elementor-lightbox-slideshow=\"all-1815be3\" data-elementor-lightbox-title=\"Dobczyce 2017 01 I etap 0664\" data-e-action-hash=\"#elementor-action%3Aaction%3Dlightbox%26settings%3DeyJpZCI6Njc2OSwidXJsIjoiaHR0cHM6XC9cL3dsa3NrcmFrdXMucGxcL2tvbGFyc3R3b1wvd3AtY29udGVudFwvdXBsb2Fkc1wvMjAyNFwvMTJcL0RvYmN6eWNlLTIwMTdfMDFfSS1ldGFwXzA2NjQuanBnIiwic2xpZGVzaG93IjoiYWxsLTE4MTViZTMifQ%3D%3D\">\n\t\t\t\t\t<div class=\"e-gallery-image elementor-gallery-item__image\" data-thumbnail=\"https:\/\/wlkskrakus.pl\/kolarstwo\/wp-content\/uploads\/2024\/12\/Dobczyce-2017_01_I-etap_0664-300x200.jpg\" data-width=\"300\" data-height=\"200\" alt=\"Dobczyce 2017 01 I etap 0664\" ><\/div>\n\t\t\t\t\t\t\t\t\t\t\t<div class=\"elementor-gallery-item__overlay\"><\/div>\n\t\t\t\t\t\t\t\t\t\t\t\t\t\t<\/a>\n\t\t\t\t\t\t\t<a class=\"e-gallery-item elementor-gallery-item elementor-animated-content\" href=\"https:\/\/wlkskrakus.pl\/kolarstwo\/wp-content\/uploads\/2024\/12\/Dobczyce-2017_01_I-etap_0691.jpg\" data-elementor-open-lightbox=\"yes\" data-elementor-lightbox-slideshow=\"all-1815be3\" data-elementor-lightbox-title=\"Dobczyce 2017 01 I etap 0691\" data-e-action-hash=\"#elementor-action%3Aaction%3Dlightbox%26settings%3DeyJpZCI6Njc3MSwidXJsIjoiaHR0cHM6XC9cL3dsa3NrcmFrdXMucGxcL2tvbGFyc3R3b1wvd3AtY29udGVudFwvdXBsb2Fkc1wvMjAyNFwvMTJcL0RvYmN6eWNlLTIwMTdfMDFfSS1ldGFwXzA2OTEuanBnIiwic2xpZGVzaG93IjoiYWxsLTE4MTViZTMifQ%3D%3D\">\n\t\t\t\t\t<div class=\"e-gallery-image elementor-gallery-item__image\" data-thumbnail=\"https:\/\/wlkskrakus.pl\/kolarstwo\/wp-content\/uploads\/2024\/12\/Dobczyce-2017_01_I-etap_0691-300x200.jpg\" data-width=\"300\" data-height=\"200\" alt=\"Dobczyce 2017 01 I etap 0691\" ><\/div>\n\t\t\t\t\t\t\t\t\t\t\t<div class=\"elementor-gallery-item__overlay\"><\/div>\n\t\t\t\t\t\t\t\t\t\t\t\t\t\t<\/a>\n\t\t\t\t\t\t\t<a class=\"e-gallery-item elementor-gallery-item elementor-animated-content\" href=\"https:\/\/wlkskrakus.pl\/kolarstwo\/wp-content\/uploads\/2024\/12\/Dobczyce-2017_01_I-etap_0777.jpg\" data-elementor-open-lightbox=\"yes\" data-elementor-lightbox-slideshow=\"all-1815be3\" data-elementor-lightbox-title=\"Dobczyce 2017 01 I etap 0777\" data-e-action-hash=\"#elementor-action%3Aaction%3Dlightbox%26settings%3DeyJpZCI6Njc3MiwidXJsIjoiaHR0cHM6XC9cL3dsa3NrcmFrdXMucGxcL2tvbGFyc3R3b1wvd3AtY29udGVudFwvdXBsb2Fkc1wvMjAyNFwvMTJcL0RvYmN6eWNlLTIwMTdfMDFfSS1ldGFwXzA3NzcuanBnIiwic2xpZGVzaG93IjoiYWxsLTE4MTViZTMifQ%3D%3D\">\n\t\t\t\t\t<div class=\"e-gallery-image elementor-gallery-item__image\" data-thumbnail=\"https:\/\/wlkskrakus.pl\/kolarstwo\/wp-content\/uploads\/2024\/12\/Dobczyce-2017_01_I-etap_0777-300x188.jpg\" data-width=\"300\" data-height=\"188\" alt=\"Dobczyce 2017 01 I etap 0777\" ><\/div>\n\t\t\t\t\t\t\t\t\t\t\t<div class=\"elementor-gallery-item__overlay\"><\/div>\n\t\t\t\t\t\t\t\t\t\t\t\t\t\t<\/a>\n\t\t\t\t\t\t\t<a class=\"e-gallery-item elementor-gallery-item elementor-animated-content\" href=\"https:\/\/wlkskrakus.pl\/kolarstwo\/wp-content\/uploads\/2024\/12\/Dobczyce-2017_01_I-etap_0783.jpg\" data-elementor-open-lightbox=\"yes\" data-elementor-lightbox-slideshow=\"all-1815be3\" data-elementor-lightbox-title=\"Dobczyce 2017 01 I etap 0783\" data-e-action-hash=\"#elementor-action%3Aaction%3Dlightbox%26settings%3DeyJpZCI6Njc3MywidXJsIjoiaHR0cHM6XC9cL3dsa3NrcmFrdXMucGxcL2tvbGFyc3R3b1wvd3AtY29udGVudFwvdXBsb2Fkc1wvMjAyNFwvMTJcL0RvYmN6eWNlLTIwMTdfMDFfSS1ldGFwXzA3ODMuanBnIiwic2xpZGVzaG93IjoiYWxsLTE4MTViZTMifQ%3D%3D\">\n\t\t\t\t\t<div class=\"e-gallery-image elementor-gallery-item__image\" data-thumbnail=\"https:\/\/wlkskrakus.pl\/kolarstwo\/wp-content\/uploads\/2024\/12\/Dobczyce-2017_01_I-etap_0783-300x188.jpg\" data-width=\"300\" data-height=\"188\" alt=\"Dobczyce 2017 01 I etap 0783\" ><\/div>\n\t\t\t\t\t\t\t\t\t\t\t<div class=\"elementor-gallery-item__overlay\"><\/div>\n\t\t\t\t\t\t\t\t\t\t\t\t\t\t<\/a>\n\t\t\t\t\t\t\t<a class=\"e-gallery-item elementor-gallery-item elementor-animated-content\" href=\"https:\/\/wlkskrakus.pl\/kolarstwo\/wp-content\/uploads\/2024\/12\/Dobczyce-2017_01_I-etap_0792.jpg\" data-elementor-open-lightbox=\"yes\" data-elementor-lightbox-slideshow=\"all-1815be3\" data-elementor-lightbox-title=\"Dobczyce 2017 01 I etap 0792\" data-e-action-hash=\"#elementor-action%3Aaction%3Dlightbox%26settings%3DeyJpZCI6Njc3NCwidXJsIjoiaHR0cHM6XC9cL3dsa3NrcmFrdXMucGxcL2tvbGFyc3R3b1wvd3AtY29udGVudFwvdXBsb2Fkc1wvMjAyNFwvMTJcL0RvYmN6eWNlLTIwMTdfMDFfSS1ldGFwXzA3OTIuanBnIiwic2xpZGVzaG93IjoiYWxsLTE4MTViZTMifQ%3D%3D\">\n\t\t\t\t\t<div class=\"e-gallery-image elementor-gallery-item__image\" data-thumbnail=\"https:\/\/wlkskrakus.pl\/kolarstwo\/wp-content\/uploads\/2024\/12\/Dobczyce-2017_01_I-etap_0792-300x200.jpg\" data-width=\"300\" data-height=\"200\" alt=\"Dobczyce 2017 01 I etap 0792\" ><\/div>\n\t\t\t\t\t\t\t\t\t\t\t<div class=\"elementor-gallery-item__overlay\"><\/div>\n\t\t\t\t\t\t\t\t\t\t\t\t\t\t<\/a>\n\t\t\t\t\t\t\t<a class=\"e-gallery-item elementor-gallery-item elementor-animated-content\" href=\"https:\/\/wlkskrakus.pl\/kolarstwo\/wp-content\/uploads\/2024\/12\/Dobczyce-2017_01_I-etap_0801.jpg\" data-elementor-open-lightbox=\"yes\" data-elementor-lightbox-slideshow=\"all-1815be3\" data-elementor-lightbox-title=\"Dobczyce 2017 01 I etap 0801\" data-e-action-hash=\"#elementor-action%3Aaction%3Dlightbox%26settings%3DeyJpZCI6Njc3NiwidXJsIjoiaHR0cHM6XC9cL3dsa3NrcmFrdXMucGxcL2tvbGFyc3R3b1wvd3AtY29udGVudFwvdXBsb2Fkc1wvMjAyNFwvMTJcL0RvYmN6eWNlLTIwMTdfMDFfSS1ldGFwXzA4MDEuanBnIiwic2xpZGVzaG93IjoiYWxsLTE4MTViZTMifQ%3D%3D\">\n\t\t\t\t\t<div class=\"e-gallery-image elementor-gallery-item__image\" data-thumbnail=\"https:\/\/wlkskrakus.pl\/kolarstwo\/wp-content\/uploads\/2024\/12\/Dobczyce-2017_01_I-etap_0801-300x200.jpg\" data-width=\"300\" data-height=\"200\" alt=\"Dobczyce 2017 01 I etap 0801\" ><\/div>\n\t\t\t\t\t\t\t\t\t\t\t<div class=\"elementor-gallery-item__overlay\"><\/div>\n\t\t\t\t\t\t\t\t\t\t\t\t\t\t<\/a>\n\t\t\t\t\t\t\t<a class=\"e-gallery-item elementor-gallery-item elementor-animated-content\" href=\"https:\/\/wlkskrakus.pl\/kolarstwo\/wp-content\/uploads\/2024\/12\/Dobczyce-2017_01_I-etap_0809.jpg\" data-elementor-open-lightbox=\"yes\" data-elementor-lightbox-slideshow=\"all-1815be3\" data-elementor-lightbox-title=\"Dobczyce 2017 01 I etap 0809\" data-e-action-hash=\"#elementor-action%3Aaction%3Dlightbox%26settings%3DeyJpZCI6Njc3NywidXJsIjoiaHR0cHM6XC9cL3dsa3NrcmFrdXMucGxcL2tvbGFyc3R3b1wvd3AtY29udGVudFwvdXBsb2Fkc1wvMjAyNFwvMTJcL0RvYmN6eWNlLTIwMTdfMDFfSS1ldGFwXzA4MDkuanBnIiwic2xpZGVzaG93IjoiYWxsLTE4MTViZTMifQ%3D%3D\">\n\t\t\t\t\t<div class=\"e-gallery-image elementor-gallery-item__image\" data-thumbnail=\"https:\/\/wlkskrakus.pl\/kolarstwo\/wp-content\/uploads\/2024\/12\/Dobczyce-2017_01_I-etap_0809-300x169.jpg\" data-width=\"300\" data-height=\"169\" alt=\"Dobczyce 2017 01 I etap 0809\" ><\/div>\n\t\t\t\t\t\t\t\t\t\t\t<div class=\"elementor-gallery-item__overlay\"><\/div>\n\t\t\t\t\t\t\t\t\t\t\t\t\t\t<\/a>\n\t\t\t\t\t\t\t<a class=\"e-gallery-item elementor-gallery-item elementor-animated-content\" href=\"https:\/\/wlkskrakus.pl\/kolarstwo\/wp-content\/uploads\/2024\/12\/Dobczyce-2017_01_I-etap_0880.jpg\" data-elementor-open-lightbox=\"yes\" data-elementor-lightbox-slideshow=\"all-1815be3\" data-elementor-lightbox-title=\"Dobczyce 2017 01 I etap 0880\" data-e-action-hash=\"#elementor-action%3Aaction%3Dlightbox%26settings%3DeyJpZCI6NjgwMywidXJsIjoiaHR0cHM6XC9cL3dsa3NrcmFrdXMucGxcL2tvbGFyc3R3b1wvd3AtY29udGVudFwvdXBsb2Fkc1wvMjAyNFwvMTJcL0RvYmN6eWNlLTIwMTdfMDFfSS1ldGFwXzA4ODAuanBnIiwic2xpZGVzaG93IjoiYWxsLTE4MTViZTMifQ%3D%3D\">\n\t\t\t\t\t<div class=\"e-gallery-image elementor-gallery-item__image\" data-thumbnail=\"https:\/\/wlkskrakus.pl\/kolarstwo\/wp-content\/uploads\/2024\/12\/Dobczyce-2017_01_I-etap_0880-300x200.jpg\" data-width=\"300\" data-height=\"200\" alt=\"Dobczyce 2017 01 I etap 0880\" ><\/div>\n\t\t\t\t\t\t\t\t\t\t\t<div class=\"elementor-gallery-item__overlay\"><\/div>\n\t\t\t\t\t\t\t\t\t\t\t\t\t\t<\/a>\n\t\t\t\t\t\t\t<a class=\"e-gallery-item elementor-gallery-item elementor-animated-content\" href=\"https:\/\/wlkskrakus.pl\/kolarstwo\/wp-content\/uploads\/2024\/12\/Dobczyce-2017_01_I-etap_0914.jpg\" data-elementor-open-lightbox=\"yes\" data-elementor-lightbox-slideshow=\"all-1815be3\" data-elementor-lightbox-title=\"Dobczyce 2017 01 I etap 0914\" data-e-action-hash=\"#elementor-action%3Aaction%3Dlightbox%26settings%3DeyJpZCI6NjgwNCwidXJsIjoiaHR0cHM6XC9cL3dsa3NrcmFrdXMucGxcL2tvbGFyc3R3b1wvd3AtY29udGVudFwvdXBsb2Fkc1wvMjAyNFwvMTJcL0RvYmN6eWNlLTIwMTdfMDFfSS1ldGFwXzA5MTQuanBnIiwic2xpZGVzaG93IjoiYWxsLTE4MTViZTMifQ%3D%3D\">\n\t\t\t\t\t<div class=\"e-gallery-image elementor-gallery-item__image\" data-thumbnail=\"https:\/\/wlkskrakus.pl\/kolarstwo\/wp-content\/uploads\/2024\/12\/Dobczyce-2017_01_I-etap_0914-300x200.jpg\" data-width=\"300\" data-height=\"200\" alt=\"Dobczyce 2017 01 I etap 0914\" ><\/div>\n\t\t\t\t\t\t\t\t\t\t\t<div class=\"elementor-gallery-item__overlay\"><\/div>\n\t\t\t\t\t\t\t\t\t\t\t\t\t\t<\/a>\n\t\t\t\t\t\t\t<a class=\"e-gallery-item elementor-gallery-item elementor-animated-content\" href=\"https:\/\/wlkskrakus.pl\/kolarstwo\/wp-content\/uploads\/2024\/12\/Dobczyce-2017_01_I-etap_0933.jpg\" data-elementor-open-lightbox=\"yes\" data-elementor-lightbox-slideshow=\"all-1815be3\" data-elementor-lightbox-title=\"Dobczyce 2017 01 I etap 0933\" data-e-action-hash=\"#elementor-action%3Aaction%3Dlightbox%26settings%3DeyJpZCI6NjgwNSwidXJsIjoiaHR0cHM6XC9cL3dsa3NrcmFrdXMucGxcL2tvbGFyc3R3b1wvd3AtY29udGVudFwvdXBsb2Fkc1wvMjAyNFwvMTJcL0RvYmN6eWNlLTIwMTdfMDFfSS1ldGFwXzA5MzMuanBnIiwic2xpZGVzaG93IjoiYWxsLTE4MTViZTMifQ%3D%3D\">\n\t\t\t\t\t<div class=\"e-gallery-image elementor-gallery-item__image\" data-thumbnail=\"https:\/\/wlkskrakus.pl\/kolarstwo\/wp-content\/uploads\/2024\/12\/Dobczyce-2017_01_I-etap_0933-300x200.jpg\" data-width=\"300\" data-height=\"200\" alt=\"Dobczyce 2017 01 I etap 0933\" ><\/div>\n\t\t\t\t\t\t\t\t\t\t\t<div class=\"elementor-gallery-item__overlay\"><\/div>\n\t\t\t\t\t\t\t\t\t\t\t\t\t\t<\/a>\n\t\t\t\t\t\t\t<a class=\"e-gallery-item elementor-gallery-item elementor-animated-content\" href=\"https:\/\/wlkskrakus.pl\/kolarstwo\/wp-content\/uploads\/2024\/12\/Dobczyce-2017_01_I-etap_0943.jpg\" data-elementor-open-lightbox=\"yes\" data-elementor-lightbox-slideshow=\"all-1815be3\" data-elementor-lightbox-title=\"Dobczyce 2017 01 I etap 0943\" data-e-action-hash=\"#elementor-action%3Aaction%3Dlightbox%26settings%3DeyJpZCI6NjgwNiwidXJsIjoiaHR0cHM6XC9cL3dsa3NrcmFrdXMucGxcL2tvbGFyc3R3b1wvd3AtY29udGVudFwvdXBsb2Fkc1wvMjAyNFwvMTJcL0RvYmN6eWNlLTIwMTdfMDFfSS1ldGFwXzA5NDMuanBnIiwic2xpZGVzaG93IjoiYWxsLTE4MTViZTMifQ%3D%3D\">\n\t\t\t\t\t<div class=\"e-gallery-image elementor-gallery-item__image\" data-thumbnail=\"https:\/\/wlkskrakus.pl\/kolarstwo\/wp-content\/uploads\/2024\/12\/Dobczyce-2017_01_I-etap_0943-300x200.jpg\" data-width=\"300\" data-height=\"200\" alt=\"Dobczyce 2017 01 I etap 0943\" ><\/div>\n\t\t\t\t\t\t\t\t\t\t\t<div class=\"elementor-gallery-item__overlay\"><\/div>\n\t\t\t\t\t\t\t\t\t\t\t\t\t\t<\/a>\n\t\t\t\t\t\t\t<a class=\"e-gallery-item elementor-gallery-item elementor-animated-content\" href=\"https:\/\/wlkskrakus.pl\/kolarstwo\/wp-content\/uploads\/2024\/12\/Dobczyce-2017_01_I-etap_0958.jpg\" data-elementor-open-lightbox=\"yes\" data-elementor-lightbox-slideshow=\"all-1815be3\" data-elementor-lightbox-title=\"Dobczyce 2017 01 I etap 0958\" data-e-action-hash=\"#elementor-action%3Aaction%3Dlightbox%26settings%3DeyJpZCI6NjgwNywidXJsIjoiaHR0cHM6XC9cL3dsa3NrcmFrdXMucGxcL2tvbGFyc3R3b1wvd3AtY29udGVudFwvdXBsb2Fkc1wvMjAyNFwvMTJcL0RvYmN6eWNlLTIwMTdfMDFfSS1ldGFwXzA5NTguanBnIiwic2xpZGVzaG93IjoiYWxsLTE4MTViZTMifQ%3D%3D\">\n\t\t\t\t\t<div class=\"e-gallery-image elementor-gallery-item__image\" data-thumbnail=\"https:\/\/wlkskrakus.pl\/kolarstwo\/wp-content\/uploads\/2024\/12\/Dobczyce-2017_01_I-etap_0958-300x200.jpg\" data-width=\"300\" data-height=\"200\" alt=\"Dobczyce 2017 01 I etap 0958\" ><\/div>\n\t\t\t\t\t\t\t\t\t\t\t<div class=\"elementor-gallery-item__overlay\"><\/div>\n\t\t\t\t\t\t\t\t\t\t\t\t\t\t<\/a>\n\t\t\t\t\t\t\t<a class=\"e-gallery-item elementor-gallery-item elementor-animated-content\" href=\"https:\/\/wlkskrakus.pl\/kolarstwo\/wp-content\/uploads\/2024\/12\/Dobczyce-2017_01_I-etap_0988.jpg\" data-elementor-open-lightbox=\"yes\" data-elementor-lightbox-slideshow=\"all-1815be3\" data-elementor-lightbox-title=\"Dobczyce 2017 01 I etap 0988\" data-e-action-hash=\"#elementor-action%3Aaction%3Dlightbox%26settings%3DeyJpZCI6NjgwOCwidXJsIjoiaHR0cHM6XC9cL3dsa3NrcmFrdXMucGxcL2tvbGFyc3R3b1wvd3AtY29udGVudFwvdXBsb2Fkc1wvMjAyNFwvMTJcL0RvYmN6eWNlLTIwMTdfMDFfSS1ldGFwXzA5ODguanBnIiwic2xpZGVzaG93IjoiYWxsLTE4MTViZTMifQ%3D%3D\">\n\t\t\t\t\t<div class=\"e-gallery-image elementor-gallery-item__image\" data-thumbnail=\"https:\/\/wlkskrakus.pl\/kolarstwo\/wp-content\/uploads\/2024\/12\/Dobczyce-2017_01_I-etap_0988-300x169.jpg\" data-width=\"300\" data-height=\"169\" alt=\"Dobczyce 2017 01 I etap 0988\" ><\/div>\n\t\t\t\t\t\t\t\t\t\t\t<div class=\"elementor-gallery-item__overlay\"><\/div>\n\t\t\t\t\t\t\t\t\t\t\t\t\t\t<\/a>\n\t\t\t\t\t\t\t<a class=\"e-gallery-item elementor-gallery-item elementor-animated-content\" href=\"https:\/\/wlkskrakus.pl\/kolarstwo\/wp-content\/uploads\/2024\/12\/Dobczyce-2017_01_I-etap_1004.jpg\" data-elementor-open-lightbox=\"yes\" data-elementor-lightbox-slideshow=\"all-1815be3\" data-elementor-lightbox-title=\"Dobczyce 2017 01 I etap 1004\" data-e-action-hash=\"#elementor-action%3Aaction%3Dlightbox%26settings%3DeyJpZCI6NjgwOSwidXJsIjoiaHR0cHM6XC9cL3dsa3NrcmFrdXMucGxcL2tvbGFyc3R3b1wvd3AtY29udGVudFwvdXBsb2Fkc1wvMjAyNFwvMTJcL0RvYmN6eWNlLTIwMTdfMDFfSS1ldGFwXzEwMDQuanBnIiwic2xpZGVzaG93IjoiYWxsLTE4MTViZTMifQ%3D%3D\">\n\t\t\t\t\t<div class=\"e-gallery-image elementor-gallery-item__image\" data-thumbnail=\"https:\/\/wlkskrakus.pl\/kolarstwo\/wp-content\/uploads\/2024\/12\/Dobczyce-2017_01_I-etap_1004-300x200.jpg\" data-width=\"300\" data-height=\"200\" alt=\"Dobczyce 2017 01 I etap 1004\" ><\/div>\n\t\t\t\t\t\t\t\t\t\t\t<div class=\"elementor-gallery-item__overlay\"><\/div>\n\t\t\t\t\t\t\t\t\t\t\t\t\t\t<\/a>\n\t\t\t\t\t\t\t<a class=\"e-gallery-item elementor-gallery-item elementor-animated-content\" href=\"https:\/\/wlkskrakus.pl\/kolarstwo\/wp-content\/uploads\/2024\/12\/Dobczyce-2017_01_I-etap_1009.jpg\" data-elementor-open-lightbox=\"yes\" data-elementor-lightbox-slideshow=\"all-1815be3\" data-elementor-lightbox-title=\"Dobczyce 2017 01 I etap 1009\" data-e-action-hash=\"#elementor-action%3Aaction%3Dlightbox%26settings%3DeyJpZCI6NjgxMCwidXJsIjoiaHR0cHM6XC9cL3dsa3NrcmFrdXMucGxcL2tvbGFyc3R3b1wvd3AtY29udGVudFwvdXBsb2Fkc1wvMjAyNFwvMTJcL0RvYmN6eWNlLTIwMTdfMDFfSS1ldGFwXzEwMDkuanBnIiwic2xpZGVzaG93IjoiYWxsLTE4MTViZTMifQ%3D%3D\">\n\t\t\t\t\t<div class=\"e-gallery-image elementor-gallery-item__image\" data-thumbnail=\"https:\/\/wlkskrakus.pl\/kolarstwo\/wp-content\/uploads\/2024\/12\/Dobczyce-2017_01_I-etap_1009-300x188.jpg\" data-width=\"300\" data-height=\"188\" alt=\"Dobczyce 2017 01 I etap 1009\" ><\/div>\n\t\t\t\t\t\t\t\t\t\t\t<div class=\"elementor-gallery-item__overlay\"><\/div>\n\t\t\t\t\t\t\t\t\t\t\t\t\t\t<\/a>\n\t\t\t\t\t\t\t<a class=\"e-gallery-item elementor-gallery-item elementor-animated-content\" href=\"https:\/\/wlkskrakus.pl\/kolarstwo\/wp-content\/uploads\/2024\/12\/Dobczyce-2017_01_I-etap_1016.jpg\" data-elementor-open-lightbox=\"yes\" data-elementor-lightbox-slideshow=\"all-1815be3\" data-elementor-lightbox-title=\"Dobczyce 2017 01 I etap 1016\" data-e-action-hash=\"#elementor-action%3Aaction%3Dlightbox%26settings%3DeyJpZCI6NjgxMSwidXJsIjoiaHR0cHM6XC9cL3dsa3NrcmFrdXMucGxcL2tvbGFyc3R3b1wvd3AtY29udGVudFwvdXBsb2Fkc1wvMjAyNFwvMTJcL0RvYmN6eWNlLTIwMTdfMDFfSS1ldGFwXzEwMTYuanBnIiwic2xpZGVzaG93IjoiYWxsLTE4MTViZTMifQ%3D%3D\">\n\t\t\t\t\t<div class=\"e-gallery-image elementor-gallery-item__image\" data-thumbnail=\"https:\/\/wlkskrakus.pl\/kolarstwo\/wp-content\/uploads\/2024\/12\/Dobczyce-2017_01_I-etap_1016-300x200.jpg\" data-width=\"300\" data-height=\"200\" alt=\"Dobczyce 2017 01 I etap 1016\" ><\/div>\n\t\t\t\t\t\t\t\t\t\t\t<div class=\"elementor-gallery-item__overlay\"><\/div>\n\t\t\t\t\t\t\t\t\t\t\t\t\t\t<\/a>\n\t\t\t\t\t\t\t<a class=\"e-gallery-item elementor-gallery-item elementor-animated-content\" href=\"https:\/\/wlkskrakus.pl\/kolarstwo\/wp-content\/uploads\/2024\/12\/Dobczyce-2017_01_I-etap_1030.jpg\" data-elementor-open-lightbox=\"yes\" data-elementor-lightbox-slideshow=\"all-1815be3\" data-elementor-lightbox-title=\"Dobczyce 2017 01 I etap 1030\" data-e-action-hash=\"#elementor-action%3Aaction%3Dlightbox%26settings%3DeyJpZCI6NjgxMiwidXJsIjoiaHR0cHM6XC9cL3dsa3NrcmFrdXMucGxcL2tvbGFyc3R3b1wvd3AtY29udGVudFwvdXBsb2Fkc1wvMjAyNFwvMTJcL0RvYmN6eWNlLTIwMTdfMDFfSS1ldGFwXzEwMzAuanBnIiwic2xpZGVzaG93IjoiYWxsLTE4MTViZTMifQ%3D%3D\">\n\t\t\t\t\t<div class=\"e-gallery-image elementor-gallery-item__image\" data-thumbnail=\"https:\/\/wlkskrakus.pl\/kolarstwo\/wp-content\/uploads\/2024\/12\/Dobczyce-2017_01_I-etap_1030-300x169.jpg\" data-width=\"300\" data-height=\"169\" alt=\"Dobczyce 2017 01 I etap 1030\" ><\/div>\n\t\t\t\t\t\t\t\t\t\t\t<div class=\"elementor-gallery-item__overlay\"><\/div>\n\t\t\t\t\t\t\t\t\t\t\t\t\t\t<\/a>\n\t\t\t\t\t\t\t<a class=\"e-gallery-item elementor-gallery-item elementor-animated-content\" href=\"https:\/\/wlkskrakus.pl\/kolarstwo\/wp-content\/uploads\/2024\/12\/Dobczyce-2017_01_I-etap_1040.jpg\" data-elementor-open-lightbox=\"yes\" data-elementor-lightbox-slideshow=\"all-1815be3\" data-elementor-lightbox-title=\"Dobczyce 2017 01 I etap 1040\" data-e-action-hash=\"#elementor-action%3Aaction%3Dlightbox%26settings%3DeyJpZCI6NjgxMywidXJsIjoiaHR0cHM6XC9cL3dsa3NrcmFrdXMucGxcL2tvbGFyc3R3b1wvd3AtY29udGVudFwvdXBsb2Fkc1wvMjAyNFwvMTJcL0RvYmN6eWNlLTIwMTdfMDFfSS1ldGFwXzEwNDAuanBnIiwic2xpZGVzaG93IjoiYWxsLTE4MTViZTMifQ%3D%3D\">\n\t\t\t\t\t<div class=\"e-gallery-image elementor-gallery-item__image\" data-thumbnail=\"https:\/\/wlkskrakus.pl\/kolarstwo\/wp-content\/uploads\/2024\/12\/Dobczyce-2017_01_I-etap_1040-300x200.jpg\" data-width=\"300\" data-height=\"200\" alt=\"Dobczyce 2017 01 I etap 1040\" ><\/div>\n\t\t\t\t\t\t\t\t\t\t\t<div class=\"elementor-gallery-item__overlay\"><\/div>\n\t\t\t\t\t\t\t\t\t\t\t\t\t\t<\/a>\n\t\t\t\t\t<\/div>\n\t\t\t<\/div>\n\t\t\t\t<\/div>\n\t\t\t\t\t<\/div>\n\t\t<\/div>\n\t\t\t\t\t\t\t<\/div>\n\t\t<\/section>\n\t\t\t\t<section class=\"elementor-section elementor-top-section elementor-element elementor-element-beda58f elementor-section-boxed elementor-section-height-default elementor-section-height-default\" data-id=\"beda58f\" data-element_type=\"section\">\n\t\t\t\t\t\t<div class=\"elementor-container elementor-column-gap-default\">\n\t\t\t\t\t<div class=\"elementor-column elementor-col-100 elementor-top-column elementor-element elementor-element-9f6e203\" data-id=\"9f6e203\" data-element_type=\"column\">\n\t\t\t<div class=\"elementor-widget-wrap elementor-element-populated\">\n\t\t\t\t\t\t\t\t<div class=\"elementor-element elementor-element-299caa0 elementor-widget elementor-widget-heading\" data-id=\"299caa0\" data-element_type=\"widget\" data-widget_type=\"heading.default\">\n\t\t\t\t<div class=\"elementor-widget-container\">\n\t\t\t<h2 class=\"elementor-heading-title elementor-size-default\">Etap II Droginia ITT<\/h2>\t\t<\/div>\n\t\t\t\t<\/div>\n\t\t\t\t<div class=\"elementor-element elementor-element-da0f078 elementor-widget elementor-widget-gallery\" data-id=\"da0f078\" data-element_type=\"widget\" data-settings=\"{&quot;lazyload&quot;:&quot;yes&quot;,&quot;gallery_layout&quot;:&quot;grid&quot;,&quot;columns&quot;:4,&quot;columns_tablet&quot;:2,&quot;columns_mobile&quot;:1,&quot;gap&quot;:{&quot;unit&quot;:&quot;px&quot;,&quot;size&quot;:10,&quot;sizes&quot;:[]},&quot;gap_tablet&quot;:{&quot;unit&quot;:&quot;px&quot;,&quot;size&quot;:10,&quot;sizes&quot;:[]},&quot;gap_mobile&quot;:{&quot;unit&quot;:&quot;px&quot;,&quot;size&quot;:10,&quot;sizes&quot;:[]},&quot;link_to&quot;:&quot;file&quot;,&quot;aspect_ratio&quot;:&quot;3:2&quot;,&quot;overlay_background&quot;:&quot;yes&quot;,&quot;content_hover_animation&quot;:&quot;fade-in&quot;}\" data-widget_type=\"gallery.default\">\n\t\t\t\t<div class=\"elementor-widget-container\">\n\t\t\t\t\t<div class=\"elementor-gallery__container\">\n\t\t\t\t\t\t\t<a class=\"e-gallery-item elementor-gallery-item elementor-animated-content\" href=\"https:\/\/wlkskrakus.pl\/kolarstwo\/wp-content\/uploads\/2024\/12\/Dobczyce-2017_02_II-etap_0009.jpg\" data-elementor-open-lightbox=\"yes\" data-elementor-lightbox-slideshow=\"all-da0f078\" data-elementor-lightbox-title=\"Dobczyce 2017 02 II etap 0009\" data-e-action-hash=\"#elementor-action%3Aaction%3Dlightbox%26settings%3DeyJpZCI6NjgzOCwidXJsIjoiaHR0cHM6XC9cL3dsa3NrcmFrdXMucGxcL2tvbGFyc3R3b1wvd3AtY29udGVudFwvdXBsb2Fkc1wvMjAyNFwvMTJcL0RvYmN6eWNlLTIwMTdfMDJfSUktZXRhcF8wMDA5LmpwZyIsInNsaWRlc2hvdyI6ImFsbC1kYTBmMDc4In0%3D\">\n\t\t\t\t\t<div class=\"e-gallery-image elementor-gallery-item__image\" data-thumbnail=\"https:\/\/wlkskrakus.pl\/kolarstwo\/wp-content\/uploads\/2024\/12\/Dobczyce-2017_02_II-etap_0009-300x200.jpg\" data-width=\"300\" data-height=\"200\" alt=\"Dobczyce 2017 02 II etap 0009\" ><\/div>\n\t\t\t\t\t\t\t\t\t\t\t<div class=\"elementor-gallery-item__overlay\"><\/div>\n\t\t\t\t\t\t\t\t\t\t\t\t\t\t<\/a>\n\t\t\t\t\t\t\t<a class=\"e-gallery-item elementor-gallery-item elementor-animated-content\" href=\"https:\/\/wlkskrakus.pl\/kolarstwo\/wp-content\/uploads\/2024\/12\/Dobczyce-2017_02_II-etap_0019.jpg\" data-elementor-open-lightbox=\"yes\" data-elementor-lightbox-slideshow=\"all-da0f078\" data-elementor-lightbox-title=\"Dobczyce 2017 02 II etap 0019\" data-e-action-hash=\"#elementor-action%3Aaction%3Dlightbox%26settings%3DeyJpZCI6NjgzOSwidXJsIjoiaHR0cHM6XC9cL3dsa3NrcmFrdXMucGxcL2tvbGFyc3R3b1wvd3AtY29udGVudFwvdXBsb2Fkc1wvMjAyNFwvMTJcL0RvYmN6eWNlLTIwMTdfMDJfSUktZXRhcF8wMDE5LmpwZyIsInNsaWRlc2hvdyI6ImFsbC1kYTBmMDc4In0%3D\">\n\t\t\t\t\t<div class=\"e-gallery-image elementor-gallery-item__image\" data-thumbnail=\"https:\/\/wlkskrakus.pl\/kolarstwo\/wp-content\/uploads\/2024\/12\/Dobczyce-2017_02_II-etap_0019-300x200.jpg\" data-width=\"300\" data-height=\"200\" alt=\"Dobczyce 2017 02 II etap 0019\" ><\/div>\n\t\t\t\t\t\t\t\t\t\t\t<div class=\"elementor-gallery-item__overlay\"><\/div>\n\t\t\t\t\t\t\t\t\t\t\t\t\t\t<\/a>\n\t\t\t\t\t\t\t<a class=\"e-gallery-item elementor-gallery-item elementor-animated-content\" href=\"https:\/\/wlkskrakus.pl\/kolarstwo\/wp-content\/uploads\/2024\/12\/Dobczyce-2017_02_II-etap_0023.jpg\" data-elementor-open-lightbox=\"yes\" data-elementor-lightbox-slideshow=\"all-da0f078\" data-elementor-lightbox-title=\"Dobczyce 2017 02 II etap 0023\" data-e-action-hash=\"#elementor-action%3Aaction%3Dlightbox%26settings%3DeyJpZCI6Njg0MCwidXJsIjoiaHR0cHM6XC9cL3dsa3NrcmFrdXMucGxcL2tvbGFyc3R3b1wvd3AtY29udGVudFwvdXBsb2Fkc1wvMjAyNFwvMTJcL0RvYmN6eWNlLTIwMTdfMDJfSUktZXRhcF8wMDIzLmpwZyIsInNsaWRlc2hvdyI6ImFsbC1kYTBmMDc4In0%3D\">\n\t\t\t\t\t<div class=\"e-gallery-image elementor-gallery-item__image\" data-thumbnail=\"https:\/\/wlkskrakus.pl\/kolarstwo\/wp-content\/uploads\/2024\/12\/Dobczyce-2017_02_II-etap_0023-300x200.jpg\" data-width=\"300\" data-height=\"200\" alt=\"Dobczyce 2017 02 II etap 0023\" ><\/div>\n\t\t\t\t\t\t\t\t\t\t\t<div class=\"elementor-gallery-item__overlay\"><\/div>\n\t\t\t\t\t\t\t\t\t\t\t\t\t\t<\/a>\n\t\t\t\t\t\t\t<a class=\"e-gallery-item elementor-gallery-item elementor-animated-content\" href=\"https:\/\/wlkskrakus.pl\/kolarstwo\/wp-content\/uploads\/2024\/12\/Dobczyce-2017_02_II-etap_0026.jpg\" data-elementor-open-lightbox=\"yes\" data-elementor-lightbox-slideshow=\"all-da0f078\" data-elementor-lightbox-title=\"Dobczyce 2017 02 II etap 0026\" data-e-action-hash=\"#elementor-action%3Aaction%3Dlightbox%26settings%3DeyJpZCI6Njg0NSwidXJsIjoiaHR0cHM6XC9cL3dsa3NrcmFrdXMucGxcL2tvbGFyc3R3b1wvd3AtY29udGVudFwvdXBsb2Fkc1wvMjAyNFwvMTJcL0RvYmN6eWNlLTIwMTdfMDJfSUktZXRhcF8wMDI2LmpwZyIsInNsaWRlc2hvdyI6ImFsbC1kYTBmMDc4In0%3D\">\n\t\t\t\t\t<div class=\"e-gallery-image elementor-gallery-item__image\" data-thumbnail=\"https:\/\/wlkskrakus.pl\/kolarstwo\/wp-content\/uploads\/2024\/12\/Dobczyce-2017_02_II-etap_0026-300x169.jpg\" data-width=\"300\" data-height=\"169\" alt=\"Dobczyce 2017 02 II etap 0026\" ><\/div>\n\t\t\t\t\t\t\t\t\t\t\t<div class=\"elementor-gallery-item__overlay\"><\/div>\n\t\t\t\t\t\t\t\t\t\t\t\t\t\t<\/a>\n\t\t\t\t\t\t\t<a class=\"e-gallery-item elementor-gallery-item elementor-animated-content\" href=\"https:\/\/wlkskrakus.pl\/kolarstwo\/wp-content\/uploads\/2024\/12\/Dobczyce-2017_02_II-etap_0031.jpg\" data-elementor-open-lightbox=\"yes\" data-elementor-lightbox-slideshow=\"all-da0f078\" data-elementor-lightbox-title=\"Dobczyce 2017 02 II etap 0031\" data-e-action-hash=\"#elementor-action%3Aaction%3Dlightbox%26settings%3DeyJpZCI6Njg0NywidXJsIjoiaHR0cHM6XC9cL3dsa3NrcmFrdXMucGxcL2tvbGFyc3R3b1wvd3AtY29udGVudFwvdXBsb2Fkc1wvMjAyNFwvMTJcL0RvYmN6eWNlLTIwMTdfMDJfSUktZXRhcF8wMDMxLmpwZyIsInNsaWRlc2hvdyI6ImFsbC1kYTBmMDc4In0%3D\">\n\t\t\t\t\t<div class=\"e-gallery-image elementor-gallery-item__image\" data-thumbnail=\"https:\/\/wlkskrakus.pl\/kolarstwo\/wp-content\/uploads\/2024\/12\/Dobczyce-2017_02_II-etap_0031-300x200.jpg\" data-width=\"300\" data-height=\"200\" alt=\"Dobczyce 2017 02 II etap 0031\" ><\/div>\n\t\t\t\t\t\t\t\t\t\t\t<div class=\"elementor-gallery-item__overlay\"><\/div>\n\t\t\t\t\t\t\t\t\t\t\t\t\t\t<\/a>\n\t\t\t\t\t\t\t<a class=\"e-gallery-item elementor-gallery-item elementor-animated-content\" href=\"https:\/\/wlkskrakus.pl\/kolarstwo\/wp-content\/uploads\/2024\/12\/Dobczyce-2017_02_II-etap_0038.jpg\" data-elementor-open-lightbox=\"yes\" data-elementor-lightbox-slideshow=\"all-da0f078\" data-elementor-lightbox-title=\"Dobczyce 2017 02 II etap 0038\" data-e-action-hash=\"#elementor-action%3Aaction%3Dlightbox%26settings%3DeyJpZCI6Njg0OCwidXJsIjoiaHR0cHM6XC9cL3dsa3NrcmFrdXMucGxcL2tvbGFyc3R3b1wvd3AtY29udGVudFwvdXBsb2Fkc1wvMjAyNFwvMTJcL0RvYmN6eWNlLTIwMTdfMDJfSUktZXRhcF8wMDM4LmpwZyIsInNsaWRlc2hvdyI6ImFsbC1kYTBmMDc4In0%3D\">\n\t\t\t\t\t<div class=\"e-gallery-image elementor-gallery-item__image\" data-thumbnail=\"https:\/\/wlkskrakus.pl\/kolarstwo\/wp-content\/uploads\/2024\/12\/Dobczyce-2017_02_II-etap_0038-300x200.jpg\" data-width=\"300\" data-height=\"200\" alt=\"Dobczyce 2017 02 II etap 0038\" ><\/div>\n\t\t\t\t\t\t\t\t\t\t\t<div class=\"elementor-gallery-item__overlay\"><\/div>\n\t\t\t\t\t\t\t\t\t\t\t\t\t\t<\/a>\n\t\t\t\t\t\t\t<a class=\"e-gallery-item elementor-gallery-item elementor-animated-content\" href=\"https:\/\/wlkskrakus.pl\/kolarstwo\/wp-content\/uploads\/2024\/12\/Dobczyce-2017_02_II-etap_0041.jpg\" data-elementor-open-lightbox=\"yes\" data-elementor-lightbox-slideshow=\"all-da0f078\" data-elementor-lightbox-title=\"Dobczyce 2017 02 II etap 0041\" data-e-action-hash=\"#elementor-action%3Aaction%3Dlightbox%26settings%3DeyJpZCI6Njg0OSwidXJsIjoiaHR0cHM6XC9cL3dsa3NrcmFrdXMucGxcL2tvbGFyc3R3b1wvd3AtY29udGVudFwvdXBsb2Fkc1wvMjAyNFwvMTJcL0RvYmN6eWNlLTIwMTdfMDJfSUktZXRhcF8wMDQxLmpwZyIsInNsaWRlc2hvdyI6ImFsbC1kYTBmMDc4In0%3D\">\n\t\t\t\t\t<div class=\"e-gallery-image elementor-gallery-item__image\" data-thumbnail=\"https:\/\/wlkskrakus.pl\/kolarstwo\/wp-content\/uploads\/2024\/12\/Dobczyce-2017_02_II-etap_0041-300x200.jpg\" data-width=\"300\" data-height=\"200\" alt=\"Dobczyce 2017 02 II etap 0041\" ><\/div>\n\t\t\t\t\t\t\t\t\t\t\t<div class=\"elementor-gallery-item__overlay\"><\/div>\n\t\t\t\t\t\t\t\t\t\t\t\t\t\t<\/a>\n\t\t\t\t\t\t\t<a class=\"e-gallery-item elementor-gallery-item elementor-animated-content\" href=\"https:\/\/wlkskrakus.pl\/kolarstwo\/wp-content\/uploads\/2024\/12\/Dobczyce-2017_02_II-etap_0050.jpg\" data-elementor-open-lightbox=\"yes\" data-elementor-lightbox-slideshow=\"all-da0f078\" data-elementor-lightbox-title=\"Dobczyce 2017 02 II etap 0050\" data-e-action-hash=\"#elementor-action%3Aaction%3Dlightbox%26settings%3DeyJpZCI6Njg1MCwidXJsIjoiaHR0cHM6XC9cL3dsa3NrcmFrdXMucGxcL2tvbGFyc3R3b1wvd3AtY29udGVudFwvdXBsb2Fkc1wvMjAyNFwvMTJcL0RvYmN6eWNlLTIwMTdfMDJfSUktZXRhcF8wMDUwLmpwZyIsInNsaWRlc2hvdyI6ImFsbC1kYTBmMDc4In0%3D\">\n\t\t\t\t\t<div class=\"e-gallery-image elementor-gallery-item__image\" data-thumbnail=\"https:\/\/wlkskrakus.pl\/kolarstwo\/wp-content\/uploads\/2024\/12\/Dobczyce-2017_02_II-etap_0050-300x200.jpg\" data-width=\"300\" data-height=\"200\" alt=\"Dobczyce 2017 02 II etap 0050\" ><\/div>\n\t\t\t\t\t\t\t\t\t\t\t<div class=\"elementor-gallery-item__overlay\"><\/div>\n\t\t\t\t\t\t\t\t\t\t\t\t\t\t<\/a>\n\t\t\t\t\t\t\t<a class=\"e-gallery-item elementor-gallery-item elementor-animated-content\" href=\"https:\/\/wlkskrakus.pl\/kolarstwo\/wp-content\/uploads\/2024\/12\/Dobczyce-2017_02_II-etap_0067.jpg\" data-elementor-open-lightbox=\"yes\" data-elementor-lightbox-slideshow=\"all-da0f078\" data-elementor-lightbox-title=\"Dobczyce 2017 02 II etap 0067\" data-e-action-hash=\"#elementor-action%3Aaction%3Dlightbox%26settings%3DeyJpZCI6Njg1MSwidXJsIjoiaHR0cHM6XC9cL3dsa3NrcmFrdXMucGxcL2tvbGFyc3R3b1wvd3AtY29udGVudFwvdXBsb2Fkc1wvMjAyNFwvMTJcL0RvYmN6eWNlLTIwMTdfMDJfSUktZXRhcF8wMDY3LmpwZyIsInNsaWRlc2hvdyI6ImFsbC1kYTBmMDc4In0%3D\">\n\t\t\t\t\t<div class=\"e-gallery-image elementor-gallery-item__image\" data-thumbnail=\"https:\/\/wlkskrakus.pl\/kolarstwo\/wp-content\/uploads\/2024\/12\/Dobczyce-2017_02_II-etap_0067-300x200.jpg\" data-width=\"300\" data-height=\"200\" alt=\"Dobczyce 2017 02 II etap 0067\" ><\/div>\n\t\t\t\t\t\t\t\t\t\t\t<div class=\"elementor-gallery-item__overlay\"><\/div>\n\t\t\t\t\t\t\t\t\t\t\t\t\t\t<\/a>\n\t\t\t\t\t\t\t<a class=\"e-gallery-item elementor-gallery-item elementor-animated-content\" href=\"https:\/\/wlkskrakus.pl\/kolarstwo\/wp-content\/uploads\/2024\/12\/Dobczyce-2017_02_II-etap_0077.jpg\" data-elementor-open-lightbox=\"yes\" data-elementor-lightbox-slideshow=\"all-da0f078\" data-elementor-lightbox-title=\"Dobczyce 2017 02 II etap 0077\" data-e-action-hash=\"#elementor-action%3Aaction%3Dlightbox%26settings%3DeyJpZCI6Njg1MywidXJsIjoiaHR0cHM6XC9cL3dsa3NrcmFrdXMucGxcL2tvbGFyc3R3b1wvd3AtY29udGVudFwvdXBsb2Fkc1wvMjAyNFwvMTJcL0RvYmN6eWNlLTIwMTdfMDJfSUktZXRhcF8wMDc3LmpwZyIsInNsaWRlc2hvdyI6ImFsbC1kYTBmMDc4In0%3D\">\n\t\t\t\t\t<div class=\"e-gallery-image elementor-gallery-item__image\" data-thumbnail=\"https:\/\/wlkskrakus.pl\/kolarstwo\/wp-content\/uploads\/2024\/12\/Dobczyce-2017_02_II-etap_0077-300x200.jpg\" data-width=\"300\" data-height=\"200\" alt=\"Dobczyce 2017 02 II etap 0077\" ><\/div>\n\t\t\t\t\t\t\t\t\t\t\t<div class=\"elementor-gallery-item__overlay\"><\/div>\n\t\t\t\t\t\t\t\t\t\t\t\t\t\t<\/a>\n\t\t\t\t\t\t\t<a class=\"e-gallery-item elementor-gallery-item elementor-animated-content\" href=\"https:\/\/wlkskrakus.pl\/kolarstwo\/wp-content\/uploads\/2024\/12\/Dobczyce-2017_02_II-etap_0087.jpg\" data-elementor-open-lightbox=\"yes\" data-elementor-lightbox-slideshow=\"all-da0f078\" data-elementor-lightbox-title=\"Dobczyce 2017 02 II etap 0087\" data-e-action-hash=\"#elementor-action%3Aaction%3Dlightbox%26settings%3DeyJpZCI6Njg1NywidXJsIjoiaHR0cHM6XC9cL3dsa3NrcmFrdXMucGxcL2tvbGFyc3R3b1wvd3AtY29udGVudFwvdXBsb2Fkc1wvMjAyNFwvMTJcL0RvYmN6eWNlLTIwMTdfMDJfSUktZXRhcF8wMDg3LmpwZyIsInNsaWRlc2hvdyI6ImFsbC1kYTBmMDc4In0%3D\">\n\t\t\t\t\t<div class=\"e-gallery-image elementor-gallery-item__image\" data-thumbnail=\"https:\/\/wlkskrakus.pl\/kolarstwo\/wp-content\/uploads\/2024\/12\/Dobczyce-2017_02_II-etap_0087-300x200.jpg\" data-width=\"300\" data-height=\"200\" alt=\"Dobczyce 2017 02 II etap 0087\" ><\/div>\n\t\t\t\t\t\t\t\t\t\t\t<div class=\"elementor-gallery-item__overlay\"><\/div>\n\t\t\t\t\t\t\t\t\t\t\t\t\t\t<\/a>\n\t\t\t\t\t\t\t<a class=\"e-gallery-item elementor-gallery-item elementor-animated-content\" href=\"https:\/\/wlkskrakus.pl\/kolarstwo\/wp-content\/uploads\/2024\/12\/Dobczyce-2017_02_II-etap_0091.jpg\" data-elementor-open-lightbox=\"yes\" data-elementor-lightbox-slideshow=\"all-da0f078\" data-elementor-lightbox-title=\"Dobczyce 2017 02 II etap 0091\" data-e-action-hash=\"#elementor-action%3Aaction%3Dlightbox%26settings%3DeyJpZCI6Njg1OCwidXJsIjoiaHR0cHM6XC9cL3dsa3NrcmFrdXMucGxcL2tvbGFyc3R3b1wvd3AtY29udGVudFwvdXBsb2Fkc1wvMjAyNFwvMTJcL0RvYmN6eWNlLTIwMTdfMDJfSUktZXRhcF8wMDkxLmpwZyIsInNsaWRlc2hvdyI6ImFsbC1kYTBmMDc4In0%3D\">\n\t\t\t\t\t<div class=\"e-gallery-image elementor-gallery-item__image\" data-thumbnail=\"https:\/\/wlkskrakus.pl\/kolarstwo\/wp-content\/uploads\/2024\/12\/Dobczyce-2017_02_II-etap_0091-300x200.jpg\" data-width=\"300\" data-height=\"200\" alt=\"Dobczyce 2017 02 II etap 0091\" ><\/div>\n\t\t\t\t\t\t\t\t\t\t\t<div class=\"elementor-gallery-item__overlay\"><\/div>\n\t\t\t\t\t\t\t\t\t\t\t\t\t\t<\/a>\n\t\t\t\t\t\t\t<a class=\"e-gallery-item elementor-gallery-item elementor-animated-content\" href=\"https:\/\/wlkskrakus.pl\/kolarstwo\/wp-content\/uploads\/2024\/12\/Dobczyce-2017_02_II-etap_0108.jpg\" data-elementor-open-lightbox=\"yes\" data-elementor-lightbox-slideshow=\"all-da0f078\" data-elementor-lightbox-title=\"Dobczyce 2017 02 II etap 0108\" data-e-action-hash=\"#elementor-action%3Aaction%3Dlightbox%26settings%3DeyJpZCI6Njg1OSwidXJsIjoiaHR0cHM6XC9cL3dsa3NrcmFrdXMucGxcL2tvbGFyc3R3b1wvd3AtY29udGVudFwvdXBsb2Fkc1wvMjAyNFwvMTJcL0RvYmN6eWNlLTIwMTdfMDJfSUktZXRhcF8wMTA4LmpwZyIsInNsaWRlc2hvdyI6ImFsbC1kYTBmMDc4In0%3D\">\n\t\t\t\t\t<div class=\"e-gallery-image elementor-gallery-item__image\" data-thumbnail=\"https:\/\/wlkskrakus.pl\/kolarstwo\/wp-content\/uploads\/2024\/12\/Dobczyce-2017_02_II-etap_0108-300x169.jpg\" data-width=\"300\" data-height=\"169\" alt=\"Dobczyce 2017 02 II etap 0108\" ><\/div>\n\t\t\t\t\t\t\t\t\t\t\t<div class=\"elementor-gallery-item__overlay\"><\/div>\n\t\t\t\t\t\t\t\t\t\t\t\t\t\t<\/a>\n\t\t\t\t\t\t\t<a class=\"e-gallery-item elementor-gallery-item elementor-animated-content\" href=\"https:\/\/wlkskrakus.pl\/kolarstwo\/wp-content\/uploads\/2024\/12\/Dobczyce-2017_02_II-etap_0115.jpg\" data-elementor-open-lightbox=\"yes\" data-elementor-lightbox-slideshow=\"all-da0f078\" data-elementor-lightbox-title=\"Dobczyce 2017 02 II etap 0115\" data-e-action-hash=\"#elementor-action%3Aaction%3Dlightbox%26settings%3DeyJpZCI6Njg2MywidXJsIjoiaHR0cHM6XC9cL3dsa3NrcmFrdXMucGxcL2tvbGFyc3R3b1wvd3AtY29udGVudFwvdXBsb2Fkc1wvMjAyNFwvMTJcL0RvYmN6eWNlLTIwMTdfMDJfSUktZXRhcF8wMTE1LmpwZyIsInNsaWRlc2hvdyI6ImFsbC1kYTBmMDc4In0%3D\">\n\t\t\t\t\t<div class=\"e-gallery-image elementor-gallery-item__image\" data-thumbnail=\"https:\/\/wlkskrakus.pl\/kolarstwo\/wp-content\/uploads\/2024\/12\/Dobczyce-2017_02_II-etap_0115-300x200.jpg\" data-width=\"300\" data-height=\"200\" alt=\"Dobczyce 2017 02 II etap 0115\" ><\/div>\n\t\t\t\t\t\t\t\t\t\t\t<div class=\"elementor-gallery-item__overlay\"><\/div>\n\t\t\t\t\t\t\t\t\t\t\t\t\t\t<\/a>\n\t\t\t\t\t\t\t<a class=\"e-gallery-item elementor-gallery-item elementor-animated-content\" href=\"https:\/\/wlkskrakus.pl\/kolarstwo\/wp-content\/uploads\/2024\/12\/Dobczyce-2017_02_II-etap_0121.jpg\" data-elementor-open-lightbox=\"yes\" data-elementor-lightbox-slideshow=\"all-da0f078\" data-elementor-lightbox-title=\"Dobczyce 2017 02 II etap 0121\" data-e-action-hash=\"#elementor-action%3Aaction%3Dlightbox%26settings%3DeyJpZCI6Njg2NCwidXJsIjoiaHR0cHM6XC9cL3dsa3NrcmFrdXMucGxcL2tvbGFyc3R3b1wvd3AtY29udGVudFwvdXBsb2Fkc1wvMjAyNFwvMTJcL0RvYmN6eWNlLTIwMTdfMDJfSUktZXRhcF8wMTIxLmpwZyIsInNsaWRlc2hvdyI6ImFsbC1kYTBmMDc4In0%3D\">\n\t\t\t\t\t<div class=\"e-gallery-image elementor-gallery-item__image\" data-thumbnail=\"https:\/\/wlkskrakus.pl\/kolarstwo\/wp-content\/uploads\/2024\/12\/Dobczyce-2017_02_II-etap_0121-300x169.jpg\" data-width=\"300\" data-height=\"169\" alt=\"Dobczyce 2017 02 II etap 0121\" ><\/div>\n\t\t\t\t\t\t\t\t\t\t\t<div class=\"elementor-gallery-item__overlay\"><\/div>\n\t\t\t\t\t\t\t\t\t\t\t\t\t\t<\/a>\n\t\t\t\t\t\t\t<a class=\"e-gallery-item elementor-gallery-item elementor-animated-content\" href=\"https:\/\/wlkskrakus.pl\/kolarstwo\/wp-content\/uploads\/2024\/12\/Dobczyce-2017_02_II-etap_0135.jpg\" data-elementor-open-lightbox=\"yes\" data-elementor-lightbox-slideshow=\"all-da0f078\" data-elementor-lightbox-title=\"Dobczyce 2017 02 II etap 0135\" data-e-action-hash=\"#elementor-action%3Aaction%3Dlightbox%26settings%3DeyJpZCI6Njg2NSwidXJsIjoiaHR0cHM6XC9cL3dsa3NrcmFrdXMucGxcL2tvbGFyc3R3b1wvd3AtY29udGVudFwvdXBsb2Fkc1wvMjAyNFwvMTJcL0RvYmN6eWNlLTIwMTdfMDJfSUktZXRhcF8wMTM1LmpwZyIsInNsaWRlc2hvdyI6ImFsbC1kYTBmMDc4In0%3D\">\n\t\t\t\t\t<div class=\"e-gallery-image elementor-gallery-item__image\" data-thumbnail=\"https:\/\/wlkskrakus.pl\/kolarstwo\/wp-content\/uploads\/2024\/12\/Dobczyce-2017_02_II-etap_0135-300x200.jpg\" data-width=\"300\" data-height=\"200\" alt=\"Dobczyce 2017 02 II etap 0135\" ><\/div>\n\t\t\t\t\t\t\t\t\t\t\t<div class=\"elementor-gallery-item__overlay\"><\/div>\n\t\t\t\t\t\t\t\t\t\t\t\t\t\t<\/a>\n\t\t\t\t\t\t\t<a class=\"e-gallery-item elementor-gallery-item elementor-animated-content\" href=\"https:\/\/wlkskrakus.pl\/kolarstwo\/wp-content\/uploads\/2024\/12\/Dobczyce-2017_02_II-etap_0152.jpg\" data-elementor-open-lightbox=\"yes\" data-elementor-lightbox-slideshow=\"all-da0f078\" data-elementor-lightbox-title=\"Dobczyce 2017 02 II etap 0152\" data-e-action-hash=\"#elementor-action%3Aaction%3Dlightbox%26settings%3DeyJpZCI6Njg3MCwidXJsIjoiaHR0cHM6XC9cL3dsa3NrcmFrdXMucGxcL2tvbGFyc3R3b1wvd3AtY29udGVudFwvdXBsb2Fkc1wvMjAyNFwvMTJcL0RvYmN6eWNlLTIwMTdfMDJfSUktZXRhcF8wMTUyLmpwZyIsInNsaWRlc2hvdyI6ImFsbC1kYTBmMDc4In0%3D\">\n\t\t\t\t\t<div class=\"e-gallery-image elementor-gallery-item__image\" data-thumbnail=\"https:\/\/wlkskrakus.pl\/kolarstwo\/wp-content\/uploads\/2024\/12\/Dobczyce-2017_02_II-etap_0152-300x200.jpg\" data-width=\"300\" data-height=\"200\" alt=\"Dobczyce 2017 02 II etap 0152\" ><\/div>\n\t\t\t\t\t\t\t\t\t\t\t<div class=\"elementor-gallery-item__overlay\"><\/div>\n\t\t\t\t\t\t\t\t\t\t\t\t\t\t<\/a>\n\t\t\t\t\t\t\t<a class=\"e-gallery-item elementor-gallery-item elementor-animated-content\" href=\"https:\/\/wlkskrakus.pl\/kolarstwo\/wp-content\/uploads\/2024\/12\/Dobczyce-2017_02_II-etap_0157.jpg\" data-elementor-open-lightbox=\"yes\" data-elementor-lightbox-slideshow=\"all-da0f078\" data-elementor-lightbox-title=\"Dobczyce 2017 02 II etap 0157\" data-e-action-hash=\"#elementor-action%3Aaction%3Dlightbox%26settings%3DeyJpZCI6Njg3MSwidXJsIjoiaHR0cHM6XC9cL3dsa3NrcmFrdXMucGxcL2tvbGFyc3R3b1wvd3AtY29udGVudFwvdXBsb2Fkc1wvMjAyNFwvMTJcL0RvYmN6eWNlLTIwMTdfMDJfSUktZXRhcF8wMTU3LmpwZyIsInNsaWRlc2hvdyI6ImFsbC1kYTBmMDc4In0%3D\">\n\t\t\t\t\t<div class=\"e-gallery-image elementor-gallery-item__image\" data-thumbnail=\"https:\/\/wlkskrakus.pl\/kolarstwo\/wp-content\/uploads\/2024\/12\/Dobczyce-2017_02_II-etap_0157-300x169.jpg\" data-width=\"300\" data-height=\"169\" alt=\"Dobczyce 2017 02 II etap 0157\" ><\/div>\n\t\t\t\t\t\t\t\t\t\t\t<div class=\"elementor-gallery-item__overlay\"><\/div>\n\t\t\t\t\t\t\t\t\t\t\t\t\t\t<\/a>\n\t\t\t\t\t\t\t<a class=\"e-gallery-item elementor-gallery-item elementor-animated-content\" href=\"https:\/\/wlkskrakus.pl\/kolarstwo\/wp-content\/uploads\/2024\/12\/Dobczyce-2017_02_II-etap_0170.jpg\" data-elementor-open-lightbox=\"yes\" data-elementor-lightbox-slideshow=\"all-da0f078\" data-elementor-lightbox-title=\"Dobczyce 2017 02 II etap 0170\" data-e-action-hash=\"#elementor-action%3Aaction%3Dlightbox%26settings%3DeyJpZCI6Njg3MiwidXJsIjoiaHR0cHM6XC9cL3dsa3NrcmFrdXMucGxcL2tvbGFyc3R3b1wvd3AtY29udGVudFwvdXBsb2Fkc1wvMjAyNFwvMTJcL0RvYmN6eWNlLTIwMTdfMDJfSUktZXRhcF8wMTcwLmpwZyIsInNsaWRlc2hvdyI6ImFsbC1kYTBmMDc4In0%3D\">\n\t\t\t\t\t<div class=\"e-gallery-image elementor-gallery-item__image\" data-thumbnail=\"https:\/\/wlkskrakus.pl\/kolarstwo\/wp-content\/uploads\/2024\/12\/Dobczyce-2017_02_II-etap_0170-300x200.jpg\" data-width=\"300\" data-height=\"200\" alt=\"Dobczyce 2017 02 II etap 0170\" ><\/div>\n\t\t\t\t\t\t\t\t\t\t\t<div class=\"elementor-gallery-item__overlay\"><\/div>\n\t\t\t\t\t\t\t\t\t\t\t\t\t\t<\/a>\n\t\t\t\t\t\t\t<a class=\"e-gallery-item elementor-gallery-item elementor-animated-content\" href=\"https:\/\/wlkskrakus.pl\/kolarstwo\/wp-content\/uploads\/2024\/12\/Dobczyce-2017_02_II-etap_0180.jpg\" data-elementor-open-lightbox=\"yes\" data-elementor-lightbox-slideshow=\"all-da0f078\" data-elementor-lightbox-title=\"Dobczyce 2017 02 II etap 0180\" data-e-action-hash=\"#elementor-action%3Aaction%3Dlightbox%26settings%3DeyJpZCI6Njg3MywidXJsIjoiaHR0cHM6XC9cL3dsa3NrcmFrdXMucGxcL2tvbGFyc3R3b1wvd3AtY29udGVudFwvdXBsb2Fkc1wvMjAyNFwvMTJcL0RvYmN6eWNlLTIwMTdfMDJfSUktZXRhcF8wMTgwLmpwZyIsInNsaWRlc2hvdyI6ImFsbC1kYTBmMDc4In0%3D\">\n\t\t\t\t\t<div class=\"e-gallery-image elementor-gallery-item__image\" data-thumbnail=\"https:\/\/wlkskrakus.pl\/kolarstwo\/wp-content\/uploads\/2024\/12\/Dobczyce-2017_02_II-etap_0180-300x200.jpg\" data-width=\"300\" data-height=\"200\" alt=\"Dobczyce 2017 02 II etap 0180\" ><\/div>\n\t\t\t\t\t\t\t\t\t\t\t<div class=\"elementor-gallery-item__overlay\"><\/div>\n\t\t\t\t\t\t\t\t\t\t\t\t\t\t<\/a>\n\t\t\t\t\t\t\t<a class=\"e-gallery-item elementor-gallery-item elementor-animated-content\" href=\"https:\/\/wlkskrakus.pl\/kolarstwo\/wp-content\/uploads\/2024\/12\/Dobczyce-2017_02_II-etap_0182.jpg\" data-elementor-open-lightbox=\"yes\" data-elementor-lightbox-slideshow=\"all-da0f078\" data-elementor-lightbox-title=\"Dobczyce 2017 02 II etap 0182\" data-e-action-hash=\"#elementor-action%3Aaction%3Dlightbox%26settings%3DeyJpZCI6Njg3NywidXJsIjoiaHR0cHM6XC9cL3dsa3NrcmFrdXMucGxcL2tvbGFyc3R3b1wvd3AtY29udGVudFwvdXBsb2Fkc1wvMjAyNFwvMTJcL0RvYmN6eWNlLTIwMTdfMDJfSUktZXRhcF8wMTgyLmpwZyIsInNsaWRlc2hvdyI6ImFsbC1kYTBmMDc4In0%3D\">\n\t\t\t\t\t<div class=\"e-gallery-image elementor-gallery-item__image\" data-thumbnail=\"https:\/\/wlkskrakus.pl\/kolarstwo\/wp-content\/uploads\/2024\/12\/Dobczyce-2017_02_II-etap_0182-300x169.jpg\" data-width=\"300\" data-height=\"169\" alt=\"Dobczyce 2017 02 II etap 0182\" ><\/div>\n\t\t\t\t\t\t\t\t\t\t\t<div class=\"elementor-gallery-item__overlay\"><\/div>\n\t\t\t\t\t\t\t\t\t\t\t\t\t\t<\/a>\n\t\t\t\t\t\t\t<a class=\"e-gallery-item elementor-gallery-item elementor-animated-content\" href=\"https:\/\/wlkskrakus.pl\/kolarstwo\/wp-content\/uploads\/2024\/12\/Dobczyce-2017_02_II-etap_0187.jpg\" data-elementor-open-lightbox=\"yes\" data-elementor-lightbox-slideshow=\"all-da0f078\" data-elementor-lightbox-title=\"Dobczyce 2017 02 II etap 0187\" data-e-action-hash=\"#elementor-action%3Aaction%3Dlightbox%26settings%3DeyJpZCI6Njg3OSwidXJsIjoiaHR0cHM6XC9cL3dsa3NrcmFrdXMucGxcL2tvbGFyc3R3b1wvd3AtY29udGVudFwvdXBsb2Fkc1wvMjAyNFwvMTJcL0RvYmN6eWNlLTIwMTdfMDJfSUktZXRhcF8wMTg3LmpwZyIsInNsaWRlc2hvdyI6ImFsbC1kYTBmMDc4In0%3D\">\n\t\t\t\t\t<div class=\"e-gallery-image elementor-gallery-item__image\" data-thumbnail=\"https:\/\/wlkskrakus.pl\/kolarstwo\/wp-content\/uploads\/2024\/12\/Dobczyce-2017_02_II-etap_0187-300x200.jpg\" data-width=\"300\" data-height=\"200\" alt=\"Dobczyce 2017 02 II etap 0187\" ><\/div>\n\t\t\t\t\t\t\t\t\t\t\t<div class=\"elementor-gallery-item__overlay\"><\/div>\n\t\t\t\t\t\t\t\t\t\t\t\t\t\t<\/a>\n\t\t\t\t\t\t\t<a class=\"e-gallery-item elementor-gallery-item elementor-animated-content\" href=\"https:\/\/wlkskrakus.pl\/kolarstwo\/wp-content\/uploads\/2024\/12\/Dobczyce-2017_02_II-etap_0205.jpg\" data-elementor-open-lightbox=\"yes\" data-elementor-lightbox-slideshow=\"all-da0f078\" data-elementor-lightbox-title=\"Dobczyce 2017 02 II etap 0205\" data-e-action-hash=\"#elementor-action%3Aaction%3Dlightbox%26settings%3DeyJpZCI6Njg4MCwidXJsIjoiaHR0cHM6XC9cL3dsa3NrcmFrdXMucGxcL2tvbGFyc3R3b1wvd3AtY29udGVudFwvdXBsb2Fkc1wvMjAyNFwvMTJcL0RvYmN6eWNlLTIwMTdfMDJfSUktZXRhcF8wMjA1LmpwZyIsInNsaWRlc2hvdyI6ImFsbC1kYTBmMDc4In0%3D\">\n\t\t\t\t\t<div class=\"e-gallery-image elementor-gallery-item__image\" data-thumbnail=\"https:\/\/wlkskrakus.pl\/kolarstwo\/wp-content\/uploads\/2024\/12\/Dobczyce-2017_02_II-etap_0205-300x169.jpg\" data-width=\"300\" data-height=\"169\" alt=\"Dobczyce 2017 02 II etap 0205\" ><\/div>\n\t\t\t\t\t\t\t\t\t\t\t<div class=\"elementor-gallery-item__overlay\"><\/div>\n\t\t\t\t\t\t\t\t\t\t\t\t\t\t<\/a>\n\t\t\t\t\t\t\t<a class=\"e-gallery-item elementor-gallery-item elementor-animated-content\" href=\"https:\/\/wlkskrakus.pl\/kolarstwo\/wp-content\/uploads\/2024\/12\/Dobczyce-2017_02_II-etap_0210.jpg\" data-elementor-open-lightbox=\"yes\" data-elementor-lightbox-slideshow=\"all-da0f078\" data-elementor-lightbox-title=\"Dobczyce 2017 02 II etap 0210\" data-e-action-hash=\"#elementor-action%3Aaction%3Dlightbox%26settings%3DeyJpZCI6Njg4MSwidXJsIjoiaHR0cHM6XC9cL3dsa3NrcmFrdXMucGxcL2tvbGFyc3R3b1wvd3AtY29udGVudFwvdXBsb2Fkc1wvMjAyNFwvMTJcL0RvYmN6eWNlLTIwMTdfMDJfSUktZXRhcF8wMjEwLmpwZyIsInNsaWRlc2hvdyI6ImFsbC1kYTBmMDc4In0%3D\">\n\t\t\t\t\t<div class=\"e-gallery-image elementor-gallery-item__image\" data-thumbnail=\"https:\/\/wlkskrakus.pl\/kolarstwo\/wp-content\/uploads\/2024\/12\/Dobczyce-2017_02_II-etap_0210-300x169.jpg\" data-width=\"300\" data-height=\"169\" alt=\"Dobczyce 2017 02 II etap 0210\" ><\/div>\n\t\t\t\t\t\t\t\t\t\t\t<div class=\"elementor-gallery-item__overlay\"><\/div>\n\t\t\t\t\t\t\t\t\t\t\t\t\t\t<\/a>\n\t\t\t\t\t\t\t<a class=\"e-gallery-item elementor-gallery-item elementor-animated-content\" href=\"https:\/\/wlkskrakus.pl\/kolarstwo\/wp-content\/uploads\/2024\/12\/Dobczyce-2017_02_II-etap_0217.jpg\" data-elementor-open-lightbox=\"yes\" data-elementor-lightbox-slideshow=\"all-da0f078\" data-elementor-lightbox-title=\"Dobczyce 2017 02 II etap 0217\" data-e-action-hash=\"#elementor-action%3Aaction%3Dlightbox%26settings%3DeyJpZCI6Njg4MiwidXJsIjoiaHR0cHM6XC9cL3dsa3NrcmFrdXMucGxcL2tvbGFyc3R3b1wvd3AtY29udGVudFwvdXBsb2Fkc1wvMjAyNFwvMTJcL0RvYmN6eWNlLTIwMTdfMDJfSUktZXRhcF8wMjE3LmpwZyIsInNsaWRlc2hvdyI6ImFsbC1kYTBmMDc4In0%3D\">\n\t\t\t\t\t<div class=\"e-gallery-image elementor-gallery-item__image\" data-thumbnail=\"https:\/\/wlkskrakus.pl\/kolarstwo\/wp-content\/uploads\/2024\/12\/Dobczyce-2017_02_II-etap_0217-300x169.jpg\" data-width=\"300\" data-height=\"169\" alt=\"Dobczyce 2017 02 II etap 0217\" ><\/div>\n\t\t\t\t\t\t\t\t\t\t\t<div class=\"elementor-gallery-item__overlay\"><\/div>\n\t\t\t\t\t\t\t\t\t\t\t\t\t\t<\/a>\n\t\t\t\t\t\t\t<a class=\"e-gallery-item elementor-gallery-item elementor-animated-content\" href=\"https:\/\/wlkskrakus.pl\/kolarstwo\/wp-content\/uploads\/2024\/12\/Dobczyce-2017_02_II-etap_0235.jpg\" data-elementor-open-lightbox=\"yes\" data-elementor-lightbox-slideshow=\"all-da0f078\" data-elementor-lightbox-title=\"Dobczyce 2017 02 II etap 0235\" data-e-action-hash=\"#elementor-action%3Aaction%3Dlightbox%26settings%3DeyJpZCI6Njg4NCwidXJsIjoiaHR0cHM6XC9cL3dsa3NrcmFrdXMucGxcL2tvbGFyc3R3b1wvd3AtY29udGVudFwvdXBsb2Fkc1wvMjAyNFwvMTJcL0RvYmN6eWNlLTIwMTdfMDJfSUktZXRhcF8wMjM1LmpwZyIsInNsaWRlc2hvdyI6ImFsbC1kYTBmMDc4In0%3D\">\n\t\t\t\t\t<div class=\"e-gallery-image elementor-gallery-item__image\" data-thumbnail=\"https:\/\/wlkskrakus.pl\/kolarstwo\/wp-content\/uploads\/2024\/12\/Dobczyce-2017_02_II-etap_0235-300x200.jpg\" data-width=\"300\" data-height=\"200\" alt=\"Dobczyce 2017 02 II etap 0235\" ><\/div>\n\t\t\t\t\t\t\t\t\t\t\t<div class=\"elementor-gallery-item__overlay\"><\/div>\n\t\t\t\t\t\t\t\t\t\t\t\t\t\t<\/a>\n\t\t\t\t\t\t\t<a class=\"e-gallery-item elementor-gallery-item elementor-animated-content\" href=\"https:\/\/wlkskrakus.pl\/kolarstwo\/wp-content\/uploads\/2024\/12\/Dobczyce-2017_02_II-etap_0262.jpg\" data-elementor-open-lightbox=\"yes\" data-elementor-lightbox-slideshow=\"all-da0f078\" data-elementor-lightbox-title=\"Dobczyce 2017 02 II etap 0262\" data-e-action-hash=\"#elementor-action%3Aaction%3Dlightbox%26settings%3DeyJpZCI6Njg4NSwidXJsIjoiaHR0cHM6XC9cL3dsa3NrcmFrdXMucGxcL2tvbGFyc3R3b1wvd3AtY29udGVudFwvdXBsb2Fkc1wvMjAyNFwvMTJcL0RvYmN6eWNlLTIwMTdfMDJfSUktZXRhcF8wMjYyLmpwZyIsInNsaWRlc2hvdyI6ImFsbC1kYTBmMDc4In0%3D\">\n\t\t\t\t\t<div class=\"e-gallery-image elementor-gallery-item__image\" data-thumbnail=\"https:\/\/wlkskrakus.pl\/kolarstwo\/wp-content\/uploads\/2024\/12\/Dobczyce-2017_02_II-etap_0262-300x200.jpg\" data-width=\"300\" data-height=\"200\" alt=\"Dobczyce 2017 02 II etap 0262\" ><\/div>\n\t\t\t\t\t\t\t\t\t\t\t<div class=\"elementor-gallery-item__overlay\"><\/div>\n\t\t\t\t\t\t\t\t\t\t\t\t\t\t<\/a>\n\t\t\t\t\t\t\t<a class=\"e-gallery-item elementor-gallery-item elementor-animated-content\" href=\"https:\/\/wlkskrakus.pl\/kolarstwo\/wp-content\/uploads\/2024\/12\/Dobczyce-2017_02_II-etap_0288.jpg\" data-elementor-open-lightbox=\"yes\" data-elementor-lightbox-slideshow=\"all-da0f078\" data-elementor-lightbox-title=\"Dobczyce 2017 02 II etap 0288\" data-e-action-hash=\"#elementor-action%3Aaction%3Dlightbox%26settings%3DeyJpZCI6Njg4NiwidXJsIjoiaHR0cHM6XC9cL3dsa3NrcmFrdXMucGxcL2tvbGFyc3R3b1wvd3AtY29udGVudFwvdXBsb2Fkc1wvMjAyNFwvMTJcL0RvYmN6eWNlLTIwMTdfMDJfSUktZXRhcF8wMjg4LmpwZyIsInNsaWRlc2hvdyI6ImFsbC1kYTBmMDc4In0%3D\">\n\t\t\t\t\t<div class=\"e-gallery-image elementor-gallery-item__image\" data-thumbnail=\"https:\/\/wlkskrakus.pl\/kolarstwo\/wp-content\/uploads\/2024\/12\/Dobczyce-2017_02_II-etap_0288-300x169.jpg\" data-width=\"300\" data-height=\"169\" alt=\"Dobczyce 2017 02 II etap 0288\" ><\/div>\n\t\t\t\t\t\t\t\t\t\t\t<div class=\"elementor-gallery-item__overlay\"><\/div>\n\t\t\t\t\t\t\t\t\t\t\t\t\t\t<\/a>\n\t\t\t\t\t\t\t<a class=\"e-gallery-item elementor-gallery-item elementor-animated-content\" href=\"https:\/\/wlkskrakus.pl\/kolarstwo\/wp-content\/uploads\/2024\/12\/Dobczyce-2017_02_II-etap_0292.jpg\" data-elementor-open-lightbox=\"yes\" data-elementor-lightbox-slideshow=\"all-da0f078\" data-elementor-lightbox-title=\"Dobczyce 2017 02 II etap 0292\" data-e-action-hash=\"#elementor-action%3Aaction%3Dlightbox%26settings%3DeyJpZCI6Njg4OSwidXJsIjoiaHR0cHM6XC9cL3dsa3NrcmFrdXMucGxcL2tvbGFyc3R3b1wvd3AtY29udGVudFwvdXBsb2Fkc1wvMjAyNFwvMTJcL0RvYmN6eWNlLTIwMTdfMDJfSUktZXRhcF8wMjkyLmpwZyIsInNsaWRlc2hvdyI6ImFsbC1kYTBmMDc4In0%3D\">\n\t\t\t\t\t<div class=\"e-gallery-image elementor-gallery-item__image\" data-thumbnail=\"https:\/\/wlkskrakus.pl\/kolarstwo\/wp-content\/uploads\/2024\/12\/Dobczyce-2017_02_II-etap_0292-300x200.jpg\" data-width=\"300\" data-height=\"200\" alt=\"Dobczyce 2017 02 II etap 0292\" ><\/div>\n\t\t\t\t\t\t\t\t\t\t\t<div class=\"elementor-gallery-item__overlay\"><\/div>\n\t\t\t\t\t\t\t\t\t\t\t\t\t\t<\/a>\n\t\t\t\t\t\t\t<a class=\"e-gallery-item elementor-gallery-item elementor-animated-content\" href=\"https:\/\/wlkskrakus.pl\/kolarstwo\/wp-content\/uploads\/2024\/12\/Dobczyce-2017_02_II-etap_0300.jpg\" data-elementor-open-lightbox=\"yes\" data-elementor-lightbox-slideshow=\"all-da0f078\" data-elementor-lightbox-title=\"Dobczyce 2017 02 II etap 0300\" data-e-action-hash=\"#elementor-action%3Aaction%3Dlightbox%26settings%3DeyJpZCI6Njg5MCwidXJsIjoiaHR0cHM6XC9cL3dsa3NrcmFrdXMucGxcL2tvbGFyc3R3b1wvd3AtY29udGVudFwvdXBsb2Fkc1wvMjAyNFwvMTJcL0RvYmN6eWNlLTIwMTdfMDJfSUktZXRhcF8wMzAwLmpwZyIsInNsaWRlc2hvdyI6ImFsbC1kYTBmMDc4In0%3D\">\n\t\t\t\t\t<div class=\"e-gallery-image elementor-gallery-item__image\" data-thumbnail=\"https:\/\/wlkskrakus.pl\/kolarstwo\/wp-content\/uploads\/2024\/12\/Dobczyce-2017_02_II-etap_0300-300x169.jpg\" data-width=\"300\" data-height=\"169\" alt=\"Dobczyce 2017 02 II etap 0300\" ><\/div>\n\t\t\t\t\t\t\t\t\t\t\t<div class=\"elementor-gallery-item__overlay\"><\/div>\n\t\t\t\t\t\t\t\t\t\t\t\t\t\t<\/a>\n\t\t\t\t\t\t\t<a class=\"e-gallery-item elementor-gallery-item elementor-animated-content\" href=\"https:\/\/wlkskrakus.pl\/kolarstwo\/wp-content\/uploads\/2024\/12\/Dobczyce-2017_02_II-etap_0360.jpg\" data-elementor-open-lightbox=\"yes\" data-elementor-lightbox-slideshow=\"all-da0f078\" data-elementor-lightbox-title=\"Dobczyce 2017 02 II etap 0360\" data-e-action-hash=\"#elementor-action%3Aaction%3Dlightbox%26settings%3DeyJpZCI6Njg5MSwidXJsIjoiaHR0cHM6XC9cL3dsa3NrcmFrdXMucGxcL2tvbGFyc3R3b1wvd3AtY29udGVudFwvdXBsb2Fkc1wvMjAyNFwvMTJcL0RvYmN6eWNlLTIwMTdfMDJfSUktZXRhcF8wMzYwLmpwZyIsInNsaWRlc2hvdyI6ImFsbC1kYTBmMDc4In0%3D\">\n\t\t\t\t\t<div class=\"e-gallery-image elementor-gallery-item__image\" data-thumbnail=\"https:\/\/wlkskrakus.pl\/kolarstwo\/wp-content\/uploads\/2024\/12\/Dobczyce-2017_02_II-etap_0360-300x200.jpg\" data-width=\"300\" data-height=\"200\" alt=\"Dobczyce 2017 02 II etap 0360\" ><\/div>\n\t\t\t\t\t\t\t\t\t\t\t<div class=\"elementor-gallery-item__overlay\"><\/div>\n\t\t\t\t\t\t\t\t\t\t\t\t\t\t<\/a>\n\t\t\t\t\t\t\t<a class=\"e-gallery-item elementor-gallery-item elementor-animated-content\" href=\"https:\/\/wlkskrakus.pl\/kolarstwo\/wp-content\/uploads\/2024\/12\/Dobczyce-2017_02_II-etap_0393.jpg\" data-elementor-open-lightbox=\"yes\" data-elementor-lightbox-slideshow=\"all-da0f078\" data-elementor-lightbox-title=\"Dobczyce 2017 02 II etap 0393\" data-e-action-hash=\"#elementor-action%3Aaction%3Dlightbox%26settings%3DeyJpZCI6Njg5MywidXJsIjoiaHR0cHM6XC9cL3dsa3NrcmFrdXMucGxcL2tvbGFyc3R3b1wvd3AtY29udGVudFwvdXBsb2Fkc1wvMjAyNFwvMTJcL0RvYmN6eWNlLTIwMTdfMDJfSUktZXRhcF8wMzkzLmpwZyIsInNsaWRlc2hvdyI6ImFsbC1kYTBmMDc4In0%3D\">\n\t\t\t\t\t<div class=\"e-gallery-image elementor-gallery-item__image\" data-thumbnail=\"https:\/\/wlkskrakus.pl\/kolarstwo\/wp-content\/uploads\/2024\/12\/Dobczyce-2017_02_II-etap_0393-300x200.jpg\" data-width=\"300\" data-height=\"200\" alt=\"Dobczyce 2017 02 II etap 0393\" ><\/div>\n\t\t\t\t\t\t\t\t\t\t\t<div class=\"elementor-gallery-item__overlay\"><\/div>\n\t\t\t\t\t\t\t\t\t\t\t\t\t\t<\/a>\n\t\t\t\t\t\t\t<a class=\"e-gallery-item elementor-gallery-item elementor-animated-content\" href=\"https:\/\/wlkskrakus.pl\/kolarstwo\/wp-content\/uploads\/2024\/12\/Dobczyce-2017_02_II-etap_0407.jpg\" data-elementor-open-lightbox=\"yes\" data-elementor-lightbox-slideshow=\"all-da0f078\" data-elementor-lightbox-title=\"Dobczyce 2017 02 II etap 0407\" data-e-action-hash=\"#elementor-action%3Aaction%3Dlightbox%26settings%3DeyJpZCI6Njg5NSwidXJsIjoiaHR0cHM6XC9cL3dsa3NrcmFrdXMucGxcL2tvbGFyc3R3b1wvd3AtY29udGVudFwvdXBsb2Fkc1wvMjAyNFwvMTJcL0RvYmN6eWNlLTIwMTdfMDJfSUktZXRhcF8wNDA3LmpwZyIsInNsaWRlc2hvdyI6ImFsbC1kYTBmMDc4In0%3D\">\n\t\t\t\t\t<div class=\"e-gallery-image elementor-gallery-item__image\" data-thumbnail=\"https:\/\/wlkskrakus.pl\/kolarstwo\/wp-content\/uploads\/2024\/12\/Dobczyce-2017_02_II-etap_0407-300x200.jpg\" data-width=\"300\" data-height=\"200\" alt=\"Dobczyce 2017 02 II etap 0407\" ><\/div>\n\t\t\t\t\t\t\t\t\t\t\t<div class=\"elementor-gallery-item__overlay\"><\/div>\n\t\t\t\t\t\t\t\t\t\t\t\t\t\t<\/a>\n\t\t\t\t\t\t\t<a class=\"e-gallery-item elementor-gallery-item elementor-animated-content\" href=\"https:\/\/wlkskrakus.pl\/kolarstwo\/wp-content\/uploads\/2024\/12\/Dobczyce-2017_02_II-etap_0420.jpg\" data-elementor-open-lightbox=\"yes\" data-elementor-lightbox-slideshow=\"all-da0f078\" data-elementor-lightbox-title=\"Dobczyce 2017 02 II etap 0420\" data-e-action-hash=\"#elementor-action%3Aaction%3Dlightbox%26settings%3DeyJpZCI6Njg5NiwidXJsIjoiaHR0cHM6XC9cL3dsa3NrcmFrdXMucGxcL2tvbGFyc3R3b1wvd3AtY29udGVudFwvdXBsb2Fkc1wvMjAyNFwvMTJcL0RvYmN6eWNlLTIwMTdfMDJfSUktZXRhcF8wNDIwLmpwZyIsInNsaWRlc2hvdyI6ImFsbC1kYTBmMDc4In0%3D\">\n\t\t\t\t\t<div class=\"e-gallery-image elementor-gallery-item__image\" data-thumbnail=\"https:\/\/wlkskrakus.pl\/kolarstwo\/wp-content\/uploads\/2024\/12\/Dobczyce-2017_02_II-etap_0420-300x169.jpg\" data-width=\"300\" data-height=\"169\" alt=\"Dobczyce 2017 02 II etap 0420\" ><\/div>\n\t\t\t\t\t\t\t\t\t\t\t<div class=\"elementor-gallery-item__overlay\"><\/div>\n\t\t\t\t\t\t\t\t\t\t\t\t\t\t<\/a>\n\t\t\t\t\t\t\t<a class=\"e-gallery-item elementor-gallery-item elementor-animated-content\" href=\"https:\/\/wlkskrakus.pl\/kolarstwo\/wp-content\/uploads\/2024\/12\/Dobczyce-2017_02_II-etap_0429.jpg\" data-elementor-open-lightbox=\"yes\" data-elementor-lightbox-slideshow=\"all-da0f078\" data-elementor-lightbox-title=\"Dobczyce 2017 02 II etap 0429\" data-e-action-hash=\"#elementor-action%3Aaction%3Dlightbox%26settings%3DeyJpZCI6Njg5NywidXJsIjoiaHR0cHM6XC9cL3dsa3NrcmFrdXMucGxcL2tvbGFyc3R3b1wvd3AtY29udGVudFwvdXBsb2Fkc1wvMjAyNFwvMTJcL0RvYmN6eWNlLTIwMTdfMDJfSUktZXRhcF8wNDI5LmpwZyIsInNsaWRlc2hvdyI6ImFsbC1kYTBmMDc4In0%3D\">\n\t\t\t\t\t<div class=\"e-gallery-image elementor-gallery-item__image\" data-thumbnail=\"https:\/\/wlkskrakus.pl\/kolarstwo\/wp-content\/uploads\/2024\/12\/Dobczyce-2017_02_II-etap_0429-300x200.jpg\" data-width=\"300\" data-height=\"200\" alt=\"Dobczyce 2017 02 II etap 0429\" ><\/div>\n\t\t\t\t\t\t\t\t\t\t\t<div class=\"elementor-gallery-item__overlay\"><\/div>\n\t\t\t\t\t\t\t\t\t\t\t\t\t\t<\/a>\n\t\t\t\t\t\t\t<a class=\"e-gallery-item elementor-gallery-item elementor-animated-content\" href=\"https:\/\/wlkskrakus.pl\/kolarstwo\/wp-content\/uploads\/2024\/12\/Dobczyce-2017_02_II-etap_0435.jpg\" data-elementor-open-lightbox=\"yes\" data-elementor-lightbox-slideshow=\"all-da0f078\" data-elementor-lightbox-title=\"Dobczyce 2017 02 II etap 0435\" data-e-action-hash=\"#elementor-action%3Aaction%3Dlightbox%26settings%3DeyJpZCI6Njg5OCwidXJsIjoiaHR0cHM6XC9cL3dsa3NrcmFrdXMucGxcL2tvbGFyc3R3b1wvd3AtY29udGVudFwvdXBsb2Fkc1wvMjAyNFwvMTJcL0RvYmN6eWNlLTIwMTdfMDJfSUktZXRhcF8wNDM1LmpwZyIsInNsaWRlc2hvdyI6ImFsbC1kYTBmMDc4In0%3D\">\n\t\t\t\t\t<div class=\"e-gallery-image elementor-gallery-item__image\" data-thumbnail=\"https:\/\/wlkskrakus.pl\/kolarstwo\/wp-content\/uploads\/2024\/12\/Dobczyce-2017_02_II-etap_0435-300x200.jpg\" data-width=\"300\" data-height=\"200\" alt=\"Dobczyce 2017 02 II etap 0435\" ><\/div>\n\t\t\t\t\t\t\t\t\t\t\t<div class=\"elementor-gallery-item__overlay\"><\/div>\n\t\t\t\t\t\t\t\t\t\t\t\t\t\t<\/a>\n\t\t\t\t\t\t\t<a class=\"e-gallery-item elementor-gallery-item elementor-animated-content\" href=\"https:\/\/wlkskrakus.pl\/kolarstwo\/wp-content\/uploads\/2024\/12\/Dobczyce-2017_02_II-etap_0448.jpg\" data-elementor-open-lightbox=\"yes\" data-elementor-lightbox-slideshow=\"all-da0f078\" data-elementor-lightbox-title=\"Dobczyce 2017 02 II etap 0448\" data-e-action-hash=\"#elementor-action%3Aaction%3Dlightbox%26settings%3DeyJpZCI6NjkwMSwidXJsIjoiaHR0cHM6XC9cL3dsa3NrcmFrdXMucGxcL2tvbGFyc3R3b1wvd3AtY29udGVudFwvdXBsb2Fkc1wvMjAyNFwvMTJcL0RvYmN6eWNlLTIwMTdfMDJfSUktZXRhcF8wNDQ4LmpwZyIsInNsaWRlc2hvdyI6ImFsbC1kYTBmMDc4In0%3D\">\n\t\t\t\t\t<div class=\"e-gallery-image elementor-gallery-item__image\" data-thumbnail=\"https:\/\/wlkskrakus.pl\/kolarstwo\/wp-content\/uploads\/2024\/12\/Dobczyce-2017_02_II-etap_0448-300x200.jpg\" data-width=\"300\" data-height=\"200\" alt=\"Dobczyce 2017 02 II etap 0448\" ><\/div>\n\t\t\t\t\t\t\t\t\t\t\t<div class=\"elementor-gallery-item__overlay\"><\/div>\n\t\t\t\t\t\t\t\t\t\t\t\t\t\t<\/a>\n\t\t\t\t\t\t\t<a class=\"e-gallery-item elementor-gallery-item elementor-animated-content\" href=\"https:\/\/wlkskrakus.pl\/kolarstwo\/wp-content\/uploads\/2024\/12\/Dobczyce-2017_02_II-etap_0466.jpg\" data-elementor-open-lightbox=\"yes\" data-elementor-lightbox-slideshow=\"all-da0f078\" data-elementor-lightbox-title=\"Dobczyce 2017 02 II etap 0466\" data-e-action-hash=\"#elementor-action%3Aaction%3Dlightbox%26settings%3DeyJpZCI6NjkwMiwidXJsIjoiaHR0cHM6XC9cL3dsa3NrcmFrdXMucGxcL2tvbGFyc3R3b1wvd3AtY29udGVudFwvdXBsb2Fkc1wvMjAyNFwvMTJcL0RvYmN6eWNlLTIwMTdfMDJfSUktZXRhcF8wNDY2LmpwZyIsInNsaWRlc2hvdyI6ImFsbC1kYTBmMDc4In0%3D\">\n\t\t\t\t\t<div class=\"e-gallery-image elementor-gallery-item__image\" data-thumbnail=\"https:\/\/wlkskrakus.pl\/kolarstwo\/wp-content\/uploads\/2024\/12\/Dobczyce-2017_02_II-etap_0466-300x200.jpg\" data-width=\"300\" data-height=\"200\" alt=\"Dobczyce 2017 02 II etap 0466\" ><\/div>\n\t\t\t\t\t\t\t\t\t\t\t<div class=\"elementor-gallery-item__overlay\"><\/div>\n\t\t\t\t\t\t\t\t\t\t\t\t\t\t<\/a>\n\t\t\t\t\t\t\t<a class=\"e-gallery-item elementor-gallery-item elementor-animated-content\" href=\"https:\/\/wlkskrakus.pl\/kolarstwo\/wp-content\/uploads\/2024\/12\/Dobczyce-2017_02_II-etap_0502.jpg\" data-elementor-open-lightbox=\"yes\" data-elementor-lightbox-slideshow=\"all-da0f078\" data-elementor-lightbox-title=\"Dobczyce 2017 02 II etap 0502\" data-e-action-hash=\"#elementor-action%3Aaction%3Dlightbox%26settings%3DeyJpZCI6NjkwMywidXJsIjoiaHR0cHM6XC9cL3dsa3NrcmFrdXMucGxcL2tvbGFyc3R3b1wvd3AtY29udGVudFwvdXBsb2Fkc1wvMjAyNFwvMTJcL0RvYmN6eWNlLTIwMTdfMDJfSUktZXRhcF8wNTAyLmpwZyIsInNsaWRlc2hvdyI6ImFsbC1kYTBmMDc4In0%3D\">\n\t\t\t\t\t<div class=\"e-gallery-image elementor-gallery-item__image\" data-thumbnail=\"https:\/\/wlkskrakus.pl\/kolarstwo\/wp-content\/uploads\/2024\/12\/Dobczyce-2017_02_II-etap_0502-300x200.jpg\" data-width=\"300\" data-height=\"200\" alt=\"Dobczyce 2017 02 II etap 0502\" ><\/div>\n\t\t\t\t\t\t\t\t\t\t\t<div class=\"elementor-gallery-item__overlay\"><\/div>\n\t\t\t\t\t\t\t\t\t\t\t\t\t\t<\/a>\n\t\t\t\t\t\t\t<a class=\"e-gallery-item elementor-gallery-item elementor-animated-content\" href=\"https:\/\/wlkskrakus.pl\/kolarstwo\/wp-content\/uploads\/2024\/12\/Dobczyce-2017_02_II-etap_0525.jpg\" data-elementor-open-lightbox=\"yes\" data-elementor-lightbox-slideshow=\"all-da0f078\" data-elementor-lightbox-title=\"Dobczyce 2017 02 II etap 0525\" data-e-action-hash=\"#elementor-action%3Aaction%3Dlightbox%26settings%3DeyJpZCI6NjkwNCwidXJsIjoiaHR0cHM6XC9cL3dsa3NrcmFrdXMucGxcL2tvbGFyc3R3b1wvd3AtY29udGVudFwvdXBsb2Fkc1wvMjAyNFwvMTJcL0RvYmN6eWNlLTIwMTdfMDJfSUktZXRhcF8wNTI1LmpwZyIsInNsaWRlc2hvdyI6ImFsbC1kYTBmMDc4In0%3D\">\n\t\t\t\t\t<div class=\"e-gallery-image elementor-gallery-item__image\" data-thumbnail=\"https:\/\/wlkskrakus.pl\/kolarstwo\/wp-content\/uploads\/2024\/12\/Dobczyce-2017_02_II-etap_0525-300x200.jpg\" data-width=\"300\" data-height=\"200\" alt=\"Dobczyce 2017 02 II etap 0525\" ><\/div>\n\t\t\t\t\t\t\t\t\t\t\t<div class=\"elementor-gallery-item__overlay\"><\/div>\n\t\t\t\t\t\t\t\t\t\t\t\t\t\t<\/a>\n\t\t\t\t\t\t\t<a class=\"e-gallery-item elementor-gallery-item elementor-animated-content\" href=\"https:\/\/wlkskrakus.pl\/kolarstwo\/wp-content\/uploads\/2024\/12\/Dobczyce-2017_02_II-etap_0540.jpg\" data-elementor-open-lightbox=\"yes\" data-elementor-lightbox-slideshow=\"all-da0f078\" data-elementor-lightbox-title=\"Dobczyce 2017 02 II etap 0540\" data-e-action-hash=\"#elementor-action%3Aaction%3Dlightbox%26settings%3DeyJpZCI6NjkwNSwidXJsIjoiaHR0cHM6XC9cL3dsa3NrcmFrdXMucGxcL2tvbGFyc3R3b1wvd3AtY29udGVudFwvdXBsb2Fkc1wvMjAyNFwvMTJcL0RvYmN6eWNlLTIwMTdfMDJfSUktZXRhcF8wNTQwLmpwZyIsInNsaWRlc2hvdyI6ImFsbC1kYTBmMDc4In0%3D\">\n\t\t\t\t\t<div class=\"e-gallery-image elementor-gallery-item__image\" data-thumbnail=\"https:\/\/wlkskrakus.pl\/kolarstwo\/wp-content\/uploads\/2024\/12\/Dobczyce-2017_02_II-etap_0540-300x200.jpg\" data-width=\"300\" data-height=\"200\" alt=\"Dobczyce 2017 02 II etap 0540\" ><\/div>\n\t\t\t\t\t\t\t\t\t\t\t<div class=\"elementor-gallery-item__overlay\"><\/div>\n\t\t\t\t\t\t\t\t\t\t\t\t\t\t<\/a>\n\t\t\t\t\t\t\t<a class=\"e-gallery-item elementor-gallery-item elementor-animated-content\" href=\"https:\/\/wlkskrakus.pl\/kolarstwo\/wp-content\/uploads\/2024\/12\/Dobczyce-2017_02_II-etap_0575.jpg\" data-elementor-open-lightbox=\"yes\" data-elementor-lightbox-slideshow=\"all-da0f078\" data-elementor-lightbox-title=\"Dobczyce 2017 02 II etap 0575\" data-e-action-hash=\"#elementor-action%3Aaction%3Dlightbox%26settings%3DeyJpZCI6NjkwNiwidXJsIjoiaHR0cHM6XC9cL3dsa3NrcmFrdXMucGxcL2tvbGFyc3R3b1wvd3AtY29udGVudFwvdXBsb2Fkc1wvMjAyNFwvMTJcL0RvYmN6eWNlLTIwMTdfMDJfSUktZXRhcF8wNTc1LmpwZyIsInNsaWRlc2hvdyI6ImFsbC1kYTBmMDc4In0%3D\">\n\t\t\t\t\t<div class=\"e-gallery-image elementor-gallery-item__image\" data-thumbnail=\"https:\/\/wlkskrakus.pl\/kolarstwo\/wp-content\/uploads\/2024\/12\/Dobczyce-2017_02_II-etap_0575-300x200.jpg\" data-width=\"300\" data-height=\"200\" alt=\"Dobczyce 2017 02 II etap 0575\" ><\/div>\n\t\t\t\t\t\t\t\t\t\t\t<div class=\"elementor-gallery-item__overlay\"><\/div>\n\t\t\t\t\t\t\t\t\t\t\t\t\t\t<\/a>\n\t\t\t\t\t<\/div>\n\t\t\t<\/div>\n\t\t\t\t<\/div>\n\t\t\t\t<div class=\"elementor-element elementor-element-456aa3f elementor-widget elementor-widget-heading\" data-id=\"456aa3f\" data-element_type=\"widget\" data-widget_type=\"heading.default\">\n\t\t\t\t<div class=\"elementor-widget-container\">\n\t\t\t<h2 class=\"elementor-heading-title elementor-size-default\">Etap III <span style=\"color: var(--ast-global-color-2); font-size: 2.5rem;\">\u0141apan\u00f3w-\u0141apan\u00f3w<\/span><span style=\"color: var(--ast-global-color-2); font-size: 2.5rem; font-style: inherit;\"><\/span><br><\/h2>\t\t<\/div>\n\t\t\t\t<\/div>\n\t\t\t\t<div class=\"elementor-element elementor-element-8c57d25 elementor-widget elementor-widget-gallery\" data-id=\"8c57d25\" data-element_type=\"widget\" data-settings=\"{&quot;lazyload&quot;:&quot;yes&quot;,&quot;gallery_layout&quot;:&quot;grid&quot;,&quot;columns&quot;:4,&quot;columns_tablet&quot;:2,&quot;columns_mobile&quot;:1,&quot;gap&quot;:{&quot;unit&quot;:&quot;px&quot;,&quot;size&quot;:10,&quot;sizes&quot;:[]},&quot;gap_tablet&quot;:{&quot;unit&quot;:&quot;px&quot;,&quot;size&quot;:10,&quot;sizes&quot;:[]},&quot;gap_mobile&quot;:{&quot;unit&quot;:&quot;px&quot;,&quot;size&quot;:10,&quot;sizes&quot;:[]},&quot;link_to&quot;:&quot;file&quot;,&quot;aspect_ratio&quot;:&quot;3:2&quot;,&quot;overlay_background&quot;:&quot;yes&quot;,&quot;content_hover_animation&quot;:&quot;fade-in&quot;}\" data-widget_type=\"gallery.default\">\n\t\t\t\t<div class=\"elementor-widget-container\">\n\t\t\t\t\t<div class=\"elementor-gallery__container\">\n\t\t\t\t\t\t\t<a class=\"e-gallery-item elementor-gallery-item elementor-animated-content\" href=\"https:\/\/wlkskrakus.pl\/kolarstwo\/wp-content\/uploads\/2024\/12\/Dobczyce-2017_03_III-etap_0001.jpg\" data-elementor-open-lightbox=\"yes\" data-elementor-lightbox-slideshow=\"all-8c57d25\" data-elementor-lightbox-title=\"Dobczyce 2017 03 III etap 0001\" data-e-action-hash=\"#elementor-action%3Aaction%3Dlightbox%26settings%3DeyJpZCI6NjkwOSwidXJsIjoiaHR0cHM6XC9cL3dsa3NrcmFrdXMucGxcL2tvbGFyc3R3b1wvd3AtY29udGVudFwvdXBsb2Fkc1wvMjAyNFwvMTJcL0RvYmN6eWNlLTIwMTdfMDNfSUlJLWV0YXBfMDAwMS5qcGciLCJzbGlkZXNob3ciOiJhbGwtOGM1N2QyNSJ9\">\n\t\t\t\t\t<div class=\"e-gallery-image elementor-gallery-item__image\" data-thumbnail=\"https:\/\/wlkskrakus.pl\/kolarstwo\/wp-content\/uploads\/2024\/12\/Dobczyce-2017_03_III-etap_0001-300x188.jpg\" data-width=\"300\" data-height=\"188\" alt=\"Dobczyce 2017 03 III etap 0001\" ><\/div>\n\t\t\t\t\t\t\t\t\t\t\t<div class=\"elementor-gallery-item__overlay\"><\/div>\n\t\t\t\t\t\t\t\t\t\t\t\t\t\t<\/a>\n\t\t\t\t\t\t\t<a class=\"e-gallery-item elementor-gallery-item elementor-animated-content\" href=\"https:\/\/wlkskrakus.pl\/kolarstwo\/wp-content\/uploads\/2024\/12\/Dobczyce-2017_03_III-etap_0013.jpg\" data-elementor-open-lightbox=\"yes\" data-elementor-lightbox-slideshow=\"all-8c57d25\" data-elementor-lightbox-title=\"Dobczyce 2017 03 III etap 0013\" data-e-action-hash=\"#elementor-action%3Aaction%3Dlightbox%26settings%3DeyJpZCI6NjkxMiwidXJsIjoiaHR0cHM6XC9cL3dsa3NrcmFrdXMucGxcL2tvbGFyc3R3b1wvd3AtY29udGVudFwvdXBsb2Fkc1wvMjAyNFwvMTJcL0RvYmN6eWNlLTIwMTdfMDNfSUlJLWV0YXBfMDAxMy5qcGciLCJzbGlkZXNob3ciOiJhbGwtOGM1N2QyNSJ9\">\n\t\t\t\t\t<div class=\"e-gallery-image elementor-gallery-item__image\" data-thumbnail=\"https:\/\/wlkskrakus.pl\/kolarstwo\/wp-content\/uploads\/2024\/12\/Dobczyce-2017_03_III-etap_0013-300x200.jpg\" data-width=\"300\" data-height=\"200\" alt=\"Dobczyce 2017 03 III etap 0013\" ><\/div>\n\t\t\t\t\t\t\t\t\t\t\t<div class=\"elementor-gallery-item__overlay\"><\/div>\n\t\t\t\t\t\t\t\t\t\t\t\t\t\t<\/a>\n\t\t\t\t\t\t\t<a class=\"e-gallery-item elementor-gallery-item elementor-animated-content\" href=\"https:\/\/wlkskrakus.pl\/kolarstwo\/wp-content\/uploads\/2024\/12\/Dobczyce-2017_03_III-etap_0034.jpg\" data-elementor-open-lightbox=\"yes\" data-elementor-lightbox-slideshow=\"all-8c57d25\" data-elementor-lightbox-title=\"Dobczyce 2017 03 III etap 0034\" data-e-action-hash=\"#elementor-action%3Aaction%3Dlightbox%26settings%3DeyJpZCI6NjkxMywidXJsIjoiaHR0cHM6XC9cL3dsa3NrcmFrdXMucGxcL2tvbGFyc3R3b1wvd3AtY29udGVudFwvdXBsb2Fkc1wvMjAyNFwvMTJcL0RvYmN6eWNlLTIwMTdfMDNfSUlJLWV0YXBfMDAzNC5qcGciLCJzbGlkZXNob3ciOiJhbGwtOGM1N2QyNSJ9\">\n\t\t\t\t\t<div class=\"e-gallery-image elementor-gallery-item__image\" data-thumbnail=\"https:\/\/wlkskrakus.pl\/kolarstwo\/wp-content\/uploads\/2024\/12\/Dobczyce-2017_03_III-etap_0034-300x200.jpg\" data-width=\"300\" data-height=\"200\" alt=\"Dobczyce 2017 03 III etap 0034\" ><\/div>\n\t\t\t\t\t\t\t\t\t\t\t<div class=\"elementor-gallery-item__overlay\"><\/div>\n\t\t\t\t\t\t\t\t\t\t\t\t\t\t<\/a>\n\t\t\t\t\t\t\t<a class=\"e-gallery-item elementor-gallery-item elementor-animated-content\" href=\"https:\/\/wlkskrakus.pl\/kolarstwo\/wp-content\/uploads\/2024\/12\/Dobczyce-2017_03_III-etap_0039.jpg\" data-elementor-open-lightbox=\"yes\" data-elementor-lightbox-slideshow=\"all-8c57d25\" data-elementor-lightbox-title=\"Dobczyce 2017 03 III etap 0039\" data-e-action-hash=\"#elementor-action%3Aaction%3Dlightbox%26settings%3DeyJpZCI6NjkxNCwidXJsIjoiaHR0cHM6XC9cL3dsa3NrcmFrdXMucGxcL2tvbGFyc3R3b1wvd3AtY29udGVudFwvdXBsb2Fkc1wvMjAyNFwvMTJcL0RvYmN6eWNlLTIwMTdfMDNfSUlJLWV0YXBfMDAzOS5qcGciLCJzbGlkZXNob3ciOiJhbGwtOGM1N2QyNSJ9\">\n\t\t\t\t\t<div class=\"e-gallery-image elementor-gallery-item__image\" data-thumbnail=\"https:\/\/wlkskrakus.pl\/kolarstwo\/wp-content\/uploads\/2024\/12\/Dobczyce-2017_03_III-etap_0039-300x200.jpg\" data-width=\"300\" data-height=\"200\" alt=\"Dobczyce 2017 03 III etap 0039\" ><\/div>\n\t\t\t\t\t\t\t\t\t\t\t<div class=\"elementor-gallery-item__overlay\"><\/div>\n\t\t\t\t\t\t\t\t\t\t\t\t\t\t<\/a>\n\t\t\t\t\t\t\t<a class=\"e-gallery-item elementor-gallery-item elementor-animated-content\" href=\"https:\/\/wlkskrakus.pl\/kolarstwo\/wp-content\/uploads\/2024\/12\/Dobczyce-2017_03_III-etap_0040.jpg\" data-elementor-open-lightbox=\"yes\" data-elementor-lightbox-slideshow=\"all-8c57d25\" data-elementor-lightbox-title=\"Dobczyce 2017 03 III etap 0040\" data-e-action-hash=\"#elementor-action%3Aaction%3Dlightbox%26settings%3DeyJpZCI6NjkxNSwidXJsIjoiaHR0cHM6XC9cL3dsa3NrcmFrdXMucGxcL2tvbGFyc3R3b1wvd3AtY29udGVudFwvdXBsb2Fkc1wvMjAyNFwvMTJcL0RvYmN6eWNlLTIwMTdfMDNfSUlJLWV0YXBfMDA0MC5qcGciLCJzbGlkZXNob3ciOiJhbGwtOGM1N2QyNSJ9\">\n\t\t\t\t\t<div class=\"e-gallery-image elementor-gallery-item__image\" data-thumbnail=\"https:\/\/wlkskrakus.pl\/kolarstwo\/wp-content\/uploads\/2024\/12\/Dobczyce-2017_03_III-etap_0040-300x200.jpg\" data-width=\"300\" data-height=\"200\" alt=\"Dobczyce 2017 03 III etap 0040\" ><\/div>\n\t\t\t\t\t\t\t\t\t\t\t<div class=\"elementor-gallery-item__overlay\"><\/div>\n\t\t\t\t\t\t\t\t\t\t\t\t\t\t<\/a>\n\t\t\t\t\t\t\t<a class=\"e-gallery-item elementor-gallery-item elementor-animated-content\" href=\"https:\/\/wlkskrakus.pl\/kolarstwo\/wp-content\/uploads\/2024\/12\/Dobczyce-2017_03_III-etap_0044.jpg\" data-elementor-open-lightbox=\"yes\" data-elementor-lightbox-slideshow=\"all-8c57d25\" data-elementor-lightbox-title=\"Dobczyce 2017 03 III etap 0044\" data-e-action-hash=\"#elementor-action%3Aaction%3Dlightbox%26settings%3DeyJpZCI6NjkxNiwidXJsIjoiaHR0cHM6XC9cL3dsa3NrcmFrdXMucGxcL2tvbGFyc3R3b1wvd3AtY29udGVudFwvdXBsb2Fkc1wvMjAyNFwvMTJcL0RvYmN6eWNlLTIwMTdfMDNfSUlJLWV0YXBfMDA0NC5qcGciLCJzbGlkZXNob3ciOiJhbGwtOGM1N2QyNSJ9\">\n\t\t\t\t\t<div class=\"e-gallery-image elementor-gallery-item__image\" data-thumbnail=\"https:\/\/wlkskrakus.pl\/kolarstwo\/wp-content\/uploads\/2024\/12\/Dobczyce-2017_03_III-etap_0044-300x169.jpg\" data-width=\"300\" data-height=\"169\" alt=\"Dobczyce 2017 03 III etap 0044\" ><\/div>\n\t\t\t\t\t\t\t\t\t\t\t<div class=\"elementor-gallery-item__overlay\"><\/div>\n\t\t\t\t\t\t\t\t\t\t\t\t\t\t<\/a>\n\t\t\t\t\t\t\t<a class=\"e-gallery-item elementor-gallery-item elementor-animated-content\" href=\"https:\/\/wlkskrakus.pl\/kolarstwo\/wp-content\/uploads\/2024\/12\/Dobczyce-2017_03_III-etap_0094.jpg\" data-elementor-open-lightbox=\"yes\" data-elementor-lightbox-slideshow=\"all-8c57d25\" data-elementor-lightbox-title=\"Dobczyce 2017 03 III etap 0094\" data-e-action-hash=\"#elementor-action%3Aaction%3Dlightbox%26settings%3DeyJpZCI6NjkxNywidXJsIjoiaHR0cHM6XC9cL3dsa3NrcmFrdXMucGxcL2tvbGFyc3R3b1wvd3AtY29udGVudFwvdXBsb2Fkc1wvMjAyNFwvMTJcL0RvYmN6eWNlLTIwMTdfMDNfSUlJLWV0YXBfMDA5NC5qcGciLCJzbGlkZXNob3ciOiJhbGwtOGM1N2QyNSJ9\">\n\t\t\t\t\t<div class=\"e-gallery-image elementor-gallery-item__image\" data-thumbnail=\"https:\/\/wlkskrakus.pl\/kolarstwo\/wp-content\/uploads\/2024\/12\/Dobczyce-2017_03_III-etap_0094-300x200.jpg\" data-width=\"300\" data-height=\"200\" alt=\"Dobczyce 2017 03 III etap 0094\" ><\/div>\n\t\t\t\t\t\t\t\t\t\t\t<div class=\"elementor-gallery-item__overlay\"><\/div>\n\t\t\t\t\t\t\t\t\t\t\t\t\t\t<\/a>\n\t\t\t\t\t\t\t<a class=\"e-gallery-item elementor-gallery-item elementor-animated-content\" href=\"https:\/\/wlkskrakus.pl\/kolarstwo\/wp-content\/uploads\/2024\/12\/Dobczyce-2017_03_III-etap_0099.jpg\" data-elementor-open-lightbox=\"yes\" data-elementor-lightbox-slideshow=\"all-8c57d25\" data-elementor-lightbox-title=\"Dobczyce 2017 03 III etap 0099\" data-e-action-hash=\"#elementor-action%3Aaction%3Dlightbox%26settings%3DeyJpZCI6NjkxOSwidXJsIjoiaHR0cHM6XC9cL3dsa3NrcmFrdXMucGxcL2tvbGFyc3R3b1wvd3AtY29udGVudFwvdXBsb2Fkc1wvMjAyNFwvMTJcL0RvYmN6eWNlLTIwMTdfMDNfSUlJLWV0YXBfMDA5OS5qcGciLCJzbGlkZXNob3ciOiJhbGwtOGM1N2QyNSJ9\">\n\t\t\t\t\t<div class=\"e-gallery-image elementor-gallery-item__image\" data-thumbnail=\"https:\/\/wlkskrakus.pl\/kolarstwo\/wp-content\/uploads\/2024\/12\/Dobczyce-2017_03_III-etap_0099-300x200.jpg\" data-width=\"300\" data-height=\"200\" alt=\"Dobczyce 2017 03 III etap 0099\" ><\/div>\n\t\t\t\t\t\t\t\t\t\t\t<div class=\"elementor-gallery-item__overlay\"><\/div>\n\t\t\t\t\t\t\t\t\t\t\t\t\t\t<\/a>\n\t\t\t\t\t\t\t<a class=\"e-gallery-item elementor-gallery-item elementor-animated-content\" href=\"https:\/\/wlkskrakus.pl\/kolarstwo\/wp-content\/uploads\/2024\/12\/Dobczyce-2017_03_III-etap_0107.jpg\" data-elementor-open-lightbox=\"yes\" data-elementor-lightbox-slideshow=\"all-8c57d25\" data-elementor-lightbox-title=\"Dobczyce 2017 03 III etap 0107\" data-e-action-hash=\"#elementor-action%3Aaction%3Dlightbox%26settings%3DeyJpZCI6NjkyMSwidXJsIjoiaHR0cHM6XC9cL3dsa3NrcmFrdXMucGxcL2tvbGFyc3R3b1wvd3AtY29udGVudFwvdXBsb2Fkc1wvMjAyNFwvMTJcL0RvYmN6eWNlLTIwMTdfMDNfSUlJLWV0YXBfMDEwNy5qcGciLCJzbGlkZXNob3ciOiJhbGwtOGM1N2QyNSJ9\">\n\t\t\t\t\t<div class=\"e-gallery-image elementor-gallery-item__image\" data-thumbnail=\"https:\/\/wlkskrakus.pl\/kolarstwo\/wp-content\/uploads\/2024\/12\/Dobczyce-2017_03_III-etap_0107-300x200.jpg\" data-width=\"300\" data-height=\"200\" alt=\"Dobczyce 2017 03 III etap 0107\" ><\/div>\n\t\t\t\t\t\t\t\t\t\t\t<div class=\"elementor-gallery-item__overlay\"><\/div>\n\t\t\t\t\t\t\t\t\t\t\t\t\t\t<\/a>\n\t\t\t\t\t\t\t<a class=\"e-gallery-item elementor-gallery-item elementor-animated-content\" href=\"https:\/\/wlkskrakus.pl\/kolarstwo\/wp-content\/uploads\/2024\/12\/Dobczyce-2017_03_III-etap_0112.jpg\" data-elementor-open-lightbox=\"yes\" data-elementor-lightbox-slideshow=\"all-8c57d25\" data-elementor-lightbox-title=\"Dobczyce 2017 03 III etap 0112\" data-e-action-hash=\"#elementor-action%3Aaction%3Dlightbox%26settings%3DeyJpZCI6NjkyMiwidXJsIjoiaHR0cHM6XC9cL3dsa3NrcmFrdXMucGxcL2tvbGFyc3R3b1wvd3AtY29udGVudFwvdXBsb2Fkc1wvMjAyNFwvMTJcL0RvYmN6eWNlLTIwMTdfMDNfSUlJLWV0YXBfMDExMi5qcGciLCJzbGlkZXNob3ciOiJhbGwtOGM1N2QyNSJ9\">\n\t\t\t\t\t<div class=\"e-gallery-image elementor-gallery-item__image\" data-thumbnail=\"https:\/\/wlkskrakus.pl\/kolarstwo\/wp-content\/uploads\/2024\/12\/Dobczyce-2017_03_III-etap_0112-300x200.jpg\" data-width=\"300\" data-height=\"200\" alt=\"Dobczyce 2017 03 III etap 0112\" ><\/div>\n\t\t\t\t\t\t\t\t\t\t\t<div class=\"elementor-gallery-item__overlay\"><\/div>\n\t\t\t\t\t\t\t\t\t\t\t\t\t\t<\/a>\n\t\t\t\t\t\t\t<a class=\"e-gallery-item elementor-gallery-item elementor-animated-content\" href=\"https:\/\/wlkskrakus.pl\/kolarstwo\/wp-content\/uploads\/2024\/12\/Dobczyce-2017_03_III-etap_0122.jpg\" data-elementor-open-lightbox=\"yes\" data-elementor-lightbox-slideshow=\"all-8c57d25\" data-elementor-lightbox-title=\"Dobczyce 2017 03 III etap 0122\" data-e-action-hash=\"#elementor-action%3Aaction%3Dlightbox%26settings%3DeyJpZCI6NjkyMywidXJsIjoiaHR0cHM6XC9cL3dsa3NrcmFrdXMucGxcL2tvbGFyc3R3b1wvd3AtY29udGVudFwvdXBsb2Fkc1wvMjAyNFwvMTJcL0RvYmN6eWNlLTIwMTdfMDNfSUlJLWV0YXBfMDEyMi5qcGciLCJzbGlkZXNob3ciOiJhbGwtOGM1N2QyNSJ9\">\n\t\t\t\t\t<div class=\"e-gallery-image elementor-gallery-item__image\" data-thumbnail=\"https:\/\/wlkskrakus.pl\/kolarstwo\/wp-content\/uploads\/2024\/12\/Dobczyce-2017_03_III-etap_0122-300x200.jpg\" data-width=\"300\" data-height=\"200\" alt=\"Dobczyce 2017 03 III etap 0122\" ><\/div>\n\t\t\t\t\t\t\t\t\t\t\t<div class=\"elementor-gallery-item__overlay\"><\/div>\n\t\t\t\t\t\t\t\t\t\t\t\t\t\t<\/a>\n\t\t\t\t\t\t\t<a class=\"e-gallery-item elementor-gallery-item elementor-animated-content\" href=\"https:\/\/wlkskrakus.pl\/kolarstwo\/wp-content\/uploads\/2024\/12\/Dobczyce-2017_03_III-etap_0131.jpg\" data-elementor-open-lightbox=\"yes\" data-elementor-lightbox-slideshow=\"all-8c57d25\" data-elementor-lightbox-title=\"Dobczyce 2017 03 III etap 0131\" data-e-action-hash=\"#elementor-action%3Aaction%3Dlightbox%26settings%3DeyJpZCI6NjkyNSwidXJsIjoiaHR0cHM6XC9cL3dsa3NrcmFrdXMucGxcL2tvbGFyc3R3b1wvd3AtY29udGVudFwvdXBsb2Fkc1wvMjAyNFwvMTJcL0RvYmN6eWNlLTIwMTdfMDNfSUlJLWV0YXBfMDEzMS5qcGciLCJzbGlkZXNob3ciOiJhbGwtOGM1N2QyNSJ9\">\n\t\t\t\t\t<div class=\"e-gallery-image elementor-gallery-item__image\" data-thumbnail=\"https:\/\/wlkskrakus.pl\/kolarstwo\/wp-content\/uploads\/2024\/12\/Dobczyce-2017_03_III-etap_0131-300x200.jpg\" data-width=\"300\" data-height=\"200\" alt=\"Dobczyce 2017 03 III etap 0131\" ><\/div>\n\t\t\t\t\t\t\t\t\t\t\t<div class=\"elementor-gallery-item__overlay\"><\/div>\n\t\t\t\t\t\t\t\t\t\t\t\t\t\t<\/a>\n\t\t\t\t\t\t\t<a class=\"e-gallery-item elementor-gallery-item elementor-animated-content\" href=\"https:\/\/wlkskrakus.pl\/kolarstwo\/wp-content\/uploads\/2024\/12\/Dobczyce-2017_03_III-etap_0139.jpg\" data-elementor-open-lightbox=\"yes\" data-elementor-lightbox-slideshow=\"all-8c57d25\" data-elementor-lightbox-title=\"Dobczyce 2017 03 III etap 0139\" data-e-action-hash=\"#elementor-action%3Aaction%3Dlightbox%26settings%3DeyJpZCI6NjkyNywidXJsIjoiaHR0cHM6XC9cL3dsa3NrcmFrdXMucGxcL2tvbGFyc3R3b1wvd3AtY29udGVudFwvdXBsb2Fkc1wvMjAyNFwvMTJcL0RvYmN6eWNlLTIwMTdfMDNfSUlJLWV0YXBfMDEzOS5qcGciLCJzbGlkZXNob3ciOiJhbGwtOGM1N2QyNSJ9\">\n\t\t\t\t\t<div class=\"e-gallery-image elementor-gallery-item__image\" data-thumbnail=\"https:\/\/wlkskrakus.pl\/kolarstwo\/wp-content\/uploads\/2024\/12\/Dobczyce-2017_03_III-etap_0139-300x200.jpg\" data-width=\"300\" data-height=\"200\" alt=\"Dobczyce 2017 03 III etap 0139\" ><\/div>\n\t\t\t\t\t\t\t\t\t\t\t<div class=\"elementor-gallery-item__overlay\"><\/div>\n\t\t\t\t\t\t\t\t\t\t\t\t\t\t<\/a>\n\t\t\t\t\t\t\t<a class=\"e-gallery-item elementor-gallery-item elementor-animated-content\" href=\"https:\/\/wlkskrakus.pl\/kolarstwo\/wp-content\/uploads\/2024\/12\/Dobczyce-2017_03_III-etap_0148.jpg\" data-elementor-open-lightbox=\"yes\" data-elementor-lightbox-slideshow=\"all-8c57d25\" data-elementor-lightbox-title=\"Dobczyce 2017 03 III etap 0148\" data-e-action-hash=\"#elementor-action%3Aaction%3Dlightbox%26settings%3DeyJpZCI6NjkyOCwidXJsIjoiaHR0cHM6XC9cL3dsa3NrcmFrdXMucGxcL2tvbGFyc3R3b1wvd3AtY29udGVudFwvdXBsb2Fkc1wvMjAyNFwvMTJcL0RvYmN6eWNlLTIwMTdfMDNfSUlJLWV0YXBfMDE0OC5qcGciLCJzbGlkZXNob3ciOiJhbGwtOGM1N2QyNSJ9\">\n\t\t\t\t\t<div class=\"e-gallery-image elementor-gallery-item__image\" data-thumbnail=\"https:\/\/wlkskrakus.pl\/kolarstwo\/wp-content\/uploads\/2024\/12\/Dobczyce-2017_03_III-etap_0148-300x169.jpg\" data-width=\"300\" data-height=\"169\" alt=\"Dobczyce 2017 03 III etap 0148\" ><\/div>\n\t\t\t\t\t\t\t\t\t\t\t<div class=\"elementor-gallery-item__overlay\"><\/div>\n\t\t\t\t\t\t\t\t\t\t\t\t\t\t<\/a>\n\t\t\t\t\t\t\t<a class=\"e-gallery-item elementor-gallery-item elementor-animated-content\" href=\"https:\/\/wlkskrakus.pl\/kolarstwo\/wp-content\/uploads\/2024\/12\/Dobczyce-2017_03_III-etap_0165.jpg\" data-elementor-open-lightbox=\"yes\" data-elementor-lightbox-slideshow=\"all-8c57d25\" data-elementor-lightbox-title=\"Dobczyce 2017 03 III etap 0165\" data-e-action-hash=\"#elementor-action%3Aaction%3Dlightbox%26settings%3DeyJpZCI6NjkyOSwidXJsIjoiaHR0cHM6XC9cL3dsa3NrcmFrdXMucGxcL2tvbGFyc3R3b1wvd3AtY29udGVudFwvdXBsb2Fkc1wvMjAyNFwvMTJcL0RvYmN6eWNlLTIwMTdfMDNfSUlJLWV0YXBfMDE2NS5qcGciLCJzbGlkZXNob3ciOiJhbGwtOGM1N2QyNSJ9\">\n\t\t\t\t\t<div class=\"e-gallery-image elementor-gallery-item__image\" data-thumbnail=\"https:\/\/wlkskrakus.pl\/kolarstwo\/wp-content\/uploads\/2024\/12\/Dobczyce-2017_03_III-etap_0165-300x200.jpg\" data-width=\"300\" data-height=\"200\" alt=\"Dobczyce 2017 03 III etap 0165\" ><\/div>\n\t\t\t\t\t\t\t\t\t\t\t<div class=\"elementor-gallery-item__overlay\"><\/div>\n\t\t\t\t\t\t\t\t\t\t\t\t\t\t<\/a>\n\t\t\t\t\t\t\t<a class=\"e-gallery-item elementor-gallery-item elementor-animated-content\" href=\"https:\/\/wlkskrakus.pl\/kolarstwo\/wp-content\/uploads\/2024\/12\/Dobczyce-2017_03_III-etap_0190.jpg\" data-elementor-open-lightbox=\"yes\" data-elementor-lightbox-slideshow=\"all-8c57d25\" data-elementor-lightbox-title=\"Dobczyce 2017 03 III etap 0190\" data-e-action-hash=\"#elementor-action%3Aaction%3Dlightbox%26settings%3DeyJpZCI6NjkzMSwidXJsIjoiaHR0cHM6XC9cL3dsa3NrcmFrdXMucGxcL2tvbGFyc3R3b1wvd3AtY29udGVudFwvdXBsb2Fkc1wvMjAyNFwvMTJcL0RvYmN6eWNlLTIwMTdfMDNfSUlJLWV0YXBfMDE5MC5qcGciLCJzbGlkZXNob3ciOiJhbGwtOGM1N2QyNSJ9\">\n\t\t\t\t\t<div class=\"e-gallery-image elementor-gallery-item__image\" data-thumbnail=\"https:\/\/wlkskrakus.pl\/kolarstwo\/wp-content\/uploads\/2024\/12\/Dobczyce-2017_03_III-etap_0190-300x200.jpg\" data-width=\"300\" data-height=\"200\" alt=\"Dobczyce 2017 03 III etap 0190\" ><\/div>\n\t\t\t\t\t\t\t\t\t\t\t<div class=\"elementor-gallery-item__overlay\"><\/div>\n\t\t\t\t\t\t\t\t\t\t\t\t\t\t<\/a>\n\t\t\t\t\t\t\t<a class=\"e-gallery-item elementor-gallery-item elementor-animated-content\" href=\"https:\/\/wlkskrakus.pl\/kolarstwo\/wp-content\/uploads\/2024\/12\/Dobczyce-2017_03_III-etap_0202.jpg\" data-elementor-open-lightbox=\"yes\" data-elementor-lightbox-slideshow=\"all-8c57d25\" data-elementor-lightbox-title=\"Dobczyce 2017 03 III etap 0202\" data-e-action-hash=\"#elementor-action%3Aaction%3Dlightbox%26settings%3DeyJpZCI6NjkzMywidXJsIjoiaHR0cHM6XC9cL3dsa3NrcmFrdXMucGxcL2tvbGFyc3R3b1wvd3AtY29udGVudFwvdXBsb2Fkc1wvMjAyNFwvMTJcL0RvYmN6eWNlLTIwMTdfMDNfSUlJLWV0YXBfMDIwMi5qcGciLCJzbGlkZXNob3ciOiJhbGwtOGM1N2QyNSJ9\">\n\t\t\t\t\t<div class=\"e-gallery-image elementor-gallery-item__image\" data-thumbnail=\"https:\/\/wlkskrakus.pl\/kolarstwo\/wp-content\/uploads\/2024\/12\/Dobczyce-2017_03_III-etap_0202-300x169.jpg\" data-width=\"300\" data-height=\"169\" alt=\"Dobczyce 2017 03 III etap 0202\" ><\/div>\n\t\t\t\t\t\t\t\t\t\t\t<div class=\"elementor-gallery-item__overlay\"><\/div>\n\t\t\t\t\t\t\t\t\t\t\t\t\t\t<\/a>\n\t\t\t\t\t\t\t<a class=\"e-gallery-item elementor-gallery-item elementor-animated-content\" href=\"https:\/\/wlkskrakus.pl\/kolarstwo\/wp-content\/uploads\/2024\/12\/Dobczyce-2017_03_III-etap_0230.jpg\" data-elementor-open-lightbox=\"yes\" data-elementor-lightbox-slideshow=\"all-8c57d25\" data-elementor-lightbox-title=\"Dobczyce 2017 03 III etap 0230\" data-e-action-hash=\"#elementor-action%3Aaction%3Dlightbox%26settings%3DeyJpZCI6NjkzNCwidXJsIjoiaHR0cHM6XC9cL3dsa3NrcmFrdXMucGxcL2tvbGFyc3R3b1wvd3AtY29udGVudFwvdXBsb2Fkc1wvMjAyNFwvMTJcL0RvYmN6eWNlLTIwMTdfMDNfSUlJLWV0YXBfMDIzMC5qcGciLCJzbGlkZXNob3ciOiJhbGwtOGM1N2QyNSJ9\">\n\t\t\t\t\t<div class=\"e-gallery-image elementor-gallery-item__image\" data-thumbnail=\"https:\/\/wlkskrakus.pl\/kolarstwo\/wp-content\/uploads\/2024\/12\/Dobczyce-2017_03_III-etap_0230-300x200.jpg\" data-width=\"300\" data-height=\"200\" alt=\"Dobczyce 2017 03 III etap 0230\" ><\/div>\n\t\t\t\t\t\t\t\t\t\t\t<div class=\"elementor-gallery-item__overlay\"><\/div>\n\t\t\t\t\t\t\t\t\t\t\t\t\t\t<\/a>\n\t\t\t\t\t\t\t<a class=\"e-gallery-item elementor-gallery-item elementor-animated-content\" href=\"https:\/\/wlkskrakus.pl\/kolarstwo\/wp-content\/uploads\/2024\/12\/Dobczyce-2017_03_III-etap_0241.jpg\" data-elementor-open-lightbox=\"yes\" data-elementor-lightbox-slideshow=\"all-8c57d25\" data-elementor-lightbox-title=\"Dobczyce 2017 03 III etap 0241\" data-e-action-hash=\"#elementor-action%3Aaction%3Dlightbox%26settings%3DeyJpZCI6NjkzNSwidXJsIjoiaHR0cHM6XC9cL3dsa3NrcmFrdXMucGxcL2tvbGFyc3R3b1wvd3AtY29udGVudFwvdXBsb2Fkc1wvMjAyNFwvMTJcL0RvYmN6eWNlLTIwMTdfMDNfSUlJLWV0YXBfMDI0MS5qcGciLCJzbGlkZXNob3ciOiJhbGwtOGM1N2QyNSJ9\">\n\t\t\t\t\t<div class=\"e-gallery-image elementor-gallery-item__image\" data-thumbnail=\"https:\/\/wlkskrakus.pl\/kolarstwo\/wp-content\/uploads\/2024\/12\/Dobczyce-2017_03_III-etap_0241-300x200.jpg\" data-width=\"300\" data-height=\"200\" alt=\"Dobczyce 2017 03 III etap 0241\" ><\/div>\n\t\t\t\t\t\t\t\t\t\t\t<div class=\"elementor-gallery-item__overlay\"><\/div>\n\t\t\t\t\t\t\t\t\t\t\t\t\t\t<\/a>\n\t\t\t\t\t\t\t<a class=\"e-gallery-item elementor-gallery-item elementor-animated-content\" href=\"https:\/\/wlkskrakus.pl\/kolarstwo\/wp-content\/uploads\/2024\/12\/Dobczyce-2017_03_III-etap_0254.jpg\" data-elementor-open-lightbox=\"yes\" data-elementor-lightbox-slideshow=\"all-8c57d25\" data-elementor-lightbox-title=\"Dobczyce 2017 03 III etap 0254\" data-e-action-hash=\"#elementor-action%3Aaction%3Dlightbox%26settings%3DeyJpZCI6NjkzNiwidXJsIjoiaHR0cHM6XC9cL3dsa3NrcmFrdXMucGxcL2tvbGFyc3R3b1wvd3AtY29udGVudFwvdXBsb2Fkc1wvMjAyNFwvMTJcL0RvYmN6eWNlLTIwMTdfMDNfSUlJLWV0YXBfMDI1NC5qcGciLCJzbGlkZXNob3ciOiJhbGwtOGM1N2QyNSJ9\">\n\t\t\t\t\t<div class=\"e-gallery-image elementor-gallery-item__image\" data-thumbnail=\"https:\/\/wlkskrakus.pl\/kolarstwo\/wp-content\/uploads\/2024\/12\/Dobczyce-2017_03_III-etap_0254-300x200.jpg\" data-width=\"300\" data-height=\"200\" alt=\"Dobczyce 2017 03 III etap 0254\" ><\/div>\n\t\t\t\t\t\t\t\t\t\t\t<div class=\"elementor-gallery-item__overlay\"><\/div>\n\t\t\t\t\t\t\t\t\t\t\t\t\t\t<\/a>\n\t\t\t\t\t\t\t<a class=\"e-gallery-item elementor-gallery-item elementor-animated-content\" href=\"https:\/\/wlkskrakus.pl\/kolarstwo\/wp-content\/uploads\/2024\/12\/Dobczyce-2017_03_III-etap_0262.jpg\" data-elementor-open-lightbox=\"yes\" data-elementor-lightbox-slideshow=\"all-8c57d25\" data-elementor-lightbox-title=\"Dobczyce 2017 03 III etap 0262\" data-e-action-hash=\"#elementor-action%3Aaction%3Dlightbox%26settings%3DeyJpZCI6NjkzOSwidXJsIjoiaHR0cHM6XC9cL3dsa3NrcmFrdXMucGxcL2tvbGFyc3R3b1wvd3AtY29udGVudFwvdXBsb2Fkc1wvMjAyNFwvMTJcL0RvYmN6eWNlLTIwMTdfMDNfSUlJLWV0YXBfMDI2Mi5qcGciLCJzbGlkZXNob3ciOiJhbGwtOGM1N2QyNSJ9\">\n\t\t\t\t\t<div class=\"e-gallery-image elementor-gallery-item__image\" data-thumbnail=\"https:\/\/wlkskrakus.pl\/kolarstwo\/wp-content\/uploads\/2024\/12\/Dobczyce-2017_03_III-etap_0262-300x200.jpg\" data-width=\"300\" data-height=\"200\" alt=\"Dobczyce 2017 03 III etap 0262\" ><\/div>\n\t\t\t\t\t\t\t\t\t\t\t<div class=\"elementor-gallery-item__overlay\"><\/div>\n\t\t\t\t\t\t\t\t\t\t\t\t\t\t<\/a>\n\t\t\t\t\t\t\t<a class=\"e-gallery-item elementor-gallery-item elementor-animated-content\" href=\"https:\/\/wlkskrakus.pl\/kolarstwo\/wp-content\/uploads\/2024\/12\/Dobczyce-2017_03_III-etap_0271.jpg\" data-elementor-open-lightbox=\"yes\" data-elementor-lightbox-slideshow=\"all-8c57d25\" data-elementor-lightbox-title=\"Dobczyce 2017 03 III etap 0271\" data-e-action-hash=\"#elementor-action%3Aaction%3Dlightbox%26settings%3DeyJpZCI6Njk0MCwidXJsIjoiaHR0cHM6XC9cL3dsa3NrcmFrdXMucGxcL2tvbGFyc3R3b1wvd3AtY29udGVudFwvdXBsb2Fkc1wvMjAyNFwvMTJcL0RvYmN6eWNlLTIwMTdfMDNfSUlJLWV0YXBfMDI3MS5qcGciLCJzbGlkZXNob3ciOiJhbGwtOGM1N2QyNSJ9\">\n\t\t\t\t\t<div class=\"e-gallery-image elementor-gallery-item__image\" data-thumbnail=\"https:\/\/wlkskrakus.pl\/kolarstwo\/wp-content\/uploads\/2024\/12\/Dobczyce-2017_03_III-etap_0271-300x200.jpg\" data-width=\"300\" data-height=\"200\" alt=\"Dobczyce 2017 03 III etap 0271\" ><\/div>\n\t\t\t\t\t\t\t\t\t\t\t<div class=\"elementor-gallery-item__overlay\"><\/div>\n\t\t\t\t\t\t\t\t\t\t\t\t\t\t<\/a>\n\t\t\t\t\t\t\t<a class=\"e-gallery-item elementor-gallery-item elementor-animated-content\" href=\"https:\/\/wlkskrakus.pl\/kolarstwo\/wp-content\/uploads\/2024\/12\/Dobczyce-2017_03_III-etap_0277.jpg\" data-elementor-open-lightbox=\"yes\" data-elementor-lightbox-slideshow=\"all-8c57d25\" data-elementor-lightbox-title=\"Dobczyce 2017 03 III etap 0277\" data-e-action-hash=\"#elementor-action%3Aaction%3Dlightbox%26settings%3DeyJpZCI6Njk0MSwidXJsIjoiaHR0cHM6XC9cL3dsa3NrcmFrdXMucGxcL2tvbGFyc3R3b1wvd3AtY29udGVudFwvdXBsb2Fkc1wvMjAyNFwvMTJcL0RvYmN6eWNlLTIwMTdfMDNfSUlJLWV0YXBfMDI3Ny5qcGciLCJzbGlkZXNob3ciOiJhbGwtOGM1N2QyNSJ9\">\n\t\t\t\t\t<div class=\"e-gallery-image elementor-gallery-item__image\" data-thumbnail=\"https:\/\/wlkskrakus.pl\/kolarstwo\/wp-content\/uploads\/2024\/12\/Dobczyce-2017_03_III-etap_0277-300x200.jpg\" data-width=\"300\" data-height=\"200\" alt=\"Dobczyce 2017 03 III etap 0277\" ><\/div>\n\t\t\t\t\t\t\t\t\t\t\t<div class=\"elementor-gallery-item__overlay\"><\/div>\n\t\t\t\t\t\t\t\t\t\t\t\t\t\t<\/a>\n\t\t\t\t\t\t\t<a class=\"e-gallery-item elementor-gallery-item elementor-animated-content\" href=\"https:\/\/wlkskrakus.pl\/kolarstwo\/wp-content\/uploads\/2024\/12\/Dobczyce-2017_03_III-etap_0312.jpg\" data-elementor-open-lightbox=\"yes\" data-elementor-lightbox-slideshow=\"all-8c57d25\" data-elementor-lightbox-title=\"Dobczyce 2017 03 III etap 0312\" data-e-action-hash=\"#elementor-action%3Aaction%3Dlightbox%26settings%3DeyJpZCI6Njk0MiwidXJsIjoiaHR0cHM6XC9cL3dsa3NrcmFrdXMucGxcL2tvbGFyc3R3b1wvd3AtY29udGVudFwvdXBsb2Fkc1wvMjAyNFwvMTJcL0RvYmN6eWNlLTIwMTdfMDNfSUlJLWV0YXBfMDMxMi5qcGciLCJzbGlkZXNob3ciOiJhbGwtOGM1N2QyNSJ9\">\n\t\t\t\t\t<div class=\"e-gallery-image elementor-gallery-item__image\" data-thumbnail=\"https:\/\/wlkskrakus.pl\/kolarstwo\/wp-content\/uploads\/2024\/12\/Dobczyce-2017_03_III-etap_0312-300x200.jpg\" data-width=\"300\" data-height=\"200\" alt=\"Dobczyce 2017 03 III etap 0312\" ><\/div>\n\t\t\t\t\t\t\t\t\t\t\t<div class=\"elementor-gallery-item__overlay\"><\/div>\n\t\t\t\t\t\t\t\t\t\t\t\t\t\t<\/a>\n\t\t\t\t\t\t\t<a class=\"e-gallery-item elementor-gallery-item elementor-animated-content\" href=\"https:\/\/wlkskrakus.pl\/kolarstwo\/wp-content\/uploads\/2024\/12\/Dobczyce-2017_03_III-etap_0363.jpg\" data-elementor-open-lightbox=\"yes\" data-elementor-lightbox-slideshow=\"all-8c57d25\" data-elementor-lightbox-title=\"Dobczyce 2017 03 III etap 0363\" data-e-action-hash=\"#elementor-action%3Aaction%3Dlightbox%26settings%3DeyJpZCI6Njk0MywidXJsIjoiaHR0cHM6XC9cL3dsa3NrcmFrdXMucGxcL2tvbGFyc3R3b1wvd3AtY29udGVudFwvdXBsb2Fkc1wvMjAyNFwvMTJcL0RvYmN6eWNlLTIwMTdfMDNfSUlJLWV0YXBfMDM2My5qcGciLCJzbGlkZXNob3ciOiJhbGwtOGM1N2QyNSJ9\">\n\t\t\t\t\t<div class=\"e-gallery-image elementor-gallery-item__image\" data-thumbnail=\"https:\/\/wlkskrakus.pl\/kolarstwo\/wp-content\/uploads\/2024\/12\/Dobczyce-2017_03_III-etap_0363-300x200.jpg\" data-width=\"300\" data-height=\"200\" alt=\"Dobczyce 2017 03 III etap 0363\" ><\/div>\n\t\t\t\t\t\t\t\t\t\t\t<div class=\"elementor-gallery-item__overlay\"><\/div>\n\t\t\t\t\t\t\t\t\t\t\t\t\t\t<\/a>\n\t\t\t\t\t\t\t<a class=\"e-gallery-item elementor-gallery-item elementor-animated-content\" href=\"https:\/\/wlkskrakus.pl\/kolarstwo\/wp-content\/uploads\/2024\/12\/Dobczyce-2017_03_III-etap_0371.jpg\" data-elementor-open-lightbox=\"yes\" data-elementor-lightbox-slideshow=\"all-8c57d25\" data-elementor-lightbox-title=\"Dobczyce 2017 03 III etap 0371\" data-e-action-hash=\"#elementor-action%3Aaction%3Dlightbox%26settings%3DeyJpZCI6Njk0NCwidXJsIjoiaHR0cHM6XC9cL3dsa3NrcmFrdXMucGxcL2tvbGFyc3R3b1wvd3AtY29udGVudFwvdXBsb2Fkc1wvMjAyNFwvMTJcL0RvYmN6eWNlLTIwMTdfMDNfSUlJLWV0YXBfMDM3MS5qcGciLCJzbGlkZXNob3ciOiJhbGwtOGM1N2QyNSJ9\">\n\t\t\t\t\t<div class=\"e-gallery-image elementor-gallery-item__image\" data-thumbnail=\"https:\/\/wlkskrakus.pl\/kolarstwo\/wp-content\/uploads\/2024\/12\/Dobczyce-2017_03_III-etap_0371-300x169.jpg\" data-width=\"300\" data-height=\"169\" alt=\"Dobczyce 2017 03 III etap 0371\" ><\/div>\n\t\t\t\t\t\t\t\t\t\t\t<div class=\"elementor-gallery-item__overlay\"><\/div>\n\t\t\t\t\t\t\t\t\t\t\t\t\t\t<\/a>\n\t\t\t\t\t\t\t<a class=\"e-gallery-item elementor-gallery-item elementor-animated-content\" href=\"https:\/\/wlkskrakus.pl\/kolarstwo\/wp-content\/uploads\/2024\/12\/Dobczyce-2017_03_III-etap_0389.jpg\" data-elementor-open-lightbox=\"yes\" data-elementor-lightbox-slideshow=\"all-8c57d25\" data-elementor-lightbox-title=\"Dobczyce 2017 03 III etap 0389\" data-e-action-hash=\"#elementor-action%3Aaction%3Dlightbox%26settings%3DeyJpZCI6Njk0NiwidXJsIjoiaHR0cHM6XC9cL3dsa3NrcmFrdXMucGxcL2tvbGFyc3R3b1wvd3AtY29udGVudFwvdXBsb2Fkc1wvMjAyNFwvMTJcL0RvYmN6eWNlLTIwMTdfMDNfSUlJLWV0YXBfMDM4OS5qcGciLCJzbGlkZXNob3ciOiJhbGwtOGM1N2QyNSJ9\">\n\t\t\t\t\t<div class=\"e-gallery-image elementor-gallery-item__image\" data-thumbnail=\"https:\/\/wlkskrakus.pl\/kolarstwo\/wp-content\/uploads\/2024\/12\/Dobczyce-2017_03_III-etap_0389-300x169.jpg\" data-width=\"300\" data-height=\"169\" alt=\"Dobczyce 2017 03 III etap 0389\" ><\/div>\n\t\t\t\t\t\t\t\t\t\t\t<div class=\"elementor-gallery-item__overlay\"><\/div>\n\t\t\t\t\t\t\t\t\t\t\t\t\t\t<\/a>\n\t\t\t\t\t\t\t<a class=\"e-gallery-item elementor-gallery-item elementor-animated-content\" href=\"https:\/\/wlkskrakus.pl\/kolarstwo\/wp-content\/uploads\/2024\/12\/Dobczyce-2017_03_III-etap_0397.jpg\" data-elementor-open-lightbox=\"yes\" data-elementor-lightbox-slideshow=\"all-8c57d25\" data-elementor-lightbox-title=\"Dobczyce 2017 03 III etap 0397\" data-e-action-hash=\"#elementor-action%3Aaction%3Dlightbox%26settings%3DeyJpZCI6Njk0OCwidXJsIjoiaHR0cHM6XC9cL3dsa3NrcmFrdXMucGxcL2tvbGFyc3R3b1wvd3AtY29udGVudFwvdXBsb2Fkc1wvMjAyNFwvMTJcL0RvYmN6eWNlLTIwMTdfMDNfSUlJLWV0YXBfMDM5Ny5qcGciLCJzbGlkZXNob3ciOiJhbGwtOGM1N2QyNSJ9\">\n\t\t\t\t\t<div class=\"e-gallery-image elementor-gallery-item__image\" data-thumbnail=\"https:\/\/wlkskrakus.pl\/kolarstwo\/wp-content\/uploads\/2024\/12\/Dobczyce-2017_03_III-etap_0397-300x169.jpg\" data-width=\"300\" data-height=\"169\" alt=\"Dobczyce 2017 03 III etap 0397\" ><\/div>\n\t\t\t\t\t\t\t\t\t\t\t<div class=\"elementor-gallery-item__overlay\"><\/div>\n\t\t\t\t\t\t\t\t\t\t\t\t\t\t<\/a>\n\t\t\t\t\t\t\t<a class=\"e-gallery-item elementor-gallery-item elementor-animated-content\" href=\"https:\/\/wlkskrakus.pl\/kolarstwo\/wp-content\/uploads\/2024\/12\/Dobczyce-2017_03_III-etap_0421.jpg\" data-elementor-open-lightbox=\"yes\" data-elementor-lightbox-slideshow=\"all-8c57d25\" data-elementor-lightbox-title=\"Dobczyce 2017 03 III etap 0421\" data-e-action-hash=\"#elementor-action%3Aaction%3Dlightbox%26settings%3DeyJpZCI6Njk1MCwidXJsIjoiaHR0cHM6XC9cL3dsa3NrcmFrdXMucGxcL2tvbGFyc3R3b1wvd3AtY29udGVudFwvdXBsb2Fkc1wvMjAyNFwvMTJcL0RvYmN6eWNlLTIwMTdfMDNfSUlJLWV0YXBfMDQyMS5qcGciLCJzbGlkZXNob3ciOiJhbGwtOGM1N2QyNSJ9\">\n\t\t\t\t\t<div class=\"e-gallery-image elementor-gallery-item__image\" data-thumbnail=\"https:\/\/wlkskrakus.pl\/kolarstwo\/wp-content\/uploads\/2024\/12\/Dobczyce-2017_03_III-etap_0421-300x200.jpg\" data-width=\"300\" data-height=\"200\" alt=\"Dobczyce 2017 03 III etap 0421\" ><\/div>\n\t\t\t\t\t\t\t\t\t\t\t<div class=\"elementor-gallery-item__overlay\"><\/div>\n\t\t\t\t\t\t\t\t\t\t\t\t\t\t<\/a>\n\t\t\t\t\t\t\t<a class=\"e-gallery-item elementor-gallery-item elementor-animated-content\" href=\"https:\/\/wlkskrakus.pl\/kolarstwo\/wp-content\/uploads\/2024\/12\/Dobczyce-2017_03_III-etap_0443.jpg\" data-elementor-open-lightbox=\"yes\" data-elementor-lightbox-slideshow=\"all-8c57d25\" data-elementor-lightbox-title=\"Dobczyce 2017 03 III etap 0443\" data-e-action-hash=\"#elementor-action%3Aaction%3Dlightbox%26settings%3DeyJpZCI6Njk1MSwidXJsIjoiaHR0cHM6XC9cL3dsa3NrcmFrdXMucGxcL2tvbGFyc3R3b1wvd3AtY29udGVudFwvdXBsb2Fkc1wvMjAyNFwvMTJcL0RvYmN6eWNlLTIwMTdfMDNfSUlJLWV0YXBfMDQ0My5qcGciLCJzbGlkZXNob3ciOiJhbGwtOGM1N2QyNSJ9\">\n\t\t\t\t\t<div class=\"e-gallery-image elementor-gallery-item__image\" data-thumbnail=\"https:\/\/wlkskrakus.pl\/kolarstwo\/wp-content\/uploads\/2024\/12\/Dobczyce-2017_03_III-etap_0443-300x200.jpg\" data-width=\"300\" data-height=\"200\" alt=\"Dobczyce 2017 03 III etap 0443\" ><\/div>\n\t\t\t\t\t\t\t\t\t\t\t<div class=\"elementor-gallery-item__overlay\"><\/div>\n\t\t\t\t\t\t\t\t\t\t\t\t\t\t<\/a>\n\t\t\t\t\t\t\t<a class=\"e-gallery-item elementor-gallery-item elementor-animated-content\" href=\"https:\/\/wlkskrakus.pl\/kolarstwo\/wp-content\/uploads\/2024\/12\/Dobczyce-2017_03_III-etap_0459.jpg\" data-elementor-open-lightbox=\"yes\" data-elementor-lightbox-slideshow=\"all-8c57d25\" data-elementor-lightbox-title=\"Dobczyce 2017 03 III etap 0459\" data-e-action-hash=\"#elementor-action%3Aaction%3Dlightbox%26settings%3DeyJpZCI6Njk1MiwidXJsIjoiaHR0cHM6XC9cL3dsa3NrcmFrdXMucGxcL2tvbGFyc3R3b1wvd3AtY29udGVudFwvdXBsb2Fkc1wvMjAyNFwvMTJcL0RvYmN6eWNlLTIwMTdfMDNfSUlJLWV0YXBfMDQ1OS5qcGciLCJzbGlkZXNob3ciOiJhbGwtOGM1N2QyNSJ9\">\n\t\t\t\t\t<div class=\"e-gallery-image elementor-gallery-item__image\" data-thumbnail=\"https:\/\/wlkskrakus.pl\/kolarstwo\/wp-content\/uploads\/2024\/12\/Dobczyce-2017_03_III-etap_0459-300x188.jpg\" data-width=\"300\" data-height=\"188\" alt=\"Dobczyce 2017 03 III etap 0459\" ><\/div>\n\t\t\t\t\t\t\t\t\t\t\t<div class=\"elementor-gallery-item__overlay\"><\/div>\n\t\t\t\t\t\t\t\t\t\t\t\t\t\t<\/a>\n\t\t\t\t\t\t\t<a class=\"e-gallery-item elementor-gallery-item elementor-animated-content\" href=\"https:\/\/wlkskrakus.pl\/kolarstwo\/wp-content\/uploads\/2024\/12\/Dobczyce-2017_03_III-etap_0474.jpg\" data-elementor-open-lightbox=\"yes\" data-elementor-lightbox-slideshow=\"all-8c57d25\" data-elementor-lightbox-title=\"Dobczyce 2017 03 III etap 0474\" data-e-action-hash=\"#elementor-action%3Aaction%3Dlightbox%26settings%3DeyJpZCI6Njk1NCwidXJsIjoiaHR0cHM6XC9cL3dsa3NrcmFrdXMucGxcL2tvbGFyc3R3b1wvd3AtY29udGVudFwvdXBsb2Fkc1wvMjAyNFwvMTJcL0RvYmN6eWNlLTIwMTdfMDNfSUlJLWV0YXBfMDQ3NC5qcGciLCJzbGlkZXNob3ciOiJhbGwtOGM1N2QyNSJ9\">\n\t\t\t\t\t<div class=\"e-gallery-image elementor-gallery-item__image\" data-thumbnail=\"https:\/\/wlkskrakus.pl\/kolarstwo\/wp-content\/uploads\/2024\/12\/Dobczyce-2017_03_III-etap_0474-300x188.jpg\" data-width=\"300\" data-height=\"188\" alt=\"Dobczyce 2017 03 III etap 0474\" ><\/div>\n\t\t\t\t\t\t\t\t\t\t\t<div class=\"elementor-gallery-item__overlay\"><\/div>\n\t\t\t\t\t\t\t\t\t\t\t\t\t\t<\/a>\n\t\t\t\t\t\t\t<a class=\"e-gallery-item elementor-gallery-item elementor-animated-content\" href=\"https:\/\/wlkskrakus.pl\/kolarstwo\/wp-content\/uploads\/2024\/12\/Dobczyce-2017_03_III-etap_0503.jpg\" data-elementor-open-lightbox=\"yes\" data-elementor-lightbox-slideshow=\"all-8c57d25\" data-elementor-lightbox-title=\"Dobczyce 2017 03 III etap 0503\" data-e-action-hash=\"#elementor-action%3Aaction%3Dlightbox%26settings%3DeyJpZCI6Njk1NiwidXJsIjoiaHR0cHM6XC9cL3dsa3NrcmFrdXMucGxcL2tvbGFyc3R3b1wvd3AtY29udGVudFwvdXBsb2Fkc1wvMjAyNFwvMTJcL0RvYmN6eWNlLTIwMTdfMDNfSUlJLWV0YXBfMDUwMy5qcGciLCJzbGlkZXNob3ciOiJhbGwtOGM1N2QyNSJ9\">\n\t\t\t\t\t<div class=\"e-gallery-image elementor-gallery-item__image\" data-thumbnail=\"https:\/\/wlkskrakus.pl\/kolarstwo\/wp-content\/uploads\/2024\/12\/Dobczyce-2017_03_III-etap_0503-200x300.jpg\" data-width=\"200\" data-height=\"300\" alt=\"Dobczyce 2017 03 III etap 0503\" ><\/div>\n\t\t\t\t\t\t\t\t\t\t\t<div class=\"elementor-gallery-item__overlay\"><\/div>\n\t\t\t\t\t\t\t\t\t\t\t\t\t\t<\/a>\n\t\t\t\t\t\t\t<a class=\"e-gallery-item elementor-gallery-item elementor-animated-content\" href=\"https:\/\/wlkskrakus.pl\/kolarstwo\/wp-content\/uploads\/2024\/12\/Dobczyce-2017_03_III-etap_0518.jpg\" data-elementor-open-lightbox=\"yes\" data-elementor-lightbox-slideshow=\"all-8c57d25\" data-elementor-lightbox-title=\"Dobczyce 2017 03 III etap 0518\" data-e-action-hash=\"#elementor-action%3Aaction%3Dlightbox%26settings%3DeyJpZCI6Njk1NywidXJsIjoiaHR0cHM6XC9cL3dsa3NrcmFrdXMucGxcL2tvbGFyc3R3b1wvd3AtY29udGVudFwvdXBsb2Fkc1wvMjAyNFwvMTJcL0RvYmN6eWNlLTIwMTdfMDNfSUlJLWV0YXBfMDUxOC5qcGciLCJzbGlkZXNob3ciOiJhbGwtOGM1N2QyNSJ9\">\n\t\t\t\t\t<div class=\"e-gallery-image elementor-gallery-item__image\" data-thumbnail=\"https:\/\/wlkskrakus.pl\/kolarstwo\/wp-content\/uploads\/2024\/12\/Dobczyce-2017_03_III-etap_0518-300x169.jpg\" data-width=\"300\" data-height=\"169\" alt=\"Dobczyce 2017 03 III etap 0518\" ><\/div>\n\t\t\t\t\t\t\t\t\t\t\t<div class=\"elementor-gallery-item__overlay\"><\/div>\n\t\t\t\t\t\t\t\t\t\t\t\t\t\t<\/a>\n\t\t\t\t\t\t\t<a class=\"e-gallery-item elementor-gallery-item elementor-animated-content\" href=\"https:\/\/wlkskrakus.pl\/kolarstwo\/wp-content\/uploads\/2024\/12\/Dobczyce-2017_03_III-etap_0541.jpg\" data-elementor-open-lightbox=\"yes\" data-elementor-lightbox-slideshow=\"all-8c57d25\" data-elementor-lightbox-title=\"Dobczyce 2017 03 III etap 0541\" data-e-action-hash=\"#elementor-action%3Aaction%3Dlightbox%26settings%3DeyJpZCI6Njk1OSwidXJsIjoiaHR0cHM6XC9cL3dsa3NrcmFrdXMucGxcL2tvbGFyc3R3b1wvd3AtY29udGVudFwvdXBsb2Fkc1wvMjAyNFwvMTJcL0RvYmN6eWNlLTIwMTdfMDNfSUlJLWV0YXBfMDU0MS5qcGciLCJzbGlkZXNob3ciOiJhbGwtOGM1N2QyNSJ9\">\n\t\t\t\t\t<div class=\"e-gallery-image elementor-gallery-item__image\" data-thumbnail=\"https:\/\/wlkskrakus.pl\/kolarstwo\/wp-content\/uploads\/2024\/12\/Dobczyce-2017_03_III-etap_0541-300x169.jpg\" data-width=\"300\" data-height=\"169\" alt=\"Dobczyce 2017 03 III etap 0541\" ><\/div>\n\t\t\t\t\t\t\t\t\t\t\t<div class=\"elementor-gallery-item__overlay\"><\/div>\n\t\t\t\t\t\t\t\t\t\t\t\t\t\t<\/a>\n\t\t\t\t\t\t\t<a class=\"e-gallery-item elementor-gallery-item elementor-animated-content\" href=\"https:\/\/wlkskrakus.pl\/kolarstwo\/wp-content\/uploads\/2024\/12\/Dobczyce-2017_03_III-etap_0569.jpg\" data-elementor-open-lightbox=\"yes\" data-elementor-lightbox-slideshow=\"all-8c57d25\" data-elementor-lightbox-title=\"Dobczyce 2017 03 III etap 0569\" data-e-action-hash=\"#elementor-action%3Aaction%3Dlightbox%26settings%3DeyJpZCI6Njk2MSwidXJsIjoiaHR0cHM6XC9cL3dsa3NrcmFrdXMucGxcL2tvbGFyc3R3b1wvd3AtY29udGVudFwvdXBsb2Fkc1wvMjAyNFwvMTJcL0RvYmN6eWNlLTIwMTdfMDNfSUlJLWV0YXBfMDU2OS5qcGciLCJzbGlkZXNob3ciOiJhbGwtOGM1N2QyNSJ9\">\n\t\t\t\t\t<div class=\"e-gallery-image elementor-gallery-item__image\" data-thumbnail=\"https:\/\/wlkskrakus.pl\/kolarstwo\/wp-content\/uploads\/2024\/12\/Dobczyce-2017_03_III-etap_0569-300x200.jpg\" data-width=\"300\" data-height=\"200\" alt=\"Dobczyce 2017 03 III etap 0569\" ><\/div>\n\t\t\t\t\t\t\t\t\t\t\t<div class=\"elementor-gallery-item__overlay\"><\/div>\n\t\t\t\t\t\t\t\t\t\t\t\t\t\t<\/a>\n\t\t\t\t\t\t\t<a class=\"e-gallery-item elementor-gallery-item elementor-animated-content\" href=\"https:\/\/wlkskrakus.pl\/kolarstwo\/wp-content\/uploads\/2024\/12\/Dobczyce-2017_03_III-etap_0577.jpg\" data-elementor-open-lightbox=\"yes\" data-elementor-lightbox-slideshow=\"all-8c57d25\" data-elementor-lightbox-title=\"Dobczyce 2017 03 III etap 0577\" data-e-action-hash=\"#elementor-action%3Aaction%3Dlightbox%26settings%3DeyJpZCI6Njk2MiwidXJsIjoiaHR0cHM6XC9cL3dsa3NrcmFrdXMucGxcL2tvbGFyc3R3b1wvd3AtY29udGVudFwvdXBsb2Fkc1wvMjAyNFwvMTJcL0RvYmN6eWNlLTIwMTdfMDNfSUlJLWV0YXBfMDU3Ny5qcGciLCJzbGlkZXNob3ciOiJhbGwtOGM1N2QyNSJ9\">\n\t\t\t\t\t<div class=\"e-gallery-image elementor-gallery-item__image\" data-thumbnail=\"https:\/\/wlkskrakus.pl\/kolarstwo\/wp-content\/uploads\/2024\/12\/Dobczyce-2017_03_III-etap_0577-300x200.jpg\" data-width=\"300\" data-height=\"200\" alt=\"Dobczyce 2017 03 III etap 0577\" ><\/div>\n\t\t\t\t\t\t\t\t\t\t\t<div class=\"elementor-gallery-item__overlay\"><\/div>\n\t\t\t\t\t\t\t\t\t\t\t\t\t\t<\/a>\n\t\t\t\t\t\t\t<a class=\"e-gallery-item elementor-gallery-item elementor-animated-content\" href=\"https:\/\/wlkskrakus.pl\/kolarstwo\/wp-content\/uploads\/2024\/12\/Dobczyce-2017_03_III-etap_0592.jpg\" data-elementor-open-lightbox=\"yes\" data-elementor-lightbox-slideshow=\"all-8c57d25\" data-elementor-lightbox-title=\"Dobczyce 2017 03 III etap 0592\" data-e-action-hash=\"#elementor-action%3Aaction%3Dlightbox%26settings%3DeyJpZCI6Njk2MywidXJsIjoiaHR0cHM6XC9cL3dsa3NrcmFrdXMucGxcL2tvbGFyc3R3b1wvd3AtY29udGVudFwvdXBsb2Fkc1wvMjAyNFwvMTJcL0RvYmN6eWNlLTIwMTdfMDNfSUlJLWV0YXBfMDU5Mi5qcGciLCJzbGlkZXNob3ciOiJhbGwtOGM1N2QyNSJ9\">\n\t\t\t\t\t<div class=\"e-gallery-image elementor-gallery-item__image\" data-thumbnail=\"https:\/\/wlkskrakus.pl\/kolarstwo\/wp-content\/uploads\/2024\/12\/Dobczyce-2017_03_III-etap_0592-300x200.jpg\" data-width=\"300\" data-height=\"200\" alt=\"Dobczyce 2017 03 III etap 0592\" ><\/div>\n\t\t\t\t\t\t\t\t\t\t\t<div class=\"elementor-gallery-item__overlay\"><\/div>\n\t\t\t\t\t\t\t\t\t\t\t\t\t\t<\/a>\n\t\t\t\t\t\t\t<a class=\"e-gallery-item elementor-gallery-item elementor-animated-content\" href=\"https:\/\/wlkskrakus.pl\/kolarstwo\/wp-content\/uploads\/2024\/12\/Dobczyce-2017_03_III-etap_0594.jpg\" data-elementor-open-lightbox=\"yes\" data-elementor-lightbox-slideshow=\"all-8c57d25\" data-elementor-lightbox-title=\"Dobczyce 2017 03 III etap 0594\" data-e-action-hash=\"#elementor-action%3Aaction%3Dlightbox%26settings%3DeyJpZCI6Njk2NSwidXJsIjoiaHR0cHM6XC9cL3dsa3NrcmFrdXMucGxcL2tvbGFyc3R3b1wvd3AtY29udGVudFwvdXBsb2Fkc1wvMjAyNFwvMTJcL0RvYmN6eWNlLTIwMTdfMDNfSUlJLWV0YXBfMDU5NC5qcGciLCJzbGlkZXNob3ciOiJhbGwtOGM1N2QyNSJ9\">\n\t\t\t\t\t<div class=\"e-gallery-image elementor-gallery-item__image\" data-thumbnail=\"https:\/\/wlkskrakus.pl\/kolarstwo\/wp-content\/uploads\/2024\/12\/Dobczyce-2017_03_III-etap_0594-300x200.jpg\" data-width=\"300\" data-height=\"200\" alt=\"Dobczyce 2017 03 III etap 0594\" ><\/div>\n\t\t\t\t\t\t\t\t\t\t\t<div class=\"elementor-gallery-item__overlay\"><\/div>\n\t\t\t\t\t\t\t\t\t\t\t\t\t\t<\/a>\n\t\t\t\t\t\t\t<a class=\"e-gallery-item elementor-gallery-item elementor-animated-content\" href=\"https:\/\/wlkskrakus.pl\/kolarstwo\/wp-content\/uploads\/2024\/12\/Dobczyce-2017_03_III-etap_0612.jpg\" data-elementor-open-lightbox=\"yes\" data-elementor-lightbox-slideshow=\"all-8c57d25\" data-elementor-lightbox-title=\"Dobczyce 2017 03 III etap 0612\" data-e-action-hash=\"#elementor-action%3Aaction%3Dlightbox%26settings%3DeyJpZCI6Njk2NiwidXJsIjoiaHR0cHM6XC9cL3dsa3NrcmFrdXMucGxcL2tvbGFyc3R3b1wvd3AtY29udGVudFwvdXBsb2Fkc1wvMjAyNFwvMTJcL0RvYmN6eWNlLTIwMTdfMDNfSUlJLWV0YXBfMDYxMi5qcGciLCJzbGlkZXNob3ciOiJhbGwtOGM1N2QyNSJ9\">\n\t\t\t\t\t<div class=\"e-gallery-image elementor-gallery-item__image\" data-thumbnail=\"https:\/\/wlkskrakus.pl\/kolarstwo\/wp-content\/uploads\/2024\/12\/Dobczyce-2017_03_III-etap_0612-300x169.jpg\" data-width=\"300\" data-height=\"169\" alt=\"Dobczyce 2017 03 III etap 0612\" ><\/div>\n\t\t\t\t\t\t\t\t\t\t\t<div class=\"elementor-gallery-item__overlay\"><\/div>\n\t\t\t\t\t\t\t\t\t\t\t\t\t\t<\/a>\n\t\t\t\t\t\t\t<a class=\"e-gallery-item elementor-gallery-item elementor-animated-content\" href=\"https:\/\/wlkskrakus.pl\/kolarstwo\/wp-content\/uploads\/2024\/12\/Dobczyce-2017_03_III-etap_0627.jpg\" data-elementor-open-lightbox=\"yes\" data-elementor-lightbox-slideshow=\"all-8c57d25\" data-elementor-lightbox-title=\"Dobczyce 2017 03 III etap 0627\" data-e-action-hash=\"#elementor-action%3Aaction%3Dlightbox%26settings%3DeyJpZCI6Njk2OCwidXJsIjoiaHR0cHM6XC9cL3dsa3NrcmFrdXMucGxcL2tvbGFyc3R3b1wvd3AtY29udGVudFwvdXBsb2Fkc1wvMjAyNFwvMTJcL0RvYmN6eWNlLTIwMTdfMDNfSUlJLWV0YXBfMDYyNy5qcGciLCJzbGlkZXNob3ciOiJhbGwtOGM1N2QyNSJ9\">\n\t\t\t\t\t<div class=\"e-gallery-image elementor-gallery-item__image\" data-thumbnail=\"https:\/\/wlkskrakus.pl\/kolarstwo\/wp-content\/uploads\/2024\/12\/Dobczyce-2017_03_III-etap_0627-300x200.jpg\" data-width=\"300\" data-height=\"200\" alt=\"Dobczyce 2017 03 III etap 0627\" ><\/div>\n\t\t\t\t\t\t\t\t\t\t\t<div class=\"elementor-gallery-item__overlay\"><\/div>\n\t\t\t\t\t\t\t\t\t\t\t\t\t\t<\/a>\n\t\t\t\t\t\t\t<a class=\"e-gallery-item elementor-gallery-item elementor-animated-content\" href=\"https:\/\/wlkskrakus.pl\/kolarstwo\/wp-content\/uploads\/2024\/12\/Dobczyce-2017_03_III-etap_0662.jpg\" data-elementor-open-lightbox=\"yes\" data-elementor-lightbox-slideshow=\"all-8c57d25\" data-elementor-lightbox-title=\"Dobczyce 2017 03 III etap 0662\" data-e-action-hash=\"#elementor-action%3Aaction%3Dlightbox%26settings%3DeyJpZCI6Njk2OSwidXJsIjoiaHR0cHM6XC9cL3dsa3NrcmFrdXMucGxcL2tvbGFyc3R3b1wvd3AtY29udGVudFwvdXBsb2Fkc1wvMjAyNFwvMTJcL0RvYmN6eWNlLTIwMTdfMDNfSUlJLWV0YXBfMDY2Mi5qcGciLCJzbGlkZXNob3ciOiJhbGwtOGM1N2QyNSJ9\">\n\t\t\t\t\t<div class=\"e-gallery-image elementor-gallery-item__image\" data-thumbnail=\"https:\/\/wlkskrakus.pl\/kolarstwo\/wp-content\/uploads\/2024\/12\/Dobczyce-2017_03_III-etap_0662-300x200.jpg\" data-width=\"300\" data-height=\"200\" alt=\"Dobczyce 2017 03 III etap 0662\" ><\/div>\n\t\t\t\t\t\t\t\t\t\t\t<div class=\"elementor-gallery-item__overlay\"><\/div>\n\t\t\t\t\t\t\t\t\t\t\t\t\t\t<\/a>\n\t\t\t\t\t\t\t<a class=\"e-gallery-item elementor-gallery-item elementor-animated-content\" href=\"https:\/\/wlkskrakus.pl\/kolarstwo\/wp-content\/uploads\/2024\/12\/Dobczyce-2017_03_III-etap_0687.jpg\" data-elementor-open-lightbox=\"yes\" data-elementor-lightbox-slideshow=\"all-8c57d25\" data-elementor-lightbox-title=\"Dobczyce 2017 03 III etap 0687\" data-e-action-hash=\"#elementor-action%3Aaction%3Dlightbox%26settings%3DeyJpZCI6Njk3MiwidXJsIjoiaHR0cHM6XC9cL3dsa3NrcmFrdXMucGxcL2tvbGFyc3R3b1wvd3AtY29udGVudFwvdXBsb2Fkc1wvMjAyNFwvMTJcL0RvYmN6eWNlLTIwMTdfMDNfSUlJLWV0YXBfMDY4Ny5qcGciLCJzbGlkZXNob3ciOiJhbGwtOGM1N2QyNSJ9\">\n\t\t\t\t\t<div class=\"e-gallery-image elementor-gallery-item__image\" data-thumbnail=\"https:\/\/wlkskrakus.pl\/kolarstwo\/wp-content\/uploads\/2024\/12\/Dobczyce-2017_03_III-etap_0687-300x169.jpg\" data-width=\"300\" data-height=\"169\" alt=\"Dobczyce 2017 03 III etap 0687\" ><\/div>\n\t\t\t\t\t\t\t\t\t\t\t<div class=\"elementor-gallery-item__overlay\"><\/div>\n\t\t\t\t\t\t\t\t\t\t\t\t\t\t<\/a>\n\t\t\t\t\t\t\t<a class=\"e-gallery-item elementor-gallery-item elementor-animated-content\" href=\"https:\/\/wlkskrakus.pl\/kolarstwo\/wp-content\/uploads\/2024\/12\/Dobczyce-2017_03_III-etap_0711.jpg\" data-elementor-open-lightbox=\"yes\" data-elementor-lightbox-slideshow=\"all-8c57d25\" data-elementor-lightbox-title=\"Dobczyce 2017 03 III etap 0711\" data-e-action-hash=\"#elementor-action%3Aaction%3Dlightbox%26settings%3DeyJpZCI6Njk3MywidXJsIjoiaHR0cHM6XC9cL3dsa3NrcmFrdXMucGxcL2tvbGFyc3R3b1wvd3AtY29udGVudFwvdXBsb2Fkc1wvMjAyNFwvMTJcL0RvYmN6eWNlLTIwMTdfMDNfSUlJLWV0YXBfMDcxMS5qcGciLCJzbGlkZXNob3ciOiJhbGwtOGM1N2QyNSJ9\">\n\t\t\t\t\t<div class=\"e-gallery-image elementor-gallery-item__image\" data-thumbnail=\"https:\/\/wlkskrakus.pl\/kolarstwo\/wp-content\/uploads\/2024\/12\/Dobczyce-2017_03_III-etap_0711-300x131.jpg\" data-width=\"300\" data-height=\"131\" alt=\"Dobczyce 2017 03 III etap 0711\" ><\/div>\n\t\t\t\t\t\t\t\t\t\t\t<div class=\"elementor-gallery-item__overlay\"><\/div>\n\t\t\t\t\t\t\t\t\t\t\t\t\t\t<\/a>\n\t\t\t\t\t\t\t<a class=\"e-gallery-item elementor-gallery-item elementor-animated-content\" href=\"https:\/\/wlkskrakus.pl\/kolarstwo\/wp-content\/uploads\/2024\/12\/Dobczyce-2017_03_III-etap_0730.jpg\" data-elementor-open-lightbox=\"yes\" data-elementor-lightbox-slideshow=\"all-8c57d25\" data-elementor-lightbox-title=\"Dobczyce 2017 03 III etap 0730\" data-e-action-hash=\"#elementor-action%3Aaction%3Dlightbox%26settings%3DeyJpZCI6Njk3NCwidXJsIjoiaHR0cHM6XC9cL3dsa3NrcmFrdXMucGxcL2tvbGFyc3R3b1wvd3AtY29udGVudFwvdXBsb2Fkc1wvMjAyNFwvMTJcL0RvYmN6eWNlLTIwMTdfMDNfSUlJLWV0YXBfMDczMC5qcGciLCJzbGlkZXNob3ciOiJhbGwtOGM1N2QyNSJ9\">\n\t\t\t\t\t<div class=\"e-gallery-image elementor-gallery-item__image\" data-thumbnail=\"https:\/\/wlkskrakus.pl\/kolarstwo\/wp-content\/uploads\/2024\/12\/Dobczyce-2017_03_III-etap_0730-300x200.jpg\" data-width=\"300\" data-height=\"200\" alt=\"Dobczyce 2017 03 III etap 0730\" ><\/div>\n\t\t\t\t\t\t\t\t\t\t\t<div class=\"elementor-gallery-item__overlay\"><\/div>\n\t\t\t\t\t\t\t\t\t\t\t\t\t\t<\/a>\n\t\t\t\t\t\t\t<a class=\"e-gallery-item elementor-gallery-item elementor-animated-content\" href=\"https:\/\/wlkskrakus.pl\/kolarstwo\/wp-content\/uploads\/2024\/12\/Dobczyce-2017_03_III-etap_0747.jpg\" data-elementor-open-lightbox=\"yes\" data-elementor-lightbox-slideshow=\"all-8c57d25\" data-elementor-lightbox-title=\"Dobczyce 2017 03 III etap 0747\" data-e-action-hash=\"#elementor-action%3Aaction%3Dlightbox%26settings%3DeyJpZCI6Njk3NiwidXJsIjoiaHR0cHM6XC9cL3dsa3NrcmFrdXMucGxcL2tvbGFyc3R3b1wvd3AtY29udGVudFwvdXBsb2Fkc1wvMjAyNFwvMTJcL0RvYmN6eWNlLTIwMTdfMDNfSUlJLWV0YXBfMDc0Ny5qcGciLCJzbGlkZXNob3ciOiJhbGwtOGM1N2QyNSJ9\">\n\t\t\t\t\t<div class=\"e-gallery-image elementor-gallery-item__image\" data-thumbnail=\"https:\/\/wlkskrakus.pl\/kolarstwo\/wp-content\/uploads\/2024\/12\/Dobczyce-2017_03_III-etap_0747-300x188.jpg\" data-width=\"300\" data-height=\"188\" alt=\"Dobczyce 2017 03 III etap 0747\" ><\/div>\n\t\t\t\t\t\t\t\t\t\t\t<div class=\"elementor-gallery-item__overlay\"><\/div>\n\t\t\t\t\t\t\t\t\t\t\t\t\t\t<\/a>\n\t\t\t\t\t\t\t<a class=\"e-gallery-item elementor-gallery-item elementor-animated-content\" href=\"https:\/\/wlkskrakus.pl\/kolarstwo\/wp-content\/uploads\/2024\/12\/Dobczyce-2017_03_III-etap_0760.jpg\" data-elementor-open-lightbox=\"yes\" data-elementor-lightbox-slideshow=\"all-8c57d25\" data-elementor-lightbox-title=\"Dobczyce 2017 03 III etap 0760\" data-e-action-hash=\"#elementor-action%3Aaction%3Dlightbox%26settings%3DeyJpZCI6Njk3OCwidXJsIjoiaHR0cHM6XC9cL3dsa3NrcmFrdXMucGxcL2tvbGFyc3R3b1wvd3AtY29udGVudFwvdXBsb2Fkc1wvMjAyNFwvMTJcL0RvYmN6eWNlLTIwMTdfMDNfSUlJLWV0YXBfMDc2MC5qcGciLCJzbGlkZXNob3ciOiJhbGwtOGM1N2QyNSJ9\">\n\t\t\t\t\t<div class=\"e-gallery-image elementor-gallery-item__image\" data-thumbnail=\"https:\/\/wlkskrakus.pl\/kolarstwo\/wp-content\/uploads\/2024\/12\/Dobczyce-2017_03_III-etap_0760-300x169.jpg\" data-width=\"300\" data-height=\"169\" alt=\"Dobczyce 2017 03 III etap 0760\" ><\/div>\n\t\t\t\t\t\t\t\t\t\t\t<div class=\"elementor-gallery-item__overlay\"><\/div>\n\t\t\t\t\t\t\t\t\t\t\t\t\t\t<\/a>\n\t\t\t\t\t\t\t<a class=\"e-gallery-item elementor-gallery-item elementor-animated-content\" href=\"https:\/\/wlkskrakus.pl\/kolarstwo\/wp-content\/uploads\/2024\/12\/Dobczyce-2017_03_III-etap_0797.jpg\" data-elementor-open-lightbox=\"yes\" data-elementor-lightbox-slideshow=\"all-8c57d25\" data-elementor-lightbox-title=\"Dobczyce 2017 03 III etap 0797\" data-e-action-hash=\"#elementor-action%3Aaction%3Dlightbox%26settings%3DeyJpZCI6Njk3OSwidXJsIjoiaHR0cHM6XC9cL3dsa3NrcmFrdXMucGxcL2tvbGFyc3R3b1wvd3AtY29udGVudFwvdXBsb2Fkc1wvMjAyNFwvMTJcL0RvYmN6eWNlLTIwMTdfMDNfSUlJLWV0YXBfMDc5Ny5qcGciLCJzbGlkZXNob3ciOiJhbGwtOGM1N2QyNSJ9\">\n\t\t\t\t\t<div class=\"e-gallery-image elementor-gallery-item__image\" data-thumbnail=\"https:\/\/wlkskrakus.pl\/kolarstwo\/wp-content\/uploads\/2024\/12\/Dobczyce-2017_03_III-etap_0797-300x188.jpg\" data-width=\"300\" data-height=\"188\" alt=\"Dobczyce 2017 03 III etap 0797\" ><\/div>\n\t\t\t\t\t\t\t\t\t\t\t<div class=\"elementor-gallery-item__overlay\"><\/div>\n\t\t\t\t\t\t\t\t\t\t\t\t\t\t<\/a>\n\t\t\t\t\t\t\t<a class=\"e-gallery-item elementor-gallery-item elementor-animated-content\" href=\"https:\/\/wlkskrakus.pl\/kolarstwo\/wp-content\/uploads\/2024\/12\/Dobczyce-2017_03_III-etap_0817.jpg\" data-elementor-open-lightbox=\"yes\" data-elementor-lightbox-slideshow=\"all-8c57d25\" data-elementor-lightbox-title=\"Dobczyce 2017 03 III etap 0817\" data-e-action-hash=\"#elementor-action%3Aaction%3Dlightbox%26settings%3DeyJpZCI6Njk4MCwidXJsIjoiaHR0cHM6XC9cL3dsa3NrcmFrdXMucGxcL2tvbGFyc3R3b1wvd3AtY29udGVudFwvdXBsb2Fkc1wvMjAyNFwvMTJcL0RvYmN6eWNlLTIwMTdfMDNfSUlJLWV0YXBfMDgxNy5qcGciLCJzbGlkZXNob3ciOiJhbGwtOGM1N2QyNSJ9\">\n\t\t\t\t\t<div class=\"e-gallery-image elementor-gallery-item__image\" data-thumbnail=\"https:\/\/wlkskrakus.pl\/kolarstwo\/wp-content\/uploads\/2024\/12\/Dobczyce-2017_03_III-etap_0817-300x200.jpg\" data-width=\"300\" data-height=\"200\" alt=\"Dobczyce 2017 03 III etap 0817\" ><\/div>\n\t\t\t\t\t\t\t\t\t\t\t<div class=\"elementor-gallery-item__overlay\"><\/div>\n\t\t\t\t\t\t\t\t\t\t\t\t\t\t<\/a>\n\t\t\t\t\t\t\t<a class=\"e-gallery-item elementor-gallery-item elementor-animated-content\" href=\"https:\/\/wlkskrakus.pl\/kolarstwo\/wp-content\/uploads\/2024\/12\/Dobczyce-2017_03_III-etap_0837.jpg\" data-elementor-open-lightbox=\"yes\" data-elementor-lightbox-slideshow=\"all-8c57d25\" data-elementor-lightbox-title=\"Dobczyce 2017 03 III etap 0837\" data-e-action-hash=\"#elementor-action%3Aaction%3Dlightbox%26settings%3DeyJpZCI6Njk4MywidXJsIjoiaHR0cHM6XC9cL3dsa3NrcmFrdXMucGxcL2tvbGFyc3R3b1wvd3AtY29udGVudFwvdXBsb2Fkc1wvMjAyNFwvMTJcL0RvYmN6eWNlLTIwMTdfMDNfSUlJLWV0YXBfMDgzNy5qcGciLCJzbGlkZXNob3ciOiJhbGwtOGM1N2QyNSJ9\">\n\t\t\t\t\t<div class=\"e-gallery-image elementor-gallery-item__image\" data-thumbnail=\"https:\/\/wlkskrakus.pl\/kolarstwo\/wp-content\/uploads\/2024\/12\/Dobczyce-2017_03_III-etap_0837-300x188.jpg\" data-width=\"300\" data-height=\"188\" alt=\"Dobczyce 2017 03 III etap 0837\" ><\/div>\n\t\t\t\t\t\t\t\t\t\t\t<div class=\"elementor-gallery-item__overlay\"><\/div>\n\t\t\t\t\t\t\t\t\t\t\t\t\t\t<\/a>\n\t\t\t\t\t\t\t<a class=\"e-gallery-item elementor-gallery-item elementor-animated-content\" href=\"https:\/\/wlkskrakus.pl\/kolarstwo\/wp-content\/uploads\/2024\/12\/Dobczyce-2017_03_III-etap_0850.jpg\" data-elementor-open-lightbox=\"yes\" data-elementor-lightbox-slideshow=\"all-8c57d25\" data-elementor-lightbox-title=\"Dobczyce 2017 03 III etap 0850\" data-e-action-hash=\"#elementor-action%3Aaction%3Dlightbox%26settings%3DeyJpZCI6Njk4NCwidXJsIjoiaHR0cHM6XC9cL3dsa3NrcmFrdXMucGxcL2tvbGFyc3R3b1wvd3AtY29udGVudFwvdXBsb2Fkc1wvMjAyNFwvMTJcL0RvYmN6eWNlLTIwMTdfMDNfSUlJLWV0YXBfMDg1MC5qcGciLCJzbGlkZXNob3ciOiJhbGwtOGM1N2QyNSJ9\">\n\t\t\t\t\t<div class=\"e-gallery-image elementor-gallery-item__image\" data-thumbnail=\"https:\/\/wlkskrakus.pl\/kolarstwo\/wp-content\/uploads\/2024\/12\/Dobczyce-2017_03_III-etap_0850-300x169.jpg\" data-width=\"300\" data-height=\"169\" alt=\"Dobczyce 2017 03 III etap 0850\" ><\/div>\n\t\t\t\t\t\t\t\t\t\t\t<div class=\"elementor-gallery-item__overlay\"><\/div>\n\t\t\t\t\t\t\t\t\t\t\t\t\t\t<\/a>\n\t\t\t\t\t\t\t<a class=\"e-gallery-item elementor-gallery-item elementor-animated-content\" href=\"https:\/\/wlkskrakus.pl\/kolarstwo\/wp-content\/uploads\/2024\/12\/Dobczyce-2017_03_III-etap_0856.jpg\" data-elementor-open-lightbox=\"yes\" data-elementor-lightbox-slideshow=\"all-8c57d25\" data-elementor-lightbox-title=\"Dobczyce 2017 03 III etap 0856\" data-e-action-hash=\"#elementor-action%3Aaction%3Dlightbox%26settings%3DeyJpZCI6Njk4NSwidXJsIjoiaHR0cHM6XC9cL3dsa3NrcmFrdXMucGxcL2tvbGFyc3R3b1wvd3AtY29udGVudFwvdXBsb2Fkc1wvMjAyNFwvMTJcL0RvYmN6eWNlLTIwMTdfMDNfSUlJLWV0YXBfMDg1Ni5qcGciLCJzbGlkZXNob3ciOiJhbGwtOGM1N2QyNSJ9\">\n\t\t\t\t\t<div class=\"e-gallery-image elementor-gallery-item__image\" data-thumbnail=\"https:\/\/wlkskrakus.pl\/kolarstwo\/wp-content\/uploads\/2024\/12\/Dobczyce-2017_03_III-etap_0856-300x169.jpg\" data-width=\"300\" data-height=\"169\" alt=\"Dobczyce 2017 03 III etap 0856\" ><\/div>\n\t\t\t\t\t\t\t\t\t\t\t<div class=\"elementor-gallery-item__overlay\"><\/div>\n\t\t\t\t\t\t\t\t\t\t\t\t\t\t<\/a>\n\t\t\t\t\t\t\t<a class=\"e-gallery-item elementor-gallery-item elementor-animated-content\" href=\"https:\/\/wlkskrakus.pl\/kolarstwo\/wp-content\/uploads\/2024\/12\/Dobczyce-2017_03_III-etap_0859.jpg\" data-elementor-open-lightbox=\"yes\" data-elementor-lightbox-slideshow=\"all-8c57d25\" data-elementor-lightbox-title=\"Dobczyce 2017 03 III etap 0859\" data-e-action-hash=\"#elementor-action%3Aaction%3Dlightbox%26settings%3DeyJpZCI6Njk4NywidXJsIjoiaHR0cHM6XC9cL3dsa3NrcmFrdXMucGxcL2tvbGFyc3R3b1wvd3AtY29udGVudFwvdXBsb2Fkc1wvMjAyNFwvMTJcL0RvYmN6eWNlLTIwMTdfMDNfSUlJLWV0YXBfMDg1OS5qcGciLCJzbGlkZXNob3ciOiJhbGwtOGM1N2QyNSJ9\">\n\t\t\t\t\t<div class=\"e-gallery-image elementor-gallery-item__image\" data-thumbnail=\"https:\/\/wlkskrakus.pl\/kolarstwo\/wp-content\/uploads\/2024\/12\/Dobczyce-2017_03_III-etap_0859-300x200.jpg\" data-width=\"300\" data-height=\"200\" alt=\"Dobczyce 2017 03 III etap 0859\" ><\/div>\n\t\t\t\t\t\t\t\t\t\t\t<div class=\"elementor-gallery-item__overlay\"><\/div>\n\t\t\t\t\t\t\t\t\t\t\t\t\t\t<\/a>\n\t\t\t\t\t\t\t<a class=\"e-gallery-item elementor-gallery-item elementor-animated-content\" href=\"https:\/\/wlkskrakus.pl\/kolarstwo\/wp-content\/uploads\/2024\/12\/Dobczyce-2017_03_III-etap_0865.jpg\" data-elementor-open-lightbox=\"yes\" data-elementor-lightbox-slideshow=\"all-8c57d25\" data-elementor-lightbox-title=\"Dobczyce 2017 03 III etap 0865\" data-e-action-hash=\"#elementor-action%3Aaction%3Dlightbox%26settings%3DeyJpZCI6Njk4OCwidXJsIjoiaHR0cHM6XC9cL3dsa3NrcmFrdXMucGxcL2tvbGFyc3R3b1wvd3AtY29udGVudFwvdXBsb2Fkc1wvMjAyNFwvMTJcL0RvYmN6eWNlLTIwMTdfMDNfSUlJLWV0YXBfMDg2NS5qcGciLCJzbGlkZXNob3ciOiJhbGwtOGM1N2QyNSJ9\">\n\t\t\t\t\t<div class=\"e-gallery-image elementor-gallery-item__image\" data-thumbnail=\"https:\/\/wlkskrakus.pl\/kolarstwo\/wp-content\/uploads\/2024\/12\/Dobczyce-2017_03_III-etap_0865-300x200.jpg\" data-width=\"300\" data-height=\"200\" alt=\"Dobczyce 2017 03 III etap 0865\" ><\/div>\n\t\t\t\t\t\t\t\t\t\t\t<div class=\"elementor-gallery-item__overlay\"><\/div>\n\t\t\t\t\t\t\t\t\t\t\t\t\t\t<\/a>\n\t\t\t\t\t\t\t<a class=\"e-gallery-item elementor-gallery-item elementor-animated-content\" href=\"https:\/\/wlkskrakus.pl\/kolarstwo\/wp-content\/uploads\/2024\/12\/Dobczyce-2017_03_III-etap_0899.jpg\" data-elementor-open-lightbox=\"yes\" data-elementor-lightbox-slideshow=\"all-8c57d25\" data-elementor-lightbox-title=\"Dobczyce 2017 03 III etap 0899\" data-e-action-hash=\"#elementor-action%3Aaction%3Dlightbox%26settings%3DeyJpZCI6Njk5MCwidXJsIjoiaHR0cHM6XC9cL3dsa3NrcmFrdXMucGxcL2tvbGFyc3R3b1wvd3AtY29udGVudFwvdXBsb2Fkc1wvMjAyNFwvMTJcL0RvYmN6eWNlLTIwMTdfMDNfSUlJLWV0YXBfMDg5OS5qcGciLCJzbGlkZXNob3ciOiJhbGwtOGM1N2QyNSJ9\">\n\t\t\t\t\t<div class=\"e-gallery-image elementor-gallery-item__image\" data-thumbnail=\"https:\/\/wlkskrakus.pl\/kolarstwo\/wp-content\/uploads\/2024\/12\/Dobczyce-2017_03_III-etap_0899-300x200.jpg\" data-width=\"300\" data-height=\"200\" alt=\"Dobczyce 2017 03 III etap 0899\" ><\/div>\n\t\t\t\t\t\t\t\t\t\t\t<div class=\"elementor-gallery-item__overlay\"><\/div>\n\t\t\t\t\t\t\t\t\t\t\t\t\t\t<\/a>\n\t\t\t\t\t\t\t<a class=\"e-gallery-item elementor-gallery-item elementor-animated-content\" href=\"https:\/\/wlkskrakus.pl\/kolarstwo\/wp-content\/uploads\/2024\/12\/Dobczyce-2017_03_III-etap_0903.jpg\" data-elementor-open-lightbox=\"yes\" data-elementor-lightbox-slideshow=\"all-8c57d25\" data-elementor-lightbox-title=\"Dobczyce 2017 03 III etap 0903\" data-e-action-hash=\"#elementor-action%3Aaction%3Dlightbox%26settings%3DeyJpZCI6Njk5MSwidXJsIjoiaHR0cHM6XC9cL3dsa3NrcmFrdXMucGxcL2tvbGFyc3R3b1wvd3AtY29udGVudFwvdXBsb2Fkc1wvMjAyNFwvMTJcL0RvYmN6eWNlLTIwMTdfMDNfSUlJLWV0YXBfMDkwMy5qcGciLCJzbGlkZXNob3ciOiJhbGwtOGM1N2QyNSJ9\">\n\t\t\t\t\t<div class=\"e-gallery-image elementor-gallery-item__image\" data-thumbnail=\"https:\/\/wlkskrakus.pl\/kolarstwo\/wp-content\/uploads\/2024\/12\/Dobczyce-2017_03_III-etap_0903-300x200.jpg\" data-width=\"300\" data-height=\"200\" alt=\"Dobczyce 2017 03 III etap 0903\" ><\/div>\n\t\t\t\t\t\t\t\t\t\t\t<div class=\"elementor-gallery-item__overlay\"><\/div>\n\t\t\t\t\t\t\t\t\t\t\t\t\t\t<\/a>\n\t\t\t\t\t\t\t<a class=\"e-gallery-item elementor-gallery-item elementor-animated-content\" href=\"https:\/\/wlkskrakus.pl\/kolarstwo\/wp-content\/uploads\/2024\/12\/Dobczyce-2017_03_III-etap_0910.jpg\" data-elementor-open-lightbox=\"yes\" data-elementor-lightbox-slideshow=\"all-8c57d25\" data-elementor-lightbox-title=\"Dobczyce 2017 03 III etap 0910\" data-e-action-hash=\"#elementor-action%3Aaction%3Dlightbox%26settings%3DeyJpZCI6Njk5MywidXJsIjoiaHR0cHM6XC9cL3dsa3NrcmFrdXMucGxcL2tvbGFyc3R3b1wvd3AtY29udGVudFwvdXBsb2Fkc1wvMjAyNFwvMTJcL0RvYmN6eWNlLTIwMTdfMDNfSUlJLWV0YXBfMDkxMC5qcGciLCJzbGlkZXNob3ciOiJhbGwtOGM1N2QyNSJ9\">\n\t\t\t\t\t<div class=\"e-gallery-image elementor-gallery-item__image\" data-thumbnail=\"https:\/\/wlkskrakus.pl\/kolarstwo\/wp-content\/uploads\/2024\/12\/Dobczyce-2017_03_III-etap_0910-300x200.jpg\" data-width=\"300\" data-height=\"200\" alt=\"Dobczyce 2017 03 III etap 0910\" ><\/div>\n\t\t\t\t\t\t\t\t\t\t\t<div class=\"elementor-gallery-item__overlay\"><\/div>\n\t\t\t\t\t\t\t\t\t\t\t\t\t\t<\/a>\n\t\t\t\t\t\t\t<a class=\"e-gallery-item elementor-gallery-item elementor-animated-content\" href=\"https:\/\/wlkskrakus.pl\/kolarstwo\/wp-content\/uploads\/2024\/12\/Dobczyce-2017_03_III-etap_0919.jpg\" data-elementor-open-lightbox=\"yes\" data-elementor-lightbox-slideshow=\"all-8c57d25\" data-elementor-lightbox-title=\"Dobczyce 2017 03 III etap 0919\" data-e-action-hash=\"#elementor-action%3Aaction%3Dlightbox%26settings%3DeyJpZCI6Njk5NCwidXJsIjoiaHR0cHM6XC9cL3dsa3NrcmFrdXMucGxcL2tvbGFyc3R3b1wvd3AtY29udGVudFwvdXBsb2Fkc1wvMjAyNFwvMTJcL0RvYmN6eWNlLTIwMTdfMDNfSUlJLWV0YXBfMDkxOS5qcGciLCJzbGlkZXNob3ciOiJhbGwtOGM1N2QyNSJ9\">\n\t\t\t\t\t<div class=\"e-gallery-image elementor-gallery-item__image\" data-thumbnail=\"https:\/\/wlkskrakus.pl\/kolarstwo\/wp-content\/uploads\/2024\/12\/Dobczyce-2017_03_III-etap_0919-300x200.jpg\" data-width=\"300\" data-height=\"200\" alt=\"Dobczyce 2017 03 III etap 0919\" ><\/div>\n\t\t\t\t\t\t\t\t\t\t\t<div class=\"elementor-gallery-item__overlay\"><\/div>\n\t\t\t\t\t\t\t\t\t\t\t\t\t\t<\/a>\n\t\t\t\t\t\t\t<a class=\"e-gallery-item elementor-gallery-item elementor-animated-content\" href=\"https:\/\/wlkskrakus.pl\/kolarstwo\/wp-content\/uploads\/2024\/12\/Dobczyce-2017_03_III-etap_0922.jpg\" data-elementor-open-lightbox=\"yes\" data-elementor-lightbox-slideshow=\"all-8c57d25\" data-elementor-lightbox-title=\"Dobczyce 2017 03 III etap 0922\" data-e-action-hash=\"#elementor-action%3Aaction%3Dlightbox%26settings%3DeyJpZCI6Njk5NSwidXJsIjoiaHR0cHM6XC9cL3dsa3NrcmFrdXMucGxcL2tvbGFyc3R3b1wvd3AtY29udGVudFwvdXBsb2Fkc1wvMjAyNFwvMTJcL0RvYmN6eWNlLTIwMTdfMDNfSUlJLWV0YXBfMDkyMi5qcGciLCJzbGlkZXNob3ciOiJhbGwtOGM1N2QyNSJ9\">\n\t\t\t\t\t<div class=\"e-gallery-image elementor-gallery-item__image\" data-thumbnail=\"https:\/\/wlkskrakus.pl\/kolarstwo\/wp-content\/uploads\/2024\/12\/Dobczyce-2017_03_III-etap_0922-300x200.jpg\" data-width=\"300\" data-height=\"200\" alt=\"Dobczyce 2017 03 III etap 0922\" ><\/div>\n\t\t\t\t\t\t\t\t\t\t\t<div class=\"elementor-gallery-item__overlay\"><\/div>\n\t\t\t\t\t\t\t\t\t\t\t\t\t\t<\/a>\n\t\t\t\t\t\t\t<a class=\"e-gallery-item elementor-gallery-item elementor-animated-content\" href=\"https:\/\/wlkskrakus.pl\/kolarstwo\/wp-content\/uploads\/2024\/12\/Dobczyce-2017_03_III-etap_0924.jpg\" data-elementor-open-lightbox=\"yes\" data-elementor-lightbox-slideshow=\"all-8c57d25\" data-elementor-lightbox-title=\"Dobczyce 2017 03 III etap 0924\" data-e-action-hash=\"#elementor-action%3Aaction%3Dlightbox%26settings%3DeyJpZCI6Njk5NywidXJsIjoiaHR0cHM6XC9cL3dsa3NrcmFrdXMucGxcL2tvbGFyc3R3b1wvd3AtY29udGVudFwvdXBsb2Fkc1wvMjAyNFwvMTJcL0RvYmN6eWNlLTIwMTdfMDNfSUlJLWV0YXBfMDkyNC5qcGciLCJzbGlkZXNob3ciOiJhbGwtOGM1N2QyNSJ9\">\n\t\t\t\t\t<div class=\"e-gallery-image elementor-gallery-item__image\" data-thumbnail=\"https:\/\/wlkskrakus.pl\/kolarstwo\/wp-content\/uploads\/2024\/12\/Dobczyce-2017_03_III-etap_0924-300x200.jpg\" data-width=\"300\" data-height=\"200\" alt=\"Dobczyce 2017 03 III etap 0924\" ><\/div>\n\t\t\t\t\t\t\t\t\t\t\t<div class=\"elementor-gallery-item__overlay\"><\/div>\n\t\t\t\t\t\t\t\t\t\t\t\t\t\t<\/a>\n\t\t\t\t\t\t\t<a class=\"e-gallery-item elementor-gallery-item elementor-animated-content\" href=\"https:\/\/wlkskrakus.pl\/kolarstwo\/wp-content\/uploads\/2024\/12\/Dobczyce-2017_03_III-etap_0932.jpg\" data-elementor-open-lightbox=\"yes\" data-elementor-lightbox-slideshow=\"all-8c57d25\" data-elementor-lightbox-title=\"Dobczyce 2017 03 III etap 0932\" data-e-action-hash=\"#elementor-action%3Aaction%3Dlightbox%26settings%3DeyJpZCI6Njk5OSwidXJsIjoiaHR0cHM6XC9cL3dsa3NrcmFrdXMucGxcL2tvbGFyc3R3b1wvd3AtY29udGVudFwvdXBsb2Fkc1wvMjAyNFwvMTJcL0RvYmN6eWNlLTIwMTdfMDNfSUlJLWV0YXBfMDkzMi5qcGciLCJzbGlkZXNob3ciOiJhbGwtOGM1N2QyNSJ9\">\n\t\t\t\t\t<div class=\"e-gallery-image elementor-gallery-item__image\" data-thumbnail=\"https:\/\/wlkskrakus.pl\/kolarstwo\/wp-content\/uploads\/2024\/12\/Dobczyce-2017_03_III-etap_0932-300x200.jpg\" data-width=\"300\" data-height=\"200\" alt=\"Dobczyce 2017 03 III etap 0932\" ><\/div>\n\t\t\t\t\t\t\t\t\t\t\t<div class=\"elementor-gallery-item__overlay\"><\/div>\n\t\t\t\t\t\t\t\t\t\t\t\t\t\t<\/a>\n\t\t\t\t\t\t\t<a class=\"e-gallery-item elementor-gallery-item elementor-animated-content\" href=\"https:\/\/wlkskrakus.pl\/kolarstwo\/wp-content\/uploads\/2024\/12\/Dobczyce-2017_03_III-etap_0934.jpg\" data-elementor-open-lightbox=\"yes\" data-elementor-lightbox-slideshow=\"all-8c57d25\" data-elementor-lightbox-title=\"Dobczyce 2017 03 III etap 0934\" data-e-action-hash=\"#elementor-action%3Aaction%3Dlightbox%26settings%3DeyJpZCI6NzAwMCwidXJsIjoiaHR0cHM6XC9cL3dsa3NrcmFrdXMucGxcL2tvbGFyc3R3b1wvd3AtY29udGVudFwvdXBsb2Fkc1wvMjAyNFwvMTJcL0RvYmN6eWNlLTIwMTdfMDNfSUlJLWV0YXBfMDkzNC5qcGciLCJzbGlkZXNob3ciOiJhbGwtOGM1N2QyNSJ9\">\n\t\t\t\t\t<div class=\"e-gallery-image elementor-gallery-item__image\" data-thumbnail=\"https:\/\/wlkskrakus.pl\/kolarstwo\/wp-content\/uploads\/2024\/12\/Dobczyce-2017_03_III-etap_0934-300x169.jpg\" data-width=\"300\" data-height=\"169\" alt=\"Dobczyce 2017 03 III etap 0934\" ><\/div>\n\t\t\t\t\t\t\t\t\t\t\t<div class=\"elementor-gallery-item__overlay\"><\/div>\n\t\t\t\t\t\t\t\t\t\t\t\t\t\t<\/a>\n\t\t\t\t\t\t\t<a class=\"e-gallery-item elementor-gallery-item elementor-animated-content\" href=\"https:\/\/wlkskrakus.pl\/kolarstwo\/wp-content\/uploads\/2024\/12\/Dobczyce-2017_03_III-etap_0940.jpg\" data-elementor-open-lightbox=\"yes\" data-elementor-lightbox-slideshow=\"all-8c57d25\" data-elementor-lightbox-title=\"Dobczyce 2017 03 III etap 0940\" data-e-action-hash=\"#elementor-action%3Aaction%3Dlightbox%26settings%3DeyJpZCI6NzAwMSwidXJsIjoiaHR0cHM6XC9cL3dsa3NrcmFrdXMucGxcL2tvbGFyc3R3b1wvd3AtY29udGVudFwvdXBsb2Fkc1wvMjAyNFwvMTJcL0RvYmN6eWNlLTIwMTdfMDNfSUlJLWV0YXBfMDk0MC5qcGciLCJzbGlkZXNob3ciOiJhbGwtOGM1N2QyNSJ9\">\n\t\t\t\t\t<div class=\"e-gallery-image elementor-gallery-item__image\" data-thumbnail=\"https:\/\/wlkskrakus.pl\/kolarstwo\/wp-content\/uploads\/2024\/12\/Dobczyce-2017_03_III-etap_0940-300x200.jpg\" data-width=\"300\" data-height=\"200\" alt=\"Dobczyce 2017 03 III etap 0940\" ><\/div>\n\t\t\t\t\t\t\t\t\t\t\t<div class=\"elementor-gallery-item__overlay\"><\/div>\n\t\t\t\t\t\t\t\t\t\t\t\t\t\t<\/a>\n\t\t\t\t\t<\/div>\n\t\t\t<\/div>\n\t\t\t\t<\/div>\n\t\t\t\t<div class=\"elementor-element elementor-element-88861ea elementor-widget elementor-widget-heading\" data-id=\"88861ea\" data-element_type=\"widget\" data-widget_type=\"heading.default\">\n\t\t\t\t<div class=\"elementor-widget-container\">\n\t\t\t<h2 class=\"elementor-heading-title elementor-size-default\">Etap IV Raciechowice-Dobczyce<\/h2>\t\t<\/div>\n\t\t\t\t<\/div>\n\t\t\t\t<div class=\"elementor-element elementor-element-d75afe9 elementor-widget elementor-widget-gallery\" data-id=\"d75afe9\" data-element_type=\"widget\" data-settings=\"{&quot;lazyload&quot;:&quot;yes&quot;,&quot;gallery_layout&quot;:&quot;grid&quot;,&quot;columns&quot;:4,&quot;columns_tablet&quot;:2,&quot;columns_mobile&quot;:1,&quot;gap&quot;:{&quot;unit&quot;:&quot;px&quot;,&quot;size&quot;:10,&quot;sizes&quot;:[]},&quot;gap_tablet&quot;:{&quot;unit&quot;:&quot;px&quot;,&quot;size&quot;:10,&quot;sizes&quot;:[]},&quot;gap_mobile&quot;:{&quot;unit&quot;:&quot;px&quot;,&quot;size&quot;:10,&quot;sizes&quot;:[]},&quot;link_to&quot;:&quot;file&quot;,&quot;aspect_ratio&quot;:&quot;3:2&quot;,&quot;overlay_background&quot;:&quot;yes&quot;,&quot;content_hover_animation&quot;:&quot;fade-in&quot;}\" data-widget_type=\"gallery.default\">\n\t\t\t\t<div class=\"elementor-widget-container\">\n\t\t\t\t\t<div class=\"elementor-gallery__container\">\n\t\t\t\t\t\t\t<a class=\"e-gallery-item elementor-gallery-item elementor-animated-content\" href=\"https:\/\/wlkskrakus.pl\/kolarstwo\/wp-content\/uploads\/2024\/12\/20170531_090633-scaled.jpg\" data-elementor-open-lightbox=\"yes\" data-elementor-lightbox-slideshow=\"all-d75afe9\" data-elementor-lightbox-title=\"20170531 090633\" data-e-action-hash=\"#elementor-action%3Aaction%3Dlightbox%26settings%3DeyJpZCI6NzAwOSwidXJsIjoiaHR0cHM6XC9cL3dsa3NrcmFrdXMucGxcL2tvbGFyc3R3b1wvd3AtY29udGVudFwvdXBsb2Fkc1wvMjAyNFwvMTJcLzIwMTcwNTMxXzA5MDYzMy1zY2FsZWQuanBnIiwic2xpZGVzaG93IjoiYWxsLWQ3NWFmZTkifQ%3D%3D\">\n\t\t\t\t\t<div class=\"e-gallery-image elementor-gallery-item__image\" data-thumbnail=\"https:\/\/wlkskrakus.pl\/kolarstwo\/wp-content\/uploads\/2024\/12\/20170531_090633-266x300.jpg\" data-width=\"266\" data-height=\"300\" alt=\"20170531 090633\" ><\/div>\n\t\t\t\t\t\t\t\t\t\t\t<div class=\"elementor-gallery-item__overlay\"><\/div>\n\t\t\t\t\t\t\t\t\t\t\t\t\t\t<\/a>\n\t\t\t\t\t\t\t<a class=\"e-gallery-item elementor-gallery-item elementor-animated-content\" href=\"https:\/\/wlkskrakus.pl\/kolarstwo\/wp-content\/uploads\/2024\/12\/Dobczyce-2017_04_IV-etap_0001.jpg\" data-elementor-open-lightbox=\"yes\" data-elementor-lightbox-slideshow=\"all-d75afe9\" data-elementor-lightbox-title=\"Dobczyce 2017 04 IV etap 0001\" data-e-action-hash=\"#elementor-action%3Aaction%3Dlightbox%26settings%3DeyJpZCI6NzAxMiwidXJsIjoiaHR0cHM6XC9cL3dsa3NrcmFrdXMucGxcL2tvbGFyc3R3b1wvd3AtY29udGVudFwvdXBsb2Fkc1wvMjAyNFwvMTJcL0RvYmN6eWNlLTIwMTdfMDRfSVYtZXRhcF8wMDAxLmpwZyIsInNsaWRlc2hvdyI6ImFsbC1kNzVhZmU5In0%3D\">\n\t\t\t\t\t<div class=\"e-gallery-image elementor-gallery-item__image\" data-thumbnail=\"https:\/\/wlkskrakus.pl\/kolarstwo\/wp-content\/uploads\/2024\/12\/Dobczyce-2017_04_IV-etap_0001-300x200.jpg\" data-width=\"300\" data-height=\"200\" alt=\"Dobczyce 2017 04 IV etap 0001\" ><\/div>\n\t\t\t\t\t\t\t\t\t\t\t<div class=\"elementor-gallery-item__overlay\"><\/div>\n\t\t\t\t\t\t\t\t\t\t\t\t\t\t<\/a>\n\t\t\t\t\t\t\t<a class=\"e-gallery-item elementor-gallery-item elementor-animated-content\" href=\"https:\/\/wlkskrakus.pl\/kolarstwo\/wp-content\/uploads\/2024\/12\/Dobczyce-2017_04_IV-etap_0014.jpg\" data-elementor-open-lightbox=\"yes\" data-elementor-lightbox-slideshow=\"all-d75afe9\" data-elementor-lightbox-title=\"Dobczyce 2017 04 IV etap 0014\" data-e-action-hash=\"#elementor-action%3Aaction%3Dlightbox%26settings%3DeyJpZCI6NzAxMywidXJsIjoiaHR0cHM6XC9cL3dsa3NrcmFrdXMucGxcL2tvbGFyc3R3b1wvd3AtY29udGVudFwvdXBsb2Fkc1wvMjAyNFwvMTJcL0RvYmN6eWNlLTIwMTdfMDRfSVYtZXRhcF8wMDE0LmpwZyIsInNsaWRlc2hvdyI6ImFsbC1kNzVhZmU5In0%3D\">\n\t\t\t\t\t<div class=\"e-gallery-image elementor-gallery-item__image\" data-thumbnail=\"https:\/\/wlkskrakus.pl\/kolarstwo\/wp-content\/uploads\/2024\/12\/Dobczyce-2017_04_IV-etap_0014-300x200.jpg\" data-width=\"300\" data-height=\"200\" alt=\"Dobczyce 2017 04 IV etap 0014\" ><\/div>\n\t\t\t\t\t\t\t\t\t\t\t<div class=\"elementor-gallery-item__overlay\"><\/div>\n\t\t\t\t\t\t\t\t\t\t\t\t\t\t<\/a>\n\t\t\t\t\t\t\t<a class=\"e-gallery-item elementor-gallery-item elementor-animated-content\" href=\"https:\/\/wlkskrakus.pl\/kolarstwo\/wp-content\/uploads\/2024\/12\/Dobczyce-2017_04_IV-etap_0022.jpg\" data-elementor-open-lightbox=\"yes\" data-elementor-lightbox-slideshow=\"all-d75afe9\" data-elementor-lightbox-title=\"Dobczyce 2017 04 IV etap 0022\" data-e-action-hash=\"#elementor-action%3Aaction%3Dlightbox%26settings%3DeyJpZCI6NzAxNCwidXJsIjoiaHR0cHM6XC9cL3dsa3NrcmFrdXMucGxcL2tvbGFyc3R3b1wvd3AtY29udGVudFwvdXBsb2Fkc1wvMjAyNFwvMTJcL0RvYmN6eWNlLTIwMTdfMDRfSVYtZXRhcF8wMDIyLmpwZyIsInNsaWRlc2hvdyI6ImFsbC1kNzVhZmU5In0%3D\">\n\t\t\t\t\t<div class=\"e-gallery-image elementor-gallery-item__image\" data-thumbnail=\"https:\/\/wlkskrakus.pl\/kolarstwo\/wp-content\/uploads\/2024\/12\/Dobczyce-2017_04_IV-etap_0022-300x200.jpg\" data-width=\"300\" data-height=\"200\" alt=\"Dobczyce 2017 04 IV etap 0022\" ><\/div>\n\t\t\t\t\t\t\t\t\t\t\t<div class=\"elementor-gallery-item__overlay\"><\/div>\n\t\t\t\t\t\t\t\t\t\t\t\t\t\t<\/a>\n\t\t\t\t\t\t\t<a class=\"e-gallery-item elementor-gallery-item elementor-animated-content\" href=\"https:\/\/wlkskrakus.pl\/kolarstwo\/wp-content\/uploads\/2024\/12\/Dobczyce-2017_04_IV-etap_0028.jpg\" data-elementor-open-lightbox=\"yes\" data-elementor-lightbox-slideshow=\"all-d75afe9\" data-elementor-lightbox-title=\"Dobczyce 2017 04 IV etap 0028\" data-e-action-hash=\"#elementor-action%3Aaction%3Dlightbox%26settings%3DeyJpZCI6NzAxNiwidXJsIjoiaHR0cHM6XC9cL3dsa3NrcmFrdXMucGxcL2tvbGFyc3R3b1wvd3AtY29udGVudFwvdXBsb2Fkc1wvMjAyNFwvMTJcL0RvYmN6eWNlLTIwMTdfMDRfSVYtZXRhcF8wMDI4LmpwZyIsInNsaWRlc2hvdyI6ImFsbC1kNzVhZmU5In0%3D\">\n\t\t\t\t\t<div class=\"e-gallery-image elementor-gallery-item__image\" data-thumbnail=\"https:\/\/wlkskrakus.pl\/kolarstwo\/wp-content\/uploads\/2024\/12\/Dobczyce-2017_04_IV-etap_0028-300x200.jpg\" data-width=\"300\" data-height=\"200\" alt=\"Dobczyce 2017 04 IV etap 0028\" ><\/div>\n\t\t\t\t\t\t\t\t\t\t\t<div class=\"elementor-gallery-item__overlay\"><\/div>\n\t\t\t\t\t\t\t\t\t\t\t\t\t\t<\/a>\n\t\t\t\t\t\t\t<a class=\"e-gallery-item elementor-gallery-item elementor-animated-content\" href=\"https:\/\/wlkskrakus.pl\/kolarstwo\/wp-content\/uploads\/2024\/12\/Dobczyce-2017_04_IV-etap_0034.jpg\" data-elementor-open-lightbox=\"yes\" data-elementor-lightbox-slideshow=\"all-d75afe9\" data-elementor-lightbox-title=\"Dobczyce 2017 04 IV etap 0034\" data-e-action-hash=\"#elementor-action%3Aaction%3Dlightbox%26settings%3DeyJpZCI6NzAxOCwidXJsIjoiaHR0cHM6XC9cL3dsa3NrcmFrdXMucGxcL2tvbGFyc3R3b1wvd3AtY29udGVudFwvdXBsb2Fkc1wvMjAyNFwvMTJcL0RvYmN6eWNlLTIwMTdfMDRfSVYtZXRhcF8wMDM0LmpwZyIsInNsaWRlc2hvdyI6ImFsbC1kNzVhZmU5In0%3D\">\n\t\t\t\t\t<div class=\"e-gallery-image elementor-gallery-item__image\" data-thumbnail=\"https:\/\/wlkskrakus.pl\/kolarstwo\/wp-content\/uploads\/2024\/12\/Dobczyce-2017_04_IV-etap_0034-300x200.jpg\" data-width=\"300\" data-height=\"200\" alt=\"Dobczyce 2017 04 IV etap 0034\" ><\/div>\n\t\t\t\t\t\t\t\t\t\t\t<div class=\"elementor-gallery-item__overlay\"><\/div>\n\t\t\t\t\t\t\t\t\t\t\t\t\t\t<\/a>\n\t\t\t\t\t\t\t<a class=\"e-gallery-item elementor-gallery-item elementor-animated-content\" href=\"https:\/\/wlkskrakus.pl\/kolarstwo\/wp-content\/uploads\/2024\/12\/Dobczyce-2017_04_IV-etap_0047.jpg\" data-elementor-open-lightbox=\"yes\" data-elementor-lightbox-slideshow=\"all-d75afe9\" data-elementor-lightbox-title=\"Dobczyce 2017 04 IV etap 0047\" data-e-action-hash=\"#elementor-action%3Aaction%3Dlightbox%26settings%3DeyJpZCI6NzAxOSwidXJsIjoiaHR0cHM6XC9cL3dsa3NrcmFrdXMucGxcL2tvbGFyc3R3b1wvd3AtY29udGVudFwvdXBsb2Fkc1wvMjAyNFwvMTJcL0RvYmN6eWNlLTIwMTdfMDRfSVYtZXRhcF8wMDQ3LmpwZyIsInNsaWRlc2hvdyI6ImFsbC1kNzVhZmU5In0%3D\">\n\t\t\t\t\t<div class=\"e-gallery-image elementor-gallery-item__image\" data-thumbnail=\"https:\/\/wlkskrakus.pl\/kolarstwo\/wp-content\/uploads\/2024\/12\/Dobczyce-2017_04_IV-etap_0047-300x200.jpg\" data-width=\"300\" data-height=\"200\" alt=\"Dobczyce 2017 04 IV etap 0047\" ><\/div>\n\t\t\t\t\t\t\t\t\t\t\t<div class=\"elementor-gallery-item__overlay\"><\/div>\n\t\t\t\t\t\t\t\t\t\t\t\t\t\t<\/a>\n\t\t\t\t\t\t\t<a class=\"e-gallery-item elementor-gallery-item elementor-animated-content\" href=\"https:\/\/wlkskrakus.pl\/kolarstwo\/wp-content\/uploads\/2024\/12\/Dobczyce-2017_04_IV-etap_0072.jpg\" data-elementor-open-lightbox=\"yes\" data-elementor-lightbox-slideshow=\"all-d75afe9\" data-elementor-lightbox-title=\"Dobczyce 2017 04 IV etap 0072\" data-e-action-hash=\"#elementor-action%3Aaction%3Dlightbox%26settings%3DeyJpZCI6NzAyMCwidXJsIjoiaHR0cHM6XC9cL3dsa3NrcmFrdXMucGxcL2tvbGFyc3R3b1wvd3AtY29udGVudFwvdXBsb2Fkc1wvMjAyNFwvMTJcL0RvYmN6eWNlLTIwMTdfMDRfSVYtZXRhcF8wMDcyLmpwZyIsInNsaWRlc2hvdyI6ImFsbC1kNzVhZmU5In0%3D\">\n\t\t\t\t\t<div class=\"e-gallery-image elementor-gallery-item__image\" data-thumbnail=\"https:\/\/wlkskrakus.pl\/kolarstwo\/wp-content\/uploads\/2024\/12\/Dobczyce-2017_04_IV-etap_0072-300x200.jpg\" data-width=\"300\" data-height=\"200\" alt=\"Dobczyce 2017 04 IV etap 0072\" ><\/div>\n\t\t\t\t\t\t\t\t\t\t\t<div class=\"elementor-gallery-item__overlay\"><\/div>\n\t\t\t\t\t\t\t\t\t\t\t\t\t\t<\/a>\n\t\t\t\t\t\t\t<a class=\"e-gallery-item elementor-gallery-item elementor-animated-content\" href=\"https:\/\/wlkskrakus.pl\/kolarstwo\/wp-content\/uploads\/2024\/12\/Dobczyce-2017_04_IV-etap_0163.jpg\" data-elementor-open-lightbox=\"yes\" data-elementor-lightbox-slideshow=\"all-d75afe9\" data-elementor-lightbox-title=\"Dobczyce 2017 04 IV etap 0163\" data-e-action-hash=\"#elementor-action%3Aaction%3Dlightbox%26settings%3DeyJpZCI6NzAyMiwidXJsIjoiaHR0cHM6XC9cL3dsa3NrcmFrdXMucGxcL2tvbGFyc3R3b1wvd3AtY29udGVudFwvdXBsb2Fkc1wvMjAyNFwvMTJcL0RvYmN6eWNlLTIwMTdfMDRfSVYtZXRhcF8wMTYzLmpwZyIsInNsaWRlc2hvdyI6ImFsbC1kNzVhZmU5In0%3D\">\n\t\t\t\t\t<div class=\"e-gallery-image elementor-gallery-item__image\" data-thumbnail=\"https:\/\/wlkskrakus.pl\/kolarstwo\/wp-content\/uploads\/2024\/12\/Dobczyce-2017_04_IV-etap_0163-300x169.jpg\" data-width=\"300\" data-height=\"169\" alt=\"Dobczyce 2017 04 IV etap 0163\" ><\/div>\n\t\t\t\t\t\t\t\t\t\t\t<div class=\"elementor-gallery-item__overlay\"><\/div>\n\t\t\t\t\t\t\t\t\t\t\t\t\t\t<\/a>\n\t\t\t\t\t\t\t<a class=\"e-gallery-item elementor-gallery-item elementor-animated-content\" href=\"https:\/\/wlkskrakus.pl\/kolarstwo\/wp-content\/uploads\/2024\/12\/Dobczyce-2017_04_IV-etap_0179.jpg\" data-elementor-open-lightbox=\"yes\" data-elementor-lightbox-slideshow=\"all-d75afe9\" data-elementor-lightbox-title=\"Dobczyce 2017 04 IV etap 0179\" data-e-action-hash=\"#elementor-action%3Aaction%3Dlightbox%26settings%3DeyJpZCI6NzAyNCwidXJsIjoiaHR0cHM6XC9cL3dsa3NrcmFrdXMucGxcL2tvbGFyc3R3b1wvd3AtY29udGVudFwvdXBsb2Fkc1wvMjAyNFwvMTJcL0RvYmN6eWNlLTIwMTdfMDRfSVYtZXRhcF8wMTc5LmpwZyIsInNsaWRlc2hvdyI6ImFsbC1kNzVhZmU5In0%3D\">\n\t\t\t\t\t<div class=\"e-gallery-image elementor-gallery-item__image\" data-thumbnail=\"https:\/\/wlkskrakus.pl\/kolarstwo\/wp-content\/uploads\/2024\/12\/Dobczyce-2017_04_IV-etap_0179-300x188.jpg\" data-width=\"300\" data-height=\"188\" alt=\"Dobczyce 2017 04 IV etap 0179\" ><\/div>\n\t\t\t\t\t\t\t\t\t\t\t<div class=\"elementor-gallery-item__overlay\"><\/div>\n\t\t\t\t\t\t\t\t\t\t\t\t\t\t<\/a>\n\t\t\t\t\t\t\t<a class=\"e-gallery-item elementor-gallery-item elementor-animated-content\" href=\"https:\/\/wlkskrakus.pl\/kolarstwo\/wp-content\/uploads\/2024\/12\/Dobczyce-2017_04_IV-etap_0188.jpg\" data-elementor-open-lightbox=\"yes\" data-elementor-lightbox-slideshow=\"all-d75afe9\" data-elementor-lightbox-title=\"Dobczyce 2017 04 IV etap 0188\" data-e-action-hash=\"#elementor-action%3Aaction%3Dlightbox%26settings%3DeyJpZCI6NzAyNSwidXJsIjoiaHR0cHM6XC9cL3dsa3NrcmFrdXMucGxcL2tvbGFyc3R3b1wvd3AtY29udGVudFwvdXBsb2Fkc1wvMjAyNFwvMTJcL0RvYmN6eWNlLTIwMTdfMDRfSVYtZXRhcF8wMTg4LmpwZyIsInNsaWRlc2hvdyI6ImFsbC1kNzVhZmU5In0%3D\">\n\t\t\t\t\t<div class=\"e-gallery-image elementor-gallery-item__image\" data-thumbnail=\"https:\/\/wlkskrakus.pl\/kolarstwo\/wp-content\/uploads\/2024\/12\/Dobczyce-2017_04_IV-etap_0188-300x169.jpg\" data-width=\"300\" data-height=\"169\" alt=\"Dobczyce 2017 04 IV etap 0188\" ><\/div>\n\t\t\t\t\t\t\t\t\t\t\t<div class=\"elementor-gallery-item__overlay\"><\/div>\n\t\t\t\t\t\t\t\t\t\t\t\t\t\t<\/a>\n\t\t\t\t\t\t\t<a class=\"e-gallery-item elementor-gallery-item elementor-animated-content\" href=\"https:\/\/wlkskrakus.pl\/kolarstwo\/wp-content\/uploads\/2024\/12\/Dobczyce-2017_04_IV-etap_0217.jpg\" data-elementor-open-lightbox=\"yes\" data-elementor-lightbox-slideshow=\"all-d75afe9\" data-elementor-lightbox-title=\"Dobczyce 2017 04 IV etap 0217\" data-e-action-hash=\"#elementor-action%3Aaction%3Dlightbox%26settings%3DeyJpZCI6NzAyNiwidXJsIjoiaHR0cHM6XC9cL3dsa3NrcmFrdXMucGxcL2tvbGFyc3R3b1wvd3AtY29udGVudFwvdXBsb2Fkc1wvMjAyNFwvMTJcL0RvYmN6eWNlLTIwMTdfMDRfSVYtZXRhcF8wMjE3LmpwZyIsInNsaWRlc2hvdyI6ImFsbC1kNzVhZmU5In0%3D\">\n\t\t\t\t\t<div class=\"e-gallery-image elementor-gallery-item__image\" data-thumbnail=\"https:\/\/wlkskrakus.pl\/kolarstwo\/wp-content\/uploads\/2024\/12\/Dobczyce-2017_04_IV-etap_0217-300x200.jpg\" data-width=\"300\" data-height=\"200\" alt=\"Dobczyce 2017 04 IV etap 0217\" ><\/div>\n\t\t\t\t\t\t\t\t\t\t\t<div class=\"elementor-gallery-item__overlay\"><\/div>\n\t\t\t\t\t\t\t\t\t\t\t\t\t\t<\/a>\n\t\t\t\t\t\t\t<a class=\"e-gallery-item elementor-gallery-item elementor-animated-content\" href=\"https:\/\/wlkskrakus.pl\/kolarstwo\/wp-content\/uploads\/2024\/12\/Dobczyce-2017_04_IV-etap_0227.jpg\" data-elementor-open-lightbox=\"yes\" data-elementor-lightbox-slideshow=\"all-d75afe9\" data-elementor-lightbox-title=\"Dobczyce 2017 04 IV etap 0227\" data-e-action-hash=\"#elementor-action%3Aaction%3Dlightbox%26settings%3DeyJpZCI6NzAyOCwidXJsIjoiaHR0cHM6XC9cL3dsa3NrcmFrdXMucGxcL2tvbGFyc3R3b1wvd3AtY29udGVudFwvdXBsb2Fkc1wvMjAyNFwvMTJcL0RvYmN6eWNlLTIwMTdfMDRfSVYtZXRhcF8wMjI3LmpwZyIsInNsaWRlc2hvdyI6ImFsbC1kNzVhZmU5In0%3D\">\n\t\t\t\t\t<div class=\"e-gallery-image elementor-gallery-item__image\" data-thumbnail=\"https:\/\/wlkskrakus.pl\/kolarstwo\/wp-content\/uploads\/2024\/12\/Dobczyce-2017_04_IV-etap_0227-300x200.jpg\" data-width=\"300\" data-height=\"200\" alt=\"Dobczyce 2017 04 IV etap 0227\" ><\/div>\n\t\t\t\t\t\t\t\t\t\t\t<div class=\"elementor-gallery-item__overlay\"><\/div>\n\t\t\t\t\t\t\t\t\t\t\t\t\t\t<\/a>\n\t\t\t\t\t\t\t<a class=\"e-gallery-item elementor-gallery-item elementor-animated-content\" href=\"https:\/\/wlkskrakus.pl\/kolarstwo\/wp-content\/uploads\/2024\/12\/Dobczyce-2017_04_IV-etap_0250.jpg\" data-elementor-open-lightbox=\"yes\" data-elementor-lightbox-slideshow=\"all-d75afe9\" data-elementor-lightbox-title=\"Dobczyce 2017 04 IV etap 0250\" data-e-action-hash=\"#elementor-action%3Aaction%3Dlightbox%26settings%3DeyJpZCI6NzAyOSwidXJsIjoiaHR0cHM6XC9cL3dsa3NrcmFrdXMucGxcL2tvbGFyc3R3b1wvd3AtY29udGVudFwvdXBsb2Fkc1wvMjAyNFwvMTJcL0RvYmN6eWNlLTIwMTdfMDRfSVYtZXRhcF8wMjUwLmpwZyIsInNsaWRlc2hvdyI6ImFsbC1kNzVhZmU5In0%3D\">\n\t\t\t\t\t<div class=\"e-gallery-image elementor-gallery-item__image\" data-thumbnail=\"https:\/\/wlkskrakus.pl\/kolarstwo\/wp-content\/uploads\/2024\/12\/Dobczyce-2017_04_IV-etap_0250-300x200.jpg\" data-width=\"300\" data-height=\"200\" alt=\"Dobczyce 2017 04 IV etap 0250\" ><\/div>\n\t\t\t\t\t\t\t\t\t\t\t<div class=\"elementor-gallery-item__overlay\"><\/div>\n\t\t\t\t\t\t\t\t\t\t\t\t\t\t<\/a>\n\t\t\t\t\t\t\t<a class=\"e-gallery-item elementor-gallery-item elementor-animated-content\" href=\"https:\/\/wlkskrakus.pl\/kolarstwo\/wp-content\/uploads\/2024\/12\/Dobczyce-2017_04_IV-etap_0268.jpg\" data-elementor-open-lightbox=\"yes\" data-elementor-lightbox-slideshow=\"all-d75afe9\" data-elementor-lightbox-title=\"Dobczyce 2017 04 IV etap 0268\" data-e-action-hash=\"#elementor-action%3Aaction%3Dlightbox%26settings%3DeyJpZCI6NzAzMCwidXJsIjoiaHR0cHM6XC9cL3dsa3NrcmFrdXMucGxcL2tvbGFyc3R3b1wvd3AtY29udGVudFwvdXBsb2Fkc1wvMjAyNFwvMTJcL0RvYmN6eWNlLTIwMTdfMDRfSVYtZXRhcF8wMjY4LmpwZyIsInNsaWRlc2hvdyI6ImFsbC1kNzVhZmU5In0%3D\">\n\t\t\t\t\t<div class=\"e-gallery-image elementor-gallery-item__image\" data-thumbnail=\"https:\/\/wlkskrakus.pl\/kolarstwo\/wp-content\/uploads\/2024\/12\/Dobczyce-2017_04_IV-etap_0268-300x200.jpg\" data-width=\"300\" data-height=\"200\" alt=\"Dobczyce 2017 04 IV etap 0268\" ><\/div>\n\t\t\t\t\t\t\t\t\t\t\t<div class=\"elementor-gallery-item__overlay\"><\/div>\n\t\t\t\t\t\t\t\t\t\t\t\t\t\t<\/a>\n\t\t\t\t\t\t\t<a class=\"e-gallery-item elementor-gallery-item elementor-animated-content\" href=\"https:\/\/wlkskrakus.pl\/kolarstwo\/wp-content\/uploads\/2024\/12\/Dobczyce-2017_04_IV-etap_0288.jpg\" data-elementor-open-lightbox=\"yes\" data-elementor-lightbox-slideshow=\"all-d75afe9\" data-elementor-lightbox-title=\"Dobczyce 2017 04 IV etap 0288\" data-e-action-hash=\"#elementor-action%3Aaction%3Dlightbox%26settings%3DeyJpZCI6NzAzMiwidXJsIjoiaHR0cHM6XC9cL3dsa3NrcmFrdXMucGxcL2tvbGFyc3R3b1wvd3AtY29udGVudFwvdXBsb2Fkc1wvMjAyNFwvMTJcL0RvYmN6eWNlLTIwMTdfMDRfSVYtZXRhcF8wMjg4LmpwZyIsInNsaWRlc2hvdyI6ImFsbC1kNzVhZmU5In0%3D\">\n\t\t\t\t\t<div class=\"e-gallery-image elementor-gallery-item__image\" data-thumbnail=\"https:\/\/wlkskrakus.pl\/kolarstwo\/wp-content\/uploads\/2024\/12\/Dobczyce-2017_04_IV-etap_0288-300x200.jpg\" data-width=\"300\" data-height=\"200\" alt=\"Dobczyce 2017 04 IV etap 0288\" ><\/div>\n\t\t\t\t\t\t\t\t\t\t\t<div class=\"elementor-gallery-item__overlay\"><\/div>\n\t\t\t\t\t\t\t\t\t\t\t\t\t\t<\/a>\n\t\t\t\t\t\t\t<a class=\"e-gallery-item elementor-gallery-item elementor-animated-content\" href=\"https:\/\/wlkskrakus.pl\/kolarstwo\/wp-content\/uploads\/2024\/12\/Dobczyce-2017_04_IV-etap_0301.jpg\" data-elementor-open-lightbox=\"yes\" data-elementor-lightbox-slideshow=\"all-d75afe9\" data-elementor-lightbox-title=\"Dobczyce 2017 04 IV etap 0301\" data-e-action-hash=\"#elementor-action%3Aaction%3Dlightbox%26settings%3DeyJpZCI6NzAzMywidXJsIjoiaHR0cHM6XC9cL3dsa3NrcmFrdXMucGxcL2tvbGFyc3R3b1wvd3AtY29udGVudFwvdXBsb2Fkc1wvMjAyNFwvMTJcL0RvYmN6eWNlLTIwMTdfMDRfSVYtZXRhcF8wMzAxLmpwZyIsInNsaWRlc2hvdyI6ImFsbC1kNzVhZmU5In0%3D\">\n\t\t\t\t\t<div class=\"e-gallery-image elementor-gallery-item__image\" data-thumbnail=\"https:\/\/wlkskrakus.pl\/kolarstwo\/wp-content\/uploads\/2024\/12\/Dobczyce-2017_04_IV-etap_0301-300x200.jpg\" data-width=\"300\" data-height=\"200\" alt=\"Dobczyce 2017 04 IV etap 0301\" ><\/div>\n\t\t\t\t\t\t\t\t\t\t\t<div class=\"elementor-gallery-item__overlay\"><\/div>\n\t\t\t\t\t\t\t\t\t\t\t\t\t\t<\/a>\n\t\t\t\t\t\t\t<a class=\"e-gallery-item elementor-gallery-item elementor-animated-content\" href=\"https:\/\/wlkskrakus.pl\/kolarstwo\/wp-content\/uploads\/2024\/12\/Dobczyce-2017_04_IV-etap_0308.jpg\" data-elementor-open-lightbox=\"yes\" data-elementor-lightbox-slideshow=\"all-d75afe9\" data-elementor-lightbox-title=\"Dobczyce 2017 04 IV etap 0308\" data-e-action-hash=\"#elementor-action%3Aaction%3Dlightbox%26settings%3DeyJpZCI6NzAzNCwidXJsIjoiaHR0cHM6XC9cL3dsa3NrcmFrdXMucGxcL2tvbGFyc3R3b1wvd3AtY29udGVudFwvdXBsb2Fkc1wvMjAyNFwvMTJcL0RvYmN6eWNlLTIwMTdfMDRfSVYtZXRhcF8wMzA4LmpwZyIsInNsaWRlc2hvdyI6ImFsbC1kNzVhZmU5In0%3D\">\n\t\t\t\t\t<div class=\"e-gallery-image elementor-gallery-item__image\" data-thumbnail=\"https:\/\/wlkskrakus.pl\/kolarstwo\/wp-content\/uploads\/2024\/12\/Dobczyce-2017_04_IV-etap_0308-300x188.jpg\" data-width=\"300\" data-height=\"188\" alt=\"Dobczyce 2017 04 IV etap 0308\" ><\/div>\n\t\t\t\t\t\t\t\t\t\t\t<div class=\"elementor-gallery-item__overlay\"><\/div>\n\t\t\t\t\t\t\t\t\t\t\t\t\t\t<\/a>\n\t\t\t\t\t\t\t<a class=\"e-gallery-item elementor-gallery-item elementor-animated-content\" href=\"https:\/\/wlkskrakus.pl\/kolarstwo\/wp-content\/uploads\/2024\/12\/Dobczyce-2017_04_IV-etap_0322.jpg\" data-elementor-open-lightbox=\"yes\" data-elementor-lightbox-slideshow=\"all-d75afe9\" data-elementor-lightbox-title=\"Dobczyce 2017 04 IV etap 0322\" data-e-action-hash=\"#elementor-action%3Aaction%3Dlightbox%26settings%3DeyJpZCI6NzAzNSwidXJsIjoiaHR0cHM6XC9cL3dsa3NrcmFrdXMucGxcL2tvbGFyc3R3b1wvd3AtY29udGVudFwvdXBsb2Fkc1wvMjAyNFwvMTJcL0RvYmN6eWNlLTIwMTdfMDRfSVYtZXRhcF8wMzIyLmpwZyIsInNsaWRlc2hvdyI6ImFsbC1kNzVhZmU5In0%3D\">\n\t\t\t\t\t<div class=\"e-gallery-image elementor-gallery-item__image\" data-thumbnail=\"https:\/\/wlkskrakus.pl\/kolarstwo\/wp-content\/uploads\/2024\/12\/Dobczyce-2017_04_IV-etap_0322-300x200.jpg\" data-width=\"300\" data-height=\"200\" alt=\"Dobczyce 2017 04 IV etap 0322\" ><\/div>\n\t\t\t\t\t\t\t\t\t\t\t<div class=\"elementor-gallery-item__overlay\"><\/div>\n\t\t\t\t\t\t\t\t\t\t\t\t\t\t<\/a>\n\t\t\t\t\t\t\t<a class=\"e-gallery-item elementor-gallery-item elementor-animated-content\" href=\"https:\/\/wlkskrakus.pl\/kolarstwo\/wp-content\/uploads\/2024\/12\/Dobczyce-2017_04_IV-etap_0340.jpg\" data-elementor-open-lightbox=\"yes\" data-elementor-lightbox-slideshow=\"all-d75afe9\" data-elementor-lightbox-title=\"Dobczyce 2017 04 IV etap 0340\" data-e-action-hash=\"#elementor-action%3Aaction%3Dlightbox%26settings%3DeyJpZCI6NzAzNiwidXJsIjoiaHR0cHM6XC9cL3dsa3NrcmFrdXMucGxcL2tvbGFyc3R3b1wvd3AtY29udGVudFwvdXBsb2Fkc1wvMjAyNFwvMTJcL0RvYmN6eWNlLTIwMTdfMDRfSVYtZXRhcF8wMzQwLmpwZyIsInNsaWRlc2hvdyI6ImFsbC1kNzVhZmU5In0%3D\">\n\t\t\t\t\t<div class=\"e-gallery-image elementor-gallery-item__image\" data-thumbnail=\"https:\/\/wlkskrakus.pl\/kolarstwo\/wp-content\/uploads\/2024\/12\/Dobczyce-2017_04_IV-etap_0340-300x200.jpg\" data-width=\"300\" data-height=\"200\" alt=\"Dobczyce 2017 04 IV etap 0340\" ><\/div>\n\t\t\t\t\t\t\t\t\t\t\t<div class=\"elementor-gallery-item__overlay\"><\/div>\n\t\t\t\t\t\t\t\t\t\t\t\t\t\t<\/a>\n\t\t\t\t\t\t\t<a class=\"e-gallery-item elementor-gallery-item elementor-animated-content\" href=\"https:\/\/wlkskrakus.pl\/kolarstwo\/wp-content\/uploads\/2024\/12\/Dobczyce-2017_04_IV-etap_0343.jpg\" data-elementor-open-lightbox=\"yes\" data-elementor-lightbox-slideshow=\"all-d75afe9\" data-elementor-lightbox-title=\"Dobczyce 2017 04 IV etap 0343\" data-e-action-hash=\"#elementor-action%3Aaction%3Dlightbox%26settings%3DeyJpZCI6NzAzOCwidXJsIjoiaHR0cHM6XC9cL3dsa3NrcmFrdXMucGxcL2tvbGFyc3R3b1wvd3AtY29udGVudFwvdXBsb2Fkc1wvMjAyNFwvMTJcL0RvYmN6eWNlLTIwMTdfMDRfSVYtZXRhcF8wMzQzLmpwZyIsInNsaWRlc2hvdyI6ImFsbC1kNzVhZmU5In0%3D\">\n\t\t\t\t\t<div class=\"e-gallery-image elementor-gallery-item__image\" data-thumbnail=\"https:\/\/wlkskrakus.pl\/kolarstwo\/wp-content\/uploads\/2024\/12\/Dobczyce-2017_04_IV-etap_0343-300x200.jpg\" data-width=\"300\" data-height=\"200\" alt=\"Dobczyce 2017 04 IV etap 0343\" ><\/div>\n\t\t\t\t\t\t\t\t\t\t\t<div class=\"elementor-gallery-item__overlay\"><\/div>\n\t\t\t\t\t\t\t\t\t\t\t\t\t\t<\/a>\n\t\t\t\t\t\t\t<a class=\"e-gallery-item elementor-gallery-item elementor-animated-content\" href=\"https:\/\/wlkskrakus.pl\/kolarstwo\/wp-content\/uploads\/2024\/12\/Dobczyce-2017_04_IV-etap_0362.jpg\" data-elementor-open-lightbox=\"yes\" data-elementor-lightbox-slideshow=\"all-d75afe9\" data-elementor-lightbox-title=\"Dobczyce 2017 04 IV etap 0362\" data-e-action-hash=\"#elementor-action%3Aaction%3Dlightbox%26settings%3DeyJpZCI6NzA0MCwidXJsIjoiaHR0cHM6XC9cL3dsa3NrcmFrdXMucGxcL2tvbGFyc3R3b1wvd3AtY29udGVudFwvdXBsb2Fkc1wvMjAyNFwvMTJcL0RvYmN6eWNlLTIwMTdfMDRfSVYtZXRhcF8wMzYyLmpwZyIsInNsaWRlc2hvdyI6ImFsbC1kNzVhZmU5In0%3D\">\n\t\t\t\t\t<div class=\"e-gallery-image elementor-gallery-item__image\" data-thumbnail=\"https:\/\/wlkskrakus.pl\/kolarstwo\/wp-content\/uploads\/2024\/12\/Dobczyce-2017_04_IV-etap_0362-300x200.jpg\" data-width=\"300\" data-height=\"200\" alt=\"Dobczyce 2017 04 IV etap 0362\" ><\/div>\n\t\t\t\t\t\t\t\t\t\t\t<div class=\"elementor-gallery-item__overlay\"><\/div>\n\t\t\t\t\t\t\t\t\t\t\t\t\t\t<\/a>\n\t\t\t\t\t\t\t<a class=\"e-gallery-item elementor-gallery-item elementor-animated-content\" href=\"https:\/\/wlkskrakus.pl\/kolarstwo\/wp-content\/uploads\/2024\/12\/Dobczyce-2017_04_IV-etap_0373.jpg\" data-elementor-open-lightbox=\"yes\" data-elementor-lightbox-slideshow=\"all-d75afe9\" data-elementor-lightbox-title=\"Dobczyce 2017 04 IV etap 0373\" data-e-action-hash=\"#elementor-action%3Aaction%3Dlightbox%26settings%3DeyJpZCI6NzA0MiwidXJsIjoiaHR0cHM6XC9cL3dsa3NrcmFrdXMucGxcL2tvbGFyc3R3b1wvd3AtY29udGVudFwvdXBsb2Fkc1wvMjAyNFwvMTJcL0RvYmN6eWNlLTIwMTdfMDRfSVYtZXRhcF8wMzczLmpwZyIsInNsaWRlc2hvdyI6ImFsbC1kNzVhZmU5In0%3D\">\n\t\t\t\t\t<div class=\"e-gallery-image elementor-gallery-item__image\" data-thumbnail=\"https:\/\/wlkskrakus.pl\/kolarstwo\/wp-content\/uploads\/2024\/12\/Dobczyce-2017_04_IV-etap_0373-300x188.jpg\" data-width=\"300\" data-height=\"188\" alt=\"Dobczyce 2017 04 IV etap 0373\" ><\/div>\n\t\t\t\t\t\t\t\t\t\t\t<div class=\"elementor-gallery-item__overlay\"><\/div>\n\t\t\t\t\t\t\t\t\t\t\t\t\t\t<\/a>\n\t\t\t\t\t\t\t<a class=\"e-gallery-item elementor-gallery-item elementor-animated-content\" href=\"https:\/\/wlkskrakus.pl\/kolarstwo\/wp-content\/uploads\/2024\/12\/Dobczyce-2017_04_IV-etap_0380.jpg\" data-elementor-open-lightbox=\"yes\" data-elementor-lightbox-slideshow=\"all-d75afe9\" data-elementor-lightbox-title=\"Dobczyce 2017 04 IV etap 0380\" data-e-action-hash=\"#elementor-action%3Aaction%3Dlightbox%26settings%3DeyJpZCI6NzA0MywidXJsIjoiaHR0cHM6XC9cL3dsa3NrcmFrdXMucGxcL2tvbGFyc3R3b1wvd3AtY29udGVudFwvdXBsb2Fkc1wvMjAyNFwvMTJcL0RvYmN6eWNlLTIwMTdfMDRfSVYtZXRhcF8wMzgwLmpwZyIsInNsaWRlc2hvdyI6ImFsbC1kNzVhZmU5In0%3D\">\n\t\t\t\t\t<div class=\"e-gallery-image elementor-gallery-item__image\" data-thumbnail=\"https:\/\/wlkskrakus.pl\/kolarstwo\/wp-content\/uploads\/2024\/12\/Dobczyce-2017_04_IV-etap_0380-300x169.jpg\" data-width=\"300\" data-height=\"169\" alt=\"Dobczyce 2017 04 IV etap 0380\" ><\/div>\n\t\t\t\t\t\t\t\t\t\t\t<div class=\"elementor-gallery-item__overlay\"><\/div>\n\t\t\t\t\t\t\t\t\t\t\t\t\t\t<\/a>\n\t\t\t\t\t\t\t<a class=\"e-gallery-item elementor-gallery-item elementor-animated-content\" href=\"https:\/\/wlkskrakus.pl\/kolarstwo\/wp-content\/uploads\/2024\/12\/Dobczyce-2017_04_IV-etap_0392.jpg\" data-elementor-open-lightbox=\"yes\" data-elementor-lightbox-slideshow=\"all-d75afe9\" data-elementor-lightbox-title=\"Dobczyce 2017 04 IV etap 0392\" data-e-action-hash=\"#elementor-action%3Aaction%3Dlightbox%26settings%3DeyJpZCI6NzA0NCwidXJsIjoiaHR0cHM6XC9cL3dsa3NrcmFrdXMucGxcL2tvbGFyc3R3b1wvd3AtY29udGVudFwvdXBsb2Fkc1wvMjAyNFwvMTJcL0RvYmN6eWNlLTIwMTdfMDRfSVYtZXRhcF8wMzkyLmpwZyIsInNsaWRlc2hvdyI6ImFsbC1kNzVhZmU5In0%3D\">\n\t\t\t\t\t<div class=\"e-gallery-image elementor-gallery-item__image\" data-thumbnail=\"https:\/\/wlkskrakus.pl\/kolarstwo\/wp-content\/uploads\/2024\/12\/Dobczyce-2017_04_IV-etap_0392-300x200.jpg\" data-width=\"300\" data-height=\"200\" alt=\"Dobczyce 2017 04 IV etap 0392\" ><\/div>\n\t\t\t\t\t\t\t\t\t\t\t<div class=\"elementor-gallery-item__overlay\"><\/div>\n\t\t\t\t\t\t\t\t\t\t\t\t\t\t<\/a>\n\t\t\t\t\t\t\t<a class=\"e-gallery-item elementor-gallery-item elementor-animated-content\" href=\"https:\/\/wlkskrakus.pl\/kolarstwo\/wp-content\/uploads\/2024\/12\/Dobczyce-2017_04_IV-etap_0397.jpg\" data-elementor-open-lightbox=\"yes\" data-elementor-lightbox-slideshow=\"all-d75afe9\" data-elementor-lightbox-title=\"Dobczyce 2017 04 IV etap 0397\" data-e-action-hash=\"#elementor-action%3Aaction%3Dlightbox%26settings%3DeyJpZCI6NzA0NSwidXJsIjoiaHR0cHM6XC9cL3dsa3NrcmFrdXMucGxcL2tvbGFyc3R3b1wvd3AtY29udGVudFwvdXBsb2Fkc1wvMjAyNFwvMTJcL0RvYmN6eWNlLTIwMTdfMDRfSVYtZXRhcF8wMzk3LmpwZyIsInNsaWRlc2hvdyI6ImFsbC1kNzVhZmU5In0%3D\">\n\t\t\t\t\t<div class=\"e-gallery-image elementor-gallery-item__image\" data-thumbnail=\"https:\/\/wlkskrakus.pl\/kolarstwo\/wp-content\/uploads\/2024\/12\/Dobczyce-2017_04_IV-etap_0397-300x169.jpg\" data-width=\"300\" data-height=\"169\" alt=\"Dobczyce 2017 04 IV etap 0397\" ><\/div>\n\t\t\t\t\t\t\t\t\t\t\t<div class=\"elementor-gallery-item__overlay\"><\/div>\n\t\t\t\t\t\t\t\t\t\t\t\t\t\t<\/a>\n\t\t\t\t\t\t\t<a class=\"e-gallery-item elementor-gallery-item elementor-animated-content\" href=\"https:\/\/wlkskrakus.pl\/kolarstwo\/wp-content\/uploads\/2024\/12\/Dobczyce-2017_04_IV-etap_0405.jpg\" data-elementor-open-lightbox=\"yes\" data-elementor-lightbox-slideshow=\"all-d75afe9\" data-elementor-lightbox-title=\"Dobczyce 2017 04 IV etap 0405\" data-e-action-hash=\"#elementor-action%3Aaction%3Dlightbox%26settings%3DeyJpZCI6NzA0NywidXJsIjoiaHR0cHM6XC9cL3dsa3NrcmFrdXMucGxcL2tvbGFyc3R3b1wvd3AtY29udGVudFwvdXBsb2Fkc1wvMjAyNFwvMTJcL0RvYmN6eWNlLTIwMTdfMDRfSVYtZXRhcF8wNDA1LmpwZyIsInNsaWRlc2hvdyI6ImFsbC1kNzVhZmU5In0%3D\">\n\t\t\t\t\t<div class=\"e-gallery-image elementor-gallery-item__image\" data-thumbnail=\"https:\/\/wlkskrakus.pl\/kolarstwo\/wp-content\/uploads\/2024\/12\/Dobczyce-2017_04_IV-etap_0405-300x200.jpg\" data-width=\"300\" data-height=\"200\" alt=\"Dobczyce 2017 04 IV etap 0405\" ><\/div>\n\t\t\t\t\t\t\t\t\t\t\t<div class=\"elementor-gallery-item__overlay\"><\/div>\n\t\t\t\t\t\t\t\t\t\t\t\t\t\t<\/a>\n\t\t\t\t\t\t\t<a class=\"e-gallery-item elementor-gallery-item elementor-animated-content\" href=\"https:\/\/wlkskrakus.pl\/kolarstwo\/wp-content\/uploads\/2024\/12\/Dobczyce-2017_04_IV-etap_0417.jpg\" data-elementor-open-lightbox=\"yes\" data-elementor-lightbox-slideshow=\"all-d75afe9\" data-elementor-lightbox-title=\"Dobczyce 2017 04 IV etap 0417\" data-e-action-hash=\"#elementor-action%3Aaction%3Dlightbox%26settings%3DeyJpZCI6NzA0OCwidXJsIjoiaHR0cHM6XC9cL3dsa3NrcmFrdXMucGxcL2tvbGFyc3R3b1wvd3AtY29udGVudFwvdXBsb2Fkc1wvMjAyNFwvMTJcL0RvYmN6eWNlLTIwMTdfMDRfSVYtZXRhcF8wNDE3LmpwZyIsInNsaWRlc2hvdyI6ImFsbC1kNzVhZmU5In0%3D\">\n\t\t\t\t\t<div class=\"e-gallery-image elementor-gallery-item__image\" data-thumbnail=\"https:\/\/wlkskrakus.pl\/kolarstwo\/wp-content\/uploads\/2024\/12\/Dobczyce-2017_04_IV-etap_0417-300x200.jpg\" data-width=\"300\" data-height=\"200\" alt=\"Dobczyce 2017 04 IV etap 0417\" ><\/div>\n\t\t\t\t\t\t\t\t\t\t\t<div class=\"elementor-gallery-item__overlay\"><\/div>\n\t\t\t\t\t\t\t\t\t\t\t\t\t\t<\/a>\n\t\t\t\t\t\t\t<a class=\"e-gallery-item elementor-gallery-item elementor-animated-content\" href=\"https:\/\/wlkskrakus.pl\/kolarstwo\/wp-content\/uploads\/2024\/12\/Dobczyce-2017_04_IV-etap_0424.jpg\" data-elementor-open-lightbox=\"yes\" data-elementor-lightbox-slideshow=\"all-d75afe9\" data-elementor-lightbox-title=\"Dobczyce 2017 04 IV etap 0424\" data-e-action-hash=\"#elementor-action%3Aaction%3Dlightbox%26settings%3DeyJpZCI6NzA0OSwidXJsIjoiaHR0cHM6XC9cL3dsa3NrcmFrdXMucGxcL2tvbGFyc3R3b1wvd3AtY29udGVudFwvdXBsb2Fkc1wvMjAyNFwvMTJcL0RvYmN6eWNlLTIwMTdfMDRfSVYtZXRhcF8wNDI0LmpwZyIsInNsaWRlc2hvdyI6ImFsbC1kNzVhZmU5In0%3D\">\n\t\t\t\t\t<div class=\"e-gallery-image elementor-gallery-item__image\" data-thumbnail=\"https:\/\/wlkskrakus.pl\/kolarstwo\/wp-content\/uploads\/2024\/12\/Dobczyce-2017_04_IV-etap_0424-300x169.jpg\" data-width=\"300\" data-height=\"169\" alt=\"Dobczyce 2017 04 IV etap 0424\" ><\/div>\n\t\t\t\t\t\t\t\t\t\t\t<div class=\"elementor-gallery-item__overlay\"><\/div>\n\t\t\t\t\t\t\t\t\t\t\t\t\t\t<\/a>\n\t\t\t\t\t\t\t<a class=\"e-gallery-item elementor-gallery-item elementor-animated-content\" href=\"https:\/\/wlkskrakus.pl\/kolarstwo\/wp-content\/uploads\/2024\/12\/Dobczyce-2017_04_IV-etap_0447.jpg\" data-elementor-open-lightbox=\"yes\" data-elementor-lightbox-slideshow=\"all-d75afe9\" data-elementor-lightbox-title=\"Dobczyce 2017 04 IV etap 0447\" data-e-action-hash=\"#elementor-action%3Aaction%3Dlightbox%26settings%3DeyJpZCI6NzA1MiwidXJsIjoiaHR0cHM6XC9cL3dsa3NrcmFrdXMucGxcL2tvbGFyc3R3b1wvd3AtY29udGVudFwvdXBsb2Fkc1wvMjAyNFwvMTJcL0RvYmN6eWNlLTIwMTdfMDRfSVYtZXRhcF8wNDQ3LmpwZyIsInNsaWRlc2hvdyI6ImFsbC1kNzVhZmU5In0%3D\">\n\t\t\t\t\t<div class=\"e-gallery-image elementor-gallery-item__image\" data-thumbnail=\"https:\/\/wlkskrakus.pl\/kolarstwo\/wp-content\/uploads\/2024\/12\/Dobczyce-2017_04_IV-etap_0447-300x200.jpg\" data-width=\"300\" data-height=\"200\" alt=\"Dobczyce 2017 04 IV etap 0447\" ><\/div>\n\t\t\t\t\t\t\t\t\t\t\t<div class=\"elementor-gallery-item__overlay\"><\/div>\n\t\t\t\t\t\t\t\t\t\t\t\t\t\t<\/a>\n\t\t\t\t\t\t\t<a class=\"e-gallery-item elementor-gallery-item elementor-animated-content\" href=\"https:\/\/wlkskrakus.pl\/kolarstwo\/wp-content\/uploads\/2024\/12\/Dobczyce-2017_04_IV-etap_0453.jpg\" data-elementor-open-lightbox=\"yes\" data-elementor-lightbox-slideshow=\"all-d75afe9\" data-elementor-lightbox-title=\"Dobczyce 2017 04 IV etap 0453\" data-e-action-hash=\"#elementor-action%3Aaction%3Dlightbox%26settings%3DeyJpZCI6NzA1MywidXJsIjoiaHR0cHM6XC9cL3dsa3NrcmFrdXMucGxcL2tvbGFyc3R3b1wvd3AtY29udGVudFwvdXBsb2Fkc1wvMjAyNFwvMTJcL0RvYmN6eWNlLTIwMTdfMDRfSVYtZXRhcF8wNDUzLmpwZyIsInNsaWRlc2hvdyI6ImFsbC1kNzVhZmU5In0%3D\">\n\t\t\t\t\t<div class=\"e-gallery-image elementor-gallery-item__image\" data-thumbnail=\"https:\/\/wlkskrakus.pl\/kolarstwo\/wp-content\/uploads\/2024\/12\/Dobczyce-2017_04_IV-etap_0453-300x169.jpg\" data-width=\"300\" data-height=\"169\" alt=\"Dobczyce 2017 04 IV etap 0453\" ><\/div>\n\t\t\t\t\t\t\t\t\t\t\t<div class=\"elementor-gallery-item__overlay\"><\/div>\n\t\t\t\t\t\t\t\t\t\t\t\t\t\t<\/a>\n\t\t\t\t\t\t\t<a class=\"e-gallery-item elementor-gallery-item elementor-animated-content\" href=\"https:\/\/wlkskrakus.pl\/kolarstwo\/wp-content\/uploads\/2024\/12\/Dobczyce-2017_04_IV-etap_0458.jpg\" data-elementor-open-lightbox=\"yes\" data-elementor-lightbox-slideshow=\"all-d75afe9\" data-elementor-lightbox-title=\"Dobczyce 2017 04 IV etap 0458\" data-e-action-hash=\"#elementor-action%3Aaction%3Dlightbox%26settings%3DeyJpZCI6NzA1NCwidXJsIjoiaHR0cHM6XC9cL3dsa3NrcmFrdXMucGxcL2tvbGFyc3R3b1wvd3AtY29udGVudFwvdXBsb2Fkc1wvMjAyNFwvMTJcL0RvYmN6eWNlLTIwMTdfMDRfSVYtZXRhcF8wNDU4LmpwZyIsInNsaWRlc2hvdyI6ImFsbC1kNzVhZmU5In0%3D\">\n\t\t\t\t\t<div class=\"e-gallery-image elementor-gallery-item__image\" data-thumbnail=\"https:\/\/wlkskrakus.pl\/kolarstwo\/wp-content\/uploads\/2024\/12\/Dobczyce-2017_04_IV-etap_0458-300x200.jpg\" data-width=\"300\" data-height=\"200\" alt=\"Dobczyce 2017 04 IV etap 0458\" ><\/div>\n\t\t\t\t\t\t\t\t\t\t\t<div class=\"elementor-gallery-item__overlay\"><\/div>\n\t\t\t\t\t\t\t\t\t\t\t\t\t\t<\/a>\n\t\t\t\t\t\t\t<a class=\"e-gallery-item elementor-gallery-item elementor-animated-content\" href=\"https:\/\/wlkskrakus.pl\/kolarstwo\/wp-content\/uploads\/2024\/12\/Dobczyce-2017_04_IV-etap_0489.jpg\" data-elementor-open-lightbox=\"yes\" data-elementor-lightbox-slideshow=\"all-d75afe9\" data-elementor-lightbox-title=\"Dobczyce 2017 04 IV etap 0489\" data-e-action-hash=\"#elementor-action%3Aaction%3Dlightbox%26settings%3DeyJpZCI6NzA1NSwidXJsIjoiaHR0cHM6XC9cL3dsa3NrcmFrdXMucGxcL2tvbGFyc3R3b1wvd3AtY29udGVudFwvdXBsb2Fkc1wvMjAyNFwvMTJcL0RvYmN6eWNlLTIwMTdfMDRfSVYtZXRhcF8wNDg5LmpwZyIsInNsaWRlc2hvdyI6ImFsbC1kNzVhZmU5In0%3D\">\n\t\t\t\t\t<div class=\"e-gallery-image elementor-gallery-item__image\" data-thumbnail=\"https:\/\/wlkskrakus.pl\/kolarstwo\/wp-content\/uploads\/2024\/12\/Dobczyce-2017_04_IV-etap_0489-300x200.jpg\" data-width=\"300\" data-height=\"200\" alt=\"Dobczyce 2017 04 IV etap 0489\" ><\/div>\n\t\t\t\t\t\t\t\t\t\t\t<div class=\"elementor-gallery-item__overlay\"><\/div>\n\t\t\t\t\t\t\t\t\t\t\t\t\t\t<\/a>\n\t\t\t\t\t\t\t<a class=\"e-gallery-item elementor-gallery-item elementor-animated-content\" href=\"https:\/\/wlkskrakus.pl\/kolarstwo\/wp-content\/uploads\/2024\/12\/Dobczyce-2017_04_IV-etap_0493.jpg\" data-elementor-open-lightbox=\"yes\" data-elementor-lightbox-slideshow=\"all-d75afe9\" data-elementor-lightbox-title=\"Dobczyce 2017 04 IV etap 0493\" data-e-action-hash=\"#elementor-action%3Aaction%3Dlightbox%26settings%3DeyJpZCI6NzA1NiwidXJsIjoiaHR0cHM6XC9cL3dsa3NrcmFrdXMucGxcL2tvbGFyc3R3b1wvd3AtY29udGVudFwvdXBsb2Fkc1wvMjAyNFwvMTJcL0RvYmN6eWNlLTIwMTdfMDRfSVYtZXRhcF8wNDkzLmpwZyIsInNsaWRlc2hvdyI6ImFsbC1kNzVhZmU5In0%3D\">\n\t\t\t\t\t<div class=\"e-gallery-image elementor-gallery-item__image\" data-thumbnail=\"https:\/\/wlkskrakus.pl\/kolarstwo\/wp-content\/uploads\/2024\/12\/Dobczyce-2017_04_IV-etap_0493-300x169.jpg\" data-width=\"300\" data-height=\"169\" alt=\"Dobczyce 2017 04 IV etap 0493\" ><\/div>\n\t\t\t\t\t\t\t\t\t\t\t<div class=\"elementor-gallery-item__overlay\"><\/div>\n\t\t\t\t\t\t\t\t\t\t\t\t\t\t<\/a>\n\t\t\t\t\t\t\t<a class=\"e-gallery-item elementor-gallery-item elementor-animated-content\" href=\"https:\/\/wlkskrakus.pl\/kolarstwo\/wp-content\/uploads\/2024\/12\/Dobczyce-2017_04_IV-etap_0510.jpg\" data-elementor-open-lightbox=\"yes\" data-elementor-lightbox-slideshow=\"all-d75afe9\" data-elementor-lightbox-title=\"Dobczyce 2017 04 IV etap 0510\" data-e-action-hash=\"#elementor-action%3Aaction%3Dlightbox%26settings%3DeyJpZCI6NzA1OCwidXJsIjoiaHR0cHM6XC9cL3dsa3NrcmFrdXMucGxcL2tvbGFyc3R3b1wvd3AtY29udGVudFwvdXBsb2Fkc1wvMjAyNFwvMTJcL0RvYmN6eWNlLTIwMTdfMDRfSVYtZXRhcF8wNTEwLmpwZyIsInNsaWRlc2hvdyI6ImFsbC1kNzVhZmU5In0%3D\">\n\t\t\t\t\t<div class=\"e-gallery-image elementor-gallery-item__image\" data-thumbnail=\"https:\/\/wlkskrakus.pl\/kolarstwo\/wp-content\/uploads\/2024\/12\/Dobczyce-2017_04_IV-etap_0510-300x200.jpg\" data-width=\"300\" data-height=\"200\" alt=\"Dobczyce 2017 04 IV etap 0510\" ><\/div>\n\t\t\t\t\t\t\t\t\t\t\t<div class=\"elementor-gallery-item__overlay\"><\/div>\n\t\t\t\t\t\t\t\t\t\t\t\t\t\t<\/a>\n\t\t\t\t\t\t\t<a class=\"e-gallery-item elementor-gallery-item elementor-animated-content\" href=\"https:\/\/wlkskrakus.pl\/kolarstwo\/wp-content\/uploads\/2024\/12\/Dobczyce-2017_04_IV-etap_0545.jpg\" data-elementor-open-lightbox=\"yes\" data-elementor-lightbox-slideshow=\"all-d75afe9\" data-elementor-lightbox-title=\"Dobczyce 2017 04 IV etap 0545\" data-e-action-hash=\"#elementor-action%3Aaction%3Dlightbox%26settings%3DeyJpZCI6NzA1OSwidXJsIjoiaHR0cHM6XC9cL3dsa3NrcmFrdXMucGxcL2tvbGFyc3R3b1wvd3AtY29udGVudFwvdXBsb2Fkc1wvMjAyNFwvMTJcL0RvYmN6eWNlLTIwMTdfMDRfSVYtZXRhcF8wNTQ1LmpwZyIsInNsaWRlc2hvdyI6ImFsbC1kNzVhZmU5In0%3D\">\n\t\t\t\t\t<div class=\"e-gallery-image elementor-gallery-item__image\" data-thumbnail=\"https:\/\/wlkskrakus.pl\/kolarstwo\/wp-content\/uploads\/2024\/12\/Dobczyce-2017_04_IV-etap_0545-300x200.jpg\" data-width=\"300\" data-height=\"200\" alt=\"Dobczyce 2017 04 IV etap 0545\" ><\/div>\n\t\t\t\t\t\t\t\t\t\t\t<div class=\"elementor-gallery-item__overlay\"><\/div>\n\t\t\t\t\t\t\t\t\t\t\t\t\t\t<\/a>\n\t\t\t\t\t\t\t<a class=\"e-gallery-item elementor-gallery-item elementor-animated-content\" href=\"https:\/\/wlkskrakus.pl\/kolarstwo\/wp-content\/uploads\/2024\/12\/Dobczyce-2017_04_IV-etap_0614.jpg\" data-elementor-open-lightbox=\"yes\" data-elementor-lightbox-slideshow=\"all-d75afe9\" data-elementor-lightbox-title=\"Dobczyce 2017 04 IV etap 0614\" data-e-action-hash=\"#elementor-action%3Aaction%3Dlightbox%26settings%3DeyJpZCI6NzA2MCwidXJsIjoiaHR0cHM6XC9cL3dsa3NrcmFrdXMucGxcL2tvbGFyc3R3b1wvd3AtY29udGVudFwvdXBsb2Fkc1wvMjAyNFwvMTJcL0RvYmN6eWNlLTIwMTdfMDRfSVYtZXRhcF8wNjE0LmpwZyIsInNsaWRlc2hvdyI6ImFsbC1kNzVhZmU5In0%3D\">\n\t\t\t\t\t<div class=\"e-gallery-image elementor-gallery-item__image\" data-thumbnail=\"https:\/\/wlkskrakus.pl\/kolarstwo\/wp-content\/uploads\/2024\/12\/Dobczyce-2017_04_IV-etap_0614-300x200.jpg\" data-width=\"300\" data-height=\"200\" alt=\"Dobczyce 2017 04 IV etap 0614\" ><\/div>\n\t\t\t\t\t\t\t\t\t\t\t<div class=\"elementor-gallery-item__overlay\"><\/div>\n\t\t\t\t\t\t\t\t\t\t\t\t\t\t<\/a>\n\t\t\t\t\t\t\t<a class=\"e-gallery-item elementor-gallery-item elementor-animated-content\" href=\"https:\/\/wlkskrakus.pl\/kolarstwo\/wp-content\/uploads\/2024\/12\/Dobczyce-2017_04_IV-etap_0630.jpg\" data-elementor-open-lightbox=\"yes\" data-elementor-lightbox-slideshow=\"all-d75afe9\" data-elementor-lightbox-title=\"Dobczyce 2017 04 IV etap 0630\" data-e-action-hash=\"#elementor-action%3Aaction%3Dlightbox%26settings%3DeyJpZCI6NzA2MSwidXJsIjoiaHR0cHM6XC9cL3dsa3NrcmFrdXMucGxcL2tvbGFyc3R3b1wvd3AtY29udGVudFwvdXBsb2Fkc1wvMjAyNFwvMTJcL0RvYmN6eWNlLTIwMTdfMDRfSVYtZXRhcF8wNjMwLmpwZyIsInNsaWRlc2hvdyI6ImFsbC1kNzVhZmU5In0%3D\">\n\t\t\t\t\t<div class=\"e-gallery-image elementor-gallery-item__image\" data-thumbnail=\"https:\/\/wlkskrakus.pl\/kolarstwo\/wp-content\/uploads\/2024\/12\/Dobczyce-2017_04_IV-etap_0630-300x169.jpg\" data-width=\"300\" data-height=\"169\" alt=\"Dobczyce 2017 04 IV etap 0630\" ><\/div>\n\t\t\t\t\t\t\t\t\t\t\t<div class=\"elementor-gallery-item__overlay\"><\/div>\n\t\t\t\t\t\t\t\t\t\t\t\t\t\t<\/a>\n\t\t\t\t\t\t\t<a class=\"e-gallery-item elementor-gallery-item elementor-animated-content\" href=\"https:\/\/wlkskrakus.pl\/kolarstwo\/wp-content\/uploads\/2024\/12\/Dobczyce-2017_04_IV-etap_0653.jpg\" data-elementor-open-lightbox=\"yes\" data-elementor-lightbox-slideshow=\"all-d75afe9\" data-elementor-lightbox-title=\"Dobczyce 2017 04 IV etap 0653\" data-e-action-hash=\"#elementor-action%3Aaction%3Dlightbox%26settings%3DeyJpZCI6NzA2MiwidXJsIjoiaHR0cHM6XC9cL3dsa3NrcmFrdXMucGxcL2tvbGFyc3R3b1wvd3AtY29udGVudFwvdXBsb2Fkc1wvMjAyNFwvMTJcL0RvYmN6eWNlLTIwMTdfMDRfSVYtZXRhcF8wNjUzLmpwZyIsInNsaWRlc2hvdyI6ImFsbC1kNzVhZmU5In0%3D\">\n\t\t\t\t\t<div class=\"e-gallery-image elementor-gallery-item__image\" data-thumbnail=\"https:\/\/wlkskrakus.pl\/kolarstwo\/wp-content\/uploads\/2024\/12\/Dobczyce-2017_04_IV-etap_0653-300x200.jpg\" data-width=\"300\" data-height=\"200\" alt=\"Dobczyce 2017 04 IV etap 0653\" ><\/div>\n\t\t\t\t\t\t\t\t\t\t\t<div class=\"elementor-gallery-item__overlay\"><\/div>\n\t\t\t\t\t\t\t\t\t\t\t\t\t\t<\/a>\n\t\t\t\t\t\t\t<a class=\"e-gallery-item elementor-gallery-item elementor-animated-content\" href=\"https:\/\/wlkskrakus.pl\/kolarstwo\/wp-content\/uploads\/2024\/12\/Dobczyce-2017_04_IV-etap_0666.jpg\" data-elementor-open-lightbox=\"yes\" data-elementor-lightbox-slideshow=\"all-d75afe9\" data-elementor-lightbox-title=\"Dobczyce 2017 04 IV etap 0666\" data-e-action-hash=\"#elementor-action%3Aaction%3Dlightbox%26settings%3DeyJpZCI6NzA2NCwidXJsIjoiaHR0cHM6XC9cL3dsa3NrcmFrdXMucGxcL2tvbGFyc3R3b1wvd3AtY29udGVudFwvdXBsb2Fkc1wvMjAyNFwvMTJcL0RvYmN6eWNlLTIwMTdfMDRfSVYtZXRhcF8wNjY2LmpwZyIsInNsaWRlc2hvdyI6ImFsbC1kNzVhZmU5In0%3D\">\n\t\t\t\t\t<div class=\"e-gallery-image elementor-gallery-item__image\" data-thumbnail=\"https:\/\/wlkskrakus.pl\/kolarstwo\/wp-content\/uploads\/2024\/12\/Dobczyce-2017_04_IV-etap_0666-300x200.jpg\" data-width=\"300\" data-height=\"200\" alt=\"Dobczyce 2017 04 IV etap 0666\" ><\/div>\n\t\t\t\t\t\t\t\t\t\t\t<div class=\"elementor-gallery-item__overlay\"><\/div>\n\t\t\t\t\t\t\t\t\t\t\t\t\t\t<\/a>\n\t\t\t\t\t\t\t<a class=\"e-gallery-item elementor-gallery-item elementor-animated-content\" href=\"https:\/\/wlkskrakus.pl\/kolarstwo\/wp-content\/uploads\/2024\/12\/Dobczyce-2017_04_IV-etap_0671.jpg\" data-elementor-open-lightbox=\"yes\" data-elementor-lightbox-slideshow=\"all-d75afe9\" data-elementor-lightbox-title=\"Dobczyce 2017 04 IV etap 0671\" data-e-action-hash=\"#elementor-action%3Aaction%3Dlightbox%26settings%3DeyJpZCI6NzA2NiwidXJsIjoiaHR0cHM6XC9cL3dsa3NrcmFrdXMucGxcL2tvbGFyc3R3b1wvd3AtY29udGVudFwvdXBsb2Fkc1wvMjAyNFwvMTJcL0RvYmN6eWNlLTIwMTdfMDRfSVYtZXRhcF8wNjcxLmpwZyIsInNsaWRlc2hvdyI6ImFsbC1kNzVhZmU5In0%3D\">\n\t\t\t\t\t<div class=\"e-gallery-image elementor-gallery-item__image\" data-thumbnail=\"https:\/\/wlkskrakus.pl\/kolarstwo\/wp-content\/uploads\/2024\/12\/Dobczyce-2017_04_IV-etap_0671-300x169.jpg\" data-width=\"300\" data-height=\"169\" alt=\"Dobczyce 2017 04 IV etap 0671\" ><\/div>\n\t\t\t\t\t\t\t\t\t\t\t<div class=\"elementor-gallery-item__overlay\"><\/div>\n\t\t\t\t\t\t\t\t\t\t\t\t\t\t<\/a>\n\t\t\t\t\t\t\t<a class=\"e-gallery-item elementor-gallery-item elementor-animated-content\" href=\"https:\/\/wlkskrakus.pl\/kolarstwo\/wp-content\/uploads\/2024\/12\/Dobczyce-2017_04_IV-etap_0688.jpg\" data-elementor-open-lightbox=\"yes\" data-elementor-lightbox-slideshow=\"all-d75afe9\" data-elementor-lightbox-title=\"Dobczyce 2017 04 IV etap 0688\" data-e-action-hash=\"#elementor-action%3Aaction%3Dlightbox%26settings%3DeyJpZCI6NzA2OSwidXJsIjoiaHR0cHM6XC9cL3dsa3NrcmFrdXMucGxcL2tvbGFyc3R3b1wvd3AtY29udGVudFwvdXBsb2Fkc1wvMjAyNFwvMTJcL0RvYmN6eWNlLTIwMTdfMDRfSVYtZXRhcF8wNjg4LmpwZyIsInNsaWRlc2hvdyI6ImFsbC1kNzVhZmU5In0%3D\">\n\t\t\t\t\t<div class=\"e-gallery-image elementor-gallery-item__image\" data-thumbnail=\"https:\/\/wlkskrakus.pl\/kolarstwo\/wp-content\/uploads\/2024\/12\/Dobczyce-2017_04_IV-etap_0688-300x200.jpg\" data-width=\"300\" data-height=\"200\" alt=\"Dobczyce 2017 04 IV etap 0688\" ><\/div>\n\t\t\t\t\t\t\t\t\t\t\t<div class=\"elementor-gallery-item__overlay\"><\/div>\n\t\t\t\t\t\t\t\t\t\t\t\t\t\t<\/a>\n\t\t\t\t\t\t\t<a class=\"e-gallery-item elementor-gallery-item elementor-animated-content\" href=\"https:\/\/wlkskrakus.pl\/kolarstwo\/wp-content\/uploads\/2024\/12\/Dobczyce-2017_04_IV-etap_0700.jpg\" data-elementor-open-lightbox=\"yes\" data-elementor-lightbox-slideshow=\"all-d75afe9\" data-elementor-lightbox-title=\"Dobczyce 2017 04 IV etap 0700\" data-e-action-hash=\"#elementor-action%3Aaction%3Dlightbox%26settings%3DeyJpZCI6NzA3MCwidXJsIjoiaHR0cHM6XC9cL3dsa3NrcmFrdXMucGxcL2tvbGFyc3R3b1wvd3AtY29udGVudFwvdXBsb2Fkc1wvMjAyNFwvMTJcL0RvYmN6eWNlLTIwMTdfMDRfSVYtZXRhcF8wNzAwLmpwZyIsInNsaWRlc2hvdyI6ImFsbC1kNzVhZmU5In0%3D\">\n\t\t\t\t\t<div class=\"e-gallery-image elementor-gallery-item__image\" data-thumbnail=\"https:\/\/wlkskrakus.pl\/kolarstwo\/wp-content\/uploads\/2024\/12\/Dobczyce-2017_04_IV-etap_0700-300x131.jpg\" data-width=\"300\" data-height=\"131\" alt=\"Dobczyce 2017 04 IV etap 0700\" ><\/div>\n\t\t\t\t\t\t\t\t\t\t\t<div class=\"elementor-gallery-item__overlay\"><\/div>\n\t\t\t\t\t\t\t\t\t\t\t\t\t\t<\/a>\n\t\t\t\t\t\t\t<a class=\"e-gallery-item elementor-gallery-item elementor-animated-content\" href=\"https:\/\/wlkskrakus.pl\/kolarstwo\/wp-content\/uploads\/2024\/12\/Dobczyce-2017_04_IV-etap_0723.jpg\" data-elementor-open-lightbox=\"yes\" data-elementor-lightbox-slideshow=\"all-d75afe9\" data-elementor-lightbox-title=\"Dobczyce 2017 04 IV etap 0723\" data-e-action-hash=\"#elementor-action%3Aaction%3Dlightbox%26settings%3DeyJpZCI6NzA3MSwidXJsIjoiaHR0cHM6XC9cL3dsa3NrcmFrdXMucGxcL2tvbGFyc3R3b1wvd3AtY29udGVudFwvdXBsb2Fkc1wvMjAyNFwvMTJcL0RvYmN6eWNlLTIwMTdfMDRfSVYtZXRhcF8wNzIzLmpwZyIsInNsaWRlc2hvdyI6ImFsbC1kNzVhZmU5In0%3D\">\n\t\t\t\t\t<div class=\"e-gallery-image elementor-gallery-item__image\" data-thumbnail=\"https:\/\/wlkskrakus.pl\/kolarstwo\/wp-content\/uploads\/2024\/12\/Dobczyce-2017_04_IV-etap_0723-300x200.jpg\" data-width=\"300\" data-height=\"200\" alt=\"Dobczyce 2017 04 IV etap 0723\" ><\/div>\n\t\t\t\t\t\t\t\t\t\t\t<div class=\"elementor-gallery-item__overlay\"><\/div>\n\t\t\t\t\t\t\t\t\t\t\t\t\t\t<\/a>\n\t\t\t\t\t\t\t<a class=\"e-gallery-item elementor-gallery-item elementor-animated-content\" href=\"https:\/\/wlkskrakus.pl\/kolarstwo\/wp-content\/uploads\/2024\/12\/Dobczyce-2017_04_IV-etap_0747.jpg\" data-elementor-open-lightbox=\"yes\" data-elementor-lightbox-slideshow=\"all-d75afe9\" data-elementor-lightbox-title=\"Dobczyce 2017 04 IV etap 0747\" data-e-action-hash=\"#elementor-action%3Aaction%3Dlightbox%26settings%3DeyJpZCI6NzA3MywidXJsIjoiaHR0cHM6XC9cL3dsa3NrcmFrdXMucGxcL2tvbGFyc3R3b1wvd3AtY29udGVudFwvdXBsb2Fkc1wvMjAyNFwvMTJcL0RvYmN6eWNlLTIwMTdfMDRfSVYtZXRhcF8wNzQ3LmpwZyIsInNsaWRlc2hvdyI6ImFsbC1kNzVhZmU5In0%3D\">\n\t\t\t\t\t<div class=\"e-gallery-image elementor-gallery-item__image\" data-thumbnail=\"https:\/\/wlkskrakus.pl\/kolarstwo\/wp-content\/uploads\/2024\/12\/Dobczyce-2017_04_IV-etap_0747-300x188.jpg\" data-width=\"300\" data-height=\"188\" alt=\"Dobczyce 2017 04 IV etap 0747\" ><\/div>\n\t\t\t\t\t\t\t\t\t\t\t<div class=\"elementor-gallery-item__overlay\"><\/div>\n\t\t\t\t\t\t\t\t\t\t\t\t\t\t<\/a>\n\t\t\t\t\t\t\t<a class=\"e-gallery-item elementor-gallery-item elementor-animated-content\" href=\"https:\/\/wlkskrakus.pl\/kolarstwo\/wp-content\/uploads\/2024\/12\/Dobczyce-2017_04_IV-etap_0759.jpg\" data-elementor-open-lightbox=\"yes\" data-elementor-lightbox-slideshow=\"all-d75afe9\" data-elementor-lightbox-title=\"Dobczyce 2017 04 IV etap 0759\" data-e-action-hash=\"#elementor-action%3Aaction%3Dlightbox%26settings%3DeyJpZCI6NzA3NCwidXJsIjoiaHR0cHM6XC9cL3dsa3NrcmFrdXMucGxcL2tvbGFyc3R3b1wvd3AtY29udGVudFwvdXBsb2Fkc1wvMjAyNFwvMTJcL0RvYmN6eWNlLTIwMTdfMDRfSVYtZXRhcF8wNzU5LmpwZyIsInNsaWRlc2hvdyI6ImFsbC1kNzVhZmU5In0%3D\">\n\t\t\t\t\t<div class=\"e-gallery-image elementor-gallery-item__image\" data-thumbnail=\"https:\/\/wlkskrakus.pl\/kolarstwo\/wp-content\/uploads\/2024\/12\/Dobczyce-2017_04_IV-etap_0759-300x200.jpg\" data-width=\"300\" data-height=\"200\" alt=\"Dobczyce 2017 04 IV etap 0759\" ><\/div>\n\t\t\t\t\t\t\t\t\t\t\t<div class=\"elementor-gallery-item__overlay\"><\/div>\n\t\t\t\t\t\t\t\t\t\t\t\t\t\t<\/a>\n\t\t\t\t\t\t\t<a class=\"e-gallery-item elementor-gallery-item elementor-animated-content\" href=\"https:\/\/wlkskrakus.pl\/kolarstwo\/wp-content\/uploads\/2024\/12\/Dobczyce-2017_04_IV-etap_0784.jpg\" data-elementor-open-lightbox=\"yes\" data-elementor-lightbox-slideshow=\"all-d75afe9\" data-elementor-lightbox-title=\"Dobczyce 2017 04 IV etap 0784\" data-e-action-hash=\"#elementor-action%3Aaction%3Dlightbox%26settings%3DeyJpZCI6NzA3NywidXJsIjoiaHR0cHM6XC9cL3dsa3NrcmFrdXMucGxcL2tvbGFyc3R3b1wvd3AtY29udGVudFwvdXBsb2Fkc1wvMjAyNFwvMTJcL0RvYmN6eWNlLTIwMTdfMDRfSVYtZXRhcF8wNzg0LmpwZyIsInNsaWRlc2hvdyI6ImFsbC1kNzVhZmU5In0%3D\">\n\t\t\t\t\t<div class=\"e-gallery-image elementor-gallery-item__image\" data-thumbnail=\"https:\/\/wlkskrakus.pl\/kolarstwo\/wp-content\/uploads\/2024\/12\/Dobczyce-2017_04_IV-etap_0784-300x200.jpg\" data-width=\"300\" data-height=\"200\" alt=\"Dobczyce 2017 04 IV etap 0784\" ><\/div>\n\t\t\t\t\t\t\t\t\t\t\t<div class=\"elementor-gallery-item__overlay\"><\/div>\n\t\t\t\t\t\t\t\t\t\t\t\t\t\t<\/a>\n\t\t\t\t\t\t\t<a class=\"e-gallery-item elementor-gallery-item elementor-animated-content\" href=\"https:\/\/wlkskrakus.pl\/kolarstwo\/wp-content\/uploads\/2024\/12\/Dobczyce-2017_04_IV-etap_0813.jpg\" data-elementor-open-lightbox=\"yes\" data-elementor-lightbox-slideshow=\"all-d75afe9\" data-elementor-lightbox-title=\"Dobczyce 2017 04 IV etap 0813\" data-e-action-hash=\"#elementor-action%3Aaction%3Dlightbox%26settings%3DeyJpZCI6NzA3OCwidXJsIjoiaHR0cHM6XC9cL3dsa3NrcmFrdXMucGxcL2tvbGFyc3R3b1wvd3AtY29udGVudFwvdXBsb2Fkc1wvMjAyNFwvMTJcL0RvYmN6eWNlLTIwMTdfMDRfSVYtZXRhcF8wODEzLmpwZyIsInNsaWRlc2hvdyI6ImFsbC1kNzVhZmU5In0%3D\">\n\t\t\t\t\t<div class=\"e-gallery-image elementor-gallery-item__image\" data-thumbnail=\"https:\/\/wlkskrakus.pl\/kolarstwo\/wp-content\/uploads\/2024\/12\/Dobczyce-2017_04_IV-etap_0813-300x200.jpg\" data-width=\"300\" data-height=\"200\" alt=\"Dobczyce 2017 04 IV etap 0813\" ><\/div>\n\t\t\t\t\t\t\t\t\t\t\t<div class=\"elementor-gallery-item__overlay\"><\/div>\n\t\t\t\t\t\t\t\t\t\t\t\t\t\t<\/a>\n\t\t\t\t\t\t\t<a class=\"e-gallery-item elementor-gallery-item elementor-animated-content\" href=\"https:\/\/wlkskrakus.pl\/kolarstwo\/wp-content\/uploads\/2024\/12\/Dobczyce-2017_04_IV-etap_0863.jpg\" data-elementor-open-lightbox=\"yes\" data-elementor-lightbox-slideshow=\"all-d75afe9\" data-elementor-lightbox-title=\"Dobczyce 2017 04 IV etap 0863\" data-e-action-hash=\"#elementor-action%3Aaction%3Dlightbox%26settings%3DeyJpZCI6NzA3OSwidXJsIjoiaHR0cHM6XC9cL3dsa3NrcmFrdXMucGxcL2tvbGFyc3R3b1wvd3AtY29udGVudFwvdXBsb2Fkc1wvMjAyNFwvMTJcL0RvYmN6eWNlLTIwMTdfMDRfSVYtZXRhcF8wODYzLmpwZyIsInNsaWRlc2hvdyI6ImFsbC1kNzVhZmU5In0%3D\">\n\t\t\t\t\t<div class=\"e-gallery-image elementor-gallery-item__image\" data-thumbnail=\"https:\/\/wlkskrakus.pl\/kolarstwo\/wp-content\/uploads\/2024\/12\/Dobczyce-2017_04_IV-etap_0863-300x200.jpg\" data-width=\"300\" data-height=\"200\" alt=\"Dobczyce 2017 04 IV etap 0863\" ><\/div>\n\t\t\t\t\t\t\t\t\t\t\t<div class=\"elementor-gallery-item__overlay\"><\/div>\n\t\t\t\t\t\t\t\t\t\t\t\t\t\t<\/a>\n\t\t\t\t\t\t\t<a class=\"e-gallery-item elementor-gallery-item elementor-animated-content\" href=\"https:\/\/wlkskrakus.pl\/kolarstwo\/wp-content\/uploads\/2024\/12\/Dobczyce-2017_04_IV-etap_0876.jpg\" data-elementor-open-lightbox=\"yes\" data-elementor-lightbox-slideshow=\"all-d75afe9\" data-elementor-lightbox-title=\"Dobczyce 2017 04 IV etap 0876\" data-e-action-hash=\"#elementor-action%3Aaction%3Dlightbox%26settings%3DeyJpZCI6NzA4MiwidXJsIjoiaHR0cHM6XC9cL3dsa3NrcmFrdXMucGxcL2tvbGFyc3R3b1wvd3AtY29udGVudFwvdXBsb2Fkc1wvMjAyNFwvMTJcL0RvYmN6eWNlLTIwMTdfMDRfSVYtZXRhcF8wODc2LmpwZyIsInNsaWRlc2hvdyI6ImFsbC1kNzVhZmU5In0%3D\">\n\t\t\t\t\t<div class=\"e-gallery-image elementor-gallery-item__image\" data-thumbnail=\"https:\/\/wlkskrakus.pl\/kolarstwo\/wp-content\/uploads\/2024\/12\/Dobczyce-2017_04_IV-etap_0876-300x200.jpg\" data-width=\"300\" data-height=\"200\" alt=\"Dobczyce 2017 04 IV etap 0876\" ><\/div>\n\t\t\t\t\t\t\t\t\t\t\t<div class=\"elementor-gallery-item__overlay\"><\/div>\n\t\t\t\t\t\t\t\t\t\t\t\t\t\t<\/a>\n\t\t\t\t\t\t\t<a class=\"e-gallery-item elementor-gallery-item elementor-animated-content\" href=\"https:\/\/wlkskrakus.pl\/kolarstwo\/wp-content\/uploads\/2024\/12\/Dobczyce-2017_04_IV-etap_0884.jpg\" data-elementor-open-lightbox=\"yes\" data-elementor-lightbox-slideshow=\"all-d75afe9\" data-elementor-lightbox-title=\"Dobczyce 2017 04 IV etap 0884\" data-e-action-hash=\"#elementor-action%3Aaction%3Dlightbox%26settings%3DeyJpZCI6NzA4MywidXJsIjoiaHR0cHM6XC9cL3dsa3NrcmFrdXMucGxcL2tvbGFyc3R3b1wvd3AtY29udGVudFwvdXBsb2Fkc1wvMjAyNFwvMTJcL0RvYmN6eWNlLTIwMTdfMDRfSVYtZXRhcF8wODg0LmpwZyIsInNsaWRlc2hvdyI6ImFsbC1kNzVhZmU5In0%3D\">\n\t\t\t\t\t<div class=\"e-gallery-image elementor-gallery-item__image\" data-thumbnail=\"https:\/\/wlkskrakus.pl\/kolarstwo\/wp-content\/uploads\/2024\/12\/Dobczyce-2017_04_IV-etap_0884-300x169.jpg\" data-width=\"300\" data-height=\"169\" alt=\"Dobczyce 2017 04 IV etap 0884\" ><\/div>\n\t\t\t\t\t\t\t\t\t\t\t<div class=\"elementor-gallery-item__overlay\"><\/div>\n\t\t\t\t\t\t\t\t\t\t\t\t\t\t<\/a>\n\t\t\t\t\t\t\t<a class=\"e-gallery-item elementor-gallery-item elementor-animated-content\" href=\"https:\/\/wlkskrakus.pl\/kolarstwo\/wp-content\/uploads\/2024\/12\/Dobczyce-2017_04_IV-etap_0904.jpg\" data-elementor-open-lightbox=\"yes\" data-elementor-lightbox-slideshow=\"all-d75afe9\" data-elementor-lightbox-title=\"Dobczyce 2017 04 IV etap 0904\" data-e-action-hash=\"#elementor-action%3Aaction%3Dlightbox%26settings%3DeyJpZCI6NzA4NSwidXJsIjoiaHR0cHM6XC9cL3dsa3NrcmFrdXMucGxcL2tvbGFyc3R3b1wvd3AtY29udGVudFwvdXBsb2Fkc1wvMjAyNFwvMTJcL0RvYmN6eWNlLTIwMTdfMDRfSVYtZXRhcF8wOTA0LmpwZyIsInNsaWRlc2hvdyI6ImFsbC1kNzVhZmU5In0%3D\">\n\t\t\t\t\t<div class=\"e-gallery-image elementor-gallery-item__image\" data-thumbnail=\"https:\/\/wlkskrakus.pl\/kolarstwo\/wp-content\/uploads\/2024\/12\/Dobczyce-2017_04_IV-etap_0904-300x200.jpg\" data-width=\"300\" data-height=\"200\" alt=\"Dobczyce 2017 04 IV etap 0904\" ><\/div>\n\t\t\t\t\t\t\t\t\t\t\t<div class=\"elementor-gallery-item__overlay\"><\/div>\n\t\t\t\t\t\t\t\t\t\t\t\t\t\t<\/a>\n\t\t\t\t\t\t\t<a class=\"e-gallery-item elementor-gallery-item elementor-animated-content\" href=\"https:\/\/wlkskrakus.pl\/kolarstwo\/wp-content\/uploads\/2024\/12\/Dobczyce-2017_04_IV-etap_0918.jpg\" data-elementor-open-lightbox=\"yes\" data-elementor-lightbox-slideshow=\"all-d75afe9\" data-elementor-lightbox-title=\"Dobczyce 2017 04 IV etap 0918\" data-e-action-hash=\"#elementor-action%3Aaction%3Dlightbox%26settings%3DeyJpZCI6NzA4NywidXJsIjoiaHR0cHM6XC9cL3dsa3NrcmFrdXMucGxcL2tvbGFyc3R3b1wvd3AtY29udGVudFwvdXBsb2Fkc1wvMjAyNFwvMTJcL0RvYmN6eWNlLTIwMTdfMDRfSVYtZXRhcF8wOTE4LmpwZyIsInNsaWRlc2hvdyI6ImFsbC1kNzVhZmU5In0%3D\">\n\t\t\t\t\t<div class=\"e-gallery-image elementor-gallery-item__image\" data-thumbnail=\"https:\/\/wlkskrakus.pl\/kolarstwo\/wp-content\/uploads\/2024\/12\/Dobczyce-2017_04_IV-etap_0918-300x200.jpg\" data-width=\"300\" data-height=\"200\" alt=\"Dobczyce 2017 04 IV etap 0918\" ><\/div>\n\t\t\t\t\t\t\t\t\t\t\t<div class=\"elementor-gallery-item__overlay\"><\/div>\n\t\t\t\t\t\t\t\t\t\t\t\t\t\t<\/a>\n\t\t\t\t\t\t\t<a class=\"e-gallery-item elementor-gallery-item elementor-animated-content\" href=\"https:\/\/wlkskrakus.pl\/kolarstwo\/wp-content\/uploads\/2024\/12\/Dobczyce-2017_04_IV-etap_0939.jpg\" data-elementor-open-lightbox=\"yes\" data-elementor-lightbox-slideshow=\"all-d75afe9\" data-elementor-lightbox-title=\"Dobczyce 2017 04 IV etap 0939\" data-e-action-hash=\"#elementor-action%3Aaction%3Dlightbox%26settings%3DeyJpZCI6NzA4OCwidXJsIjoiaHR0cHM6XC9cL3dsa3NrcmFrdXMucGxcL2tvbGFyc3R3b1wvd3AtY29udGVudFwvdXBsb2Fkc1wvMjAyNFwvMTJcL0RvYmN6eWNlLTIwMTdfMDRfSVYtZXRhcF8wOTM5LmpwZyIsInNsaWRlc2hvdyI6ImFsbC1kNzVhZmU5In0%3D\">\n\t\t\t\t\t<div class=\"e-gallery-image elementor-gallery-item__image\" data-thumbnail=\"https:\/\/wlkskrakus.pl\/kolarstwo\/wp-content\/uploads\/2024\/12\/Dobczyce-2017_04_IV-etap_0939-300x169.jpg\" data-width=\"300\" data-height=\"169\" alt=\"Dobczyce 2017 04 IV etap 0939\" ><\/div>\n\t\t\t\t\t\t\t\t\t\t\t<div class=\"elementor-gallery-item__overlay\"><\/div>\n\t\t\t\t\t\t\t\t\t\t\t\t\t\t<\/a>\n\t\t\t\t\t\t\t<a class=\"e-gallery-item elementor-gallery-item elementor-animated-content\" href=\"https:\/\/wlkskrakus.pl\/kolarstwo\/wp-content\/uploads\/2024\/12\/Dobczyce-2017_04_IV-etap_0949.jpg\" data-elementor-open-lightbox=\"yes\" data-elementor-lightbox-slideshow=\"all-d75afe9\" data-elementor-lightbox-title=\"Dobczyce 2017 04 IV etap 0949\" data-e-action-hash=\"#elementor-action%3Aaction%3Dlightbox%26settings%3DeyJpZCI6NzA4OSwidXJsIjoiaHR0cHM6XC9cL3dsa3NrcmFrdXMucGxcL2tvbGFyc3R3b1wvd3AtY29udGVudFwvdXBsb2Fkc1wvMjAyNFwvMTJcL0RvYmN6eWNlLTIwMTdfMDRfSVYtZXRhcF8wOTQ5LmpwZyIsInNsaWRlc2hvdyI6ImFsbC1kNzVhZmU5In0%3D\">\n\t\t\t\t\t<div class=\"e-gallery-image elementor-gallery-item__image\" data-thumbnail=\"https:\/\/wlkskrakus.pl\/kolarstwo\/wp-content\/uploads\/2024\/12\/Dobczyce-2017_04_IV-etap_0949-300x200.jpg\" data-width=\"300\" data-height=\"200\" alt=\"Dobczyce 2017 04 IV etap 0949\" ><\/div>\n\t\t\t\t\t\t\t\t\t\t\t<div class=\"elementor-gallery-item__overlay\"><\/div>\n\t\t\t\t\t\t\t\t\t\t\t\t\t\t<\/a>\n\t\t\t\t\t\t\t<a class=\"e-gallery-item elementor-gallery-item elementor-animated-content\" href=\"https:\/\/wlkskrakus.pl\/kolarstwo\/wp-content\/uploads\/2024\/12\/Dobczyce-2017_04_IV-etap_0960.jpg\" data-elementor-open-lightbox=\"yes\" data-elementor-lightbox-slideshow=\"all-d75afe9\" data-elementor-lightbox-title=\"Dobczyce 2017 04 IV etap 0960\" data-e-action-hash=\"#elementor-action%3Aaction%3Dlightbox%26settings%3DeyJpZCI6NzA5MSwidXJsIjoiaHR0cHM6XC9cL3dsa3NrcmFrdXMucGxcL2tvbGFyc3R3b1wvd3AtY29udGVudFwvdXBsb2Fkc1wvMjAyNFwvMTJcL0RvYmN6eWNlLTIwMTdfMDRfSVYtZXRhcF8wOTYwLmpwZyIsInNsaWRlc2hvdyI6ImFsbC1kNzVhZmU5In0%3D\">\n\t\t\t\t\t<div class=\"e-gallery-image elementor-gallery-item__image\" data-thumbnail=\"https:\/\/wlkskrakus.pl\/kolarstwo\/wp-content\/uploads\/2024\/12\/Dobczyce-2017_04_IV-etap_0960-300x188.jpg\" data-width=\"300\" data-height=\"188\" alt=\"Dobczyce 2017 04 IV etap 0960\" ><\/div>\n\t\t\t\t\t\t\t\t\t\t\t<div class=\"elementor-gallery-item__overlay\"><\/div>\n\t\t\t\t\t\t\t\t\t\t\t\t\t\t<\/a>\n\t\t\t\t\t\t\t<a class=\"e-gallery-item elementor-gallery-item elementor-animated-content\" href=\"https:\/\/wlkskrakus.pl\/kolarstwo\/wp-content\/uploads\/2024\/12\/Dobczyce-2017_04_IV-etap_0980.jpg\" data-elementor-open-lightbox=\"yes\" data-elementor-lightbox-slideshow=\"all-d75afe9\" data-elementor-lightbox-title=\"Dobczyce 2017 04 IV etap 0980\" data-e-action-hash=\"#elementor-action%3Aaction%3Dlightbox%26settings%3DeyJpZCI6NzA5MywidXJsIjoiaHR0cHM6XC9cL3dsa3NrcmFrdXMucGxcL2tvbGFyc3R3b1wvd3AtY29udGVudFwvdXBsb2Fkc1wvMjAyNFwvMTJcL0RvYmN6eWNlLTIwMTdfMDRfSVYtZXRhcF8wOTgwLmpwZyIsInNsaWRlc2hvdyI6ImFsbC1kNzVhZmU5In0%3D\">\n\t\t\t\t\t<div class=\"e-gallery-image elementor-gallery-item__image\" data-thumbnail=\"https:\/\/wlkskrakus.pl\/kolarstwo\/wp-content\/uploads\/2024\/12\/Dobczyce-2017_04_IV-etap_0980-300x200.jpg\" data-width=\"300\" data-height=\"200\" alt=\"Dobczyce 2017 04 IV etap 0980\" ><\/div>\n\t\t\t\t\t\t\t\t\t\t\t<div class=\"elementor-gallery-item__overlay\"><\/div>\n\t\t\t\t\t\t\t\t\t\t\t\t\t\t<\/a>\n\t\t\t\t\t\t\t<a class=\"e-gallery-item elementor-gallery-item elementor-animated-content\" href=\"https:\/\/wlkskrakus.pl\/kolarstwo\/wp-content\/uploads\/2024\/12\/Dobczyce-2017_04_IV-etap_0991.jpg\" data-elementor-open-lightbox=\"yes\" data-elementor-lightbox-slideshow=\"all-d75afe9\" data-elementor-lightbox-title=\"Dobczyce 2017 04 IV etap 0991\" data-e-action-hash=\"#elementor-action%3Aaction%3Dlightbox%26settings%3DeyJpZCI6NzA5NCwidXJsIjoiaHR0cHM6XC9cL3dsa3NrcmFrdXMucGxcL2tvbGFyc3R3b1wvd3AtY29udGVudFwvdXBsb2Fkc1wvMjAyNFwvMTJcL0RvYmN6eWNlLTIwMTdfMDRfSVYtZXRhcF8wOTkxLmpwZyIsInNsaWRlc2hvdyI6ImFsbC1kNzVhZmU5In0%3D\">\n\t\t\t\t\t<div class=\"e-gallery-image elementor-gallery-item__image\" data-thumbnail=\"https:\/\/wlkskrakus.pl\/kolarstwo\/wp-content\/uploads\/2024\/12\/Dobczyce-2017_04_IV-etap_0991-300x200.jpg\" data-width=\"300\" data-height=\"200\" alt=\"Dobczyce 2017 04 IV etap 0991\" ><\/div>\n\t\t\t\t\t\t\t\t\t\t\t<div class=\"elementor-gallery-item__overlay\"><\/div>\n\t\t\t\t\t\t\t\t\t\t\t\t\t\t<\/a>\n\t\t\t\t\t\t\t<a class=\"e-gallery-item elementor-gallery-item elementor-animated-content\" href=\"https:\/\/wlkskrakus.pl\/kolarstwo\/wp-content\/uploads\/2024\/12\/Dobczyce-2017_04_IV-etap_1004.jpg\" data-elementor-open-lightbox=\"yes\" data-elementor-lightbox-slideshow=\"all-d75afe9\" data-elementor-lightbox-title=\"Dobczyce 2017 04 IV etap 1004\" data-e-action-hash=\"#elementor-action%3Aaction%3Dlightbox%26settings%3DeyJpZCI6NzA5NSwidXJsIjoiaHR0cHM6XC9cL3dsa3NrcmFrdXMucGxcL2tvbGFyc3R3b1wvd3AtY29udGVudFwvdXBsb2Fkc1wvMjAyNFwvMTJcL0RvYmN6eWNlLTIwMTdfMDRfSVYtZXRhcF8xMDA0LmpwZyIsInNsaWRlc2hvdyI6ImFsbC1kNzVhZmU5In0%3D\">\n\t\t\t\t\t<div class=\"e-gallery-image elementor-gallery-item__image\" data-thumbnail=\"https:\/\/wlkskrakus.pl\/kolarstwo\/wp-content\/uploads\/2024\/12\/Dobczyce-2017_04_IV-etap_1004-300x188.jpg\" data-width=\"300\" data-height=\"188\" alt=\"Dobczyce 2017 04 IV etap 1004\" ><\/div>\n\t\t\t\t\t\t\t\t\t\t\t<div class=\"elementor-gallery-item__overlay\"><\/div>\n\t\t\t\t\t\t\t\t\t\t\t\t\t\t<\/a>\n\t\t\t\t\t\t\t<a class=\"e-gallery-item elementor-gallery-item elementor-animated-content\" href=\"https:\/\/wlkskrakus.pl\/kolarstwo\/wp-content\/uploads\/2024\/12\/Dobczyce-2017_04_IV-etap_1007.jpg\" data-elementor-open-lightbox=\"yes\" data-elementor-lightbox-slideshow=\"all-d75afe9\" data-elementor-lightbox-title=\"Dobczyce 2017 04 IV etap 1007\" data-e-action-hash=\"#elementor-action%3Aaction%3Dlightbox%26settings%3DeyJpZCI6NzA5NywidXJsIjoiaHR0cHM6XC9cL3dsa3NrcmFrdXMucGxcL2tvbGFyc3R3b1wvd3AtY29udGVudFwvdXBsb2Fkc1wvMjAyNFwvMTJcL0RvYmN6eWNlLTIwMTdfMDRfSVYtZXRhcF8xMDA3LmpwZyIsInNsaWRlc2hvdyI6ImFsbC1kNzVhZmU5In0%3D\">\n\t\t\t\t\t<div class=\"e-gallery-image elementor-gallery-item__image\" data-thumbnail=\"https:\/\/wlkskrakus.pl\/kolarstwo\/wp-content\/uploads\/2024\/12\/Dobczyce-2017_04_IV-etap_1007-300x200.jpg\" data-width=\"300\" data-height=\"200\" alt=\"Dobczyce 2017 04 IV etap 1007\" ><\/div>\n\t\t\t\t\t\t\t\t\t\t\t<div class=\"elementor-gallery-item__overlay\"><\/div>\n\t\t\t\t\t\t\t\t\t\t\t\t\t\t<\/a>\n\t\t\t\t\t\t\t<a class=\"e-gallery-item elementor-gallery-item elementor-animated-content\" href=\"https:\/\/wlkskrakus.pl\/kolarstwo\/wp-content\/uploads\/2024\/12\/Dobczyce-2017_04_IV-etap_1025.jpg\" data-elementor-open-lightbox=\"yes\" data-elementor-lightbox-slideshow=\"all-d75afe9\" data-elementor-lightbox-title=\"Dobczyce 2017 04 IV etap 1025\" data-e-action-hash=\"#elementor-action%3Aaction%3Dlightbox%26settings%3DeyJpZCI6NzA5OSwidXJsIjoiaHR0cHM6XC9cL3dsa3NrcmFrdXMucGxcL2tvbGFyc3R3b1wvd3AtY29udGVudFwvdXBsb2Fkc1wvMjAyNFwvMTJcL0RvYmN6eWNlLTIwMTdfMDRfSVYtZXRhcF8xMDI1LmpwZyIsInNsaWRlc2hvdyI6ImFsbC1kNzVhZmU5In0%3D\">\n\t\t\t\t\t<div class=\"e-gallery-image elementor-gallery-item__image\" data-thumbnail=\"https:\/\/wlkskrakus.pl\/kolarstwo\/wp-content\/uploads\/2024\/12\/Dobczyce-2017_04_IV-etap_1025-300x200.jpg\" data-width=\"300\" data-height=\"200\" alt=\"Dobczyce 2017 04 IV etap 1025\" ><\/div>\n\t\t\t\t\t\t\t\t\t\t\t<div class=\"elementor-gallery-item__overlay\"><\/div>\n\t\t\t\t\t\t\t\t\t\t\t\t\t\t<\/a>\n\t\t\t\t\t\t\t<a class=\"e-gallery-item elementor-gallery-item elementor-animated-content\" href=\"https:\/\/wlkskrakus.pl\/kolarstwo\/wp-content\/uploads\/2024\/12\/Dobczyce-2017_04_IV-etap_1053.jpg\" data-elementor-open-lightbox=\"yes\" data-elementor-lightbox-slideshow=\"all-d75afe9\" data-elementor-lightbox-title=\"Dobczyce 2017 04 IV etap 1053\" data-e-action-hash=\"#elementor-action%3Aaction%3Dlightbox%26settings%3DeyJpZCI6NzEwMCwidXJsIjoiaHR0cHM6XC9cL3dsa3NrcmFrdXMucGxcL2tvbGFyc3R3b1wvd3AtY29udGVudFwvdXBsb2Fkc1wvMjAyNFwvMTJcL0RvYmN6eWNlLTIwMTdfMDRfSVYtZXRhcF8xMDUzLmpwZyIsInNsaWRlc2hvdyI6ImFsbC1kNzVhZmU5In0%3D\">\n\t\t\t\t\t<div class=\"e-gallery-image elementor-gallery-item__image\" data-thumbnail=\"https:\/\/wlkskrakus.pl\/kolarstwo\/wp-content\/uploads\/2024\/12\/Dobczyce-2017_04_IV-etap_1053-300x200.jpg\" data-width=\"300\" data-height=\"200\" alt=\"Dobczyce 2017 04 IV etap 1053\" ><\/div>\n\t\t\t\t\t\t\t\t\t\t\t<div class=\"elementor-gallery-item__overlay\"><\/div>\n\t\t\t\t\t\t\t\t\t\t\t\t\t\t<\/a>\n\t\t\t\t\t\t\t<a class=\"e-gallery-item elementor-gallery-item elementor-animated-content\" href=\"https:\/\/wlkskrakus.pl\/kolarstwo\/wp-content\/uploads\/2024\/12\/Dobczyce-2017_04_IV-etap_1127.jpg\" data-elementor-open-lightbox=\"yes\" data-elementor-lightbox-slideshow=\"all-d75afe9\" data-elementor-lightbox-title=\"Dobczyce 2017 04 IV etap 1127\" data-e-action-hash=\"#elementor-action%3Aaction%3Dlightbox%26settings%3DeyJpZCI6NzEwMSwidXJsIjoiaHR0cHM6XC9cL3dsa3NrcmFrdXMucGxcL2tvbGFyc3R3b1wvd3AtY29udGVudFwvdXBsb2Fkc1wvMjAyNFwvMTJcL0RvYmN6eWNlLTIwMTdfMDRfSVYtZXRhcF8xMTI3LmpwZyIsInNsaWRlc2hvdyI6ImFsbC1kNzVhZmU5In0%3D\">\n\t\t\t\t\t<div class=\"e-gallery-image elementor-gallery-item__image\" data-thumbnail=\"https:\/\/wlkskrakus.pl\/kolarstwo\/wp-content\/uploads\/2024\/12\/Dobczyce-2017_04_IV-etap_1127-300x200.jpg\" data-width=\"300\" data-height=\"200\" alt=\"Dobczyce 2017 04 IV etap 1127\" ><\/div>\n\t\t\t\t\t\t\t\t\t\t\t<div class=\"elementor-gallery-item__overlay\"><\/div>\n\t\t\t\t\t\t\t\t\t\t\t\t\t\t<\/a>\n\t\t\t\t\t\t\t<a class=\"e-gallery-item elementor-gallery-item elementor-animated-content\" href=\"https:\/\/wlkskrakus.pl\/kolarstwo\/wp-content\/uploads\/2024\/12\/Dobczyce-2017_04_IV-etap_1153.jpg\" data-elementor-open-lightbox=\"yes\" data-elementor-lightbox-slideshow=\"all-d75afe9\" data-elementor-lightbox-title=\"Dobczyce 2017 04 IV etap 1153\" data-e-action-hash=\"#elementor-action%3Aaction%3Dlightbox%26settings%3DeyJpZCI6NzEwMywidXJsIjoiaHR0cHM6XC9cL3dsa3NrcmFrdXMucGxcL2tvbGFyc3R3b1wvd3AtY29udGVudFwvdXBsb2Fkc1wvMjAyNFwvMTJcL0RvYmN6eWNlLTIwMTdfMDRfSVYtZXRhcF8xMTUzLmpwZyIsInNsaWRlc2hvdyI6ImFsbC1kNzVhZmU5In0%3D\">\n\t\t\t\t\t<div class=\"e-gallery-image elementor-gallery-item__image\" data-thumbnail=\"https:\/\/wlkskrakus.pl\/kolarstwo\/wp-content\/uploads\/2024\/12\/Dobczyce-2017_04_IV-etap_1153-300x200.jpg\" data-width=\"300\" data-height=\"200\" alt=\"Dobczyce 2017 04 IV etap 1153\" ><\/div>\n\t\t\t\t\t\t\t\t\t\t\t<div class=\"elementor-gallery-item__overlay\"><\/div>\n\t\t\t\t\t\t\t\t\t\t\t\t\t\t<\/a>\n\t\t\t\t\t\t\t<a class=\"e-gallery-item elementor-gallery-item elementor-animated-content\" href=\"https:\/\/wlkskrakus.pl\/kolarstwo\/wp-content\/uploads\/2024\/12\/Dobczyce-2017_04_IV-etap_1159.jpg\" data-elementor-open-lightbox=\"yes\" data-elementor-lightbox-slideshow=\"all-d75afe9\" data-elementor-lightbox-title=\"Dobczyce 2017 04 IV etap 1159\" data-e-action-hash=\"#elementor-action%3Aaction%3Dlightbox%26settings%3DeyJpZCI6NzEwNSwidXJsIjoiaHR0cHM6XC9cL3dsa3NrcmFrdXMucGxcL2tvbGFyc3R3b1wvd3AtY29udGVudFwvdXBsb2Fkc1wvMjAyNFwvMTJcL0RvYmN6eWNlLTIwMTdfMDRfSVYtZXRhcF8xMTU5LmpwZyIsInNsaWRlc2hvdyI6ImFsbC1kNzVhZmU5In0%3D\">\n\t\t\t\t\t<div class=\"e-gallery-image elementor-gallery-item__image\" data-thumbnail=\"https:\/\/wlkskrakus.pl\/kolarstwo\/wp-content\/uploads\/2024\/12\/Dobczyce-2017_04_IV-etap_1159-300x169.jpg\" data-width=\"300\" data-height=\"169\" alt=\"Dobczyce 2017 04 IV etap 1159\" ><\/div>\n\t\t\t\t\t\t\t\t\t\t\t<div class=\"elementor-gallery-item__overlay\"><\/div>\n\t\t\t\t\t\t\t\t\t\t\t\t\t\t<\/a>\n\t\t\t\t\t\t\t<a class=\"e-gallery-item elementor-gallery-item elementor-animated-content\" href=\"https:\/\/wlkskrakus.pl\/kolarstwo\/wp-content\/uploads\/2024\/12\/Dobczyce-2017_04_IV-etap_1173.jpg\" data-elementor-open-lightbox=\"yes\" data-elementor-lightbox-slideshow=\"all-d75afe9\" data-elementor-lightbox-title=\"Dobczyce 2017 04 IV etap 1173\" data-e-action-hash=\"#elementor-action%3Aaction%3Dlightbox%26settings%3DeyJpZCI6NzEwNiwidXJsIjoiaHR0cHM6XC9cL3dsa3NrcmFrdXMucGxcL2tvbGFyc3R3b1wvd3AtY29udGVudFwvdXBsb2Fkc1wvMjAyNFwvMTJcL0RvYmN6eWNlLTIwMTdfMDRfSVYtZXRhcF8xMTczLmpwZyIsInNsaWRlc2hvdyI6ImFsbC1kNzVhZmU5In0%3D\">\n\t\t\t\t\t<div class=\"e-gallery-image elementor-gallery-item__image\" data-thumbnail=\"https:\/\/wlkskrakus.pl\/kolarstwo\/wp-content\/uploads\/2024\/12\/Dobczyce-2017_04_IV-etap_1173-300x169.jpg\" data-width=\"300\" data-height=\"169\" alt=\"Dobczyce 2017 04 IV etap 1173\" ><\/div>\n\t\t\t\t\t\t\t\t\t\t\t<div class=\"elementor-gallery-item__overlay\"><\/div>\n\t\t\t\t\t\t\t\t\t\t\t\t\t\t<\/a>\n\t\t\t\t\t\t\t<a class=\"e-gallery-item elementor-gallery-item elementor-animated-content\" href=\"https:\/\/wlkskrakus.pl\/kolarstwo\/wp-content\/uploads\/2024\/12\/Dobczyce-2017_04_IV-etap_1175.jpg\" data-elementor-open-lightbox=\"yes\" data-elementor-lightbox-slideshow=\"all-d75afe9\" data-elementor-lightbox-title=\"Dobczyce 2017 04 IV etap 1175\" data-e-action-hash=\"#elementor-action%3Aaction%3Dlightbox%26settings%3DeyJpZCI6NzEwOCwidXJsIjoiaHR0cHM6XC9cL3dsa3NrcmFrdXMucGxcL2tvbGFyc3R3b1wvd3AtY29udGVudFwvdXBsb2Fkc1wvMjAyNFwvMTJcL0RvYmN6eWNlLTIwMTdfMDRfSVYtZXRhcF8xMTc1LmpwZyIsInNsaWRlc2hvdyI6ImFsbC1kNzVhZmU5In0%3D\">\n\t\t\t\t\t<div class=\"e-gallery-image elementor-gallery-item__image\" data-thumbnail=\"https:\/\/wlkskrakus.pl\/kolarstwo\/wp-content\/uploads\/2024\/12\/Dobczyce-2017_04_IV-etap_1175-300x169.jpg\" data-width=\"300\" data-height=\"169\" alt=\"Dobczyce 2017 04 IV etap 1175\" ><\/div>\n\t\t\t\t\t\t\t\t\t\t\t<div class=\"elementor-gallery-item__overlay\"><\/div>\n\t\t\t\t\t\t\t\t\t\t\t\t\t\t<\/a>\n\t\t\t\t\t\t\t<a class=\"e-gallery-item elementor-gallery-item elementor-animated-content\" href=\"https:\/\/wlkskrakus.pl\/kolarstwo\/wp-content\/uploads\/2024\/12\/Dobczyce-2017_04_IV-etap_1209.jpg\" data-elementor-open-lightbox=\"yes\" data-elementor-lightbox-slideshow=\"all-d75afe9\" data-elementor-lightbox-title=\"Dobczyce 2017 04 IV etap 1209\" data-e-action-hash=\"#elementor-action%3Aaction%3Dlightbox%26settings%3DeyJpZCI6NzEwOSwidXJsIjoiaHR0cHM6XC9cL3dsa3NrcmFrdXMucGxcL2tvbGFyc3R3b1wvd3AtY29udGVudFwvdXBsb2Fkc1wvMjAyNFwvMTJcL0RvYmN6eWNlLTIwMTdfMDRfSVYtZXRhcF8xMjA5LmpwZyIsInNsaWRlc2hvdyI6ImFsbC1kNzVhZmU5In0%3D\">\n\t\t\t\t\t<div class=\"e-gallery-image elementor-gallery-item__image\" data-thumbnail=\"https:\/\/wlkskrakus.pl\/kolarstwo\/wp-content\/uploads\/2024\/12\/Dobczyce-2017_04_IV-etap_1209-300x131.jpg\" data-width=\"300\" data-height=\"131\" alt=\"Dobczyce 2017 04 IV etap 1209\" ><\/div>\n\t\t\t\t\t\t\t\t\t\t\t<div class=\"elementor-gallery-item__overlay\"><\/div>\n\t\t\t\t\t\t\t\t\t\t\t\t\t\t<\/a>\n\t\t\t\t\t\t\t<a class=\"e-gallery-item elementor-gallery-item elementor-animated-content\" href=\"https:\/\/wlkskrakus.pl\/kolarstwo\/wp-content\/uploads\/2024\/12\/Dobczyce-2017_04_IV-etap_1220.jpg\" data-elementor-open-lightbox=\"yes\" data-elementor-lightbox-slideshow=\"all-d75afe9\" data-elementor-lightbox-title=\"Dobczyce 2017 04 IV etap 1220\" data-e-action-hash=\"#elementor-action%3Aaction%3Dlightbox%26settings%3DeyJpZCI6NzExMCwidXJsIjoiaHR0cHM6XC9cL3dsa3NrcmFrdXMucGxcL2tvbGFyc3R3b1wvd3AtY29udGVudFwvdXBsb2Fkc1wvMjAyNFwvMTJcL0RvYmN6eWNlLTIwMTdfMDRfSVYtZXRhcF8xMjIwLmpwZyIsInNsaWRlc2hvdyI6ImFsbC1kNzVhZmU5In0%3D\">\n\t\t\t\t\t<div class=\"e-gallery-image elementor-gallery-item__image\" data-thumbnail=\"https:\/\/wlkskrakus.pl\/kolarstwo\/wp-content\/uploads\/2024\/12\/Dobczyce-2017_04_IV-etap_1220-300x169.jpg\" data-width=\"300\" data-height=\"169\" alt=\"Dobczyce 2017 04 IV etap 1220\" ><\/div>\n\t\t\t\t\t\t\t\t\t\t\t<div class=\"elementor-gallery-item__overlay\"><\/div>\n\t\t\t\t\t\t\t\t\t\t\t\t\t\t<\/a>\n\t\t\t\t\t\t\t<a class=\"e-gallery-item elementor-gallery-item elementor-animated-content\" href=\"https:\/\/wlkskrakus.pl\/kolarstwo\/wp-content\/uploads\/2024\/12\/Dobczyce-2017_04_IV-etap_1228.jpg\" data-elementor-open-lightbox=\"yes\" data-elementor-lightbox-slideshow=\"all-d75afe9\" data-elementor-lightbox-title=\"Dobczyce 2017 04 IV etap 1228\" data-e-action-hash=\"#elementor-action%3Aaction%3Dlightbox%26settings%3DeyJpZCI6NzExMiwidXJsIjoiaHR0cHM6XC9cL3dsa3NrcmFrdXMucGxcL2tvbGFyc3R3b1wvd3AtY29udGVudFwvdXBsb2Fkc1wvMjAyNFwvMTJcL0RvYmN6eWNlLTIwMTdfMDRfSVYtZXRhcF8xMjI4LmpwZyIsInNsaWRlc2hvdyI6ImFsbC1kNzVhZmU5In0%3D\">\n\t\t\t\t\t<div class=\"e-gallery-image elementor-gallery-item__image\" data-thumbnail=\"https:\/\/wlkskrakus.pl\/kolarstwo\/wp-content\/uploads\/2024\/12\/Dobczyce-2017_04_IV-etap_1228-300x169.jpg\" data-width=\"300\" data-height=\"169\" alt=\"Dobczyce 2017 04 IV etap 1228\" ><\/div>\n\t\t\t\t\t\t\t\t\t\t\t<div class=\"elementor-gallery-item__overlay\"><\/div>\n\t\t\t\t\t\t\t\t\t\t\t\t\t\t<\/a>\n\t\t\t\t\t\t\t<a class=\"e-gallery-item elementor-gallery-item elementor-animated-content\" href=\"https:\/\/wlkskrakus.pl\/kolarstwo\/wp-content\/uploads\/2024\/12\/Dobczyce-2017_04_IV-etap_1242.jpg\" data-elementor-open-lightbox=\"yes\" data-elementor-lightbox-slideshow=\"all-d75afe9\" data-elementor-lightbox-title=\"Dobczyce 2017 04 IV etap 1242\" data-e-action-hash=\"#elementor-action%3Aaction%3Dlightbox%26settings%3DeyJpZCI6NzExMywidXJsIjoiaHR0cHM6XC9cL3dsa3NrcmFrdXMucGxcL2tvbGFyc3R3b1wvd3AtY29udGVudFwvdXBsb2Fkc1wvMjAyNFwvMTJcL0RvYmN6eWNlLTIwMTdfMDRfSVYtZXRhcF8xMjQyLmpwZyIsInNsaWRlc2hvdyI6ImFsbC1kNzVhZmU5In0%3D\">\n\t\t\t\t\t<div class=\"e-gallery-image elementor-gallery-item__image\" data-thumbnail=\"https:\/\/wlkskrakus.pl\/kolarstwo\/wp-content\/uploads\/2024\/12\/Dobczyce-2017_04_IV-etap_1242-300x200.jpg\" data-width=\"300\" data-height=\"200\" alt=\"Dobczyce 2017 04 IV etap 1242\" ><\/div>\n\t\t\t\t\t\t\t\t\t\t\t<div class=\"elementor-gallery-item__overlay\"><\/div>\n\t\t\t\t\t\t\t\t\t\t\t\t\t\t<\/a>\n\t\t\t\t\t\t\t<a class=\"e-gallery-item elementor-gallery-item elementor-animated-content\" href=\"https:\/\/wlkskrakus.pl\/kolarstwo\/wp-content\/uploads\/2024\/12\/Dobczyce-2017_04_IV-etap_1267.jpg\" data-elementor-open-lightbox=\"yes\" data-elementor-lightbox-slideshow=\"all-d75afe9\" data-elementor-lightbox-title=\"Dobczyce 2017 04 IV etap 1267\" data-e-action-hash=\"#elementor-action%3Aaction%3Dlightbox%26settings%3DeyJpZCI6NzExNSwidXJsIjoiaHR0cHM6XC9cL3dsa3NrcmFrdXMucGxcL2tvbGFyc3R3b1wvd3AtY29udGVudFwvdXBsb2Fkc1wvMjAyNFwvMTJcL0RvYmN6eWNlLTIwMTdfMDRfSVYtZXRhcF8xMjY3LmpwZyIsInNsaWRlc2hvdyI6ImFsbC1kNzVhZmU5In0%3D\">\n\t\t\t\t\t<div class=\"e-gallery-image elementor-gallery-item__image\" data-thumbnail=\"https:\/\/wlkskrakus.pl\/kolarstwo\/wp-content\/uploads\/2024\/12\/Dobczyce-2017_04_IV-etap_1267-300x169.jpg\" data-width=\"300\" data-height=\"169\" alt=\"Dobczyce 2017 04 IV etap 1267\" ><\/div>\n\t\t\t\t\t\t\t\t\t\t\t<div class=\"elementor-gallery-item__overlay\"><\/div>\n\t\t\t\t\t\t\t\t\t\t\t\t\t\t<\/a>\n\t\t\t\t\t\t\t<a class=\"e-gallery-item elementor-gallery-item elementor-animated-content\" href=\"https:\/\/wlkskrakus.pl\/kolarstwo\/wp-content\/uploads\/2024\/12\/Dobczyce-2017_04_IV-etap_1303.jpg\" data-elementor-open-lightbox=\"yes\" data-elementor-lightbox-slideshow=\"all-d75afe9\" data-elementor-lightbox-title=\"Dobczyce 2017 04 IV etap 1303\" data-e-action-hash=\"#elementor-action%3Aaction%3Dlightbox%26settings%3DeyJpZCI6NzExNiwidXJsIjoiaHR0cHM6XC9cL3dsa3NrcmFrdXMucGxcL2tvbGFyc3R3b1wvd3AtY29udGVudFwvdXBsb2Fkc1wvMjAyNFwvMTJcL0RvYmN6eWNlLTIwMTdfMDRfSVYtZXRhcF8xMzAzLmpwZyIsInNsaWRlc2hvdyI6ImFsbC1kNzVhZmU5In0%3D\">\n\t\t\t\t\t<div class=\"e-gallery-image elementor-gallery-item__image\" data-thumbnail=\"https:\/\/wlkskrakus.pl\/kolarstwo\/wp-content\/uploads\/2024\/12\/Dobczyce-2017_04_IV-etap_1303-300x200.jpg\" data-width=\"300\" data-height=\"200\" alt=\"Dobczyce 2017 04 IV etap 1303\" ><\/div>\n\t\t\t\t\t\t\t\t\t\t\t<div class=\"elementor-gallery-item__overlay\"><\/div>\n\t\t\t\t\t\t\t\t\t\t\t\t\t\t<\/a>\n\t\t\t\t\t\t\t<a class=\"e-gallery-item elementor-gallery-item elementor-animated-content\" href=\"https:\/\/wlkskrakus.pl\/kolarstwo\/wp-content\/uploads\/2024\/12\/Dobczyce-2017_04_IV-etap_1315.jpg\" data-elementor-open-lightbox=\"yes\" data-elementor-lightbox-slideshow=\"all-d75afe9\" data-elementor-lightbox-title=\"Dobczyce 2017 04 IV etap 1315\" data-e-action-hash=\"#elementor-action%3Aaction%3Dlightbox%26settings%3DeyJpZCI6NzExOCwidXJsIjoiaHR0cHM6XC9cL3dsa3NrcmFrdXMucGxcL2tvbGFyc3R3b1wvd3AtY29udGVudFwvdXBsb2Fkc1wvMjAyNFwvMTJcL0RvYmN6eWNlLTIwMTdfMDRfSVYtZXRhcF8xMzE1LmpwZyIsInNsaWRlc2hvdyI6ImFsbC1kNzVhZmU5In0%3D\">\n\t\t\t\t\t<div class=\"e-gallery-image elementor-gallery-item__image\" data-thumbnail=\"https:\/\/wlkskrakus.pl\/kolarstwo\/wp-content\/uploads\/2024\/12\/Dobczyce-2017_04_IV-etap_1315-300x200.jpg\" data-width=\"300\" data-height=\"200\" alt=\"Dobczyce 2017 04 IV etap 1315\" ><\/div>\n\t\t\t\t\t\t\t\t\t\t\t<div class=\"elementor-gallery-item__overlay\"><\/div>\n\t\t\t\t\t\t\t\t\t\t\t\t\t\t<\/a>\n\t\t\t\t\t\t\t<a class=\"e-gallery-item elementor-gallery-item elementor-animated-content\" href=\"https:\/\/wlkskrakus.pl\/kolarstwo\/wp-content\/uploads\/2024\/12\/Dobczyce-2017_04_IV-etap_1339.jpg\" data-elementor-open-lightbox=\"yes\" data-elementor-lightbox-slideshow=\"all-d75afe9\" data-elementor-lightbox-title=\"Dobczyce 2017 04 IV etap 1339\" data-e-action-hash=\"#elementor-action%3Aaction%3Dlightbox%26settings%3DeyJpZCI6NzExOSwidXJsIjoiaHR0cHM6XC9cL3dsa3NrcmFrdXMucGxcL2tvbGFyc3R3b1wvd3AtY29udGVudFwvdXBsb2Fkc1wvMjAyNFwvMTJcL0RvYmN6eWNlLTIwMTdfMDRfSVYtZXRhcF8xMzM5LmpwZyIsInNsaWRlc2hvdyI6ImFsbC1kNzVhZmU5In0%3D\">\n\t\t\t\t\t<div class=\"e-gallery-image elementor-gallery-item__image\" data-thumbnail=\"https:\/\/wlkskrakus.pl\/kolarstwo\/wp-content\/uploads\/2024\/12\/Dobczyce-2017_04_IV-etap_1339-300x169.jpg\" data-width=\"300\" data-height=\"169\" alt=\"Dobczyce 2017 04 IV etap 1339\" ><\/div>\n\t\t\t\t\t\t\t\t\t\t\t<div class=\"elementor-gallery-item__overlay\"><\/div>\n\t\t\t\t\t\t\t\t\t\t\t\t\t\t<\/a>\n\t\t\t\t\t\t\t<a class=\"e-gallery-item elementor-gallery-item elementor-animated-content\" href=\"https:\/\/wlkskrakus.pl\/kolarstwo\/wp-content\/uploads\/2024\/12\/Dobczyce-2017_04_IV-etap_1361.jpg\" data-elementor-open-lightbox=\"yes\" data-elementor-lightbox-slideshow=\"all-d75afe9\" data-elementor-lightbox-title=\"Dobczyce 2017 04 IV etap 1361\" data-e-action-hash=\"#elementor-action%3Aaction%3Dlightbox%26settings%3DeyJpZCI6NzEyMCwidXJsIjoiaHR0cHM6XC9cL3dsa3NrcmFrdXMucGxcL2tvbGFyc3R3b1wvd3AtY29udGVudFwvdXBsb2Fkc1wvMjAyNFwvMTJcL0RvYmN6eWNlLTIwMTdfMDRfSVYtZXRhcF8xMzYxLmpwZyIsInNsaWRlc2hvdyI6ImFsbC1kNzVhZmU5In0%3D\">\n\t\t\t\t\t<div class=\"e-gallery-image elementor-gallery-item__image\" data-thumbnail=\"https:\/\/wlkskrakus.pl\/kolarstwo\/wp-content\/uploads\/2024\/12\/Dobczyce-2017_04_IV-etap_1361-300x188.jpg\" data-width=\"300\" data-height=\"188\" alt=\"Dobczyce 2017 04 IV etap 1361\" ><\/div>\n\t\t\t\t\t\t\t\t\t\t\t<div class=\"elementor-gallery-item__overlay\"><\/div>\n\t\t\t\t\t\t\t\t\t\t\t\t\t\t<\/a>\n\t\t\t\t\t\t\t<a class=\"e-gallery-item elementor-gallery-item elementor-animated-content\" href=\"https:\/\/wlkskrakus.pl\/kolarstwo\/wp-content\/uploads\/2024\/12\/Dobczyce-2017_04_IV-etap_1369.jpg\" data-elementor-open-lightbox=\"yes\" data-elementor-lightbox-slideshow=\"all-d75afe9\" data-elementor-lightbox-title=\"Dobczyce 2017 04 IV etap 1369\" data-e-action-hash=\"#elementor-action%3Aaction%3Dlightbox%26settings%3DeyJpZCI6NzEyMSwidXJsIjoiaHR0cHM6XC9cL3dsa3NrcmFrdXMucGxcL2tvbGFyc3R3b1wvd3AtY29udGVudFwvdXBsb2Fkc1wvMjAyNFwvMTJcL0RvYmN6eWNlLTIwMTdfMDRfSVYtZXRhcF8xMzY5LmpwZyIsInNsaWRlc2hvdyI6ImFsbC1kNzVhZmU5In0%3D\">\n\t\t\t\t\t<div class=\"e-gallery-image elementor-gallery-item__image\" data-thumbnail=\"https:\/\/wlkskrakus.pl\/kolarstwo\/wp-content\/uploads\/2024\/12\/Dobczyce-2017_04_IV-etap_1369-300x200.jpg\" data-width=\"300\" data-height=\"200\" alt=\"Dobczyce 2017 04 IV etap 1369\" ><\/div>\n\t\t\t\t\t\t\t\t\t\t\t<div class=\"elementor-gallery-item__overlay\"><\/div>\n\t\t\t\t\t\t\t\t\t\t\t\t\t\t<\/a>\n\t\t\t\t\t\t\t<a class=\"e-gallery-item elementor-gallery-item elementor-animated-content\" href=\"https:\/\/wlkskrakus.pl\/kolarstwo\/wp-content\/uploads\/2024\/12\/Dobczyce-2017_04_IV-etap_1378.jpg\" data-elementor-open-lightbox=\"yes\" data-elementor-lightbox-slideshow=\"all-d75afe9\" data-elementor-lightbox-title=\"Dobczyce 2017 04 IV etap 1378\" data-e-action-hash=\"#elementor-action%3Aaction%3Dlightbox%26settings%3DeyJpZCI6NzEyNCwidXJsIjoiaHR0cHM6XC9cL3dsa3NrcmFrdXMucGxcL2tvbGFyc3R3b1wvd3AtY29udGVudFwvdXBsb2Fkc1wvMjAyNFwvMTJcL0RvYmN6eWNlLTIwMTdfMDRfSVYtZXRhcF8xMzc4LmpwZyIsInNsaWRlc2hvdyI6ImFsbC1kNzVhZmU5In0%3D\">\n\t\t\t\t\t<div class=\"e-gallery-image elementor-gallery-item__image\" data-thumbnail=\"https:\/\/wlkskrakus.pl\/kolarstwo\/wp-content\/uploads\/2024\/12\/Dobczyce-2017_04_IV-etap_1378-300x200.jpg\" data-width=\"300\" data-height=\"200\" alt=\"Dobczyce 2017 04 IV etap 1378\" ><\/div>\n\t\t\t\t\t\t\t\t\t\t\t<div class=\"elementor-gallery-item__overlay\"><\/div>\n\t\t\t\t\t\t\t\t\t\t\t\t\t\t<\/a>\n\t\t\t\t\t\t\t<a class=\"e-gallery-item elementor-gallery-item elementor-animated-content\" href=\"https:\/\/wlkskrakus.pl\/kolarstwo\/wp-content\/uploads\/2024\/12\/Dobczyce-2017_04_IV-etap_1407.jpg\" data-elementor-open-lightbox=\"yes\" data-elementor-lightbox-slideshow=\"all-d75afe9\" data-elementor-lightbox-title=\"Dobczyce 2017 04 IV etap 1407\" data-e-action-hash=\"#elementor-action%3Aaction%3Dlightbox%26settings%3DeyJpZCI6NzEyNSwidXJsIjoiaHR0cHM6XC9cL3dsa3NrcmFrdXMucGxcL2tvbGFyc3R3b1wvd3AtY29udGVudFwvdXBsb2Fkc1wvMjAyNFwvMTJcL0RvYmN6eWNlLTIwMTdfMDRfSVYtZXRhcF8xNDA3LmpwZyIsInNsaWRlc2hvdyI6ImFsbC1kNzVhZmU5In0%3D\">\n\t\t\t\t\t<div class=\"e-gallery-image elementor-gallery-item__image\" data-thumbnail=\"https:\/\/wlkskrakus.pl\/kolarstwo\/wp-content\/uploads\/2024\/12\/Dobczyce-2017_04_IV-etap_1407-300x200.jpg\" data-width=\"300\" data-height=\"200\" alt=\"Dobczyce 2017 04 IV etap 1407\" ><\/div>\n\t\t\t\t\t\t\t\t\t\t\t<div class=\"elementor-gallery-item__overlay\"><\/div>\n\t\t\t\t\t\t\t\t\t\t\t\t\t\t<\/a>\n\t\t\t\t\t\t\t<a class=\"e-gallery-item elementor-gallery-item elementor-animated-content\" href=\"https:\/\/wlkskrakus.pl\/kolarstwo\/wp-content\/uploads\/2024\/12\/Dobczyce-2017_04_IV-etap_1416.jpg\" data-elementor-open-lightbox=\"yes\" data-elementor-lightbox-slideshow=\"all-d75afe9\" data-elementor-lightbox-title=\"Dobczyce 2017 04 IV etap 1416\" data-e-action-hash=\"#elementor-action%3Aaction%3Dlightbox%26settings%3DeyJpZCI6NzEyNiwidXJsIjoiaHR0cHM6XC9cL3dsa3NrcmFrdXMucGxcL2tvbGFyc3R3b1wvd3AtY29udGVudFwvdXBsb2Fkc1wvMjAyNFwvMTJcL0RvYmN6eWNlLTIwMTdfMDRfSVYtZXRhcF8xNDE2LmpwZyIsInNsaWRlc2hvdyI6ImFsbC1kNzVhZmU5In0%3D\">\n\t\t\t\t\t<div class=\"e-gallery-image elementor-gallery-item__image\" data-thumbnail=\"https:\/\/wlkskrakus.pl\/kolarstwo\/wp-content\/uploads\/2024\/12\/Dobczyce-2017_04_IV-etap_1416-300x200.jpg\" data-width=\"300\" data-height=\"200\" alt=\"Dobczyce 2017 04 IV etap 1416\" ><\/div>\n\t\t\t\t\t\t\t\t\t\t\t<div class=\"elementor-gallery-item__overlay\"><\/div>\n\t\t\t\t\t\t\t\t\t\t\t\t\t\t<\/a>\n\t\t\t\t\t\t\t<a class=\"e-gallery-item elementor-gallery-item elementor-animated-content\" href=\"https:\/\/wlkskrakus.pl\/kolarstwo\/wp-content\/uploads\/2024\/12\/Dobczyce-2017_04_IV-etap_1429.jpg\" data-elementor-open-lightbox=\"yes\" data-elementor-lightbox-slideshow=\"all-d75afe9\" data-elementor-lightbox-title=\"Dobczyce 2017 04 IV etap 1429\" data-e-action-hash=\"#elementor-action%3Aaction%3Dlightbox%26settings%3DeyJpZCI6NzEyNywidXJsIjoiaHR0cHM6XC9cL3dsa3NrcmFrdXMucGxcL2tvbGFyc3R3b1wvd3AtY29udGVudFwvdXBsb2Fkc1wvMjAyNFwvMTJcL0RvYmN6eWNlLTIwMTdfMDRfSVYtZXRhcF8xNDI5LmpwZyIsInNsaWRlc2hvdyI6ImFsbC1kNzVhZmU5In0%3D\">\n\t\t\t\t\t<div class=\"e-gallery-image elementor-gallery-item__image\" data-thumbnail=\"https:\/\/wlkskrakus.pl\/kolarstwo\/wp-content\/uploads\/2024\/12\/Dobczyce-2017_04_IV-etap_1429-300x200.jpg\" data-width=\"300\" data-height=\"200\" alt=\"Dobczyce 2017 04 IV etap 1429\" ><\/div>\n\t\t\t\t\t\t\t\t\t\t\t<div class=\"elementor-gallery-item__overlay\"><\/div>\n\t\t\t\t\t\t\t\t\t\t\t\t\t\t<\/a>\n\t\t\t\t\t\t\t<a class=\"e-gallery-item elementor-gallery-item elementor-animated-content\" href=\"https:\/\/wlkskrakus.pl\/kolarstwo\/wp-content\/uploads\/2024\/12\/Dobczyce-2017_04_IV-etap_1440.jpg\" data-elementor-open-lightbox=\"yes\" data-elementor-lightbox-slideshow=\"all-d75afe9\" data-elementor-lightbox-title=\"Dobczyce 2017 04 IV etap 1440\" data-e-action-hash=\"#elementor-action%3Aaction%3Dlightbox%26settings%3DeyJpZCI6NzEyOCwidXJsIjoiaHR0cHM6XC9cL3dsa3NrcmFrdXMucGxcL2tvbGFyc3R3b1wvd3AtY29udGVudFwvdXBsb2Fkc1wvMjAyNFwvMTJcL0RvYmN6eWNlLTIwMTdfMDRfSVYtZXRhcF8xNDQwLmpwZyIsInNsaWRlc2hvdyI6ImFsbC1kNzVhZmU5In0%3D\">\n\t\t\t\t\t<div class=\"e-gallery-image elementor-gallery-item__image\" data-thumbnail=\"https:\/\/wlkskrakus.pl\/kolarstwo\/wp-content\/uploads\/2024\/12\/Dobczyce-2017_04_IV-etap_1440-300x200.jpg\" data-width=\"300\" data-height=\"200\" alt=\"Dobczyce 2017 04 IV etap 1440\" ><\/div>\n\t\t\t\t\t\t\t\t\t\t\t<div class=\"elementor-gallery-item__overlay\"><\/div>\n\t\t\t\t\t\t\t\t\t\t\t\t\t\t<\/a>\n\t\t\t\t\t\t\t<a class=\"e-gallery-item elementor-gallery-item elementor-animated-content\" href=\"https:\/\/wlkskrakus.pl\/kolarstwo\/wp-content\/uploads\/2024\/12\/Dobczyce-2017_04_IV-etap_1463.jpg\" data-elementor-open-lightbox=\"yes\" data-elementor-lightbox-slideshow=\"all-d75afe9\" data-elementor-lightbox-title=\"Dobczyce 2017 04 IV etap 1463\" data-e-action-hash=\"#elementor-action%3Aaction%3Dlightbox%26settings%3DeyJpZCI6NzEzMSwidXJsIjoiaHR0cHM6XC9cL3dsa3NrcmFrdXMucGxcL2tvbGFyc3R3b1wvd3AtY29udGVudFwvdXBsb2Fkc1wvMjAyNFwvMTJcL0RvYmN6eWNlLTIwMTdfMDRfSVYtZXRhcF8xNDYzLmpwZyIsInNsaWRlc2hvdyI6ImFsbC1kNzVhZmU5In0%3D\">\n\t\t\t\t\t<div class=\"e-gallery-image elementor-gallery-item__image\" data-thumbnail=\"https:\/\/wlkskrakus.pl\/kolarstwo\/wp-content\/uploads\/2024\/12\/Dobczyce-2017_04_IV-etap_1463-300x169.jpg\" data-width=\"300\" data-height=\"169\" alt=\"Dobczyce 2017 04 IV etap 1463\" ><\/div>\n\t\t\t\t\t\t\t\t\t\t\t<div class=\"elementor-gallery-item__overlay\"><\/div>\n\t\t\t\t\t\t\t\t\t\t\t\t\t\t<\/a>\n\t\t\t\t\t\t\t<a class=\"e-gallery-item elementor-gallery-item elementor-animated-content\" href=\"https:\/\/wlkskrakus.pl\/kolarstwo\/wp-content\/uploads\/2024\/12\/Dobczyce-2017_04_IV-etap_1468.jpg\" data-elementor-open-lightbox=\"yes\" data-elementor-lightbox-slideshow=\"all-d75afe9\" data-elementor-lightbox-title=\"Dobczyce 2017 04 IV etap 1468\" data-e-action-hash=\"#elementor-action%3Aaction%3Dlightbox%26settings%3DeyJpZCI6NzEzMiwidXJsIjoiaHR0cHM6XC9cL3dsa3NrcmFrdXMucGxcL2tvbGFyc3R3b1wvd3AtY29udGVudFwvdXBsb2Fkc1wvMjAyNFwvMTJcL0RvYmN6eWNlLTIwMTdfMDRfSVYtZXRhcF8xNDY4LmpwZyIsInNsaWRlc2hvdyI6ImFsbC1kNzVhZmU5In0%3D\">\n\t\t\t\t\t<div class=\"e-gallery-image elementor-gallery-item__image\" data-thumbnail=\"https:\/\/wlkskrakus.pl\/kolarstwo\/wp-content\/uploads\/2024\/12\/Dobczyce-2017_04_IV-etap_1468-300x200.jpg\" data-width=\"300\" data-height=\"200\" alt=\"Dobczyce 2017 04 IV etap 1468\" ><\/div>\n\t\t\t\t\t\t\t\t\t\t\t<div class=\"elementor-gallery-item__overlay\"><\/div>\n\t\t\t\t\t\t\t\t\t\t\t\t\t\t<\/a>\n\t\t\t\t\t\t\t<a class=\"e-gallery-item elementor-gallery-item elementor-animated-content\" href=\"https:\/\/wlkskrakus.pl\/kolarstwo\/wp-content\/uploads\/2024\/12\/Dobczyce-2017_04_IV-etap_1505.jpg\" data-elementor-open-lightbox=\"yes\" data-elementor-lightbox-slideshow=\"all-d75afe9\" data-elementor-lightbox-title=\"Dobczyce 2017 04 IV etap 1505\" data-e-action-hash=\"#elementor-action%3Aaction%3Dlightbox%26settings%3DeyJpZCI6NzEzMywidXJsIjoiaHR0cHM6XC9cL3dsa3NrcmFrdXMucGxcL2tvbGFyc3R3b1wvd3AtY29udGVudFwvdXBsb2Fkc1wvMjAyNFwvMTJcL0RvYmN6eWNlLTIwMTdfMDRfSVYtZXRhcF8xNTA1LmpwZyIsInNsaWRlc2hvdyI6ImFsbC1kNzVhZmU5In0%3D\">\n\t\t\t\t\t<div class=\"e-gallery-image elementor-gallery-item__image\" data-thumbnail=\"https:\/\/wlkskrakus.pl\/kolarstwo\/wp-content\/uploads\/2024\/12\/Dobczyce-2017_04_IV-etap_1505-300x200.jpg\" data-width=\"300\" data-height=\"200\" alt=\"Dobczyce 2017 04 IV etap 1505\" ><\/div>\n\t\t\t\t\t\t\t\t\t\t\t<div class=\"elementor-gallery-item__overlay\"><\/div>\n\t\t\t\t\t\t\t\t\t\t\t\t\t\t<\/a>\n\t\t\t\t\t\t\t<a class=\"e-gallery-item elementor-gallery-item elementor-animated-content\" href=\"https:\/\/wlkskrakus.pl\/kolarstwo\/wp-content\/uploads\/2024\/12\/Dobczyce-2017_04_IV-etap_1583.jpg\" data-elementor-open-lightbox=\"yes\" data-elementor-lightbox-slideshow=\"all-d75afe9\" data-elementor-lightbox-title=\"Dobczyce 2017 04 IV etap 1583\" data-e-action-hash=\"#elementor-action%3Aaction%3Dlightbox%26settings%3DeyJpZCI6NzEzNCwidXJsIjoiaHR0cHM6XC9cL3dsa3NrcmFrdXMucGxcL2tvbGFyc3R3b1wvd3AtY29udGVudFwvdXBsb2Fkc1wvMjAyNFwvMTJcL0RvYmN6eWNlLTIwMTdfMDRfSVYtZXRhcF8xNTgzLmpwZyIsInNsaWRlc2hvdyI6ImFsbC1kNzVhZmU5In0%3D\">\n\t\t\t\t\t<div class=\"e-gallery-image elementor-gallery-item__image\" data-thumbnail=\"https:\/\/wlkskrakus.pl\/kolarstwo\/wp-content\/uploads\/2024\/12\/Dobczyce-2017_04_IV-etap_1583-200x300.jpg\" data-width=\"200\" data-height=\"300\" alt=\"Dobczyce 2017 04 IV etap 1583\" ><\/div>\n\t\t\t\t\t\t\t\t\t\t\t<div class=\"elementor-gallery-item__overlay\"><\/div>\n\t\t\t\t\t\t\t\t\t\t\t\t\t\t<\/a>\n\t\t\t\t\t\t\t<a class=\"e-gallery-item elementor-gallery-item elementor-animated-content\" href=\"https:\/\/wlkskrakus.pl\/kolarstwo\/wp-content\/uploads\/2024\/12\/Dobczyce-2017_04_IV-etap_1650.jpg\" data-elementor-open-lightbox=\"yes\" data-elementor-lightbox-slideshow=\"all-d75afe9\" data-elementor-lightbox-title=\"Dobczyce 2017 04 IV etap 1650\" data-e-action-hash=\"#elementor-action%3Aaction%3Dlightbox%26settings%3DeyJpZCI6NzEzNywidXJsIjoiaHR0cHM6XC9cL3dsa3NrcmFrdXMucGxcL2tvbGFyc3R3b1wvd3AtY29udGVudFwvdXBsb2Fkc1wvMjAyNFwvMTJcL0RvYmN6eWNlLTIwMTdfMDRfSVYtZXRhcF8xNjUwLmpwZyIsInNsaWRlc2hvdyI6ImFsbC1kNzVhZmU5In0%3D\">\n\t\t\t\t\t<div class=\"e-gallery-image elementor-gallery-item__image\" data-thumbnail=\"https:\/\/wlkskrakus.pl\/kolarstwo\/wp-content\/uploads\/2024\/12\/Dobczyce-2017_04_IV-etap_1650-300x169.jpg\" data-width=\"300\" data-height=\"169\" alt=\"Dobczyce 2017 04 IV etap 1650\" ><\/div>\n\t\t\t\t\t\t\t\t\t\t\t<div class=\"elementor-gallery-item__overlay\"><\/div>\n\t\t\t\t\t\t\t\t\t\t\t\t\t\t<\/a>\n\t\t\t\t\t\t\t<a class=\"e-gallery-item elementor-gallery-item elementor-animated-content\" href=\"https:\/\/wlkskrakus.pl\/kolarstwo\/wp-content\/uploads\/2024\/12\/Dobczyce-2017_04_IV-etap_1668.jpg\" data-elementor-open-lightbox=\"yes\" data-elementor-lightbox-slideshow=\"all-d75afe9\" data-elementor-lightbox-title=\"Dobczyce 2017 04 IV etap 1668\" data-e-action-hash=\"#elementor-action%3Aaction%3Dlightbox%26settings%3DeyJpZCI6NzEzOCwidXJsIjoiaHR0cHM6XC9cL3dsa3NrcmFrdXMucGxcL2tvbGFyc3R3b1wvd3AtY29udGVudFwvdXBsb2Fkc1wvMjAyNFwvMTJcL0RvYmN6eWNlLTIwMTdfMDRfSVYtZXRhcF8xNjY4LmpwZyIsInNsaWRlc2hvdyI6ImFsbC1kNzVhZmU5In0%3D\">\n\t\t\t\t\t<div class=\"e-gallery-image elementor-gallery-item__image\" data-thumbnail=\"https:\/\/wlkskrakus.pl\/kolarstwo\/wp-content\/uploads\/2024\/12\/Dobczyce-2017_04_IV-etap_1668-300x200.jpg\" data-width=\"300\" data-height=\"200\" alt=\"Dobczyce 2017 04 IV etap 1668\" ><\/div>\n\t\t\t\t\t\t\t\t\t\t\t<div class=\"elementor-gallery-item__overlay\"><\/div>\n\t\t\t\t\t\t\t\t\t\t\t\t\t\t<\/a>\n\t\t\t\t\t\t\t<a class=\"e-gallery-item elementor-gallery-item elementor-animated-content\" href=\"https:\/\/wlkskrakus.pl\/kolarstwo\/wp-content\/uploads\/2024\/12\/Dobczyce-2017_04_IV-etap_1685.jpg\" data-elementor-open-lightbox=\"yes\" data-elementor-lightbox-slideshow=\"all-d75afe9\" data-elementor-lightbox-title=\"Dobczyce 2017 04 IV etap 1685\" data-e-action-hash=\"#elementor-action%3Aaction%3Dlightbox%26settings%3DeyJpZCI6NzEzOSwidXJsIjoiaHR0cHM6XC9cL3dsa3NrcmFrdXMucGxcL2tvbGFyc3R3b1wvd3AtY29udGVudFwvdXBsb2Fkc1wvMjAyNFwvMTJcL0RvYmN6eWNlLTIwMTdfMDRfSVYtZXRhcF8xNjg1LmpwZyIsInNsaWRlc2hvdyI6ImFsbC1kNzVhZmU5In0%3D\">\n\t\t\t\t\t<div class=\"e-gallery-image elementor-gallery-item__image\" data-thumbnail=\"https:\/\/wlkskrakus.pl\/kolarstwo\/wp-content\/uploads\/2024\/12\/Dobczyce-2017_04_IV-etap_1685-300x200.jpg\" data-width=\"300\" data-height=\"200\" alt=\"Dobczyce 2017 04 IV etap 1685\" ><\/div>\n\t\t\t\t\t\t\t\t\t\t\t<div class=\"elementor-gallery-item__overlay\"><\/div>\n\t\t\t\t\t\t\t\t\t\t\t\t\t\t<\/a>\n\t\t\t\t\t\t\t<a class=\"e-gallery-item elementor-gallery-item elementor-animated-content\" href=\"https:\/\/wlkskrakus.pl\/kolarstwo\/wp-content\/uploads\/2024\/12\/Dobczyce-2017_04_IV-etap_1737.jpg\" data-elementor-open-lightbox=\"yes\" data-elementor-lightbox-slideshow=\"all-d75afe9\" data-elementor-lightbox-title=\"Dobczyce 2017 04 IV etap 1737\" data-e-action-hash=\"#elementor-action%3Aaction%3Dlightbox%26settings%3DeyJpZCI6NzE0MCwidXJsIjoiaHR0cHM6XC9cL3dsa3NrcmFrdXMucGxcL2tvbGFyc3R3b1wvd3AtY29udGVudFwvdXBsb2Fkc1wvMjAyNFwvMTJcL0RvYmN6eWNlLTIwMTdfMDRfSVYtZXRhcF8xNzM3LmpwZyIsInNsaWRlc2hvdyI6ImFsbC1kNzVhZmU5In0%3D\">\n\t\t\t\t\t<div class=\"e-gallery-image elementor-gallery-item__image\" data-thumbnail=\"https:\/\/wlkskrakus.pl\/kolarstwo\/wp-content\/uploads\/2024\/12\/Dobczyce-2017_04_IV-etap_1737-300x200.jpg\" data-width=\"300\" data-height=\"200\" alt=\"Dobczyce 2017 04 IV etap 1737\" ><\/div>\n\t\t\t\t\t\t\t\t\t\t\t<div class=\"elementor-gallery-item__overlay\"><\/div>\n\t\t\t\t\t\t\t\t\t\t\t\t\t\t<\/a>\n\t\t\t\t\t\t\t<a class=\"e-gallery-item elementor-gallery-item elementor-animated-content\" href=\"https:\/\/wlkskrakus.pl\/kolarstwo\/wp-content\/uploads\/2024\/12\/Dobczyce-2017_04_IV-etap_1754.jpg\" data-elementor-open-lightbox=\"yes\" data-elementor-lightbox-slideshow=\"all-d75afe9\" data-elementor-lightbox-title=\"Dobczyce 2017 04 IV etap 1754\" data-e-action-hash=\"#elementor-action%3Aaction%3Dlightbox%26settings%3DeyJpZCI6NzE0MywidXJsIjoiaHR0cHM6XC9cL3dsa3NrcmFrdXMucGxcL2tvbGFyc3R3b1wvd3AtY29udGVudFwvdXBsb2Fkc1wvMjAyNFwvMTJcL0RvYmN6eWNlLTIwMTdfMDRfSVYtZXRhcF8xNzU0LmpwZyIsInNsaWRlc2hvdyI6ImFsbC1kNzVhZmU5In0%3D\">\n\t\t\t\t\t<div class=\"e-gallery-image elementor-gallery-item__image\" data-thumbnail=\"https:\/\/wlkskrakus.pl\/kolarstwo\/wp-content\/uploads\/2024\/12\/Dobczyce-2017_04_IV-etap_1754-300x200.jpg\" data-width=\"300\" data-height=\"200\" alt=\"Dobczyce 2017 04 IV etap 1754\" ><\/div>\n\t\t\t\t\t\t\t\t\t\t\t<div class=\"elementor-gallery-item__overlay\"><\/div>\n\t\t\t\t\t\t\t\t\t\t\t\t\t\t<\/a>\n\t\t\t\t\t\t\t<a class=\"e-gallery-item elementor-gallery-item elementor-animated-content\" href=\"https:\/\/wlkskrakus.pl\/kolarstwo\/wp-content\/uploads\/2024\/12\/Dobczyce-2017_04_IV-etap_1769.jpg\" data-elementor-open-lightbox=\"yes\" data-elementor-lightbox-slideshow=\"all-d75afe9\" data-elementor-lightbox-title=\"Dobczyce 2017 04 IV etap 1769\" data-e-action-hash=\"#elementor-action%3Aaction%3Dlightbox%26settings%3DeyJpZCI6NzE0NCwidXJsIjoiaHR0cHM6XC9cL3dsa3NrcmFrdXMucGxcL2tvbGFyc3R3b1wvd3AtY29udGVudFwvdXBsb2Fkc1wvMjAyNFwvMTJcL0RvYmN6eWNlLTIwMTdfMDRfSVYtZXRhcF8xNzY5LmpwZyIsInNsaWRlc2hvdyI6ImFsbC1kNzVhZmU5In0%3D\">\n\t\t\t\t\t<div class=\"e-gallery-image elementor-gallery-item__image\" data-thumbnail=\"https:\/\/wlkskrakus.pl\/kolarstwo\/wp-content\/uploads\/2024\/12\/Dobczyce-2017_04_IV-etap_1769-300x200.jpg\" data-width=\"300\" data-height=\"200\" alt=\"Dobczyce 2017 04 IV etap 1769\" ><\/div>\n\t\t\t\t\t\t\t\t\t\t\t<div class=\"elementor-gallery-item__overlay\"><\/div>\n\t\t\t\t\t\t\t\t\t\t\t\t\t\t<\/a>\n\t\t\t\t\t\t\t<a class=\"e-gallery-item elementor-gallery-item elementor-animated-content\" href=\"https:\/\/wlkskrakus.pl\/kolarstwo\/wp-content\/uploads\/2024\/12\/Dobczyce-2017_04_IV-etap_1780.jpg\" data-elementor-open-lightbox=\"yes\" data-elementor-lightbox-slideshow=\"all-d75afe9\" data-elementor-lightbox-title=\"Dobczyce 2017 04 IV etap 1780\" data-e-action-hash=\"#elementor-action%3Aaction%3Dlightbox%26settings%3DeyJpZCI6NzE0NSwidXJsIjoiaHR0cHM6XC9cL3dsa3NrcmFrdXMucGxcL2tvbGFyc3R3b1wvd3AtY29udGVudFwvdXBsb2Fkc1wvMjAyNFwvMTJcL0RvYmN6eWNlLTIwMTdfMDRfSVYtZXRhcF8xNzgwLmpwZyIsInNsaWRlc2hvdyI6ImFsbC1kNzVhZmU5In0%3D\">\n\t\t\t\t\t<div class=\"e-gallery-image elementor-gallery-item__image\" data-thumbnail=\"https:\/\/wlkskrakus.pl\/kolarstwo\/wp-content\/uploads\/2024\/12\/Dobczyce-2017_04_IV-etap_1780-300x169.jpg\" data-width=\"300\" data-height=\"169\" alt=\"Dobczyce 2017 04 IV etap 1780\" ><\/div>\n\t\t\t\t\t\t\t\t\t\t\t<div class=\"elementor-gallery-item__overlay\"><\/div>\n\t\t\t\t\t\t\t\t\t\t\t\t\t\t<\/a>\n\t\t\t\t\t\t\t<a class=\"e-gallery-item elementor-gallery-item elementor-animated-content\" href=\"https:\/\/wlkskrakus.pl\/kolarstwo\/wp-content\/uploads\/2024\/12\/Dobczyce-2017_04_IV-etap_1809.jpg\" data-elementor-open-lightbox=\"yes\" data-elementor-lightbox-slideshow=\"all-d75afe9\" data-elementor-lightbox-title=\"Dobczyce 2017 04 IV etap 1809\" data-e-action-hash=\"#elementor-action%3Aaction%3Dlightbox%26settings%3DeyJpZCI6NzE0NiwidXJsIjoiaHR0cHM6XC9cL3dsa3NrcmFrdXMucGxcL2tvbGFyc3R3b1wvd3AtY29udGVudFwvdXBsb2Fkc1wvMjAyNFwvMTJcL0RvYmN6eWNlLTIwMTdfMDRfSVYtZXRhcF8xODA5LmpwZyIsInNsaWRlc2hvdyI6ImFsbC1kNzVhZmU5In0%3D\">\n\t\t\t\t\t<div class=\"e-gallery-image elementor-gallery-item__image\" data-thumbnail=\"https:\/\/wlkskrakus.pl\/kolarstwo\/wp-content\/uploads\/2024\/12\/Dobczyce-2017_04_IV-etap_1809-300x200.jpg\" data-width=\"300\" data-height=\"200\" alt=\"Dobczyce 2017 04 IV etap 1809\" ><\/div>\n\t\t\t\t\t\t\t\t\t\t\t<div class=\"elementor-gallery-item__overlay\"><\/div>\n\t\t\t\t\t\t\t\t\t\t\t\t\t\t<\/a>\n\t\t\t\t\t\t\t<a class=\"e-gallery-item elementor-gallery-item elementor-animated-content\" href=\"https:\/\/wlkskrakus.pl\/kolarstwo\/wp-content\/uploads\/2024\/12\/Dobczyce-2017_04_IV-etap_1816.jpg\" data-elementor-open-lightbox=\"yes\" data-elementor-lightbox-slideshow=\"all-d75afe9\" data-elementor-lightbox-title=\"Dobczyce 2017 04 IV etap 1816\" data-e-action-hash=\"#elementor-action%3Aaction%3Dlightbox%26settings%3DeyJpZCI6NzE0OCwidXJsIjoiaHR0cHM6XC9cL3dsa3NrcmFrdXMucGxcL2tvbGFyc3R3b1wvd3AtY29udGVudFwvdXBsb2Fkc1wvMjAyNFwvMTJcL0RvYmN6eWNlLTIwMTdfMDRfSVYtZXRhcF8xODE2LmpwZyIsInNsaWRlc2hvdyI6ImFsbC1kNzVhZmU5In0%3D\">\n\t\t\t\t\t<div class=\"e-gallery-image elementor-gallery-item__image\" data-thumbnail=\"https:\/\/wlkskrakus.pl\/kolarstwo\/wp-content\/uploads\/2024\/12\/Dobczyce-2017_04_IV-etap_1816-300x200.jpg\" data-width=\"300\" data-height=\"200\" alt=\"Dobczyce 2017 04 IV etap 1816\" ><\/div>\n\t\t\t\t\t\t\t\t\t\t\t<div class=\"elementor-gallery-item__overlay\"><\/div>\n\t\t\t\t\t\t\t\t\t\t\t\t\t\t<\/a>\n\t\t\t\t\t\t\t<a class=\"e-gallery-item elementor-gallery-item elementor-animated-content\" href=\"https:\/\/wlkskrakus.pl\/kolarstwo\/wp-content\/uploads\/2024\/12\/Dobczyce-2017_04_IV-etap_1826.jpg\" data-elementor-open-lightbox=\"yes\" data-elementor-lightbox-slideshow=\"all-d75afe9\" data-elementor-lightbox-title=\"Dobczyce 2017 04 IV etap 1826\" data-e-action-hash=\"#elementor-action%3Aaction%3Dlightbox%26settings%3DeyJpZCI6NzE1MCwidXJsIjoiaHR0cHM6XC9cL3dsa3NrcmFrdXMucGxcL2tvbGFyc3R3b1wvd3AtY29udGVudFwvdXBsb2Fkc1wvMjAyNFwvMTJcL0RvYmN6eWNlLTIwMTdfMDRfSVYtZXRhcF8xODI2LmpwZyIsInNsaWRlc2hvdyI6ImFsbC1kNzVhZmU5In0%3D\">\n\t\t\t\t\t<div class=\"e-gallery-image elementor-gallery-item__image\" data-thumbnail=\"https:\/\/wlkskrakus.pl\/kolarstwo\/wp-content\/uploads\/2024\/12\/Dobczyce-2017_04_IV-etap_1826-300x200.jpg\" data-width=\"300\" data-height=\"200\" alt=\"Dobczyce 2017 04 IV etap 1826\" ><\/div>\n\t\t\t\t\t\t\t\t\t\t\t<div class=\"elementor-gallery-item__overlay\"><\/div>\n\t\t\t\t\t\t\t\t\t\t\t\t\t\t<\/a>\n\t\t\t\t\t\t\t<a class=\"e-gallery-item elementor-gallery-item elementor-animated-content\" href=\"https:\/\/wlkskrakus.pl\/kolarstwo\/wp-content\/uploads\/2024\/12\/Dobczyce-2017_04_IV-etap_1831.jpg\" data-elementor-open-lightbox=\"yes\" data-elementor-lightbox-slideshow=\"all-d75afe9\" data-elementor-lightbox-title=\"Dobczyce 2017 04 IV etap 1831\" data-e-action-hash=\"#elementor-action%3Aaction%3Dlightbox%26settings%3DeyJpZCI6NzE1MSwidXJsIjoiaHR0cHM6XC9cL3dsa3NrcmFrdXMucGxcL2tvbGFyc3R3b1wvd3AtY29udGVudFwvdXBsb2Fkc1wvMjAyNFwvMTJcL0RvYmN6eWNlLTIwMTdfMDRfSVYtZXRhcF8xODMxLmpwZyIsInNsaWRlc2hvdyI6ImFsbC1kNzVhZmU5In0%3D\">\n\t\t\t\t\t<div class=\"e-gallery-image elementor-gallery-item__image\" data-thumbnail=\"https:\/\/wlkskrakus.pl\/kolarstwo\/wp-content\/uploads\/2024\/12\/Dobczyce-2017_04_IV-etap_1831-300x200.jpg\" data-width=\"300\" data-height=\"200\" alt=\"Dobczyce 2017 04 IV etap 1831\" ><\/div>\n\t\t\t\t\t\t\t\t\t\t\t<div class=\"elementor-gallery-item__overlay\"><\/div>\n\t\t\t\t\t\t\t\t\t\t\t\t\t\t<\/a>\n\t\t\t\t\t\t\t<a class=\"e-gallery-item elementor-gallery-item elementor-animated-content\" href=\"https:\/\/wlkskrakus.pl\/kolarstwo\/wp-content\/uploads\/2024\/12\/Dobczyce-2017_04_IV-etap_1842.jpg\" data-elementor-open-lightbox=\"yes\" data-elementor-lightbox-slideshow=\"all-d75afe9\" data-elementor-lightbox-title=\"Dobczyce 2017 04 IV etap 1842\" data-e-action-hash=\"#elementor-action%3Aaction%3Dlightbox%26settings%3DeyJpZCI6NzE1MiwidXJsIjoiaHR0cHM6XC9cL3dsa3NrcmFrdXMucGxcL2tvbGFyc3R3b1wvd3AtY29udGVudFwvdXBsb2Fkc1wvMjAyNFwvMTJcL0RvYmN6eWNlLTIwMTdfMDRfSVYtZXRhcF8xODQyLmpwZyIsInNsaWRlc2hvdyI6ImFsbC1kNzVhZmU5In0%3D\">\n\t\t\t\t\t<div class=\"e-gallery-image elementor-gallery-item__image\" data-thumbnail=\"https:\/\/wlkskrakus.pl\/kolarstwo\/wp-content\/uploads\/2024\/12\/Dobczyce-2017_04_IV-etap_1842-300x200.jpg\" data-width=\"300\" data-height=\"200\" alt=\"Dobczyce 2017 04 IV etap 1842\" ><\/div>\n\t\t\t\t\t\t\t\t\t\t\t<div class=\"elementor-gallery-item__overlay\"><\/div>\n\t\t\t\t\t\t\t\t\t\t\t\t\t\t<\/a>\n\t\t\t\t\t\t\t<a class=\"e-gallery-item elementor-gallery-item elementor-animated-content\" href=\"https:\/\/wlkskrakus.pl\/kolarstwo\/wp-content\/uploads\/2024\/12\/Dobczyce-2017_04_IV-etap_1849.jpg\" data-elementor-open-lightbox=\"yes\" data-elementor-lightbox-slideshow=\"all-d75afe9\" data-elementor-lightbox-title=\"Dobczyce 2017 04 IV etap 1849\" data-e-action-hash=\"#elementor-action%3Aaction%3Dlightbox%26settings%3DeyJpZCI6NzE1MywidXJsIjoiaHR0cHM6XC9cL3dsa3NrcmFrdXMucGxcL2tvbGFyc3R3b1wvd3AtY29udGVudFwvdXBsb2Fkc1wvMjAyNFwvMTJcL0RvYmN6eWNlLTIwMTdfMDRfSVYtZXRhcF8xODQ5LmpwZyIsInNsaWRlc2hvdyI6ImFsbC1kNzVhZmU5In0%3D\">\n\t\t\t\t\t<div class=\"e-gallery-image elementor-gallery-item__image\" data-thumbnail=\"https:\/\/wlkskrakus.pl\/kolarstwo\/wp-content\/uploads\/2024\/12\/Dobczyce-2017_04_IV-etap_1849-300x200.jpg\" data-width=\"300\" data-height=\"200\" alt=\"Dobczyce 2017 04 IV etap 1849\" ><\/div>\n\t\t\t\t\t\t\t\t\t\t\t<div class=\"elementor-gallery-item__overlay\"><\/div>\n\t\t\t\t\t\t\t\t\t\t\t\t\t\t<\/a>\n\t\t\t\t\t\t\t<a class=\"e-gallery-item elementor-gallery-item elementor-animated-content\" href=\"https:\/\/wlkskrakus.pl\/kolarstwo\/wp-content\/uploads\/2024\/12\/Dobczyce-2017_04_IV-etap_1862.jpg\" data-elementor-open-lightbox=\"yes\" data-elementor-lightbox-slideshow=\"all-d75afe9\" data-elementor-lightbox-title=\"Dobczyce 2017 04 IV etap 1862\" data-e-action-hash=\"#elementor-action%3Aaction%3Dlightbox%26settings%3DeyJpZCI6NzE1NSwidXJsIjoiaHR0cHM6XC9cL3dsa3NrcmFrdXMucGxcL2tvbGFyc3R3b1wvd3AtY29udGVudFwvdXBsb2Fkc1wvMjAyNFwvMTJcL0RvYmN6eWNlLTIwMTdfMDRfSVYtZXRhcF8xODYyLmpwZyIsInNsaWRlc2hvdyI6ImFsbC1kNzVhZmU5In0%3D\">\n\t\t\t\t\t<div class=\"e-gallery-image elementor-gallery-item__image\" data-thumbnail=\"https:\/\/wlkskrakus.pl\/kolarstwo\/wp-content\/uploads\/2024\/12\/Dobczyce-2017_04_IV-etap_1862-300x200.jpg\" data-width=\"300\" data-height=\"200\" alt=\"Dobczyce 2017 04 IV etap 1862\" ><\/div>\n\t\t\t\t\t\t\t\t\t\t\t<div class=\"elementor-gallery-item__overlay\"><\/div>\n\t\t\t\t\t\t\t\t\t\t\t\t\t\t<\/a>\n\t\t\t\t\t\t\t<a class=\"e-gallery-item elementor-gallery-item elementor-animated-content\" href=\"https:\/\/wlkskrakus.pl\/kolarstwo\/wp-content\/uploads\/2024\/12\/Dobczyce-2017_04_IV-etap_1875.jpg\" data-elementor-open-lightbox=\"yes\" data-elementor-lightbox-slideshow=\"all-d75afe9\" data-elementor-lightbox-title=\"Dobczyce 2017 04 IV etap 1875\" data-e-action-hash=\"#elementor-action%3Aaction%3Dlightbox%26settings%3DeyJpZCI6NzE1NiwidXJsIjoiaHR0cHM6XC9cL3dsa3NrcmFrdXMucGxcL2tvbGFyc3R3b1wvd3AtY29udGVudFwvdXBsb2Fkc1wvMjAyNFwvMTJcL0RvYmN6eWNlLTIwMTdfMDRfSVYtZXRhcF8xODc1LmpwZyIsInNsaWRlc2hvdyI6ImFsbC1kNzVhZmU5In0%3D\">\n\t\t\t\t\t<div class=\"e-gallery-image elementor-gallery-item__image\" data-thumbnail=\"https:\/\/wlkskrakus.pl\/kolarstwo\/wp-content\/uploads\/2024\/12\/Dobczyce-2017_04_IV-etap_1875-300x169.jpg\" data-width=\"300\" data-height=\"169\" alt=\"Dobczyce 2017 04 IV etap 1875\" ><\/div>\n\t\t\t\t\t\t\t\t\t\t\t<div class=\"elementor-gallery-item__overlay\"><\/div>\n\t\t\t\t\t\t\t\t\t\t\t\t\t\t<\/a>\n\t\t\t\t\t\t\t<a class=\"e-gallery-item elementor-gallery-item elementor-animated-content\" href=\"https:\/\/wlkskrakus.pl\/kolarstwo\/wp-content\/uploads\/2024\/12\/Dobczyce-2017_04_IV-etap_1889.jpg\" data-elementor-open-lightbox=\"yes\" data-elementor-lightbox-slideshow=\"all-d75afe9\" data-elementor-lightbox-title=\"Dobczyce 2017 04 IV etap 1889\" data-e-action-hash=\"#elementor-action%3Aaction%3Dlightbox%26settings%3DeyJpZCI6NzE1OCwidXJsIjoiaHR0cHM6XC9cL3dsa3NrcmFrdXMucGxcL2tvbGFyc3R3b1wvd3AtY29udGVudFwvdXBsb2Fkc1wvMjAyNFwvMTJcL0RvYmN6eWNlLTIwMTdfMDRfSVYtZXRhcF8xODg5LmpwZyIsInNsaWRlc2hvdyI6ImFsbC1kNzVhZmU5In0%3D\">\n\t\t\t\t\t<div class=\"e-gallery-image elementor-gallery-item__image\" data-thumbnail=\"https:\/\/wlkskrakus.pl\/kolarstwo\/wp-content\/uploads\/2024\/12\/Dobczyce-2017_04_IV-etap_1889-300x131.jpg\" data-width=\"300\" data-height=\"131\" alt=\"Dobczyce 2017 04 IV etap 1889\" ><\/div>\n\t\t\t\t\t\t\t\t\t\t\t<div class=\"elementor-gallery-item__overlay\"><\/div>\n\t\t\t\t\t\t\t\t\t\t\t\t\t\t<\/a>\n\t\t\t\t\t\t\t<a class=\"e-gallery-item elementor-gallery-item elementor-animated-content\" href=\"https:\/\/wlkskrakus.pl\/kolarstwo\/wp-content\/uploads\/2024\/12\/Dobczyce-2017_04_IV-etap_1912.jpg\" data-elementor-open-lightbox=\"yes\" data-elementor-lightbox-slideshow=\"all-d75afe9\" data-elementor-lightbox-title=\"Dobczyce 2017 04 IV etap 1912\" data-e-action-hash=\"#elementor-action%3Aaction%3Dlightbox%26settings%3DeyJpZCI6NzE1OSwidXJsIjoiaHR0cHM6XC9cL3dsa3NrcmFrdXMucGxcL2tvbGFyc3R3b1wvd3AtY29udGVudFwvdXBsb2Fkc1wvMjAyNFwvMTJcL0RvYmN6eWNlLTIwMTdfMDRfSVYtZXRhcF8xOTEyLmpwZyIsInNsaWRlc2hvdyI6ImFsbC1kNzVhZmU5In0%3D\">\n\t\t\t\t\t<div class=\"e-gallery-image elementor-gallery-item__image\" data-thumbnail=\"https:\/\/wlkskrakus.pl\/kolarstwo\/wp-content\/uploads\/2024\/12\/Dobczyce-2017_04_IV-etap_1912-300x200.jpg\" data-width=\"300\" data-height=\"200\" alt=\"Dobczyce 2017 04 IV etap 1912\" ><\/div>\n\t\t\t\t\t\t\t\t\t\t\t<div class=\"elementor-gallery-item__overlay\"><\/div>\n\t\t\t\t\t\t\t\t\t\t\t\t\t\t<\/a>\n\t\t\t\t\t\t\t<a class=\"e-gallery-item elementor-gallery-item elementor-animated-content\" href=\"https:\/\/wlkskrakus.pl\/kolarstwo\/wp-content\/uploads\/2024\/12\/Dobczyce-2017_04_IV-etap_1933.jpg\" data-elementor-open-lightbox=\"yes\" data-elementor-lightbox-slideshow=\"all-d75afe9\" data-elementor-lightbox-title=\"Dobczyce 2017 04 IV etap 1933\" data-e-action-hash=\"#elementor-action%3Aaction%3Dlightbox%26settings%3DeyJpZCI6NzE2MCwidXJsIjoiaHR0cHM6XC9cL3dsa3NrcmFrdXMucGxcL2tvbGFyc3R3b1wvd3AtY29udGVudFwvdXBsb2Fkc1wvMjAyNFwvMTJcL0RvYmN6eWNlLTIwMTdfMDRfSVYtZXRhcF8xOTMzLmpwZyIsInNsaWRlc2hvdyI6ImFsbC1kNzVhZmU5In0%3D\">\n\t\t\t\t\t<div class=\"e-gallery-image elementor-gallery-item__image\" data-thumbnail=\"https:\/\/wlkskrakus.pl\/kolarstwo\/wp-content\/uploads\/2024\/12\/Dobczyce-2017_04_IV-etap_1933-300x169.jpg\" data-width=\"300\" data-height=\"169\" alt=\"Dobczyce 2017 04 IV etap 1933\" ><\/div>\n\t\t\t\t\t\t\t\t\t\t\t<div class=\"elementor-gallery-item__overlay\"><\/div>\n\t\t\t\t\t\t\t\t\t\t\t\t\t\t<\/a>\n\t\t\t\t\t<\/div>\n\t\t\t<\/div>\n\t\t\t\t<\/div>\n\t\t\t\t\t<\/div>\n\t\t<\/div>\n\t\t\t\t\t\t\t<\/div>\n\t\t<\/section>\n\t\t\t\t\t\t\t<\/div>\n\t\t","protected":false},"excerpt":{"rendered":"<p>Galeria &#8211; rok 2017 Etap I Szczyrzyc-Szczyrzyc Etap II Droginia ITT Etap III \u0141apan\u00f3w-\u0141apan\u00f3w Etap IV Raciechowice-Dobczyce<\/p>\n","protected":false},"author":5,"featured_media":0,"parent":1738,"menu_order":0,"comment_status":"closed","ping_status":"closed","template":"","meta":{"site-sidebar-layout":"no-sidebar","site-content-layout":"page-builder","ast-global-header-display":"","ast-main-header-display":"","ast-hfb-above-header-display":"","ast-hfb-below-header-display":"","ast-hfb-mobile-header-display":"","site-post-title":"disabled","ast-breadcrumbs-content":"","ast-featured-img":"disabled","footer-sml-layout":"","theme-transparent-header-meta":"default","adv-header-id-meta":"","stick-header-meta":"","header-above-stick-meta":"","header-main-stick-meta":"","header-below-stick-meta":"","footnotes":""},"class_list":["post-6674","page","type-page","status-publish","hentry"],"yoast_head":"<!-- This site is optimized with the Yoast SEO plugin v21.1 - https:\/\/yoast.com\/wordpress\/plugins\/seo\/ -->\n<title>Dobczyce Rok 2017 - WLKS KRAKUS SWOSZOWICE<\/title>\n<meta name=\"robots\" content=\"index, follow, max-snippet:-1, max-image-preview:large, max-video-preview:-1\" \/>\n<link rel=\"canonical\" href=\"https:\/\/wlkskrakus.pl\/kolarstwo\/galeria\/dobczyce-rok-2017\/\" \/>\n<meta property=\"og:locale\" content=\"pl_PL\" \/>\n<meta property=\"og:type\" content=\"article\" \/>\n<meta property=\"og:title\" content=\"Dobczyce Rok 2017 - WLKS KRAKUS SWOSZOWICE\" \/>\n<meta property=\"og:description\" content=\"Galeria &#8211; rok 2017 Etap I Szczyrzyc-Szczyrzyc Etap II Droginia ITT Etap III \u0141apan\u00f3w-\u0141apan\u00f3w Etap IV Raciechowice-Dobczyce\" \/>\n<meta property=\"og:url\" content=\"https:\/\/wlkskrakus.pl\/kolarstwo\/galeria\/dobczyce-rok-2017\/\" \/>\n<meta property=\"og:site_name\" content=\"WLKS KRAKUS SWOSZOWICE\" \/>\n<meta property=\"article:publisher\" content=\"https:\/\/www.facebook.com\/WLKSKRAKUS\/\" \/>\n<meta property=\"article:modified_time\" content=\"2024-12-30T09:37:43+00:00\" \/>\n<meta name=\"twitter:card\" content=\"summary_large_image\" \/>\n<meta name=\"twitter:label1\" content=\"Szacowany czas czytania\" \/>\n\t<meta name=\"twitter:data1\" content=\"1 minuta\" \/>\n<script type=\"application\/ld+json\" class=\"yoast-schema-graph\">{\"@context\":\"https:\/\/schema.org\",\"@graph\":[{\"@type\":\"WebPage\",\"@id\":\"https:\/\/wlkskrakus.pl\/kolarstwo\/galeria\/dobczyce-rok-2017\/\",\"url\":\"https:\/\/wlkskrakus.pl\/kolarstwo\/galeria\/dobczyce-rok-2017\/\",\"name\":\"Dobczyce Rok 2017 - WLKS KRAKUS SWOSZOWICE\",\"isPartOf\":{\"@id\":\"https:\/\/wlkskrakus.pl\/kolarstwo\/#website\"},\"datePublished\":\"2024-12-29T20:24:35+00:00\",\"dateModified\":\"2024-12-30T09:37:43+00:00\",\"breadcrumb\":{\"@id\":\"https:\/\/wlkskrakus.pl\/kolarstwo\/galeria\/dobczyce-rok-2017\/#breadcrumb\"},\"inLanguage\":\"pl-PL\",\"potentialAction\":[{\"@type\":\"ReadAction\",\"target\":[\"https:\/\/wlkskrakus.pl\/kolarstwo\/galeria\/dobczyce-rok-2017\/\"]}]},{\"@type\":\"BreadcrumbList\",\"@id\":\"https:\/\/wlkskrakus.pl\/kolarstwo\/galeria\/dobczyce-rok-2017\/#breadcrumb\",\"itemListElement\":[{\"@type\":\"ListItem\",\"position\":1,\"name\":\"Strona g\u0142\u00f3wna\",\"item\":\"https:\/\/wlkskrakus.pl\/kolarstwo\/\"},{\"@type\":\"ListItem\",\"position\":2,\"name\":\"Galeria\",\"item\":\"https:\/\/wlkskrakus.pl\/kolarstwo\/galeria\/\"},{\"@type\":\"ListItem\",\"position\":3,\"name\":\"Dobczyce Rok 2017\"}]},{\"@type\":\"WebSite\",\"@id\":\"https:\/\/wlkskrakus.pl\/kolarstwo\/#website\",\"url\":\"https:\/\/wlkskrakus.pl\/kolarstwo\/\",\"name\":\"WLKS KRAKUS SWOSZOWICE\",\"description\":\"SEKCJA KOLARSKA\",\"publisher\":{\"@id\":\"https:\/\/wlkskrakus.pl\/kolarstwo\/#organization\"},\"potentialAction\":[{\"@type\":\"SearchAction\",\"target\":{\"@type\":\"EntryPoint\",\"urlTemplate\":\"https:\/\/wlkskrakus.pl\/kolarstwo\/?s={search_term_string}\"},\"query-input\":\"required name=search_term_string\"}],\"inLanguage\":\"pl-PL\"},{\"@type\":\"Organization\",\"@id\":\"https:\/\/wlkskrakus.pl\/kolarstwo\/#organization\",\"name\":\"WLKS KRAKUS SWOSZOWICE\",\"url\":\"https:\/\/wlkskrakus.pl\/kolarstwo\/\",\"logo\":{\"@type\":\"ImageObject\",\"inLanguage\":\"pl-PL\",\"@id\":\"https:\/\/wlkskrakus.pl\/kolarstwo\/#\/schema\/logo\/image\/\",\"url\":\"https:\/\/wlkskrakus.pl\/kolarstwo\/wp-content\/uploads\/2023\/03\/cropped-logo.png\",\"contentUrl\":\"https:\/\/wlkskrakus.pl\/kolarstwo\/wp-content\/uploads\/2023\/03\/cropped-logo.png\",\"width\":512,\"height\":512,\"caption\":\"WLKS KRAKUS SWOSZOWICE\"},\"image\":{\"@id\":\"https:\/\/wlkskrakus.pl\/kolarstwo\/#\/schema\/logo\/image\/\"},\"sameAs\":[\"https:\/\/www.facebook.com\/WLKSKRAKUS\/\"]}]}<\/script>\n<!-- \/ Yoast SEO plugin. -->","yoast_head_json":{"title":"Dobczyce Rok 2017 - WLKS KRAKUS SWOSZOWICE","robots":{"index":"index","follow":"follow","max-snippet":"max-snippet:-1","max-image-preview":"max-image-preview:large","max-video-preview":"max-video-preview:-1"},"canonical":"https:\/\/wlkskrakus.pl\/kolarstwo\/galeria\/dobczyce-rok-2017\/","og_locale":"pl_PL","og_type":"article","og_title":"Dobczyce Rok 2017 - WLKS KRAKUS SWOSZOWICE","og_description":"Galeria &#8211; rok 2017 Etap I Szczyrzyc-Szczyrzyc Etap II Droginia ITT Etap III \u0141apan\u00f3w-\u0141apan\u00f3w Etap IV Raciechowice-Dobczyce","og_url":"https:\/\/wlkskrakus.pl\/kolarstwo\/galeria\/dobczyce-rok-2017\/","og_site_name":"WLKS KRAKUS SWOSZOWICE","article_publisher":"https:\/\/www.facebook.com\/WLKSKRAKUS\/","article_modified_time":"2024-12-30T09:37:43+00:00","twitter_card":"summary_large_image","twitter_misc":{"Szacowany czas czytania":"1 minuta"},"schema":{"@context":"https:\/\/schema.org","@graph":[{"@type":"WebPage","@id":"https:\/\/wlkskrakus.pl\/kolarstwo\/galeria\/dobczyce-rok-2017\/","url":"https:\/\/wlkskrakus.pl\/kolarstwo\/galeria\/dobczyce-rok-2017\/","name":"Dobczyce Rok 2017 - WLKS KRAKUS SWOSZOWICE","isPartOf":{"@id":"https:\/\/wlkskrakus.pl\/kolarstwo\/#website"},"datePublished":"2024-12-29T20:24:35+00:00","dateModified":"2024-12-30T09:37:43+00:00","breadcrumb":{"@id":"https:\/\/wlkskrakus.pl\/kolarstwo\/galeria\/dobczyce-rok-2017\/#breadcrumb"},"inLanguage":"pl-PL","potentialAction":[{"@type":"ReadAction","target":["https:\/\/wlkskrakus.pl\/kolarstwo\/galeria\/dobczyce-rok-2017\/"]}]},{"@type":"BreadcrumbList","@id":"https:\/\/wlkskrakus.pl\/kolarstwo\/galeria\/dobczyce-rok-2017\/#breadcrumb","itemListElement":[{"@type":"ListItem","position":1,"name":"Strona g\u0142\u00f3wna","item":"https:\/\/wlkskrakus.pl\/kolarstwo\/"},{"@type":"ListItem","position":2,"name":"Galeria","item":"https:\/\/wlkskrakus.pl\/kolarstwo\/galeria\/"},{"@type":"ListItem","position":3,"name":"Dobczyce Rok 2017"}]},{"@type":"WebSite","@id":"https:\/\/wlkskrakus.pl\/kolarstwo\/#website","url":"https:\/\/wlkskrakus.pl\/kolarstwo\/","name":"WLKS KRAKUS SWOSZOWICE","description":"SEKCJA KOLARSKA","publisher":{"@id":"https:\/\/wlkskrakus.pl\/kolarstwo\/#organization"},"potentialAction":[{"@type":"SearchAction","target":{"@type":"EntryPoint","urlTemplate":"https:\/\/wlkskrakus.pl\/kolarstwo\/?s={search_term_string}"},"query-input":"required name=search_term_string"}],"inLanguage":"pl-PL"},{"@type":"Organization","@id":"https:\/\/wlkskrakus.pl\/kolarstwo\/#organization","name":"WLKS KRAKUS SWOSZOWICE","url":"https:\/\/wlkskrakus.pl\/kolarstwo\/","logo":{"@type":"ImageObject","inLanguage":"pl-PL","@id":"https:\/\/wlkskrakus.pl\/kolarstwo\/#\/schema\/logo\/image\/","url":"https:\/\/wlkskrakus.pl\/kolarstwo\/wp-content\/uploads\/2023\/03\/cropped-logo.png","contentUrl":"https:\/\/wlkskrakus.pl\/kolarstwo\/wp-content\/uploads\/2023\/03\/cropped-logo.png","width":512,"height":512,"caption":"WLKS KRAKUS SWOSZOWICE"},"image":{"@id":"https:\/\/wlkskrakus.pl\/kolarstwo\/#\/schema\/logo\/image\/"},"sameAs":["https:\/\/www.facebook.com\/WLKSKRAKUS\/"]}]}},"_links":{"self":[{"href":"https:\/\/wlkskrakus.pl\/kolarstwo\/wp-json\/wp\/v2\/pages\/6674","targetHints":{"allow":["GET"]}}],"collection":[{"href":"https:\/\/wlkskrakus.pl\/kolarstwo\/wp-json\/wp\/v2\/pages"}],"about":[{"href":"https:\/\/wlkskrakus.pl\/kolarstwo\/wp-json\/wp\/v2\/types\/page"}],"author":[{"embeddable":true,"href":"https:\/\/wlkskrakus.pl\/kolarstwo\/wp-json\/wp\/v2\/users\/5"}],"replies":[{"embeddable":true,"href":"https:\/\/wlkskrakus.pl\/kolarstwo\/wp-json\/wp\/v2\/comments?post=6674"}],"version-history":[{"count":11,"href":"https:\/\/wlkskrakus.pl\/kolarstwo\/wp-json\/wp\/v2\/pages\/6674\/revisions"}],"predecessor-version":[{"id":7165,"href":"https:\/\/wlkskrakus.pl\/kolarstwo\/wp-json\/wp\/v2\/pages\/6674\/revisions\/7165"}],"up":[{"embeddable":true,"href":"https:\/\/wlkskrakus.pl\/kolarstwo\/wp-json\/wp\/v2\/pages\/1738"}],"wp:attachment":[{"href":"https:\/\/wlkskrakus.pl\/kolarstwo\/wp-json\/wp\/v2\/media?parent=6674"}],"curies":[{"name":"wp","href":"https:\/\/api.w.org\/{rel}","templated":true}]}}