{"id":11971,"date":"2023-07-25T12:31:56","date_gmt":"2023-07-25T10:31:56","guid":{"rendered":"https:\/\/wlks.krenet.pl\/pilka\/?page_id=11971"},"modified":"2025-04-08T21:27:56","modified_gmt":"2025-04-08T19:27:56","slug":"orlik-czerwony-e2","status":"publish","type":"page","link":"https:\/\/wlkskrakus.pl\/pilka\/druzyny\/orlik-czerwony-e2\/","title":{"rendered":"Orlik Czerwony"},"content":{"rendered":"\t\t<div data-elementor-type=\"wp-post\" data-elementor-id=\"11971\" class=\"elementor elementor-11971\">\n\t\t\t\t\t\t\t\t\t<section class=\"elementor-section elementor-top-section elementor-element elementor-element-650bb6b elementor-reverse-mobile elementor-section-boxed elementor-section-height-default elementor-section-height-default\" data-id=\"650bb6b\" data-element_type=\"section\" data-settings=\"{&quot;background_background&quot;:&quot;classic&quot;}\">\n\t\t\t\t\t\t\t<div class=\"elementor-background-overlay\"><\/div>\n\t\t\t\t\t\t\t<div class=\"elementor-container elementor-column-gap-no\">\n\t\t\t\t\t<div class=\"elementor-column elementor-col-100 elementor-top-column elementor-element elementor-element-3940e87\" data-id=\"3940e87\" data-element_type=\"column\">\n\t\t\t<div class=\"elementor-widget-wrap elementor-element-populated\">\n\t\t\t\t\t\t\t\t<section class=\"elementor-section elementor-inner-section elementor-element elementor-element-71d7905 elementor-reverse-tablet elementor-section-boxed elementor-section-height-default elementor-section-height-default\" data-id=\"71d7905\" data-element_type=\"section\">\n\t\t\t\t\t\t<div class=\"elementor-container elementor-column-gap-default\">\n\t\t\t\t\t<div class=\"elementor-column elementor-col-50 elementor-inner-column elementor-element elementor-element-c4219b1\" data-id=\"c4219b1\" data-element_type=\"column\">\n\t\t\t<div class=\"elementor-widget-wrap elementor-element-populated\">\n\t\t\t\t\t\t\t\t<div class=\"elementor-element elementor-element-2572a72 elementor-widget elementor-widget-image\" data-id=\"2572a72\" data-element_type=\"widget\" data-widget_type=\"image.default\">\n\t\t\t\t<div class=\"elementor-widget-container\">\n\t\t\t<style>\/*! elementor - v3.15.0 - 20-08-2023 *\/\n.elementor-widget-image{text-align:center}.elementor-widget-image a{display:inline-block}.elementor-widget-image a img[src$=\".svg\"]{width:48px}.elementor-widget-image img{vertical-align:middle;display:inline-block}<\/style>\t\t\t\t\t\t\t\t\t\t\t\t<img decoding=\"async\" width=\"1024\" height=\"640\" src=\"https:\/\/wlkskrakus.pl\/pilka\/wp-content\/uploads\/2024\/11\/orlik-czerwony-1024x640.jpg\" class=\"attachment-large size-large wp-image-19620\" alt=\"orlik czerwony\" srcset=\"https:\/\/wlkskrakus.pl\/pilka\/wp-content\/uploads\/2024\/11\/orlik-czerwony-1024x640.jpg 1024w, https:\/\/wlkskrakus.pl\/pilka\/wp-content\/uploads\/2024\/11\/orlik-czerwony-300x188.jpg 300w, https:\/\/wlkskrakus.pl\/pilka\/wp-content\/uploads\/2024\/11\/orlik-czerwony-768x480.jpg 768w, https:\/\/wlkskrakus.pl\/pilka\/wp-content\/uploads\/2024\/11\/orlik-czerwony-1536x960.jpg 1536w, https:\/\/wlkskrakus.pl\/pilka\/wp-content\/uploads\/2024\/11\/orlik-czerwony.jpg 1790w\" sizes=\"(max-width: 1024px) 100vw, 1024px\" \/>\t\t\t\t\t\t\t\t\t\t\t\t\t\t\t<\/div>\n\t\t\t\t<\/div>\n\t\t\t\t\t<\/div>\n\t\t<\/div>\n\t\t\t\t<div class=\"elementor-column elementor-col-50 elementor-inner-column elementor-element elementor-element-2cf1cf9\" data-id=\"2cf1cf9\" data-element_type=\"column\">\n\t\t\t<div class=\"elementor-widget-wrap elementor-element-populated\">\n\t\t\t\t\t\t\t\t<div class=\"elementor-element elementor-element-05d33c1 elementor-widget elementor-widget-heading\" data-id=\"05d33c1\" data-element_type=\"widget\" data-widget_type=\"heading.default\">\n\t\t\t\t<div class=\"elementor-widget-container\">\n\t\t\t<style>\/*! elementor - v3.15.0 - 20-08-2023 *\/\n.elementor-heading-title{padding:0;margin:0;line-height:1}.elementor-widget-heading .elementor-heading-title[class*=elementor-size-]>a{color:inherit;font-size:inherit;line-height:inherit}.elementor-widget-heading .elementor-heading-title.elementor-size-small{font-size:15px}.elementor-widget-heading .elementor-heading-title.elementor-size-medium{font-size:19px}.elementor-widget-heading .elementor-heading-title.elementor-size-large{font-size:29px}.elementor-widget-heading .elementor-heading-title.elementor-size-xl{font-size:39px}.elementor-widget-heading .elementor-heading-title.elementor-size-xxl{font-size:59px}<\/style><h3 class=\"elementor-heading-title elementor-size-default\">ORLIK CZERWONY<\/h3>\t\t<\/div>\n\t\t\t\t<\/div>\n\t\t\t\t<div class=\"elementor-element elementor-element-a8db570 elementor-widget elementor-widget-text-editor\" data-id=\"a8db570\" data-element_type=\"widget\" data-widget_type=\"text-editor.default\">\n\t\t\t\t<div class=\"elementor-widget-container\">\n\t\t\t<style>\/*! elementor - v3.15.0 - 20-08-2023 *\/\n.elementor-widget-text-editor.elementor-drop-cap-view-stacked .elementor-drop-cap{background-color:#69727d;color:#fff}.elementor-widget-text-editor.elementor-drop-cap-view-framed .elementor-drop-cap{color:#69727d;border:3px solid;background-color:transparent}.elementor-widget-text-editor:not(.elementor-drop-cap-view-default) .elementor-drop-cap{margin-top:8px}.elementor-widget-text-editor:not(.elementor-drop-cap-view-default) .elementor-drop-cap-letter{width:1em;height:1em}.elementor-widget-text-editor .elementor-drop-cap{float:left;text-align:center;line-height:1;font-size:50px}.elementor-widget-text-editor .elementor-drop-cap-letter{display:inline-block}<\/style>\t\t\t\t<p>ROCZNIK 2014\/15<\/p>\n<h5><strong>TRENINGI &#8211; WIOSNA 2025:<\/strong><\/h5>\n<p><strong>PONIEDZIA\u0141EK, G. 19.00 &#8211; 20.30<\/strong><br>WLKS Krakus (ul. Moszy\u0144skiego 9)<\/p>\n<p><strong>WTOREK, G. 18.30 &#8211; 20.00<\/strong><br>WLKS Krakus (ul. Moszy\u0144skiego 9)<\/p>\n<p><strong>CZWARTEK, G. 18.30 &#8211; 20.00<\/strong><br>WLKS Krakus (ul. Moszy\u0144skiego 9)<\/p>\n<h4><strong>TRENER:<\/strong><\/h4>\n<p><strong>DARIUSZ D\u0118BSKI<\/strong><br>tel. 792 323 054<\/p>\t\t\t\t\t\t<\/div>\n\t\t\t\t<\/div>\n\t\t\t\t\t<\/div>\n\t\t<\/div>\n\t\t\t\t\t\t\t<\/div>\n\t\t<\/section>\n\t\t\t\t\t<\/div>\n\t\t<\/div>\n\t\t\t\t\t\t\t<\/div>\n\t\t<\/section>\n\t\t\t\t\t\t\t<\/div>\n\t\t","protected":false},"excerpt":{"rendered":"<p>ORLIK CZERWONY ROCZNIK 2014\/15 TRENINGI &#8211; WIOSNA 2025: PONIEDZIA\u0141EK, G. 19.00 &#8211; 20.30WLKS Krakus (ul. Moszy\u0144skiego 9) WTOREK, G. 18.30 &#8211; 20.00WLKS Krakus (ul. Moszy\u0144skiego 9) CZWARTEK, G. 18.30 &#8211; 20.00WLKS Krakus (ul. Moszy\u0144skiego 9) TRENER: DARIUSZ D\u0118BSKItel. 792 323 054<\/p>\n","protected":false},"author":3,"featured_media":0,"parent":2191,"menu_order":0,"comment_status":"closed","ping_status":"closed","template":"","meta":{"site-sidebar-layout":"no-sidebar","site-content-layout":"page-builder","ast-global-header-display":"","ast-main-header-display":"","ast-hfb-above-header-display":"","ast-hfb-below-header-display":"","ast-hfb-mobile-header-display":"","site-post-title":"disabled","ast-breadcrumbs-content":"","ast-featured-img":"disabled","footer-sml-layout":"","theme-transparent-header-meta":"default","adv-header-id-meta":"","stick-header-meta":"","header-above-stick-meta":"","header-main-stick-meta":"","header-below-stick-meta":"","footnotes":""},"class_list":["post-11971","page","type-page","status-publish","hentry"],"yoast_head":"<!-- This site is optimized with the Yoast SEO plugin v21.1 - https:\/\/yoast.com\/wordpress\/plugins\/seo\/ -->\n<title>Orlik Czerwony - WLKS KRAKUS SWOSZOWICE<\/title>\n<meta name=\"robots\" content=\"index, follow, max-snippet:-1, max-image-preview:large, max-video-preview:-1\" \/>\n<link rel=\"canonical\" href=\"https:\/\/wlkskrakus.pl\/pilka\/druzyny\/orlik-czerwony-e2\/\" \/>\n<meta property=\"og:locale\" content=\"pl_PL\" \/>\n<meta property=\"og:type\" content=\"article\" \/>\n<meta property=\"og:title\" content=\"Orlik Czerwony - WLKS KRAKUS SWOSZOWICE\" \/>\n<meta property=\"og:description\" content=\"ORLIK CZERWONY ROCZNIK 2014\/15 TRENINGI &#8211; WIOSNA 2025: PONIEDZIA\u0141EK, G. 19.00 &#8211; 20.30WLKS Krakus (ul. Moszy\u0144skiego 9) WTOREK, G. 18.30 &#8211; 20.00WLKS Krakus (ul. Moszy\u0144skiego 9) CZWARTEK, G. 18.30 &#8211; 20.00WLKS Krakus (ul. Moszy\u0144skiego 9) TRENER: DARIUSZ D\u0118BSKItel. 792 323 054\" \/>\n<meta property=\"og:url\" content=\"https:\/\/wlkskrakus.pl\/pilka\/druzyny\/orlik-czerwony-e2\/\" \/>\n<meta property=\"og:site_name\" content=\"WLKS KRAKUS SWOSZOWICE\" \/>\n<meta property=\"article:modified_time\" content=\"2025-04-08T19:27:56+00:00\" \/>\n<meta property=\"og:image\" content=\"https:\/\/wlkskrakus.pl\/pilka\/wp-content\/uploads\/2024\/11\/orlik-czerwony-1024x640.jpg\" \/>\n<meta name=\"twitter:card\" content=\"summary_large_image\" \/>\n<meta name=\"twitter:label1\" content=\"Szacowany czas czytania\" \/>\n\t<meta name=\"twitter:data1\" content=\"1 minuta\" \/>\n<script type=\"application\/ld+json\" class=\"yoast-schema-graph\">{\"@context\":\"https:\/\/schema.org\",\"@graph\":[{\"@type\":\"WebPage\",\"@id\":\"https:\/\/wlkskrakus.pl\/pilka\/druzyny\/orlik-czerwony-e2\/\",\"url\":\"https:\/\/wlkskrakus.pl\/pilka\/druzyny\/orlik-czerwony-e2\/\",\"name\":\"Orlik Czerwony - WLKS KRAKUS SWOSZOWICE\",\"isPartOf\":{\"@id\":\"https:\/\/wlkskrakus.pl\/pilka\/#website\"},\"datePublished\":\"2023-07-25T10:31:56+00:00\",\"dateModified\":\"2025-04-08T19:27:56+00:00\",\"breadcrumb\":{\"@id\":\"https:\/\/wlkskrakus.pl\/pilka\/druzyny\/orlik-czerwony-e2\/#breadcrumb\"},\"inLanguage\":\"pl-PL\",\"potentialAction\":[{\"@type\":\"ReadAction\",\"target\":[\"https:\/\/wlkskrakus.pl\/pilka\/druzyny\/orlik-czerwony-e2\/\"]}]},{\"@type\":\"BreadcrumbList\",\"@id\":\"https:\/\/wlkskrakus.pl\/pilka\/druzyny\/orlik-czerwony-e2\/#breadcrumb\",\"itemListElement\":[{\"@type\":\"ListItem\",\"position\":1,\"name\":\"Strona g\u0142\u00f3wna\",\"item\":\"https:\/\/wlkskrakus.pl\/pilka\/\"},{\"@type\":\"ListItem\",\"position\":2,\"name\":\"DRU\u017bYNY\",\"item\":\"https:\/\/wlkskrakus.pl\/pilka\/druzyny\/\"},{\"@type\":\"ListItem\",\"position\":3,\"name\":\"Orlik Czerwony\"}]},{\"@type\":\"WebSite\",\"@id\":\"https:\/\/wlkskrakus.pl\/pilka\/#website\",\"url\":\"https:\/\/wlkskrakus.pl\/pilka\/\",\"name\":\"WLKS KRAKUS SWOSZOWICE\",\"description\":\"SEKCJA PI\u0141KI NO\u017bNEJ\",\"publisher\":{\"@id\":\"https:\/\/wlkskrakus.pl\/pilka\/#organization\"},\"potentialAction\":[{\"@type\":\"SearchAction\",\"target\":{\"@type\":\"EntryPoint\",\"urlTemplate\":\"https:\/\/wlkskrakus.pl\/pilka\/?s={search_term_string}\"},\"query-input\":\"required name=search_term_string\"}],\"inLanguage\":\"pl-PL\"},{\"@type\":\"Organization\",\"@id\":\"https:\/\/wlkskrakus.pl\/pilka\/#organization\",\"name\":\"WLKS KRAKUS SWOSZOWICE\",\"url\":\"https:\/\/wlkskrakus.pl\/pilka\/\",\"logo\":{\"@type\":\"ImageObject\",\"inLanguage\":\"pl-PL\",\"@id\":\"https:\/\/wlkskrakus.pl\/pilka\/#\/schema\/logo\/image\/\",\"url\":\"https:\/\/wlkskrakus.pl\/pilka\/wp-content\/uploads\/2023\/03\/cropped-logo.png\",\"contentUrl\":\"https:\/\/wlkskrakus.pl\/pilka\/wp-content\/uploads\/2023\/03\/cropped-logo.png\",\"width\":512,\"height\":512,\"caption\":\"WLKS KRAKUS SWOSZOWICE\"},\"image\":{\"@id\":\"https:\/\/wlkskrakus.pl\/pilka\/#\/schema\/logo\/image\/\"}}]}<\/script>\n<!-- \/ Yoast SEO plugin. -->","yoast_head_json":{"title":"Orlik Czerwony - WLKS KRAKUS SWOSZOWICE","robots":{"index":"index","follow":"follow","max-snippet":"max-snippet:-1","max-image-preview":"max-image-preview:large","max-video-preview":"max-video-preview:-1"},"canonical":"https:\/\/wlkskrakus.pl\/pilka\/druzyny\/orlik-czerwony-e2\/","og_locale":"pl_PL","og_type":"article","og_title":"Orlik Czerwony - WLKS KRAKUS SWOSZOWICE","og_description":"ORLIK CZERWONY ROCZNIK 2014\/15 TRENINGI &#8211; WIOSNA 2025: PONIEDZIA\u0141EK, G. 19.00 &#8211; 20.30WLKS Krakus (ul. Moszy\u0144skiego 9) WTOREK, G. 18.30 &#8211; 20.00WLKS Krakus (ul. Moszy\u0144skiego 9) CZWARTEK, G. 18.30 &#8211; 20.00WLKS Krakus (ul. Moszy\u0144skiego 9) TRENER: DARIUSZ D\u0118BSKItel. 792 323 054","og_url":"https:\/\/wlkskrakus.pl\/pilka\/druzyny\/orlik-czerwony-e2\/","og_site_name":"WLKS KRAKUS SWOSZOWICE","article_modified_time":"2025-04-08T19:27:56+00:00","og_image":[{"url":"https:\/\/wlkskrakus.pl\/pilka\/wp-content\/uploads\/2024\/11\/orlik-czerwony-1024x640.jpg"}],"twitter_card":"summary_large_image","twitter_misc":{"Szacowany czas czytania":"1 minuta"},"schema":{"@context":"https:\/\/schema.org","@graph":[{"@type":"WebPage","@id":"https:\/\/wlkskrakus.pl\/pilka\/druzyny\/orlik-czerwony-e2\/","url":"https:\/\/wlkskrakus.pl\/pilka\/druzyny\/orlik-czerwony-e2\/","name":"Orlik Czerwony - WLKS KRAKUS SWOSZOWICE","isPartOf":{"@id":"https:\/\/wlkskrakus.pl\/pilka\/#website"},"datePublished":"2023-07-25T10:31:56+00:00","dateModified":"2025-04-08T19:27:56+00:00","breadcrumb":{"@id":"https:\/\/wlkskrakus.pl\/pilka\/druzyny\/orlik-czerwony-e2\/#breadcrumb"},"inLanguage":"pl-PL","potentialAction":[{"@type":"ReadAction","target":["https:\/\/wlkskrakus.pl\/pilka\/druzyny\/orlik-czerwony-e2\/"]}]},{"@type":"BreadcrumbList","@id":"https:\/\/wlkskrakus.pl\/pilka\/druzyny\/orlik-czerwony-e2\/#breadcrumb","itemListElement":[{"@type":"ListItem","position":1,"name":"Strona g\u0142\u00f3wna","item":"https:\/\/wlkskrakus.pl\/pilka\/"},{"@type":"ListItem","position":2,"name":"DRU\u017bYNY","item":"https:\/\/wlkskrakus.pl\/pilka\/druzyny\/"},{"@type":"ListItem","position":3,"name":"Orlik Czerwony"}]},{"@type":"WebSite","@id":"https:\/\/wlkskrakus.pl\/pilka\/#website","url":"https:\/\/wlkskrakus.pl\/pilka\/","name":"WLKS KRAKUS SWOSZOWICE","description":"SEKCJA PI\u0141KI NO\u017bNEJ","publisher":{"@id":"https:\/\/wlkskrakus.pl\/pilka\/#organization"},"potentialAction":[{"@type":"SearchAction","target":{"@type":"EntryPoint","urlTemplate":"https:\/\/wlkskrakus.pl\/pilka\/?s={search_term_string}"},"query-input":"required name=search_term_string"}],"inLanguage":"pl-PL"},{"@type":"Organization","@id":"https:\/\/wlkskrakus.pl\/pilka\/#organization","name":"WLKS KRAKUS SWOSZOWICE","url":"https:\/\/wlkskrakus.pl\/pilka\/","logo":{"@type":"ImageObject","inLanguage":"pl-PL","@id":"https:\/\/wlkskrakus.pl\/pilka\/#\/schema\/logo\/image\/","url":"https:\/\/wlkskrakus.pl\/pilka\/wp-content\/uploads\/2023\/03\/cropped-logo.png","contentUrl":"https:\/\/wlkskrakus.pl\/pilka\/wp-content\/uploads\/2023\/03\/cropped-logo.png","width":512,"height":512,"caption":"WLKS KRAKUS SWOSZOWICE"},"image":{"@id":"https:\/\/wlkskrakus.pl\/pilka\/#\/schema\/logo\/image\/"}}]}},"_links":{"self":[{"href":"https:\/\/wlkskrakus.pl\/pilka\/wp-json\/wp\/v2\/pages\/11971","targetHints":{"allow":["GET"]}}],"collection":[{"href":"https:\/\/wlkskrakus.pl\/pilka\/wp-json\/wp\/v2\/pages"}],"about":[{"href":"https:\/\/wlkskrakus.pl\/pilka\/wp-json\/wp\/v2\/types\/page"}],"author":[{"embeddable":true,"href":"https:\/\/wlkskrakus.pl\/pilka\/wp-json\/wp\/v2\/users\/3"}],"replies":[{"embeddable":true,"href":"https:\/\/wlkskrakus.pl\/pilka\/wp-json\/wp\/v2\/comments?post=11971"}],"version-history":[{"count":17,"href":"https:\/\/wlkskrakus.pl\/pilka\/wp-json\/wp\/v2\/pages\/11971\/revisions"}],"predecessor-version":[{"id":19725,"href":"https:\/\/wlkskrakus.pl\/pilka\/wp-json\/wp\/v2\/pages\/11971\/revisions\/19725"}],"up":[{"embeddable":true,"href":"https:\/\/wlkskrakus.pl\/pilka\/wp-json\/wp\/v2\/pages\/2191"}],"wp:attachment":[{"href":"https:\/\/wlkskrakus.pl\/pilka\/wp-json\/wp\/v2\/media?parent=11971"}],"curies":[{"name":"wp","href":"https:\/\/api.w.org\/{rel}","templated":true}]}}